{"id":3,"date":"2022-06-23T12:03:00","date_gmt":"2022-06-23T09:03:00","guid":{"rendered":"https:\/\/me.yrittajat.fi\/meijan-kujo-2022\/etusivu\/"},"modified":"2025-09-26T13:46:47","modified_gmt":"2025-09-26T10:46:47","slug":"etusivu","status":"publish","type":"page","link":"https:\/\/me.yrittajat.fi\/meijan-kujo\/","title":{"rendered":"Meij\u00e4n Kujo 2025"},"content":{"rendered":"\n\t<div id=\"gb-background-block_89379285d24e4fe1e885a3047fa7e479\" class=\"gb-background gb-background-block_89379285d24e4fe1e885a3047fa7e479 bg-white\">\n\t\t<div class=\"container\">\n\t\t\t<div class=\"gutenberg-content\">\n\t\t\t\t\t\t\t\t\n\n<h2 class=\"wp-block-heading has-text-align-center\">Meij\u00e4n Kujo \u2013 kunta-, alue- ja elinkeinopolitiikan k\u00e4rkitapaaminen, tiivistettyn\u00e4 yhteen p\u00e4iv\u00e4\u00e4n!<\/h2>\n\n\n\n<p class=\"has-text-align-center\">Hyv\u00e4 vaikuttaja!<\/p>\n\n\n\n<p class=\"has-text-align-center\">Valtakunnalliseen kunnallisjohdon seminaariin osallistuu vuosittain yli tuhat kunnanjohtajaa, elinkeinojohtajaa, kunnanvaltuutettua, yritt\u00e4j\u00e4vaikuttajaa, maakuntap\u00e4\u00e4tt\u00e4j\u00e4\u00e4 ja muita alan huippuasiantuntijoita.<\/p>\n\n\n\n<p class=\"has-text-align-center\">J\u00e4rjest\u00e4mme nyt nelj\u00e4nnen kerran maakunnallisen kunnallisjohdon seminaarin eli Meij\u00e4n Kujon, joka pidet\u00e4\u00e4n&nbsp;<strong>lokakuussa 1.10.2025 <\/strong>Sokos Hotel Kimmeliss\u00e4 Joensuussa.<\/p>\n\n\n\n<p class=\"has-text-align-center\">Liput 55 \u20ac sis. alv 25,5 %<\/p>\n\n\n\n\t<div id=\"gb-anchor-block_a39f0fda4e827e57e2a6489c15552f56\" class=\"gb-anchor gb-anchor-block_a39f0fda4e827e57e2a6489c15552f56\">\n\t\t\t<\/div>\n\n\n\n\n\t<div id=\"gb-anchor-block_a2e27a07e8b5bb36ab9280dd1d00690b\" class=\"gb-anchor gb-anchor-block_a2e27a07e8b5bb36ab9280dd1d00690b\">\n\t\t\t\t\t<div class=\"gb-anchor__anchor\" id=\"ilmoittaudu\"><\/div>\n\n\t\t\t\t\t\t<\/div>\n\n\n\n\n<h1 class=\"wp-block-heading has-text-align-center\"><a href=\"https:\/\/www.lyyti.fi\/reg\/meijan-kujo-25\">Ilmoittaudu mukaan t\u00e4st\u00e4!<\/a><\/h1>\n\n\n\n<figure class=\"wp-block-image size-large\"><img loading=\"lazy\" decoding=\"async\" width=\"1024\" height=\"256\" src=\"https:\/\/me.yrittajat.fi\/app\/uploads\/sites\/52\/2025\/06\/kumppanit-kujo-25-1024x256.png\" alt=\"\" class=\"wp-image-409\" srcset=\"https:\/\/me.yrittajat.fi\/app\/uploads\/sites\/52\/2025\/06\/kumppanit-kujo-25-1024x256.png 1024w, https:\/\/me.yrittajat.fi\/app\/uploads\/sites\/52\/2025\/06\/kumppanit-kujo-25-300x75.png 300w, https:\/\/me.yrittajat.fi\/app\/uploads\/sites\/52\/2025\/06\/kumppanit-kujo-25-768x192.png 768w, https:\/\/me.yrittajat.fi\/app\/uploads\/sites\/52\/2025\/06\/kumppanit-kujo-25-1536x384.png 1536w, https:\/\/me.yrittajat.fi\/app\/uploads\/sites\/52\/2025\/06\/kumppanit-kujo-25.png 1600w\" sizes=\"auto, (max-width: 1024px) 100vw, 1024px\" \/><\/figure>\n\n\n\n\t<div id=\"gb-anchor-block_a39f0fda4e827e57e2a6489c15552f56\" class=\"gb-anchor gb-anchor-block_a39f0fda4e827e57e2a6489c15552f56\">\n\t\t\t<\/div>\n\n\n\n\n\t<div id=\"gb-anchor-block_8dce5fd001b5d8761c8a9ff9518de4ac\" class=\"gb-anchor gb-anchor-block_8dce5fd001b5d8761c8a9ff9518de4ac\">\n\t\t\t\t\t<div class=\"gb-anchor__anchor\" id=\"ohjelma\"><\/div>\n\n\t\t\t\t\t\t<\/div>\n\n\n\n\n<h3 class=\"wp-block-heading has-text-align-center\">Ohjelma<\/h3>\n\n\n\n<h4 class=\"wp-block-heading has-text-align-center\">Keskiviikko 1.10.2025<strong> &#8211; <\/strong>Sokos Hotel Kimmel<\/h4>\n\n\n\n<p><\/p>\n\n\n\n<p><\/p>\n\n\n\n<section id=\"gb-accordion-block_b1dc58e627d1b0756122547305e81ea2\" class=\"gb-accordion gb-accordion-block_b1dc58e627d1b0756122547305e81ea2\">\n\t<div class=\"handorgel\">\n\t\t\t\t\t<h3 class=\"handorgel__header handorgel__header--has-start-time\">\n\t\t\t\t<button class=\"handorgel__header__button\"\n\t\t\t\t        id=\"ilmoittautuminen-aukeaa\">\n\t\t\t\t\t<span class=\"handorgel__header__button--content\">\n\t\t\t\t\t\t\t\t\t\t\t<span\n\t\t\t\t\t\t\tclass=\"handorgel__header__button--start-time\">08:15<\/span>\n\t\t\t\t\t\t\t\t\t\t<span class=\"handorgel__header__button--title\">Ilmoittautuminen aukeaa<\/span>\n\t\t\t\t\t<\/span>\n\t\t\t\t\t<span class=\"handorgel__header__button--icon\">\n\t\t\t\t\t\t\t<span><\/span>\n\t\t\t\t\t\t\t<span><\/span>\n\t\t\t\t\t<\/span>\n\t\t\t\t\t\t\t\t\t\t\t<span class=\"handorgel__header__button--speakers\">\n\t\t\t\t\t\t\t\t\t\t\t\t\t\t<span\n\t\t\t\t\t\t\t\t\tclass=\"handorgel__header__button--speakers--speaker\">Tarjolla kahvitorilla kahvia, teet\u00e4 ja pient\u00e4 suolaista sy\u00f6t\u00e4v\u00e4\u00e4<\/span>\n\t\t\t\t\t\t\t\t\t\t\t\t\t<\/span>\n\t\t\t\t\t\t\t\t\t<\/button>\n\t\t\t<\/h3>\n\t\t\t<div class=\"handorgel__content handorgel__content--has-start-time\">\n\t\t\t\t<div class=\"handorgel__content__inner\">\n\t\t\t\t\t\t\t\t\t<\/div>\n\t\t\t<\/div>\n\t\t\t\t\t<h3 class=\"handorgel__header handorgel__header--has-start-time\">\n\t\t\t\t<button class=\"handorgel__header__button\"\n\t\t\t\t        id=\"tervetuloa-meijan-kujoon\">\n\t\t\t\t\t<span class=\"handorgel__header__button--content\">\n\t\t\t\t\t\t\t\t\t\t\t<span\n\t\t\t\t\t\t\tclass=\"handorgel__header__button--start-time\">09:00<\/span>\n\t\t\t\t\t\t\t\t\t\t<span class=\"handorgel__header__button--title\">Tervetuloa Meij\u00e4n Kujoon<\/span>\n\t\t\t\t\t<\/span>\n\t\t\t\t\t<span class=\"handorgel__header__button--icon\">\n\t\t\t\t\t\t\t<span><\/span>\n\t\t\t\t\t\t\t<span><\/span>\n\t\t\t\t\t<\/span>\n\t\t\t\t\t\t\t\t\t\t\t<span class=\"handorgel__header__button--speakers\">\n\t\t\t\t\t\t\t\t\t\t\t\t\t\t<span\n\t\t\t\t\t\t\t\t\tclass=\"handorgel__header__button--speakers--speaker\">Merja Blomberg, toimitusjohtaja, Pohjois-Karjalan Yritt\u00e4j\u00e4t ry<\/span>\n\t\t\t\t\t\t\t\t\t\t\t\t\t<\/span>\n\t\t\t\t\t\t\t\t\t<\/button>\n\t\t\t<\/h3>\n\t\t\t<div class=\"handorgel__content handorgel__content--has-start-time\">\n\t\t\t\t<div class=\"handorgel__content__inner\">\n\t\t\t\t\t\t\t\t\t<\/div>\n\t\t\t<\/div>\n\t\t\t\t\t<h3 class=\"handorgel__header handorgel__header--has-start-time\">\n\t\t\t\t<button class=\"handorgel__header__button\"\n\t\t\t\t        id=\"avaussanat\">\n\t\t\t\t\t<span class=\"handorgel__header__button--content\">\n\t\t\t\t\t\t\t\t\t\t\t<span\n\t\t\t\t\t\t\tclass=\"handorgel__header__button--start-time\">09:10<\/span>\n\t\t\t\t\t\t\t\t\t\t<span class=\"handorgel__header__button--title\">Avaussanat<\/span>\n\t\t\t\t\t<\/span>\n\t\t\t\t\t<span class=\"handorgel__header__button--icon\">\n\t\t\t\t\t\t\t<span><\/span>\n\t\t\t\t\t\t\t<span><\/span>\n\t\t\t\t\t<\/span>\n\t\t\t\t\t\t\t\t\t\t\t<span class=\"handorgel__header__button--speakers\">\n\t\t\t\t\t\t\t\t\t\t\t\t\t\t<span\n\t\t\t\t\t\t\t\t\tclass=\"handorgel__header__button--speakers--speaker\">Matti Pitk\u00e4niitty, Komentaja, Pohjois-Karjalan rajavartiosto<\/span>\n\t\t\t\t\t\t\t\t\t\t\t\t\t<\/span>\n\t\t\t\t\t\t\t\t\t<\/button>\n\t\t\t<\/h3>\n\t\t\t<div class=\"handorgel__content handorgel__content--has-start-time\">\n\t\t\t\t<div class=\"handorgel__content__inner\">\n\t\t\t\t\t\t\t\t\t<\/div>\n\t\t\t<\/div>\n\t\t\t\t\t<h3 class=\"handorgel__header handorgel__header--has-start-time\">\n\t\t\t\t<button class=\"handorgel__header__button\"\n\t\t\t\t        id=\"muutoksia-uhkia-ja-mahdollisuuksia\">\n\t\t\t\t\t<span class=\"handorgel__header__button--content\">\n\t\t\t\t\t\t\t\t\t\t\t<span\n\t\t\t\t\t\t\tclass=\"handorgel__header__button--start-time\">09:30<\/span>\n\t\t\t\t\t\t\t\t\t\t<span class=\"handorgel__header__button--title\">Muutoksia, uhkia ja mahdollisuuksia<\/span>\n\t\t\t\t\t<\/span>\n\t\t\t\t\t<span class=\"handorgel__header__button--icon\">\n\t\t\t\t\t\t\t<span><\/span>\n\t\t\t\t\t\t\t<span><\/span>\n\t\t\t\t\t<\/span>\n\t\t\t\t\t\t\t\t\t\t\t<span class=\"handorgel__header__button--speakers\">\n\t\t\t\t\t\t\t\t\t\t\t\t\t\t<span\n\t\t\t\t\t\t\t\t\tclass=\"handorgel__header__button--speakers--speaker\">Janne \u201dRysky\u201d Riihel\u00e4inen, tietokirjailija, viestint\u00e4asiantuntija ja kolumnisti <\/span>\n\t\t\t\t\t\t\t\t\t\t\t\t\t<\/span>\n\t\t\t\t\t\t\t\t\t<\/button>\n\t\t\t<\/h3>\n\t\t\t<div class=\"handorgel__content handorgel__content--has-start-time\">\n\t\t\t\t<div class=\"handorgel__content__inner\">\n\t\t\t\t\t\t\t\t\t<\/div>\n\t\t\t<\/div>\n\t\t\t\t\t<h3 class=\"handorgel__header handorgel__header--has-start-time\">\n\t\t\t\t<button class=\"handorgel__header__button\"\n\t\t\t\t        id=\"puolustuksen-tarpeet-yhdistettyna-elinvoiman-ja-resilienssin-voimakkaaseen-kasvattamiseen-riskialueilla\">\n\t\t\t\t\t<span class=\"handorgel__header__button--content\">\n\t\t\t\t\t\t\t\t\t\t\t<span\n\t\t\t\t\t\t\tclass=\"handorgel__header__button--start-time\">10:00<\/span>\n\t\t\t\t\t\t\t\t\t\t<span class=\"handorgel__header__button--title\">Puolustuksen tarpeet yhdistettyn\u00e4 elinvoiman ja resilienssin voimakkaaseen kasvattamiseen riskialueilla<\/span>\n\t\t\t\t\t<\/span>\n\t\t\t\t\t<span class=\"handorgel__header__button--icon\">\n\t\t\t\t\t\t\t<span><\/span>\n\t\t\t\t\t\t\t<span><\/span>\n\t\t\t\t\t<\/span>\n\t\t\t\t\t\t\t\t\t\t\t<span class=\"handorgel__header__button--speakers\">\n\t\t\t\t\t\t\t\t\t\t\t\t\t\t<span\n\t\t\t\t\t\t\t\t\tclass=\"handorgel__header__button--speakers--speaker\">Jari Sistonen, Hallituksen puheenjohtaja, U-Cont Oy<\/span>\n\t\t\t\t\t\t\t\t\t\t\t\t\t<\/span>\n\t\t\t\t\t\t\t\t\t<\/button>\n\t\t\t<\/h3>\n\t\t\t<div class=\"handorgel__content handorgel__content--has-start-time\">\n\t\t\t\t<div class=\"handorgel__content__inner\">\n\t\t\t\t\t\t\t\t\t<\/div>\n\t\t\t<\/div>\n\t\t\t\t\t<h3 class=\"handorgel__header handorgel__header--has-start-time\">\n\t\t\t\t<button class=\"handorgel__header__button\"\n\t\t\t\t        id=\"ita-suomi-investorin-nakokulmasta\">\n\t\t\t\t\t<span class=\"handorgel__header__button--content\">\n\t\t\t\t\t\t\t\t\t\t\t<span\n\t\t\t\t\t\t\tclass=\"handorgel__header__button--start-time\">10:30<\/span>\n\t\t\t\t\t\t\t\t\t\t<span class=\"handorgel__header__button--title\">It\u00e4-Suomi investorin n\u00e4k\u00f6kulmasta<\/span>\n\t\t\t\t\t<\/span>\n\t\t\t\t\t<span class=\"handorgel__header__button--icon\">\n\t\t\t\t\t\t\t<span><\/span>\n\t\t\t\t\t\t\t<span><\/span>\n\t\t\t\t\t<\/span>\n\t\t\t\t\t\t\t\t\t\t\t<span class=\"handorgel__header__button--speakers\">\n\t\t\t\t\t\t\t\t\t\t\t\t\t\t<span\n\t\t\t\t\t\t\t\t\tclass=\"handorgel__header__button--speakers--speaker\">Tomi Haring, toimitusjohtaja, Business Joensuu<\/span>\n\t\t\t\t\t\t\t\t\t\t\t\t\t<\/span>\n\t\t\t\t\t\t\t\t\t<\/button>\n\t\t\t<\/h3>\n\t\t\t<div class=\"handorgel__content handorgel__content--has-start-time\">\n\t\t\t\t<div class=\"handorgel__content__inner\">\n\t\t\t\t\t\t\t\t\t<\/div>\n\t\t\t<\/div>\n\t\t\t\t\t<h3 class=\"handorgel__header handorgel__header--has-start-time\">\n\t\t\t\t<button class=\"handorgel__header__button\"\n\t\t\t\t        id=\"lounas\">\n\t\t\t\t\t<span class=\"handorgel__header__button--content\">\n\t\t\t\t\t\t\t\t\t\t\t<span\n\t\t\t\t\t\t\tclass=\"handorgel__header__button--start-time\">11:00<\/span>\n\t\t\t\t\t\t\t\t\t\t<span class=\"handorgel__header__button--title\">Lounas<\/span>\n\t\t\t\t\t<\/span>\n\t\t\t\t\t<span class=\"handorgel__header__button--icon\">\n\t\t\t\t\t\t\t<span><\/span>\n\t\t\t\t\t\t\t<span><\/span>\n\t\t\t\t\t<\/span>\n\t\t\t\t\t\t\t\t\t<\/button>\n\t\t\t<\/h3>\n\t\t\t<div class=\"handorgel__content handorgel__content--has-start-time\">\n\t\t\t\t<div class=\"handorgel__content__inner\">\n\t\t\t\t\t\t\t\t\t<\/div>\n\t\t\t<\/div>\n\t\t\t\t\t<h3 class=\"handorgel__header handorgel__header--has-start-time\">\n\t\t\t\t<button class=\"handorgel__header__button\"\n\t\t\t\t        id=\"energiasektorin-kehitys-ja-osallistuminen-circular-parkin-kehitykseen\">\n\t\t\t\t\t<span class=\"handorgel__header__button--content\">\n\t\t\t\t\t\t\t\t\t\t\t<span\n\t\t\t\t\t\t\tclass=\"handorgel__header__button--start-time\">12:00<\/span>\n\t\t\t\t\t\t\t\t\t\t<span class=\"handorgel__header__button--title\">Energiasektorin kehitys ja osallistuminen Circular Parkin kehitykseen<\/span>\n\t\t\t\t\t<\/span>\n\t\t\t\t\t<span class=\"handorgel__header__button--icon\">\n\t\t\t\t\t\t\t<span><\/span>\n\t\t\t\t\t\t\t<span><\/span>\n\t\t\t\t\t<\/span>\n\t\t\t\t\t\t\t\t\t\t\t<span class=\"handorgel__header__button--speakers\">\n\t\t\t\t\t\t\t\t\t\t\t\t\t\t<span\n\t\t\t\t\t\t\t\t\tclass=\"handorgel__header__button--speakers--speaker\">Juha R\u00e4s\u00e4nen, toimitusjohtaja, Savon Voima<\/span>\n\t\t\t\t\t\t\t\t\t\t\t\t\t<\/span>\n\t\t\t\t\t\t\t\t\t<\/button>\n\t\t\t<\/h3>\n\t\t\t<div class=\"handorgel__content handorgel__content--has-start-time\">\n\t\t\t\t<div class=\"handorgel__content__inner\">\n\t\t\t\t\t\t\t\t\t<\/div>\n\t\t\t<\/div>\n\t\t\t\t\t<h3 class=\"handorgel__header handorgel__header--has-start-time\">\n\t\t\t\t<button class=\"handorgel__header__button\"\n\t\t\t\t        id=\"rajakuntahanke-kokemukset-maakunta-ja-kuntarajat-ylittavasta-yhteistyosta\">\n\t\t\t\t\t<span class=\"handorgel__header__button--content\">\n\t\t\t\t\t\t\t\t\t\t\t<span\n\t\t\t\t\t\t\tclass=\"handorgel__header__button--start-time\">12:30<\/span>\n\t\t\t\t\t\t\t\t\t\t<span class=\"handorgel__header__button--title\">Rajakuntahanke &#8211; kokemukset maakunta- ja kuntarajat ylitt\u00e4v\u00e4st\u00e4 yhteisty\u00f6st\u00e4 <\/span>\n\t\t\t\t\t<\/span>\n\t\t\t\t\t<span class=\"handorgel__header__button--icon\">\n\t\t\t\t\t\t\t<span><\/span>\n\t\t\t\t\t\t\t<span><\/span>\n\t\t\t\t\t<\/span>\n\t\t\t\t\t\t\t\t\t\t\t<span class=\"handorgel__header__button--speakers\">\n\t\t\t\t\t\t\t\t\t\t\t\t\t\t<span\n\t\t\t\t\t\t\t\t\tclass=\"handorgel__header__button--speakers--speaker\">Mikko L\u00f6pp\u00f6nen, kunnanjohtaja, Tohmaj\u00e4rven kunta<\/span>\n\t\t\t\t\t\t\t\t\t\t\t\t\t\t\t<span\n\t\t\t\t\t\t\t\t\tclass=\"handorgel__header__button--speakers--speaker\">Sari Sirkki\u00e4, hankep\u00e4\u00e4llikk\u00f6, Rajakuntahanke<\/span>\n\t\t\t\t\t\t\t\t\t\t\t\t\t<\/span>\n\t\t\t\t\t\t\t\t\t<\/button>\n\t\t\t<\/h3>\n\t\t\t<div class=\"handorgel__content handorgel__content--has-start-time\">\n\t\t\t\t<div class=\"handorgel__content__inner\">\n\t\t\t\t\t\t\t\t\t<\/div>\n\t\t\t<\/div>\n\t\t\t\t\t<h3 class=\"handorgel__header handorgel__header--has-start-time\">\n\t\t\t\t<button class=\"handorgel__header__button\"\n\t\t\t\t        id=\"rakennetaan-siltoja-kansainvaliset-osaajat-osaksi-maakunnan-menestysta\">\n\t\t\t\t\t<span class=\"handorgel__header__button--content\">\n\t\t\t\t\t\t\t\t\t\t\t<span\n\t\t\t\t\t\t\tclass=\"handorgel__header__button--start-time\">13:00<\/span>\n\t\t\t\t\t\t\t\t\t\t<span class=\"handorgel__header__button--title\">Rakennetaan siltoja &#8211; kansainv\u00e4liset osaajat osaksi maakunnan menestyst\u00e4<\/span>\n\t\t\t\t\t<\/span>\n\t\t\t\t\t<span class=\"handorgel__header__button--icon\">\n\t\t\t\t\t\t\t<span><\/span>\n\t\t\t\t\t\t\t<span><\/span>\n\t\t\t\t\t<\/span>\n\t\t\t\t\t\t\t\t\t\t\t<span class=\"handorgel__header__button--speakers\">\n\t\t\t\t\t\t\t\t\t\t\t\t\t\t<span\n\t\t\t\t\t\t\t\t\tclass=\"handorgel__header__button--speakers--speaker\">Maria Saastamoinen, projektiasiantuntija, It\u00e4-Suomen yliopisto (Talent Hub)<\/span>\n\t\t\t\t\t\t\t\t\t\t\t\t\t\t\t<span\n\t\t\t\t\t\t\t\t\tclass=\"handorgel__header__button--speakers--speaker\">P\u00e4ivi Vaarala, hankep\u00e4\u00e4llikk\u00f6, Pohjois-Karjalan ELY-keskus (Wink-T\u00f6ihin Pohjois-Karjalaan)<\/span>\n\t\t\t\t\t\t\t\t\t\t\t\t\t<\/span>\n\t\t\t\t\t\t\t\t\t<\/button>\n\t\t\t<\/h3>\n\t\t\t<div class=\"handorgel__content handorgel__content--has-start-time\">\n\t\t\t\t<div class=\"handorgel__content__inner\">\n\t\t\t\t\t\t\t\t\t<\/div>\n\t\t\t<\/div>\n\t\t\t\t\t<h3 class=\"handorgel__header handorgel__header--has-start-time\">\n\t\t\t\t<button class=\"handorgel__header__button\"\n\t\t\t\t        id=\"iltapaivakahvit\">\n\t\t\t\t\t<span class=\"handorgel__header__button--content\">\n\t\t\t\t\t\t\t\t\t\t\t<span\n\t\t\t\t\t\t\tclass=\"handorgel__header__button--start-time\">13:30<\/span>\n\t\t\t\t\t\t\t\t\t\t<span class=\"handorgel__header__button--title\">Iltap\u00e4iv\u00e4kahvit<\/span>\n\t\t\t\t\t<\/span>\n\t\t\t\t\t<span class=\"handorgel__header__button--icon\">\n\t\t\t\t\t\t\t<span><\/span>\n\t\t\t\t\t\t\t<span><\/span>\n\t\t\t\t\t<\/span>\n\t\t\t\t\t\t\t\t\t<\/button>\n\t\t\t<\/h3>\n\t\t\t<div class=\"handorgel__content handorgel__content--has-start-time\">\n\t\t\t\t<div class=\"handorgel__content__inner\">\n\t\t\t\t\t\t\t\t\t<\/div>\n\t\t\t<\/div>\n\t\t\t\t\t<h3 class=\"handorgel__header handorgel__header--has-start-time\">\n\t\t\t\t<button class=\"handorgel__header__button\"\n\t\t\t\t        id=\"muutos-pakko-tehtava-vai-taito\">\n\t\t\t\t\t<span class=\"handorgel__header__button--content\">\n\t\t\t\t\t\t\t\t\t\t\t<span\n\t\t\t\t\t\t\tclass=\"handorgel__header__button--start-time\">14:15<\/span>\n\t\t\t\t\t\t\t\t\t\t<span class=\"handorgel__header__button--title\">Muutos: pakko, teht\u00e4v\u00e4 vai taito?<\/span>\n\t\t\t\t\t<\/span>\n\t\t\t\t\t<span class=\"handorgel__header__button--icon\">\n\t\t\t\t\t\t\t<span><\/span>\n\t\t\t\t\t\t\t<span><\/span>\n\t\t\t\t\t<\/span>\n\t\t\t\t\t\t\t\t\t\t\t<span class=\"handorgel__header__button--speakers\">\n\t\t\t\t\t\t\t\t\t\t\t\t\t\t<span\n\t\t\t\t\t\t\t\t\tclass=\"handorgel__header__button--speakers--speaker\">Laura Lares, asiantuntija, Rastor-instituutti<\/span>\n\t\t\t\t\t\t\t\t\t\t\t\t\t<\/span>\n\t\t\t\t\t\t\t\t\t<\/button>\n\t\t\t<\/h3>\n\t\t\t<div class=\"handorgel__content handorgel__content--has-start-time\">\n\t\t\t\t<div class=\"handorgel__content__inner\">\n\t\t\t\t\t\t\t\t\t<\/div>\n\t\t\t<\/div>\n\t\t\t\t\t<h3 class=\"handorgel__header handorgel__header--has-start-time\">\n\t\t\t\t<button class=\"handorgel__header__button\"\n\t\t\t\t        id=\"yrittajyyskunta-palkinnon-jako\">\n\t\t\t\t\t<span class=\"handorgel__header__button--content\">\n\t\t\t\t\t\t\t\t\t\t\t<span\n\t\t\t\t\t\t\tclass=\"handorgel__header__button--start-time\">15:00<\/span>\n\t\t\t\t\t\t\t\t\t\t<span class=\"handorgel__header__button--title\">Yritt\u00e4jyyskunta-palkinnon jako<\/span>\n\t\t\t\t\t<\/span>\n\t\t\t\t\t<span class=\"handorgel__header__button--icon\">\n\t\t\t\t\t\t\t<span><\/span>\n\t\t\t\t\t\t\t<span><\/span>\n\t\t\t\t\t<\/span>\n\t\t\t\t\t\t\t\t\t<\/button>\n\t\t\t<\/h3>\n\t\t\t<div class=\"handorgel__content handorgel__content--has-start-time\">\n\t\t\t\t<div class=\"handorgel__content__inner\">\n\t\t\t\t\t\t\t\t\t<\/div>\n\t\t\t<\/div>\n\t\t\t\t\t<h3 class=\"handorgel__header handorgel__header--has-start-time\">\n\t\t\t\t<button class=\"handorgel__header__button\"\n\t\t\t\t        id=\"loppusanat\">\n\t\t\t\t\t<span class=\"handorgel__header__button--content\">\n\t\t\t\t\t\t\t\t\t\t\t<span\n\t\t\t\t\t\t\tclass=\"handorgel__header__button--start-time\">15:30<\/span>\n\t\t\t\t\t\t\t\t\t\t<span class=\"handorgel__header__button--title\">Loppusanat<\/span>\n\t\t\t\t\t<\/span>\n\t\t\t\t\t<span class=\"handorgel__header__button--icon\">\n\t\t\t\t\t\t\t<span><\/span>\n\t\t\t\t\t\t\t<span><\/span>\n\t\t\t\t\t<\/span>\n\t\t\t\t\t\t\t\t\t<\/button>\n\t\t\t<\/h3>\n\t\t\t<div class=\"handorgel__content handorgel__content--has-start-time\">\n\t\t\t\t<div class=\"handorgel__content__inner\">\n\t\t\t\t\t\t\t\t\t<\/div>\n\t\t\t<\/div>\n\t\t\t<\/div>\n<\/section\n\t\t<!-- You can also use SakkeLib\\Helpers\\get_template_part inside a gutenberg acf block template -->\n\n\n\n\t<div id=\"gb-anchor-block_457a2b3bce99bcc7dd6c864225f848bf\" class=\"gb-anchor gb-anchor-block_457a2b3bce99bcc7dd6c864225f848bf\">\n\t\t\t<\/div>\n\n\n\n\t\t\t<\/div>\n\t\t<\/div>\n\t<\/div>\n\n\n\n\n\t<div id=\"gb-anchor-block_4d9719f4b3ac18dab6fc2bb2a3cc6278\" class=\"gb-anchor gb-anchor-block_4d9719f4b3ac18dab6fc2bb2a3cc6278\">\n\t\t\t\t\t<div class=\"gb-anchor__anchor\" id=\"puhujat\"><\/div>\n\n\t\t\t\t\t\t<\/div>\n\n\n\n\n<h3 class=\"wp-block-heading has-text-align-center\">Puhujat<\/h3>\n\n\n\n\t<section id=\"gb-several-lifts-block_70141fbd34c647f5939d8d512e0f0ba8\"\n\t         class=\"gb-several-lifts gb-several-lifts-block_70141fbd34c647f5939d8d512e0f0ba8\">\n\t\t<div class=\"gb-several-lifts__row\">\n\n\t\t\t\t\t\t\t<div class=\"gb-several-lifts__item\">\n\t\t\t\t\t\n<div class=\"b-lift-item\">\n\t<div class=\"b-lift-item__inner\">\n\t\t\t\t\t<img decoding=\"async\" class=\"b-lift-item__image\"\n\t\t\t     src=\"https:\/\/me.yrittajat.fi\/app\/uploads\/sites\/52\/2025\/08\/matti-pitkaniitty.png\"\n\t\t\t     alt=\"\">\n\t\t\n\t\t\n<div class=\"b-metas-title-content\">\n\t\n\t\t\t<h3 class=\"b-metas-title-content__title b-metas-title-content__title--size-m\">\n\t\t\t\t\t\t\tMatti Pitk\u00e4niitty\t\t\t\t\t\t<\/h3>\n\t\n\t\t\t<h4 class=\"b-metas-title-content__subtitle\">Komentaja, eversti, Pohjois-Karjalan rajavartiosto<\/h4>\n\t\n\t\t\t<div class=\"b-metas-title-content__content readmore-container\">\n\t\t\t\t\t\t\t\t<p>\n\t\t\t\t\t\t<span class=\"b-metas-title-content__content-first\">Eversti Matti Pitk\u00e4niitty on kokenut upseeri, jolla on laaja kokemus rajavartio- ja esikuntateht\u00e4vist\u00e4. Pitk\u00e4niitty on mediassa aktiivisesti kommentoinut it\u00e4rajan tilanteita, pit\u00e4v\u00e4n Rajavartiolaitoksen merkitt\u00e4v\u00e4ss\u00e4 murroksessa ja<\/span>\n\t\t\t\t\t\t<span class=\"b-metas-title-content__content-last\"> korostaen reservin k\u00e4ytt\u00f6\u00e4 osana rajaturvallisuuden varmistamista.<\/span>\n\t\t\t\t\t<\/p>\n\n\t\t\t\t\t\n\t\t\t\t\t<div class=\"b-metas-title-content__content-readmore\">\n\t\t\t\t\t\t<button class=\"b-readmore-button\" aria-expanded=\"false\">\n\t<span class=\"screen-reader-text\">Lue lis\u00e4\u00e4<\/span>\n<\/button>\n\t\t\t\t\t<\/div>\n\t\t\t\t\t\t<\/div>\n\t<\/div>\n\t<\/div>\n<\/div>\n\t\t\t\t<\/div>\n\t\t\t\t\t\t\t<div class=\"gb-several-lifts__item\">\n\t\t\t\t\t\n<div class=\"b-lift-item\">\n\t<div class=\"b-lift-item__inner\">\n\t\t\t\t\t<img decoding=\"async\" class=\"b-lift-item__image\"\n\t\t\t     src=\"https:\/\/me.yrittajat.fi\/app\/uploads\/sites\/52\/2025\/08\/janne-riihelainen.png\"\n\t\t\t     alt=\"\">\n\t\t\n\t\t\n<div class=\"b-metas-title-content\">\n\t\n\t\t\t<h3 class=\"b-metas-title-content__title b-metas-title-content__title--size-m\">\n\t\t\t\t\t\t\tJanne \u201dRysky\u201d Riihel\u00e4inen\t\t\t\t\t\t<\/h3>\n\t\n\t\t\t<h4 class=\"b-metas-title-content__subtitle\">Tietokirjailija, viestint\u00e4asiantuntija ja kolumnisti<\/h4>\n\t\n\t\t\t<div class=\"b-metas-title-content__content readmore-container\">\n\t\t\t\t\t\t\t\t<p>\n\t\t\t\t\t\t<span class=\"b-metas-title-content__content-first\">Janne &#8220;Rysky&#8221; Riihel\u00e4inen on tietokirjailija, viestint\u00e4asiantuntija, puhuja ja kolumnisti, joka on tullut tunnetuksi maanl\u00e4heisest\u00e4 ja ymm\u00e4rrett\u00e4v\u00e4st\u00e4 tavastaan kirjoittaa kansalliseen turvallisuuteen ja ulkopolitiikkaan liittyvist\u00e4<\/span>\n\t\t\t\t\t\t<span class=\"b-metas-title-content__content-last\"> aiheista. Riihel\u00e4inen on my\u00f6s yksi maan johtavia informaatiovaikuttamisen asiantuntijoita ja on erikoistunut my\u00f6s teko\u00e4lyn vaikutuksiin informaatioymp\u00e4rist\u00f6ss\u00e4. H\u00e4n toimii my\u00f6s yritt\u00e4j\u00e4n\u00e4, mm. osakkaana joensuulaisessa mainostoimistossa.<\/span>\n\t\t\t\t\t<\/p>\n\n\t\t\t\t\t\n\t\t\t\t\t<div class=\"b-metas-title-content__content-readmore\">\n\t\t\t\t\t\t<button class=\"b-readmore-button\" aria-expanded=\"false\">\n\t<span class=\"screen-reader-text\">Lue lis\u00e4\u00e4<\/span>\n<\/button>\n\t\t\t\t\t<\/div>\n\t\t\t\t\t\t<\/div>\n\t<\/div>\n\t<\/div>\n<\/div>\n\t\t\t\t<\/div>\n\t\t\t\t\t\t\t<div class=\"gb-several-lifts__item\">\n\t\t\t\t\t\n<div class=\"b-lift-item\">\n\t<div class=\"b-lift-item__inner\">\n\t\t\t\t\t<img decoding=\"async\" class=\"b-lift-item__image\"\n\t\t\t     src=\"https:\/\/me.yrittajat.fi\/app\/uploads\/sites\/52\/2025\/08\/jari-sistonen.png\"\n\t\t\t     alt=\"\">\n\t\t\n\t\t\n<div class=\"b-metas-title-content\">\n\t\n\t\t\t<h3 class=\"b-metas-title-content__title b-metas-title-content__title--size-m\">\n\t\t\t\t\t\t\tJari Sistonen\t\t\t\t\t\t<\/h3>\n\t\n\t\t\t<h4 class=\"b-metas-title-content__subtitle\">Hallituksen puheenjohtaja, U-Cont Oy<\/h4>\n\t\n\t\t\t<div class=\"b-metas-title-content__content readmore-container\">\n\t\t\t\t\t\t\t\t<p>\n\t\t\t\t\t\t<span class=\"b-metas-title-content__content-first\">Jari Sistonen on pitk\u00e4n linjan teollisuusyritt\u00e4j\u00e4 ja U\u2011Cont Oy:n pitk\u00e4aikainen toimitusjohtaja, joka on siirtynyt nykyiseen rooliinsa kehitt\u00e4m\u00e4\u00e4n yrityksen strategista suuntaa. H\u00e4n on ollut ResilEast-ohjelman vahva v\u00e4yl\u00e4hahmo, korostaen<\/span>\n\t\t\t\t\t\t<span class=\"b-metas-title-content__content-last\"> energiatalouden ja kokonaisturvallisuuden yhdist\u00e4mist\u00e4 ja Pohjois\u2011It\u00e4\u2011Suomen potentiaalin hy\u00f6dynt\u00e4mist\u00e4.<\/span>\n\t\t\t\t\t<\/p>\n\n\t\t\t\t\t\n\t\t\t\t\t<div class=\"b-metas-title-content__content-readmore\">\n\t\t\t\t\t\t<button class=\"b-readmore-button\" aria-expanded=\"false\">\n\t<span class=\"screen-reader-text\">Lue lis\u00e4\u00e4<\/span>\n<\/button>\n\t\t\t\t\t<\/div>\n\t\t\t\t\t\t<\/div>\n\t<\/div>\n\t<\/div>\n<\/div>\n\t\t\t\t<\/div>\n\t\t\t\n\t\t<\/div>\n\t<\/section>\n\n\n\n\n\t<section id=\"gb-several-lifts-block_755f0d9bc442d65d2340cdcec30e7243\"\n\t         class=\"gb-several-lifts gb-several-lifts-block_755f0d9bc442d65d2340cdcec30e7243\">\n\t\t<div class=\"gb-several-lifts__row\">\n\n\t\t\t\t\t\t\t<div class=\"gb-several-lifts__item\">\n\t\t\t\t\t\n<div class=\"b-lift-item\">\n\t<div class=\"b-lift-item__inner\">\n\t\t\t\t\t<img decoding=\"async\" class=\"b-lift-item__image\"\n\t\t\t     src=\"https:\/\/me.yrittajat.fi\/app\/uploads\/sites\/52\/2025\/08\/tomi-haring.png\"\n\t\t\t     alt=\"\">\n\t\t\n\t\t\n<div class=\"b-metas-title-content\">\n\t\n\t\t\t<h3 class=\"b-metas-title-content__title b-metas-title-content__title--size-m\">\n\t\t\t\t\t\t\tTomi Haring\t\t\t\t\t\t<\/h3>\n\t\n\t\t\t<h4 class=\"b-metas-title-content__subtitle\">Toimitusjohtaja, Business Joensuu Oy<\/h4>\n\t\n\t\t\t<div class=\"b-metas-title-content__content readmore-container\">\n\t\t\t\t\t\t\t\t<p>\n\t\t\t\t\t\t<span class=\"b-metas-title-content__content-first\">Tomi Haring on kokeneen monialaorganisaation toimitusjohtaja ja kansainv\u00e4lisen liiketoiminnan veteraani, joka on johtanut Business Joensuuta vuodesta 2022. H\u00e4n kantaa roolia aktiivisena aluekehitt\u00e4j\u00e4n\u00e4 ja puhuu k\u00e4rjekk\u00e4it\u00e4 ajatuksia<\/span>\n\t\t\t\t\t\t<span class=\"b-metas-title-content__content-last\"> modernista johtajuudesta yrityskulttuurin ja kasvun n\u00e4k\u00f6kulmista.<\/span>\n\t\t\t\t\t<\/p>\n\n\t\t\t\t\t\n\t\t\t\t\t<div class=\"b-metas-title-content__content-readmore\">\n\t\t\t\t\t\t<button class=\"b-readmore-button\" aria-expanded=\"false\">\n\t<span class=\"screen-reader-text\">Lue lis\u00e4\u00e4<\/span>\n<\/button>\n\t\t\t\t\t<\/div>\n\t\t\t\t\t\t<\/div>\n\t<\/div>\n\t<\/div>\n<\/div>\n\t\t\t\t<\/div>\n\t\t\t\t\t\t\t<div class=\"gb-several-lifts__item\">\n\t\t\t\t\t\n<div class=\"b-lift-item\">\n\t<div class=\"b-lift-item__inner\">\n\t\t\t\t\t<img decoding=\"async\" class=\"b-lift-item__image\"\n\t\t\t     src=\"https:\/\/me.yrittajat.fi\/app\/uploads\/sites\/52\/2025\/08\/juha-rasanen.png\"\n\t\t\t     alt=\"\">\n\t\t\n\t\t\n<div class=\"b-metas-title-content\">\n\t\n\t\t\t<h3 class=\"b-metas-title-content__title b-metas-title-content__title--size-m\">\n\t\t\t\t\t\t\tJuha R\u00e4s\u00e4nen\t\t\t\t\t\t<\/h3>\n\t\n\t\t\t<h4 class=\"b-metas-title-content__subtitle\">Toimitusjohtaja, Savon Voima<\/h4>\n\t\n\t\t\t<div class=\"b-metas-title-content__content readmore-container\">\n\t\t\t\t\t\t\t\t<p>\n\t\t\t\t\t\t<span class=\"b-metas-title-content__content-first\">Juha R\u00e4s\u00e4sell\u00e4 on yli 20 vuoden kokemus energia-alalta. R\u00e4s\u00e4nen on toiminut my\u00f6s Riikinvoima Oy:n toimitusjohtajana sek\u00e4 projektijohtamisen ja voimalaitostekniikan kehitysteht\u00e4viss\u00e4 Foster Wheeler Energia Oy:ss\u00e4 ja Stora Enso Oyj:ss\u00e4<\/span>\n\t\t\t\t\t\t<span class=\"b-metas-title-content__content-last\"> kansainv\u00e4lisess\u00e4 toimintaymp\u00e4rist\u00f6ss\u00e4. H\u00e4n on sitoutunut edist\u00e4m\u00e4\u00e4n energiahuollon varmuutta ja hiilineutraalia strategiaa It\u00e4-Suomessa.<\/span>\n\t\t\t\t\t<\/p>\n\n\t\t\t\t\t\n\t\t\t\t\t<div class=\"b-metas-title-content__content-readmore\">\n\t\t\t\t\t\t<button class=\"b-readmore-button\" aria-expanded=\"false\">\n\t<span class=\"screen-reader-text\">Lue lis\u00e4\u00e4<\/span>\n<\/button>\n\t\t\t\t\t<\/div>\n\t\t\t\t\t\t<\/div>\n\t<\/div>\n\t<\/div>\n<\/div>\n\t\t\t\t<\/div>\n\t\t\t\t\t\t\t<div class=\"gb-several-lifts__item\">\n\t\t\t\t\t\n<div class=\"b-lift-item\">\n\t<div class=\"b-lift-item__inner\">\n\t\t\t\t\t<img decoding=\"async\" class=\"b-lift-item__image\"\n\t\t\t     src=\"https:\/\/me.yrittajat.fi\/app\/uploads\/sites\/52\/2025\/08\/mikko.-lopponen.png\"\n\t\t\t     alt=\"\">\n\t\t\n\t\t\n<div class=\"b-metas-title-content\">\n\t\n\t\t\t<h3 class=\"b-metas-title-content__title b-metas-title-content__title--size-m\">\n\t\t\t\t\t\t\tMikko L\u00f6pp\u00f6nen\t\t\t\t\t\t<\/h3>\n\t\n\t\t\t<h4 class=\"b-metas-title-content__subtitle\">Kunnanjohtaja, Tohmaj\u00e4rven kunta<\/h4>\n\t\n\t\t\t<div class=\"b-metas-title-content__content readmore-container\">\n\t\t\t\t\t\t\t\t<p>\n\t\t\t\t\t\t<span class=\"b-metas-title-content__content-first\">Pohjois-Karjalan rajakunnat Lieksasta Kiteelle ovat olleet mukana Rajakuntahankkeessa, jossa ylitettiin maakunta- ja kuntarajat 1100 kilometrin matkalla. Millaista on luoda uutta yhteisty\u00f6t\u00e4, kun toimintaymp\u00e4rist\u00f6\u00f6n kohdistuu niin paljon<\/span>\n\t\t\t\t\t\t<span class=\"b-metas-title-content__content-last\"> paineita? Hankkeen tuloksista ja toiminnasta ovat kertomassa Tohmaj\u00e4rven kunnanjohtaja Mikko L\u00f6pp\u00f6nen ja hankep\u00e4\u00e4llikk\u00f6 Sari Sirkki\u00e4. <\/span>\n\t\t\t\t\t<\/p>\n\n\t\t\t\t\t\n\t\t\t\t\t<div class=\"b-metas-title-content__content-readmore\">\n\t\t\t\t\t\t<button class=\"b-readmore-button\" aria-expanded=\"false\">\n\t<span class=\"screen-reader-text\">Lue lis\u00e4\u00e4<\/span>\n<\/button>\n\t\t\t\t\t<\/div>\n\t\t\t\t\t\t<\/div>\n\t<\/div>\n\t<\/div>\n<\/div>\n\t\t\t\t<\/div>\n\t\t\t\n\t\t<\/div>\n\t<\/section>\n\n\n\n\n\t<section id=\"gb-several-lifts-block_761661d6169ca6fa57a9ce9b394f5315\"\n\t         class=\"gb-several-lifts gb-several-lifts-block_761661d6169ca6fa57a9ce9b394f5315\">\n\t\t<div class=\"gb-several-lifts__row\">\n\n\t\t\t\t\t\t\t<div class=\"gb-several-lifts__item\">\n\t\t\t\t\t\n<div class=\"b-lift-item\">\n\t<div class=\"b-lift-item__inner\">\n\t\t\t\t\t<img decoding=\"async\" class=\"b-lift-item__image\"\n\t\t\t     src=\"https:\/\/me.yrittajat.fi\/app\/uploads\/sites\/52\/2025\/08\/sirkkia-sari.png\"\n\t\t\t     alt=\"\">\n\t\t\n\t\t\n<div class=\"b-metas-title-content\">\n\t\n\t\t\t<h3 class=\"b-metas-title-content__title b-metas-title-content__title--size-m\">\n\t\t\t\t\t\t\tSari Sirkki\u00e4\t\t\t\t\t\t<\/h3>\n\t\n\t\t\t<h4 class=\"b-metas-title-content__subtitle\">Hankep\u00e4\u00e4llikk\u00f6, Rajakuntahanke<\/h4>\n\t\n\t\t\t<div class=\"b-metas-title-content__content readmore-container\">\n\t\t\t\t\t\t\t\t<p>\n\t\t\t\t\t\t<span class=\"b-metas-title-content__content-first\">Pohjois-Karjalan rajakunnat Lieksasta Kiteelle ovat olleet mukana Rajakuntahankkeessa, jossa ylitettiin maakunta- ja kuntarajat 1100 kilometrin matkalla. Millaista on luoda uutta yhteisty\u00f6t\u00e4, kun toimintaymp\u00e4rist\u00f6\u00f6n kohdistuu niin paljon<\/span>\n\t\t\t\t\t\t<span class=\"b-metas-title-content__content-last\"> paineita? Hankkeen tuloksista ja toiminnasta ovat kertomassa Tohmaj\u00e4rven kunnanjohtaja Mikko L\u00f6pp\u00f6nen ja hankep\u00e4\u00e4llikk\u00f6 Sari Sirkki\u00e4.<\/span>\n\t\t\t\t\t<\/p>\n\n\t\t\t\t\t\n\t\t\t\t\t<div class=\"b-metas-title-content__content-readmore\">\n\t\t\t\t\t\t<button class=\"b-readmore-button\" aria-expanded=\"false\">\n\t<span class=\"screen-reader-text\">Lue lis\u00e4\u00e4<\/span>\n<\/button>\n\t\t\t\t\t<\/div>\n\t\t\t\t\t\t<\/div>\n\t<\/div>\n\t<\/div>\n<\/div>\n\t\t\t\t<\/div>\n\t\t\t\n\t\t<\/div>\n\t<\/section>\n\n\n\n\n\t<section id=\"gb-several-lifts-block_9c60e6e45d5b88a0579e9fb9a30dccdd\"\n\t         class=\"gb-several-lifts gb-several-lifts-block_9c60e6e45d5b88a0579e9fb9a30dccdd\">\n\t\t<div class=\"gb-several-lifts__row\">\n\n\t\t\t\t\t\t\t<div class=\"gb-several-lifts__item\">\n\t\t\t\t\t\n<div class=\"b-lift-item\">\n\t<div class=\"b-lift-item__inner\">\n\t\t\t\t\t<img decoding=\"async\" class=\"b-lift-item__image\"\n\t\t\t     src=\"https:\/\/me.yrittajat.fi\/app\/uploads\/sites\/52\/2025\/08\/marja-saastamoinen.png\"\n\t\t\t     alt=\"\">\n\t\t\n\t\t\n<div class=\"b-metas-title-content\">\n\t\n\t\t\t<h3 class=\"b-metas-title-content__title b-metas-title-content__title--size-m\">\n\t\t\t\t\t\t\tMaria Saastamoinen\t\t\t\t\t\t<\/h3>\n\t\n\t\t\t<h4 class=\"b-metas-title-content__subtitle\">Projektiasiantuntija, It\u00e4-Suomen yliopisto (Talent Hub)<\/h4>\n\t\n\t\t\t<div class=\"b-metas-title-content__content readmore-container\">\n\t\t\t\t\t\t\t\t<p>\n\t\t\t\t\t\t<span class=\"b-metas-title-content__content-first\">Maria Saastamoinen on Talent Hub Eastern Finland -projektin avainhenkil\u00f6, joka yll\u00e4pit\u00e4\u00e4 ja kehitt\u00e4\u00e4 yhteisty\u00f6t\u00e4 yliopiston, ammattikorkeakoulujen ja alueorganisaatioiden v\u00e4lill\u00e4. H\u00e4nen ty\u00f6ns\u00e4 tukee kansainv\u00e4listen opiskelijoiden<\/span>\n\t\t\t\t\t\t<span class=\"b-metas-title-content__content-last\"> integraatiota ty\u00f6el\u00e4m\u00e4\u00e4n ja edist\u00e4\u00e4 It\u00e4\u2011Suomen elinvoimaa monikulttuurisena ja osaajayhteis\u00f6n\u00e4.<\/span>\n\t\t\t\t\t<\/p>\n\n\t\t\t\t\t\n\t\t\t\t\t<div class=\"b-metas-title-content__content-readmore\">\n\t\t\t\t\t\t<button class=\"b-readmore-button\" aria-expanded=\"false\">\n\t<span class=\"screen-reader-text\">Lue lis\u00e4\u00e4<\/span>\n<\/button>\n\t\t\t\t\t<\/div>\n\t\t\t\t\t\t<\/div>\n\t<\/div>\n\t<\/div>\n<\/div>\n\t\t\t\t<\/div>\n\t\t\t\t\t\t\t<div class=\"gb-several-lifts__item\">\n\t\t\t\t\t\n<div class=\"b-lift-item\">\n\t<div class=\"b-lift-item__inner\">\n\t\t\t\t\t<img decoding=\"async\" class=\"b-lift-item__image\"\n\t\t\t     src=\"https:\/\/me.yrittajat.fi\/app\/uploads\/sites\/52\/2025\/08\/paivi-vaarala.png\"\n\t\t\t     alt=\"\">\n\t\t\n\t\t\n<div class=\"b-metas-title-content\">\n\t\n\t\t\t<h3 class=\"b-metas-title-content__title b-metas-title-content__title--size-m\">\n\t\t\t\t\t\t\tP\u00e4ivi Vaarala\t\t\t\t\t\t<\/h3>\n\t\n\t\t\t<h4 class=\"b-metas-title-content__subtitle\">Hankep\u00e4\u00e4llikk\u00f6, Pohjois-Karjalan ELY-keskus (WiNK \u2013 T\u00f6ihin Pohjois-Karjalaan)<\/h4>\n\t\n\t\t\t<div class=\"b-metas-title-content__content readmore-container\">\n\t\t\t\t\t\t\t\t<p>\n\t\t\t\t\t\t<span class=\"b-metas-title-content__content-first\">P\u00e4ivi Vaaralan WiNK \u2013 T\u00f6ihin Pohjois-Karjalaan -hanke vahvistaa maakunnan elinvoimaa tukemalla kansainv\u00e4listen osaajien kouluttautumista, ty\u00f6llistymist\u00e4 ja kotoutumista. Hanke auttaa yrityksi\u00e4 rekrytoimaan ja perehdytt\u00e4m\u00e4\u00e4n<\/span>\n\t\t\t\t\t\t<span class=\"b-metas-title-content__content-last\"> ulkomaalaistaustaisia ty\u00f6ntekij\u00f6it\u00e4, hy\u00f6dynt\u00e4\u00e4 teko\u00e4ly\u00e4 monikielisen materiaalin tuottamisessa ja rohkaisee tarjoamaan harjoittelu- ja lopputy\u00f6paikkoja kansainv\u00e4lisille opiskelijoille. Tavoitteena on, ett\u00e4 osaajat j\u00e4\u00e4v\u00e4t Pohjois-Karjalaan, jolloin yritysten ty\u00f6voimapula helpottuu ja alueen pitovoima kasvaa.<\/span>\n\t\t\t\t\t<\/p>\n\n\t\t\t\t\t\n\t\t\t\t\t<div class=\"b-metas-title-content__content-readmore\">\n\t\t\t\t\t\t<button class=\"b-readmore-button\" aria-expanded=\"false\">\n\t<span class=\"screen-reader-text\">Lue lis\u00e4\u00e4<\/span>\n<\/button>\n\t\t\t\t\t<\/div>\n\t\t\t\t\t\t<\/div>\n\t<\/div>\n\t<\/div>\n<\/div>\n\t\t\t\t<\/div>\n\t\t\t\t\t\t\t<div class=\"gb-several-lifts__item\">\n\t\t\t\t\t\n<div class=\"b-lift-item\">\n\t<div class=\"b-lift-item__inner\">\n\t\t\t\t\t<img decoding=\"async\" class=\"b-lift-item__image\"\n\t\t\t     src=\"https:\/\/me.yrittajat.fi\/app\/uploads\/sites\/52\/2025\/08\/laura-lares.png\"\n\t\t\t     alt=\"\">\n\t\t\n\t\t\n<div class=\"b-metas-title-content\">\n\t\n\t\t\t<h3 class=\"b-metas-title-content__title b-metas-title-content__title--size-m\">\n\t\t\t\t\t\t\tLaura Lares \t\t\t\t\t\t<\/h3>\n\t\n\t\t\t<h4 class=\"b-metas-title-content__subtitle\">Asiantuntija, Rastor-instituutti<\/h4>\n\t\n\t\t\t<div class=\"b-metas-title-content__content readmore-container\">\n\t\t\t\t\t\t\t\t<p>\n\t\t\t\t\t\t<span class=\"b-metas-title-content__content-first\">Liperil\u00e4inen Laura Lares on tekniikan tohtori ja kokenut johtamisen asiantuntija, jolla on yli 35 vuoden kokemus strategisista muutoksista eri organisaatioissa. H\u00e4n on ty\u00f6skennellyt mm. UPM:ss\u00e4, Kalevala Korussa ja useissa hallitusteht\u00e4viss\u00e4,<\/span>\n\t\t\t\t\t\t<span class=\"b-metas-title-content__content-last\"> ollut yritt\u00e4j\u00e4 vuodesta 2012 ja kouluttaa nykyisin Rastor-instituutissa strategista johtamista, muutosjohtamista ja hallitusty\u00f6t\u00e4.<\/span>\n\t\t\t\t\t<\/p>\n\n\t\t\t\t\t\n\t\t\t\t\t<div class=\"b-metas-title-content__content-readmore\">\n\t\t\t\t\t\t<button class=\"b-readmore-button\" aria-expanded=\"false\">\n\t<span class=\"screen-reader-text\">Lue lis\u00e4\u00e4<\/span>\n<\/button>\n\t\t\t\t\t<\/div>\n\t\t\t\t\t\t<\/div>\n\t<\/div>\n\t<\/div>\n<\/div>\n\t\t\t\t<\/div>\n\t\t\t\n\t\t<\/div>\n\t<\/section>\n\n\n\n\n<h3 class=\"wp-block-heading has-text-align-center\"><\/h3>\n\n\n\n\t<div id=\"gb-anchor-block_cbf2a8eede2a25a05160ec49fce14715\" class=\"gb-anchor gb-anchor-block_cbf2a8eede2a25a05160ec49fce14715\">\n\t\t\t\t\t<div class=\"gb-anchor__anchor\" id=\"tapahtumapaikka\"><\/div>\n\n\t\t\t\t\t\t<\/div>\n\n\n\n\n<h3 class=\"wp-block-heading has-text-align-center\">Tapahtumapaikka<\/h3>\n\n\n\n<section id=\"gb-accordion-block_2243cbae1009f162491f72496196192f\" class=\"gb-accordion gb-accordion-block_2243cbae1009f162491f72496196192f\">\n\t<div class=\"handorgel\">\n\t\t\t\t\t<h3 class=\"handorgel__header handorgel__header--no-start-time\">\n\t\t\t\t<button class=\"handorgel__header__button\"\n\t\t\t\t        id=\"original-sokos-hotel-kimmel-penttila-sali\">\n\t\t\t\t\t<span class=\"handorgel__header__button--content\">\n\t\t\t\t\t\t\t\t\t\t<span class=\"handorgel__header__button--title\">Original Sokos Hotel Kimmel, Penttil\u00e4-sali<\/span>\n\t\t\t\t\t<\/span>\n\t\t\t\t\t<span class=\"handorgel__header__button--icon\">\n\t\t\t\t\t\t\t<span><\/span>\n\t\t\t\t\t\t\t<span><\/span>\n\t\t\t\t\t<\/span>\n\t\t\t\t\t\t\t\t\t<\/button>\n\t\t\t<\/h3>\n\t\t\t<div class=\"handorgel__content handorgel__content--no-start-time\">\n\t\t\t\t<div class=\"handorgel__content__inner\">\n\t\t\t\t\t<p data-start=\"227\" data-end=\"539\">V\u00e4lj\u00e4\u00e4 tunnelmaa ja vaikuttavaa n\u00e4kyvyytt\u00e4: <strong data-start=\"271\" data-end=\"288\">Penttil\u00e4-sali<\/strong> tarjoaa puitteet jopa 160 hengen tilaisuuksille. Tilassa on 4,6 metrin huonekorkeus ja suuret lattiasta kattoon ulottuvat ikkunat, jotka tulvivat luonnonvaloa \u2013 t\u00e4ydellinen ymp\u00e4rist\u00f6 seminaareihin, juhliin, n\u00e4yttelyihin tai vaikka auton esittelyyn.<\/p>\n<p>Sali on tarvittaessa yhdistett\u00e4viss\u00e4 Linnunlahti-tiloihin, jolloin kapasiteetti kasvaa jopa 300 henkeen.<\/p>\n<p><strong data-start=\"649\" data-end=\"698\">Tekniikka tukee tapahtumaa \u2013 ei rajoita sit\u00e4:<\/strong><\/p>\n<ul data-start=\"701\" data-end=\"843\">\n<li data-start=\"701\" data-end=\"741\">\n<p data-start=\"703\" data-end=\"741\">3 projektoria ja leve\u00e4t valkokankaat<\/p>\n<\/li>\n<li data-start=\"701\" data-end=\"741\">\n<p data-start=\"703\" data-end=\"741\">180\u00b0 kamera ja laadukas \u00e4\u00e4nentoisto<\/p>\n<\/li>\n<li data-start=\"782\" data-end=\"802\">\n<p data-start=\"784\" data-end=\"802\">induktiosilmukka<\/p>\n<\/li>\n<li data-start=\"803\" data-end=\"843\">\n<p data-start=\"805\" data-end=\"843\">tarvittaessa siirrett\u00e4v\u00e4t 86&#8243; n\u00e4yt\u00f6t<\/p>\n<\/li>\n<\/ul>\n<h3 data-start=\"845\" data-end=\"908\"><strong data-start=\"849\" data-end=\"908\"><br \/>\nOriginal Sokos Hotel Kimmel \u2013 tapahtuma keskell\u00e4 el\u00e4m\u00e4\u00e4<\/strong><\/h3>\n<p data-start=\"910\" data-end=\"1155\">Penttil\u00e4-sali sijaitsee <strong data-start=\"934\" data-end=\"988\">Original Sokos Hotel Kimmeliss\u00e4 Joensuun syd\u00e4mess\u00e4<\/strong>, aivan joen rannalla. Kimmel yhdist\u00e4\u00e4 sujuvan tapahtumakokemuksen, herkullisen ruoan, karjalaisen vieraanvaraisuuden ja luonnon l\u00e4heisyyden \u2013 kaikki saman katon alla.<\/p>\n\t\t\t\t<\/div>\n\t\t\t<\/div>\n\t\t\t<\/div>\n<\/section\n\t\t<!-- You can also use SakkeLib\\Helpers\\get_template_part inside a gutenberg acf block template -->\n\n\n\n\t<div id=\"gb-anchor-block_69c68fe5f14cf80372217027e40e0dd9\" class=\"gb-anchor gb-anchor-block_69c68fe5f14cf80372217027e40e0dd9\">\n\t\t\t\t\t<div class=\"gb-anchor__anchor\" id=\"liput\"><\/div>\n\n\t\t\t\t\t\t<\/div>\n\n\n\n\n<h3 class=\"wp-block-heading has-text-align-center\">Liput<\/h3>\n\n\n\n<section id=\"gb-accordion-block_7c72c512f79165fdae19e79a0f37af3d\" class=\"gb-accordion gb-accordion-block_7c72c512f79165fdae19e79a0f37af3d\">\n\t<div class=\"handorgel\">\n\t\t\t\t\t<h3 class=\"handorgel__header handorgel__header--no-start-time\">\n\t\t\t\t<button class=\"handorgel__header__button\"\n\t\t\t\t        id=\"liput-55-e-sis-255\">\n\t\t\t\t\t<span class=\"handorgel__header__button--content\">\n\t\t\t\t\t\t\t\t\t\t<span class=\"handorgel__header__button--title\">Liput 55 \u20ac sis. 25,5 %<\/span>\n\t\t\t\t\t<\/span>\n\t\t\t\t\t<span class=\"handorgel__header__button--icon\">\n\t\t\t\t\t\t\t<span><\/span>\n\t\t\t\t\t\t\t<span><\/span>\n\t\t\t\t\t<\/span>\n\t\t\t\t\t\t\t\t\t<\/button>\n\t\t\t<\/h3>\n\t\t\t<div class=\"handorgel__content handorgel__content--no-start-time\">\n\t\t\t\t<div class=\"handorgel__content__inner\">\n\t\t\t\t\t<p class=\"x_MsoNormal\">Lippu sis\u00e4lt\u00e4\u00e4 seminaariohjelman lis\u00e4ksi lounaan ja iltap\u00e4iv\u00e4kahvit.<\/p>\n<p class=\"x_MsoNormal\">Tapahtuman lippumaksu laskutetaan. Ilmoita laskutustiedot ilmoittautumislomakkeella.<\/p>\n\t\t\t\t<\/div>\n\t\t\t<\/div>\n\t\t\t<\/div>\n<\/section\n\t\t<!-- You can also use SakkeLib\\Helpers\\get_template_part inside a gutenberg acf block template -->\n\n\n\n\t<div id=\"gb-anchor-block_88da51572ae28457187a3e142f048d62\" class=\"gb-anchor gb-anchor-block_88da51572ae28457187a3e142f048d62\">\n\t\t\t\t\t<div class=\"gb-anchor__anchor\" id=\"useinkysyttya\"><\/div>\n\n\t\t\t\t\t\t<\/div>\n\n\n\n\n<h3 class=\"wp-block-heading has-text-align-center\">Usein kysytty\u00e4 \/ FAQ<\/h3>\n\n\n\n<section id=\"gb-accordion-block_891e1a7eef2b5acc0de8538297b0e1c0\" class=\"gb-accordion gb-accordion-block_891e1a7eef2b5acc0de8538297b0e1c0\">\n\t<div class=\"handorgel\">\n\t\t\t\t\t<h3 class=\"handorgel__header handorgel__header--no-start-time\">\n\t\t\t\t<button class=\"handorgel__header__button\"\n\t\t\t\t        id=\"peruutusehdot\">\n\t\t\t\t\t<span class=\"handorgel__header__button--content\">\n\t\t\t\t\t\t\t\t\t\t<span class=\"handorgel__header__button--title\">Peruutusehdot<\/span>\n\t\t\t\t\t<\/span>\n\t\t\t\t\t<span class=\"handorgel__header__button--icon\">\n\t\t\t\t\t\t\t<span><\/span>\n\t\t\t\t\t\t\t<span><\/span>\n\t\t\t\t\t<\/span>\n\t\t\t\t\t\t\t\t\t<\/button>\n\t\t\t<\/h3>\n\t\t\t<div class=\"handorgel__content handorgel__content--no-start-time\">\n\t\t\t\t<div class=\"handorgel__content__inner\">\n\t\t\t\t\t<p class=\"x_MsoNormal\">T\u00e4ysin kuluton peruutus on mahdollinen 19.8.2025 asti. T\u00e4m\u00e4n j\u00e4lkeen tehdyist\u00e4 peruutuksista veloitamme 100 % rekister\u00f6itymismaksusta. Nimenvaihdos on mahdollinen kuluttomasti.<\/p>\n<p class=\"x_MsoNormal\">Peruutukset ja nimenvaihdokset kirjallisesti s\u00e4hk\u00f6postilla <a href=\"mailto:joonas.hiltunen@yrittajat.fi\" target=\"_blank\" rel=\"noopener noreferrer\" data-auth=\"NotApplicable\" data-linkindex=\"2\" data-ogsc=\"\">joonas.hiltunen@yrittajat.fi <\/a>Tapahtuman lippumaksu laskutetaan. Ilmoita laskutustiedot ilmoittautumislomakkeella.<\/p>\n\t\t\t\t<\/div>\n\t\t\t<\/div>\n\t\t\t\t\t<h3 class=\"handorgel__header handorgel__header--no-start-time\">\n\t\t\t\t<button class=\"handorgel__header__button\"\n\t\t\t\t        id=\"mika-on-tilaisuuden-pukukoodi\">\n\t\t\t\t\t<span class=\"handorgel__header__button--content\">\n\t\t\t\t\t\t\t\t\t\t<span class=\"handorgel__header__button--title\">Mik\u00e4 on tilaisuuden pukukoodi?<\/span>\n\t\t\t\t\t<\/span>\n\t\t\t\t\t<span class=\"handorgel__header__button--icon\">\n\t\t\t\t\t\t\t<span><\/span>\n\t\t\t\t\t\t\t<span><\/span>\n\t\t\t\t\t<\/span>\n\t\t\t\t\t\t\t\t\t<\/button>\n\t\t\t<\/h3>\n\t\t\t<div class=\"handorgel__content handorgel__content--no-start-time\">\n\t\t\t\t<div class=\"handorgel__content__inner\">\n\t\t\t\t\t<p>Seminaarin p\u00e4iv\u00e4osuuden pukukoodi on business casual.<\/p>\n\t\t\t\t<\/div>\n\t\t\t<\/div>\n\t\t\t\t\t<h3 class=\"handorgel__header handorgel__header--no-start-time\">\n\t\t\t\t<button class=\"handorgel__header__button\"\n\t\t\t\t        id=\"mitka-ovat-tapahtuman-sosiaalisen-median-aihetunnisteet\">\n\t\t\t\t\t<span class=\"handorgel__header__button--content\">\n\t\t\t\t\t\t\t\t\t\t<span class=\"handorgel__header__button--title\">Mitk\u00e4 ovat tapahtuman sosiaalisen median aihetunnisteet?<\/span>\n\t\t\t\t\t<\/span>\n\t\t\t\t\t<span class=\"handorgel__header__button--icon\">\n\t\t\t\t\t\t\t<span><\/span>\n\t\t\t\t\t\t\t<span><\/span>\n\t\t\t\t\t<\/span>\n\t\t\t\t\t\t\t\t\t<\/button>\n\t\t\t<\/h3>\n\t\t\t<div class=\"handorgel__content handorgel__content--no-start-time\">\n\t\t\t\t<div class=\"handorgel__content__inner\">\n\t\t\t\t\t<p>Aihetunnisteet vuonna 2025 ovat #meijankujo #meijankujo2025 #pohjoiskarjalanyritt\u00e4j\u00e4t<\/p>\n\t\t\t\t<\/div>\n\t\t\t<\/div>\n\t\t\t\t\t<h3 class=\"handorgel__header handorgel__header--no-start-time\">\n\t\t\t\t<button class=\"handorgel__header__button\"\n\t\t\t\t        id=\"mista-loydan-ohjelman-pdf-muodossa\">\n\t\t\t\t\t<span class=\"handorgel__header__button--content\">\n\t\t\t\t\t\t\t\t\t\t<span class=\"handorgel__header__button--title\">Mist\u00e4 l\u00f6yd\u00e4n ohjelman pdf-muodossa?<\/span>\n\t\t\t\t\t<\/span>\n\t\t\t\t\t<span class=\"handorgel__header__button--icon\">\n\t\t\t\t\t\t\t<span><\/span>\n\t\t\t\t\t\t\t<span><\/span>\n\t\t\t\t\t<\/span>\n\t\t\t\t\t\t\t\t\t<\/button>\n\t\t\t<\/h3>\n\t\t\t<div class=\"handorgel__content handorgel__content--no-start-time\">\n\t\t\t\t<div class=\"handorgel__content__inner\">\n\t\t\t\t\t<p>Meij\u00e4n kujon 2025 ohjelman voit ladata pdf-tiedostona t\u00e4st\u00e4.<\/p>\n\t\t\t\t<\/div>\n\t\t\t<\/div>\n\t\t\t<\/div>\n<\/section\n\t\t<!-- You can also use SakkeLib\\Helpers\\get_template_part inside a gutenberg acf block template -->\n\n\n\n\t<div id=\"gb-anchor-block_b79afecad3ef7b80f5d3b27234c3693a\" class=\"gb-anchor gb-anchor-block_b79afecad3ef7b80f5d3b27234c3693a\">\n\t\t\t\t\t<div class=\"gb-anchor__anchor\" id=\"yhteistyokumppanit\"><\/div>\n\n\t\t\t\t\t\t<\/div>\n\n\n\n\n<h3 class=\"wp-block-heading has-text-align-center\">Yhteisty\u00f6kumppanit<\/h3>\n\n\n\n<p class=\"has-text-align-center\">Yhteisty\u00f6ss\u00e4 Business Joensuu Oy ja Rastor-instituutti<\/p>\n\n\n\n<figure class=\"wp-block-image size-large\"><img loading=\"lazy\" decoding=\"async\" width=\"1024\" height=\"256\" src=\"https:\/\/me.yrittajat.fi\/app\/uploads\/sites\/52\/2025\/06\/kumppanit-kujo-25-1-1024x256.png\" alt=\"\" class=\"wp-image-410\" srcset=\"https:\/\/me.yrittajat.fi\/app\/uploads\/sites\/52\/2025\/06\/kumppanit-kujo-25-1-1024x256.png 1024w, https:\/\/me.yrittajat.fi\/app\/uploads\/sites\/52\/2025\/06\/kumppanit-kujo-25-1-300x75.png 300w, https:\/\/me.yrittajat.fi\/app\/uploads\/sites\/52\/2025\/06\/kumppanit-kujo-25-1-768x192.png 768w, https:\/\/me.yrittajat.fi\/app\/uploads\/sites\/52\/2025\/06\/kumppanit-kujo-25-1-1536x384.png 1536w, https:\/\/me.yrittajat.fi\/app\/uploads\/sites\/52\/2025\/06\/kumppanit-kujo-25-1.png 1600w\" sizes=\"auto, (max-width: 1024px) 100vw, 1024px\" \/><\/figure>\n\n\n\n<div class=\"wp-block-columns is-layout-flex wp-container-core-columns-is-layout-1 wp-block-columns-is-layout-flex\">\n<div class=\"wp-block-column is-layout-flow wp-block-column-is-layout-flow\"><\/div>\n\n\n\n<div class=\"wp-block-column is-layout-flow wp-block-column-is-layout-flow\"><\/div>\n<\/div>\n\n\n\n\t<div id=\"gb-anchor-block_cbcd5626be18f255211a8d2f0f35e93e\" class=\"gb-anchor gb-anchor-block_cbcd5626be18f255211a8d2f0f35e93e\">\n\t\t\t\t\t<div class=\"gb-anchor__anchor\" id=\"otayhteytta\"><\/div>\n\n\t\t\t\t\t\t<\/div>\n\n\n\n\n\t<div id=\"gb-background-block_89379285d24e4fe1e885a3047fa7e479\" class=\"gb-background gb-background-block_89379285d24e4fe1e885a3047fa7e479 bg-white\">\n\t\t<div class=\"container\">\n\t\t\t<div class=\"gutenberg-content\">\n\t\t\t\t\t\t\t\t\n\n\t<div id=\"gb-anchor-block_cbcd5626be18f255211a8d2f0f35e93e\" class=\"gb-anchor gb-anchor-block_cbcd5626be18f255211a8d2f0f35e93e\">\n\t\t\t\t\t<div class=\"gb-anchor__anchor\" id=\"otayhteytta\"><\/div>\n\n\t\t\t\t\t\t<\/div>\n\n\n\n\n<p class=\"has-text-align-center\"><strong>OTA YHTEYTT\u00c4<\/strong><\/p>\n\n\n\n<p class=\"has-text-align-center\">Ota meihin yhteytt\u00e4! Autamme mielell\u00e4mme kaikissa Meij\u00e4n Kujoon liittyviss\u00e4 asioissa. Tavoitat meid\u00e4n joko puhelimitse p. 050 448 8468 tai s\u00e4hk\u00f6postitse osoitteella joonas.hiltunen@yrittajat.fi<\/p>\n\n\n\t\t\t<\/div>\n\t\t<\/div>\n\t<\/div>\n\n\n\n\n<p><\/p>\n","protected":false},"excerpt":{"rendered":"<p>Puhujat Tapahtumapaikka Liput Usein kysytty\u00e4 \/ FAQ Yhteisty\u00f6kumppanit Yhteisty\u00f6ss\u00e4 Business Joensuu Oy ja Rastor-instituutti<\/p>\n","protected":false},"author":21,"featured_media":400,"parent":0,"menu_order":0,"comment_status":"closed","ping_status":"closed","template":"","meta":{"_acf_changed":false,"footnotes":""},"class_list":["post-3","page","type-page","status-publish","has-post-thumbnail","hentry"],"acf":[],"_links":{"self":[{"href":"https:\/\/me.yrittajat.fi\/meijan-kujo\/wp-json\/wp\/v2\/pages\/3","targetHints":{"allow":["GET"]}}],"collection":[{"href":"https:\/\/me.yrittajat.fi\/meijan-kujo\/wp-json\/wp\/v2\/pages"}],"about":[{"href":"https:\/\/me.yrittajat.fi\/meijan-kujo\/wp-json\/wp\/v2\/types\/page"}],"author":[{"embeddable":true,"href":"https:\/\/me.yrittajat.fi\/meijan-kujo\/wp-json\/wp\/v2\/users\/21"}],"replies":[{"embeddable":true,"href":"https:\/\/me.yrittajat.fi\/meijan-kujo\/wp-json\/wp\/v2\/comments?post=3"}],"version-history":[{"count":5,"href":"https:\/\/me.yrittajat.fi\/meijan-kujo\/wp-json\/wp\/v2\/pages\/3\/revisions"}],"predecessor-version":[{"id":458,"href":"https:\/\/me.yrittajat.fi\/meijan-kujo\/wp-json\/wp\/v2\/pages\/3\/revisions\/458"}],"wp:featuredmedia":[{"embeddable":true,"href":"https:\/\/me.yrittajat.fi\/meijan-kujo\/wp-json\/wp\/v2\/media\/400"}],"wp:attachment":[{"href":"https:\/\/me.yrittajat.fi\/meijan-kujo\/wp-json\/wp\/v2\/media?parent=3"}],"curies":[{"name":"wp","href":"https:\/\/api.w.org\/{rel}","templated":true}]}}