{"id":125,"date":"2026-06-25T11:15:50","date_gmt":"2026-06-25T11:15:50","guid":{"rendered":"https:\/\/me.yrittajat.fi\/navi\/?page_id=125"},"modified":"2026-06-25T12:10:40","modified_gmt":"2026-06-25T12:10:40","slug":"tietoa-navista","status":"publish","type":"page","link":"https:\/\/me.yrittajat.fi\/navi\/tietoa-navista\/","title":{"rendered":"9. Tietoa NAVIsta"},"content":{"rendered":"\n<p>NAVI on Etel\u00e4-Karjalan Yritt\u00e4jien organisoiman Yritt\u00e4jyyden \u00e4itiyspakkaus -hankkeen (AKKE2024_010) lopputuote. Hanke syntyi yksinkertaisesta havainnosta: liian moni etel\u00e4karjalainen yritt\u00e4j\u00e4ksi haluava ei tiennyt, mist\u00e4 aloittaa. Tieto oli hajallaan, palvelut tuntemattomia ja kynnys ensimm\u00e4iseen neuvontakeskusteluun korkea.<\/p>\n\n\n<div class=\"wp-block-image\">\n<figure class=\"alignright size-full\"><img loading=\"lazy\" decoding=\"async\" width=\"500\" height=\"500\" src=\"https:\/\/me.yrittajat.fi\/app\/uploads\/sites\/108\/2026\/06\/Perustaminen-17-1.jpg\" alt=\"\" class=\"wp-image-128\" srcset=\"https:\/\/me.yrittajat.fi\/app\/uploads\/sites\/108\/2026\/06\/Perustaminen-17-1.jpg 500w, https:\/\/me.yrittajat.fi\/app\/uploads\/sites\/108\/2026\/06\/Perustaminen-17-1-300x300.jpg 300w, https:\/\/me.yrittajat.fi\/app\/uploads\/sites\/108\/2026\/06\/Perustaminen-17-1-150x150.jpg 150w\" sizes=\"auto, (max-width: 500px) 100vw, 500px\" \/><\/figure>\n<\/div>\n\n\n<p>NAVI kokoaa kaiken tarvittavan tiedon yhteen paikkaan \u2014 selkokielisesti, k\u00e4yt\u00e4nn\u00f6nl\u00e4heisesti ja Etel\u00e4-Karjalan paikallinen yritt\u00e4j\u00e4kentt\u00e4 edell\u00e4. Kohderyhm\u00e4n\u00e4 ovat aloittavat yritt\u00e4j\u00e4t koko alueelta: nuoret, naisyritt\u00e4j\u00e4t, maahanmuuttajat, uranvaihtajat ja sivutoimiset.<\/p>\n\n\n\n<p>NAVI-tuotteeseen luotiin NAVI-hahmo toimimaan ohjaajana ja navigaattorina uudelle yritt\u00e4j\u00e4lle. NAVI seikkailee hankkeen lopputuotteen painomateriaaleissa, somessa sek\u00e4 nettisivulla ohjaamassa sinua eteenp\u00e4in.<\/p>\n\n\n\n<p>Hanke toteutetaan 1.1.2025\u201331.12.2026. Toteuttaja: Etel\u00e4-Karjalan Yritt\u00e4j\u00e4t ry. Rahoittaja: Etel\u00e4-Karjalan liitto.<\/p>\n\n\n\n<h2 class=\"wp-block-heading\"><strong>Ota yhteytt\u00e4<\/strong><\/h2>\n\n\n\n<p>Etel\u00e4-Karjalan Yritt\u00e4j\u00e4t<\/p>\n\n\n\n<p>Projektip\u00e4\u00e4llikk\u00f6 Sara Rapo<\/p>\n\n\n\n<p><strong>S\u00c4HK\u00d6POSTI<\/strong><\/p>\n\n\n\n<p>sara.rapo@yrittajat.fi <\/p>\n\n\n\n<p>ekytoimisto@yrittajat.fi<\/p>\n\n\n\n<p>Onko sinulla kysytt\u00e4v\u00e4\u00e4 NAVIsta tai yritt\u00e4jyyden aloittamisesta Etel\u00e4-Karjalassa? Ota yhteytt\u00e4 \u2014 vastaamme mielell\u00e4mme.&nbsp;<\/p>\n\n\n\n<p><\/p>\n","protected":false},"excerpt":{"rendered":"<p>NAVI on Etel\u00e4-Karjalan Yritt\u00e4jien organisoiman Yritt\u00e4jyyden \u00e4itiyspakkaus -hankkeen (AKKE2024_010) lopputuote. Hanke syntyi yksinkertaisesta havainnosta: liian moni etel\u00e4karjalainen yritt\u00e4j\u00e4ksi haluava ei tiennyt, mist\u00e4 aloittaa. Tieto oli hajallaan, palvelut tuntemattomia ja kynnys ensimm\u00e4iseen neuvontakeskusteluun korkea. NAVI kokoaa kaiken tarvittavan tiedon yhteen paikkaan \u2014 selkokielisesti, k\u00e4yt\u00e4nn\u00f6nl\u00e4heisesti ja Etel\u00e4-Karjalan paikallinen yritt\u00e4j\u00e4kentt\u00e4 edell\u00e4. Kohderyhm\u00e4n\u00e4 ovat aloittavat yritt\u00e4j\u00e4t koko alueelta: nuoret, &hellip; <a href=\"https:\/\/me.yrittajat.fi\/navi\/tietoa-navista\/\">Continued<\/a><\/p>\n","protected":false},"author":108,"featured_media":0,"parent":0,"menu_order":0,"comment_status":"closed","ping_status":"closed","template":"","meta":{"_acf_changed":false,"footnotes":""},"class_list":["post-125","page","type-page","status-publish","hentry"],"acf":[],"_links":{"self":[{"href":"https:\/\/me.yrittajat.fi\/navi\/wp-json\/wp\/v2\/pages\/125","targetHints":{"allow":["GET"]}}],"collection":[{"href":"https:\/\/me.yrittajat.fi\/navi\/wp-json\/wp\/v2\/pages"}],"about":[{"href":"https:\/\/me.yrittajat.fi\/navi\/wp-json\/wp\/v2\/types\/page"}],"author":[{"embeddable":true,"href":"https:\/\/me.yrittajat.fi\/navi\/wp-json\/wp\/v2\/users\/108"}],"replies":[{"embeddable":true,"href":"https:\/\/me.yrittajat.fi\/navi\/wp-json\/wp\/v2\/comments?post=125"}],"version-history":[{"count":5,"href":"https:\/\/me.yrittajat.fi\/navi\/wp-json\/wp\/v2\/pages\/125\/revisions"}],"predecessor-version":[{"id":150,"href":"https:\/\/me.yrittajat.fi\/navi\/wp-json\/wp\/v2\/pages\/125\/revisions\/150"}],"wp:attachment":[{"href":"https:\/\/me.yrittajat.fi\/navi\/wp-json\/wp\/v2\/media?parent=125"}],"curies":[{"name":"wp","href":"https:\/\/api.w.org\/{rel}","templated":true}]}}