{"id":3,"date":"2025-09-22T06:42:17","date_gmt":"2025-09-22T06:42:17","guid":{"rendered":"https:\/\/me.yrittajat.fi\/omistajanvaihdosmarkkinat\/etusivu\/"},"modified":"2026-09-03T06:12:00","modified_gmt":"2026-09-03T06:12:00","slug":"etusivu","status":"publish","type":"page","link":"https:\/\/me.yrittajat.fi\/omistajanvaihdosmarkkinat\/","title":{"rendered":"Etusivu"},"content":{"rendered":"\n<div class=\"wp-block-columns is-layout-flex wp-container-core-columns-is-layout-9d6595d7 wp-block-columns-is-layout-flex\">\n<div class=\"wp-block-column is-layout-flow wp-block-column-is-layout-flow\"><\/div>\n\n\n\n<div class=\"wp-block-column is-layout-flow wp-block-column-is-layout-flow\"><\/div>\n<\/div>\n\n\n\n<h2 class=\"wp-block-heading has-text-align-center\">YHTEISTY\u00d6SS\u00c4<\/h2>\n\n\n\n<div class=\"wp-block-columns is-layout-flex wp-container-core-columns-is-layout-9d6595d7 wp-block-columns-is-layout-flex\">\n<div class=\"wp-block-column is-layout-flow wp-block-column-is-layout-flow\">\n<figure class=\"wp-block-image size-full\"><a href=\"https:\/\/pirkanmaanyrittajat.fi\" target=\"_blank\" rel=\" noreferrer noopener\"><img loading=\"lazy\" decoding=\"async\" width=\"400\" height=\"200\" src=\"https:\/\/me.yrittajat.fi\/app\/uploads\/sites\/102\/2025\/09\/logot-1.png\" alt=\"\" class=\"wp-image-116\" srcset=\"https:\/\/me.yrittajat.fi\/app\/uploads\/sites\/102\/2025\/09\/logot-1.png 400w, https:\/\/me.yrittajat.fi\/app\/uploads\/sites\/102\/2025\/09\/logot-1-300x150.png 300w\" sizes=\"auto, (max-width: 400px) 100vw, 400px\" \/><\/a><\/figure>\n\n\n<div class=\"wp-block-image\">\n<figure class=\"aligncenter size-large is-resized\"><img loading=\"lazy\" decoding=\"async\" width=\"1024\" height=\"300\" src=\"https:\/\/me.yrittajat.fi\/app\/uploads\/sites\/102\/2026\/08\/Fundu_logo_denim-2-1024x300.png\" alt=\"\" class=\"wp-image-277\" style=\"aspect-ratio:3.4137223615226806;width:164px;height:auto\" srcset=\"https:\/\/me.yrittajat.fi\/app\/uploads\/sites\/102\/2026\/08\/Fundu_logo_denim-2-1024x300.png 1024w, https:\/\/me.yrittajat.fi\/app\/uploads\/sites\/102\/2026\/08\/Fundu_logo_denim-2-300x88.png 300w, https:\/\/me.yrittajat.fi\/app\/uploads\/sites\/102\/2026\/08\/Fundu_logo_denim-2-768x225.png 768w, https:\/\/me.yrittajat.fi\/app\/uploads\/sites\/102\/2026\/08\/Fundu_logo_denim-2.png 1203w\" sizes=\"auto, (max-width: 1024px) 100vw, 1024px\" \/><\/figure>\n<\/div><\/div>\n\n\n\n<div class=\"wp-block-column is-layout-flow wp-block-column-is-layout-flow\">\n<figure class=\"wp-block-gallery has-nested-images columns-default is-cropped wp-block-gallery-1 is-layout-flex wp-block-gallery-is-layout-flex\">\n<figure class=\"wp-block-image size-large\"><img loading=\"lazy\" decoding=\"async\" width=\"400\" height=\"200\" data-id=\"93\" src=\"https:\/\/me.yrittajat.fi\/app\/uploads\/sites\/102\/2025\/09\/5.png\" alt=\"\" class=\"wp-image-93\" srcset=\"https:\/\/me.yrittajat.fi\/app\/uploads\/sites\/102\/2025\/09\/5.png 400w, https:\/\/me.yrittajat.fi\/app\/uploads\/sites\/102\/2025\/09\/5-300x150.png 300w\" sizes=\"auto, (max-width: 400px) 100vw, 400px\" \/><\/figure>\n<\/figure>\n\n\n<div class=\"wp-block-image\">\n<figure class=\"aligncenter size-large is-resized\"><img loading=\"lazy\" decoding=\"async\" width=\"1024\" height=\"403\" src=\"https:\/\/me.yrittajat.fi\/app\/uploads\/sites\/102\/2026\/08\/lexia_logo_legalexcellence_blue_rgb-1-1024x403.png\" alt=\"\" class=\"wp-image-279\" style=\"aspect-ratio:2.5413202104191415;width:168px;height:auto\" srcset=\"https:\/\/me.yrittajat.fi\/app\/uploads\/sites\/102\/2026\/08\/lexia_logo_legalexcellence_blue_rgb-1-1024x403.png 1024w, https:\/\/me.yrittajat.fi\/app\/uploads\/sites\/102\/2026\/08\/lexia_logo_legalexcellence_blue_rgb-1-300x118.png 300w, https:\/\/me.yrittajat.fi\/app\/uploads\/sites\/102\/2026\/08\/lexia_logo_legalexcellence_blue_rgb-1-768x302.png 768w, https:\/\/me.yrittajat.fi\/app\/uploads\/sites\/102\/2026\/08\/lexia_logo_legalexcellence_blue_rgb-1.png 1187w\" sizes=\"auto, (max-width: 1024px) 100vw, 1024px\" \/><\/figure>\n<\/div>\n\n\n<figure class=\"wp-block-image size-full\"><a href=\"https:\/\/omistajanvaihdokset.fi\/\" target=\"_blank\" rel=\" noreferrer noopener\"><img loading=\"lazy\" decoding=\"async\" width=\"400\" height=\"200\" src=\"https:\/\/me.yrittajat.fi\/app\/uploads\/sites\/102\/2025\/09\/4-1.png\" alt=\"\" class=\"wp-image-92\" srcset=\"https:\/\/me.yrittajat.fi\/app\/uploads\/sites\/102\/2025\/09\/4-1.png 400w, https:\/\/me.yrittajat.fi\/app\/uploads\/sites\/102\/2025\/09\/4-1-300x150.png 300w\" sizes=\"auto, (max-width: 400px) 100vw, 400px\" \/><\/a><\/figure>\n<\/div>\n\n\n\n<div class=\"wp-block-column is-layout-flow wp-block-column-is-layout-flow\">\n<figure class=\"wp-block-image size-full\"><a href=\"https:\/\/elinvoimakeskus.fi\/sisa-suomi\" target=\"_blank\" rel=\" noreferrer noopener\"><img loading=\"lazy\" decoding=\"async\" width=\"1966\" height=\"610\" src=\"https:\/\/me.yrittajat.fi\/app\/uploads\/sites\/102\/2026\/07\/PNGEVK_Logot_RGB_FIN_varillinen_tumma_vaaka.png\" alt=\"\" class=\"wp-image-265\" srcset=\"https:\/\/me.yrittajat.fi\/app\/uploads\/sites\/102\/2026\/07\/PNGEVK_Logot_RGB_FIN_varillinen_tumma_vaaka.png 1966w, https:\/\/me.yrittajat.fi\/app\/uploads\/sites\/102\/2026\/07\/PNGEVK_Logot_RGB_FIN_varillinen_tumma_vaaka-300x93.png 300w, https:\/\/me.yrittajat.fi\/app\/uploads\/sites\/102\/2026\/07\/PNGEVK_Logot_RGB_FIN_varillinen_tumma_vaaka-1024x318.png 1024w, https:\/\/me.yrittajat.fi\/app\/uploads\/sites\/102\/2026\/07\/PNGEVK_Logot_RGB_FIN_varillinen_tumma_vaaka-768x238.png 768w, https:\/\/me.yrittajat.fi\/app\/uploads\/sites\/102\/2026\/07\/PNGEVK_Logot_RGB_FIN_varillinen_tumma_vaaka-1536x477.png 1536w\" sizes=\"auto, (max-width: 1966px) 100vw, 1966px\" \/><\/a><\/figure>\n\n\n\n<figure class=\"wp-block-image size-large\"><img loading=\"lazy\" decoding=\"async\" width=\"803\" height=\"354\" src=\"https:\/\/me.yrittajat.fi\/app\/uploads\/sites\/102\/2026\/08\/N_L1_B4_RGB.png\" alt=\"\" class=\"wp-image-285\" srcset=\"https:\/\/me.yrittajat.fi\/app\/uploads\/sites\/102\/2026\/08\/N_L1_B4_RGB.png 803w, https:\/\/me.yrittajat.fi\/app\/uploads\/sites\/102\/2026\/08\/N_L1_B4_RGB-300x132.png 300w, https:\/\/me.yrittajat.fi\/app\/uploads\/sites\/102\/2026\/08\/N_L1_B4_RGB-768x339.png 768w\" sizes=\"auto, (max-width: 803px) 100vw, 803px\" \/><\/figure>\n\n\n<div class=\"wp-block-image\">\n<figure class=\"aligncenter size-large is-resized\"><img loading=\"lazy\" decoding=\"async\" width=\"277\" height=\"264\" src=\"https:\/\/me.yrittajat.fi\/app\/uploads\/sites\/102\/2026\/08\/PL_logo_teksti_RGB.png\" alt=\"\" class=\"wp-image-275\" style=\"aspect-ratio:1.0493273542600896;width:153px;height:auto\" \/><\/figure>\n<\/div><\/div>\n<\/div>\n\n\n\n<h2 class=\"wp-block-heading has-text-align-center\">Tervetuloa Pirkanmaan Omistajanvaihdosmarkkinoille 28.10.2026!<\/h2>\n\n\n\n<p>Omistajanvaihdos tulee vastaan l\u00e4hes jokaisessa yrityksess\u00e4 jossain vaiheessa. Siksi siihen kannattaa valmistautua ajoissa \u2013 olipa edess\u00e4 yrityksen myynti, osto, sukupolvenvaihdos tai vasta tulevaisuuden suunnittelu.<\/p>\n\n\n\n<p><strong>Omistajanvaihdosmarkkinat j\u00e4rjestet\u00e4\u00e4n keskiviikkona 28.10.2026 klo 12\u201316.30 Scandic Rosendahlissa Tampereella<\/strong>.<\/p>\n\n\n\n<p>P\u00e4iv\u00e4n aikana kuulet asiantuntijoiden ja yritt\u00e4jien n\u00e4kemyksi\u00e4 onnistuneesta yrityskaupasta, rahoituksesta, sukupolvenvaihdoksista ja omistajanvaihdokseen valmistautumisesta. Lis\u00e4ksi p\u00e4\u00e4set verkostoitumaan ja keskustelemaan asiantuntijoiden kanssa minimessuilla.<\/p>\n\n\n\n<p>Tapahtuma tarjoaa hy\u00f6dyllist\u00e4 tietoa yrityksen ostoa tai myynti\u00e4 suunnitteleville ja kaikille yritt\u00e4jille, jotka haluavat varautua tulevaisuuteen ajoissa ja verkostoitua jo ennen p\u00e4\u00e4t\u00f6sten tekemist\u00e4.&nbsp;Tilaisuuteen ovat tervetulleita my\u00f6s aiheesta kiinnostuneet asiantuntijat.<\/p>\n\n\n\n<p>Onko yrityksess\u00e4si tai verkostoissasi jo potentiaalinen jatkaja? Ota h\u00e4net mukaan Omistajanvaihdosmarkkinoille \u2013 yhdess\u00e4 on hyv\u00e4 tutustua vaihtoehtoihin, hankkia tietoa ja valmistautua tulevaan.<\/p>\n\n\n\t<div id=\"gb-button-block_b0a646426c6a14567e82fe8d40f39221\" class=\"gb-button gb-button-block_b0a646426c6a14567e82fe8d40f39221\">\n\t\t\t\t\t\t<a class=\"b-button b-button--color- b-button--style-\"\n\t   href=\"https:\/\/www.lyyti.fi\/reg\/Omistajanvaihdosmarkkinat_3639\"\n\t   target=\"_blank\">\n\n\t\t<span class=\"b-button__title\">\n\t\t\tIlmoittaudu t\u00e4st\u00e4 mukaan\t\t<\/span>\n\n\t\t\t\t\t<span class=\"b-button__icon\">\n\t\t\t\t<svg xmlns=\"http:\/\/www.w3.org\/2000\/svg\" viewBox=\"0 0 9 14\"><path d=\"M2.001 13.664a1.333 1.333 0 01-.954-2.272l.007-.008 4.414-4.386-4.24-4.414A1.333 1.333 0 113.12.704l5.147 5.334a1.333 1.333 0 010 1.866l-5.334 5.334a1.333 1.333 0 01-.933.426z\"\/><\/svg>\t\t\t<\/span>\n\t\t\t<\/a>\n\t\t\t<\/div>\n\n\n\n<h2 class=\"wp-block-heading\">Ohjelma<\/h2>\n\n\n\n<p><strong>11.00-12.00<\/strong> lounas<\/p>\n\n\n\n<p><strong>12.00<\/strong> Tilaisuuden avaus, <strong>Elina Purho<\/strong>, elinkeinoasioiden asiantuntija, Pirkanmaan Yritt\u00e4j\u00e4t<\/p>\n\n\n\n<p><strong>12.10 <\/strong>Puheenvuorot<\/p>\n\n\n\n<ul class=\"wp-block-list\">\n<li>Yritys ostajan ja jatkajan silmin, <strong>Juha Tall,<\/strong> yritysten omistajanvaihdosten asiantuntija ja auktorisoitu yritysv\u00e4litt\u00e4j\u00e4, SEAMK<\/li>\n\n\n\n<li>Omistajanvaihdos ei ole kauppa, vaan yrityksen uuden vaiheen alku, <strong>Zachary M\u00e4enp\u00e4\u00e4<\/strong>, jatkaja, toimitusjohtaja, Tammer Brands<\/li>\n\n\n\n<li>Pitk\u00e4j\u00e4nteisyys voimavarana \u2013 miksi perheyritykset ovat Suomen menestyksen ydin? <strong>Minna Varhala-Harmanen<\/strong>, toimitusjohtaja, Perheyritysten liitto<\/li>\n\n\n\n<li>Onnistuiko yrityskauppa? Vastaus voi selvit\u00e4 vasta kuukausien p\u00e4\u00e4st\u00e4, partner <strong>Kari Koskinen<\/strong>, Lexia Asianajotoimisto<\/li>\n<\/ul>\n\n\n\n<p><strong>13.30 <\/strong>Kahvitauko, keskustelua asiantuntijoiden kanssa.<\/p>\n\n\n\n<p><strong>14.00 <\/strong>Puheenvuorot<\/p>\n\n\n\n<ul class=\"wp-block-list\">\n<li>Omistajavaihdos on kasvuteko \u2013 n\u00e4in rahoitus onnistuu, <strong>Marjo Sepp\u00e4l\u00e4<\/strong>, aluep\u00e4\u00e4llikk\u00f6, Finnvera<\/li>\n\n\n\n<li>Kohti onnistunutta omistajanvaihdosta: valmistautuminen rahoittajan tapaamiseen, <strong>Emmi Lehto-Tuulkari<\/strong>, yksik\u00f6njohtaja, Nordea<\/li>\n\n\n\n<li>Yritt\u00e4j\u00e4n kokemus, rahoittajan keinot &#8211; Mit\u00e4 yritt\u00e4jyys ja oma yrityskauppa ovat opettaneet omistajanvaihdoksen rahoittamisesta? <strong>Tero&nbsp;Fordell<\/strong>, myyntijohtaja, Fundu<\/li>\n\n\n\n<li>Tie yritt\u00e4jyyteen sukupolvenvaihdoksen kautta, <strong>Eija Kantonen<\/strong>, toimitusjohtaja Kantosen Metalli Oy\/Virrat<\/li>\n<\/ul>\n\n\n\n<p><strong>15.00 <\/strong>Tilaisuuden yhteenveto ja katse vuoteen 2027 <\/p>\n\n\n\n<p><strong>15.45-16.30<\/strong>&nbsp;Minimessut: mahdollisuus keskustella asiantuntijoiden kanssa&nbsp;<\/p>\n\n\n\n<h2 class=\"wp-block-heading has-text-align-center\">Puhujat<\/h2>\n\n\n\n<div class=\"wp-block-columns is-layout-flex wp-container-core-columns-is-layout-9d6595d7 wp-block-columns-is-layout-flex\">\n<div class=\"wp-block-column is-layout-flow wp-block-column-is-layout-flow\" style=\"flex-basis:100%\">\n<div class=\"wp-block-group is-layout-grid wp-container-core-group-is-layout-9623da6b wp-block-group-is-layout-grid\">\n<div class=\"wp-block-group wp-container-content-b959ccbe is-vertical is-layout-flex wp-container-core-group-is-layout-8cf370e7 wp-block-group-is-layout-flex\">\n<figure class=\"wp-block-image size-full\"><img loading=\"lazy\" decoding=\"async\" width=\"389\" height=\"389\" src=\"https:\/\/me.yrittajat.fi\/app\/uploads\/sites\/102\/2026\/08\/Zachary-Maenpaa-1-edited.jpg\" alt=\"\" class=\"wp-image-313\" srcset=\"https:\/\/me.yrittajat.fi\/app\/uploads\/sites\/102\/2026\/08\/Zachary-Maenpaa-1-edited.jpg 389w, https:\/\/me.yrittajat.fi\/app\/uploads\/sites\/102\/2026\/08\/Zachary-Maenpaa-1-edited-300x300.jpg 300w, https:\/\/me.yrittajat.fi\/app\/uploads\/sites\/102\/2026\/08\/Zachary-Maenpaa-1-edited-150x150.jpg 150w\" sizes=\"auto, (max-width: 389px) 100vw, 389px\" \/><\/figure>\n\n\n\n<h2 class=\"wp-block-heading\"><strong>Zachary M\u00e4enp\u00e4\u00e4, Tammer Brands Oy<\/strong><\/h2>\n\n\n\n<p><strong>Zachary M\u00e4enp\u00e4\u00e4<\/strong>&nbsp;on Tammer Brandsin toimitusjohtaja, omistaja ja kolmannen sukupolven perheyritt\u00e4j\u00e4. H\u00e4n on ollut rakentamassa yli 70-vuotiaasta perheyrityksest\u00e4 kansainv\u00e4list\u00e4 br\u00e4nditaloa, jossa kasvua on haettu erityisesti viennist\u00e4 ja pitk\u00e4j\u00e4nteisest\u00e4 omistajuudesta. Omistajanvaihdosmarkkinoilla h\u00e4n kertoo kokemuksiaan sukupolvenvaihdoksesta, omistajan roolista sek\u00e4 perheyrityksen kehitt\u00e4misest\u00e4 muuttuvassa liiketoimintaymp\u00e4rist\u00f6ss\u00e4.<\/p>\n<\/div>\n\n\n\n<div class=\"wp-block-group wp-container-content-b959ccbe is-vertical is-layout-flex wp-container-core-group-is-layout-8cf370e7 wp-block-group-is-layout-flex\">\n<figure class=\"wp-block-image size-full\"><img loading=\"lazy\" decoding=\"async\" width=\"1158\" height=\"1158\" src=\"https:\/\/me.yrittajat.fi\/app\/uploads\/sites\/102\/2026\/08\/Eija-Kantonen-edited.jpeg\" alt=\"\" class=\"wp-image-303\" srcset=\"https:\/\/me.yrittajat.fi\/app\/uploads\/sites\/102\/2026\/08\/Eija-Kantonen-edited.jpeg 1158w, https:\/\/me.yrittajat.fi\/app\/uploads\/sites\/102\/2026\/08\/Eija-Kantonen-edited-300x300.jpeg 300w, https:\/\/me.yrittajat.fi\/app\/uploads\/sites\/102\/2026\/08\/Eija-Kantonen-edited-1024x1024.jpeg 1024w, https:\/\/me.yrittajat.fi\/app\/uploads\/sites\/102\/2026\/08\/Eija-Kantonen-edited-150x150.jpeg 150w, https:\/\/me.yrittajat.fi\/app\/uploads\/sites\/102\/2026\/08\/Eija-Kantonen-edited-768x768.jpeg 768w\" sizes=\"auto, (max-width: 1158px) 100vw, 1158px\" \/><\/figure>\n\n\n\n<h2 class=\"wp-block-heading\"><strong>Eija Kantonen, Kantosen Metalli Oy<\/strong><\/h2>\n\n\n\n<p><strong>Eija Kantonen<\/strong> toimii yritt\u00e4j\u00e4n\u00e4 ja toimitusjohtajana virtolaisessa Kantosen Metalli Oy:ss\u00e4. Yritt\u00e4jyys alkoi kuusi vuotta sitten, kun sairaanhoitajan ty\u00f6t vaihtuivat tradenomiopintojen kautta appivanhempien perustaman metalliyrityksen johtamiseen. Sukupolvenvaihdos oli pitk\u00e4 prosessi, jossa k\u00e4ytettiin apuna useita yhteisty\u00f6tahoja. Vaihdos sujui lopulta hienosti ja Eija kokee matkan yritt\u00e4j\u00e4ksi olleen mielenkiintoinen ja palkitseva. Kantosen Metalli valmistaa mm. rappuralleja, pensastukia ja harjoja.<\/p>\n<\/div>\n\n\n\n<div class=\"wp-block-group is-vertical is-layout-flex wp-container-core-group-is-layout-8cf370e7 wp-block-group-is-layout-flex\">\n<figure class=\"wp-block-image size-large\"><img loading=\"lazy\" decoding=\"async\" width=\"1025\" height=\"1025\" src=\"https:\/\/me.yrittajat.fi\/app\/uploads\/sites\/102\/2026\/08\/Minna_VH9526-edited.jpg\" alt=\"\" class=\"wp-image-311\" srcset=\"https:\/\/me.yrittajat.fi\/app\/uploads\/sites\/102\/2026\/08\/Minna_VH9526-edited.jpg 1025w, https:\/\/me.yrittajat.fi\/app\/uploads\/sites\/102\/2026\/08\/Minna_VH9526-edited-300x300.jpg 300w, https:\/\/me.yrittajat.fi\/app\/uploads\/sites\/102\/2026\/08\/Minna_VH9526-edited-150x150.jpg 150w, https:\/\/me.yrittajat.fi\/app\/uploads\/sites\/102\/2026\/08\/Minna_VH9526-edited-768x768.jpg 768w\" sizes=\"auto, (max-width: 1025px) 100vw, 1025px\" \/><\/figure>\n\n\n\n<h2 class=\"wp-block-heading\"><strong>Minna Vanhala-Harmanen, Perheyritysten liitto<\/strong><\/h2>\n\n\n\n<p><strong>Minna Vanhala-Harmanen <\/strong>toiminut Perheyritysten liiton toimitusjohtajana vuodesta 2022. H\u00e4nell\u00e4 on laaja johtajakokemus elinkeinoel\u00e4m\u00e4n eri sektoreilta, erityisesti asiantuntija- ja henkil\u00f6st\u00f6palvelualoilta, sek\u00e4 vahva tausta liiketoiminnan kasvattamisessa ja kehitt\u00e4misess\u00e4.<\/p>\n<\/div>\n\n\n\n<div class=\"wp-block-group is-vertical is-layout-flex wp-container-core-group-is-layout-8cf370e7 wp-block-group-is-layout-flex\">\n<figure class=\"wp-block-image size-full\"><img loading=\"lazy\" decoding=\"async\" width=\"500\" height=\"500\" src=\"https:\/\/me.yrittajat.fi\/app\/uploads\/sites\/102\/2026\/08\/Emmi-Lehto-Tuulkari-edited.png\" alt=\"\" class=\"wp-image-308\" srcset=\"https:\/\/me.yrittajat.fi\/app\/uploads\/sites\/102\/2026\/08\/Emmi-Lehto-Tuulkari-edited.png 500w, https:\/\/me.yrittajat.fi\/app\/uploads\/sites\/102\/2026\/08\/Emmi-Lehto-Tuulkari-edited-300x300.png 300w, https:\/\/me.yrittajat.fi\/app\/uploads\/sites\/102\/2026\/08\/Emmi-Lehto-Tuulkari-edited-150x150.png 150w\" sizes=\"auto, (max-width: 500px) 100vw, 500px\" \/><\/figure>\n\n\n\n<h2 class=\"wp-block-heading\"><strong>Emmi Lehto-Tuulkari, Nordea<\/strong> <\/h2>\n\n\n\n<p><strong>Emmi Lehto-Tuulkari<\/strong> toimii Nordean Yritt\u00e4j\u00e4n pankin yksik\u00f6njohtajana Pirkanmaalla. H\u00e4n tekee tiimins\u00e4 kanssa tiivist\u00e4 yhteisty\u00f6t\u00e4 yritt\u00e4jien kanssa yritysten kasvun, investointien ja muiden rahoitustarpeiden parissa. Ty\u00f6ss\u00e4\u00e4n Emmi n\u00e4kee millaiset tekij\u00e4t vaikuttavat rahoittajan p\u00e4\u00e4t\u00f6ksentekoon ja miten huolellinen valmistautuminen auttaa rakentamaan onnistuneen rahoitusratkaisun. H\u00e4n tuo keskusteluun k\u00e4yt\u00e4nn\u00f6nl\u00e4heisen n\u00e4k\u00f6kulman yritt\u00e4j\u00e4n ja rahoittajan v\u00e4liseen vuoropuheluun.<\/p>\n<\/div>\n\n\n\n<div class=\"wp-block-group wp-container-content-b959ccbe is-vertical is-layout-flex wp-container-core-group-is-layout-8cf370e7 wp-block-group-is-layout-flex\">\n<figure class=\"wp-block-image size-full\"><img loading=\"lazy\" decoding=\"async\" width=\"1000\" height=\"1000\" src=\"https:\/\/me.yrittajat.fi\/app\/uploads\/sites\/102\/2026\/08\/Tero-Fordell2.jpg\" alt=\"\" class=\"wp-image-309\" srcset=\"https:\/\/me.yrittajat.fi\/app\/uploads\/sites\/102\/2026\/08\/Tero-Fordell2.jpg 1000w, https:\/\/me.yrittajat.fi\/app\/uploads\/sites\/102\/2026\/08\/Tero-Fordell2-300x300.jpg 300w, https:\/\/me.yrittajat.fi\/app\/uploads\/sites\/102\/2026\/08\/Tero-Fordell2-150x150.jpg 150w, https:\/\/me.yrittajat.fi\/app\/uploads\/sites\/102\/2026\/08\/Tero-Fordell2-768x768.jpg 768w\" sizes=\"auto, (max-width: 1000px) 100vw, 1000px\" \/><\/figure>\n\n\n\n<h2 class=\"wp-block-heading\"><strong>Tero Fordell<\/strong>, <strong>Fundu <\/strong><\/h2>\n\n\n\n<p><strong>Tero Fordell<\/strong> on Fundun perustajaosakas ja myyntijohtaja, jolla on 20 vuoden kokemus finanssi- ja rahoitusalalta sek\u00e4 pitk\u00e4 yritt\u00e4j\u00e4tausta. H\u00e4n on ty\u00f6skennellyt urallaan laajasti yritysrahoituksen parissa ja auttaa yrityksi\u00e4 l\u00f6yt\u00e4m\u00e4\u00e4n ratkaisuja kasvuun, investointeihin ja omistajanvaihdoksiin.&nbsp; Fundu tarjoaa monipuolisia rahoitusratkaisuja erilaisiin yritys- ja omistajanvaihdostilanteisiin, joten jos omistajanvaihdos on ajankohtainen tai vasta ajatuksen tasolla.<\/p>\n<\/div>\n\n\n\n<div class=\"wp-block-group is-vertical is-layout-flex wp-container-core-group-is-layout-8cf370e7 wp-block-group-is-layout-flex\">\n<figure class=\"wp-block-image size-large\"><img loading=\"lazy\" decoding=\"async\" width=\"1024\" height=\"1024\" src=\"https:\/\/me.yrittajat.fi\/app\/uploads\/sites\/102\/2026\/08\/Marjo_099_web-edited-1024x1024.png\" alt=\"\" class=\"wp-image-305\" srcset=\"https:\/\/me.yrittajat.fi\/app\/uploads\/sites\/102\/2026\/08\/Marjo_099_web-edited-1024x1024.png 1024w, https:\/\/me.yrittajat.fi\/app\/uploads\/sites\/102\/2026\/08\/Marjo_099_web-edited-300x300.png 300w, https:\/\/me.yrittajat.fi\/app\/uploads\/sites\/102\/2026\/08\/Marjo_099_web-edited-150x150.png 150w, https:\/\/me.yrittajat.fi\/app\/uploads\/sites\/102\/2026\/08\/Marjo_099_web-edited-768x767.png 768w, https:\/\/me.yrittajat.fi\/app\/uploads\/sites\/102\/2026\/08\/Marjo_099_web-edited.png 1281w\" sizes=\"auto, (max-width: 1024px) 100vw, 1024px\" \/><\/figure>\n\n\n\n<h2 class=\"wp-block-heading\"><strong>Marjo Sepp\u00e4l\u00e4<\/strong>, <strong>Finnvera<\/strong> <\/h2>\n\n\n\n<p><strong>Marjo Sepp\u00e4l\u00e4<\/strong> toimii Finnveran aluep\u00e4\u00e4llikk\u00f6n\u00e4 Pirkanmaalla. Marjolla on yli kymmenen vuoden kokemus yritysrahoituksesta. Finnvera on omistajanvaihdosten ja uusien kasvutarinoiden mahdollistaja ja auttaa yrityksi\u00e4 l\u00f6yt\u00e4m\u00e4\u00e4n rahoitusratkaisuja omistuksen siirtyess\u00e4 uudelle toimijalle.<\/p>\n<\/div>\n\n\n\n<div class=\"wp-block-group is-vertical is-layout-flex wp-container-core-group-is-layout-8cf370e7 wp-block-group-is-layout-flex\">\n<figure class=\"wp-block-image size-large\"><img loading=\"lazy\" decoding=\"async\" width=\"827\" height=\"827\" src=\"https:\/\/me.yrittajat.fi\/app\/uploads\/sites\/102\/2026\/08\/Kari-Koskinen-edited.jpg\" alt=\"\" class=\"wp-image-316\" srcset=\"https:\/\/me.yrittajat.fi\/app\/uploads\/sites\/102\/2026\/08\/Kari-Koskinen-edited.jpg 827w, https:\/\/me.yrittajat.fi\/app\/uploads\/sites\/102\/2026\/08\/Kari-Koskinen-edited-300x300.jpg 300w, https:\/\/me.yrittajat.fi\/app\/uploads\/sites\/102\/2026\/08\/Kari-Koskinen-edited-150x150.jpg 150w, https:\/\/me.yrittajat.fi\/app\/uploads\/sites\/102\/2026\/08\/Kari-Koskinen-edited-768x768.jpg 768w\" sizes=\"auto, (max-width: 827px) 100vw, 827px\" \/><\/figure>\n\n\n\n<h2 class=\"wp-block-heading\"><strong>Kari Koskinen, Lexia Asianajotoimisto<\/strong><\/h2>\n\n\n\n<p><strong>Kari Koskinen<\/strong> toimii Lexia Asianajotoimistossa osakkaana. H\u00e4n johtaa Tampereen toimistoa ja vastaa Pirkanmaan alueen asiakashankinnasta. Karin erityisosaamista ovat yritysj\u00e4rjestelyt ja ty\u00f6oikeus, ja pitk\u00e4n uransa aikana h\u00e4n on toiminut pirkanmaalaisten yritysten ja yritt\u00e4jien juridisena liiketoiminnan tukena. T\u00e4rkeint\u00e4 Karille on ymm\u00e4rt\u00e4\u00e4 asiakkaan liiketoimintaa ja l\u00f6yt\u00e4\u00e4 sit\u00e4 tukevat juridiset ratkaisut. T\u00f6iden ohella h\u00e4n verkostoituu aktiivisesti muun muassa Tampereen kauppakamarissa, Pirkanmaan Yritt\u00e4jiss\u00e4 ja Omistajanvaihdosfoorumissa.<\/p>\n<\/div>\n\n\n\n<div class=\"wp-block-group is-vertical is-layout-flex wp-container-core-group-is-layout-8cf370e7 wp-block-group-is-layout-flex\">\n<figure class=\"wp-block-image size-large\"><img loading=\"lazy\" decoding=\"async\" width=\"1024\" height=\"1024\" src=\"https:\/\/me.yrittajat.fi\/app\/uploads\/sites\/102\/2026\/09\/Tall-Juha-1_web-edited-1024x1024.jpg\" alt=\"\" class=\"wp-image-328\" srcset=\"https:\/\/me.yrittajat.fi\/app\/uploads\/sites\/102\/2026\/09\/Tall-Juha-1_web-edited-1024x1024.jpg 1024w, https:\/\/me.yrittajat.fi\/app\/uploads\/sites\/102\/2026\/09\/Tall-Juha-1_web-edited-300x300.jpg 300w, https:\/\/me.yrittajat.fi\/app\/uploads\/sites\/102\/2026\/09\/Tall-Juha-1_web-edited-150x150.jpg 150w, https:\/\/me.yrittajat.fi\/app\/uploads\/sites\/102\/2026\/09\/Tall-Juha-1_web-edited-768x768.jpg 768w, https:\/\/me.yrittajat.fi\/app\/uploads\/sites\/102\/2026\/09\/Tall-Juha-1_web-edited.jpg 1125w\" sizes=\"auto, (max-width: 1024px) 100vw, 1024px\" \/><\/figure>\n\n\n\n<h2 class=\"wp-block-heading\"><strong>Juha Tall, <\/strong><br><strong>SEAMK<\/strong>&nbsp;<\/h2>\n\n\n\n<p><strong>Juha Tall<\/strong>&nbsp;ty\u00f6skentelee yritysten omistajanvaihdosten asiantuntijana Sein\u00e4joen ammattikorkeakoulussa ja auktorisoituna yritysv\u00e4litt\u00e4j\u00e4n\u00e4 Ilmajoen Yrityspalvelu Oy:n asiantuntijatiimiss\u00e4. H\u00e4nen asiantuntemuksensa kattaa yritysten omistajanvaihdoksiin liittyv\u00e4n tutkimus- ja kehitt\u00e4misty\u00f6n kansainv\u00e4lisell\u00e4, kansallisella, alueellisella sek\u00e4 yritystasolla. Lis\u00e4ksi h\u00e4n vastaa SEAMKin yritysten ostajille ja myyjille suunnatuista koulutuksista. Yli 20 vuoden kokemuksella Juha puhuu omistajanvaihdoksista edelleen suurella innolla. Vuonna 2015 h\u00e4net valittiin valtakunnalliseksi omistajanvaihdosasiantuntijaksi, ja nykyisin h\u00e4n toimii Suomen Yritysv\u00e4litt\u00e4j\u00e4in ja Omistajanvaihdosasiantuntijain Liiton hallituksen varapuheenjohtajana.<\/p>\n<\/div>\n<\/div>\n\n\n\n<p><em>Tilaisuudessa valokuvataan p\u00e4\u00e4asiassa puhujia. Muut mahdolliset kuvat ovat yleis\u00f6kuvia ilman osallistujien kasvoja. Osallistujilla on my\u00f6s mahdollisuus kielt\u00e4\u00e4 kuvaus kokonaan tilaisuuden ilmoittautumistiskill\u00e4.<\/em><\/p>\n<\/div>\n<\/div>\n\n\n\n<h2 class=\"wp-block-heading has-text-align-center\">Asiantuntijat tavattavissa<\/h2>\n\n\n\n<div class=\"wp-block-columns is-layout-flex wp-container-core-columns-is-layout-9d6595d7 wp-block-columns-is-layout-flex\">\n<div class=\"wp-block-column is-layout-flow wp-block-column-is-layout-flow\">\n<figure class=\"wp-block-image size-full\"><img loading=\"lazy\" decoding=\"async\" width=\"400\" height=\"200\" src=\"https:\/\/me.yrittajat.fi\/app\/uploads\/sites\/102\/2025\/09\/logot-1.png\" alt=\"\" class=\"wp-image-116\" srcset=\"https:\/\/me.yrittajat.fi\/app\/uploads\/sites\/102\/2025\/09\/logot-1.png 400w, https:\/\/me.yrittajat.fi\/app\/uploads\/sites\/102\/2025\/09\/logot-1-300x150.png 300w\" sizes=\"auto, (max-width: 400px) 100vw, 400px\" \/><\/figure>\n\n\n<div class=\"wp-block-image\">\n<figure class=\"aligncenter size-large is-resized\"><img loading=\"lazy\" decoding=\"async\" width=\"1024\" height=\"300\" src=\"https:\/\/me.yrittajat.fi\/app\/uploads\/sites\/102\/2026\/08\/Fundu_logo_denim-2-1024x300.png\" alt=\"\" class=\"wp-image-277\" style=\"aspect-ratio:3.4137223615226806;width:160px;height:auto\" srcset=\"https:\/\/me.yrittajat.fi\/app\/uploads\/sites\/102\/2026\/08\/Fundu_logo_denim-2-1024x300.png 1024w, https:\/\/me.yrittajat.fi\/app\/uploads\/sites\/102\/2026\/08\/Fundu_logo_denim-2-300x88.png 300w, https:\/\/me.yrittajat.fi\/app\/uploads\/sites\/102\/2026\/08\/Fundu_logo_denim-2-768x225.png 768w, https:\/\/me.yrittajat.fi\/app\/uploads\/sites\/102\/2026\/08\/Fundu_logo_denim-2.png 1203w\" sizes=\"auto, (max-width: 1024px) 100vw, 1024px\" \/><\/figure>\n<\/div><\/div>\n\n\n\n<div class=\"wp-block-column is-layout-flow wp-block-column-is-layout-flow\">\n<figure class=\"wp-block-image size-full\"><img loading=\"lazy\" decoding=\"async\" width=\"400\" height=\"200\" src=\"https:\/\/me.yrittajat.fi\/app\/uploads\/sites\/102\/2025\/09\/5.png\" alt=\"\" class=\"wp-image-93\" srcset=\"https:\/\/me.yrittajat.fi\/app\/uploads\/sites\/102\/2025\/09\/5.png 400w, https:\/\/me.yrittajat.fi\/app\/uploads\/sites\/102\/2025\/09\/5-300x150.png 300w\" sizes=\"auto, (max-width: 400px) 100vw, 400px\" \/><\/figure>\n\n\n<div class=\"wp-block-image\">\n<figure class=\"aligncenter size-large is-resized\"><img loading=\"lazy\" decoding=\"async\" width=\"1024\" height=\"403\" src=\"https:\/\/me.yrittajat.fi\/app\/uploads\/sites\/102\/2026\/08\/lexia_logo_legalexcellence_blue_rgb-2-1024x403.png\" alt=\"\" class=\"wp-image-282\" style=\"aspect-ratio:2.5413202104191415;width:160px;height:auto\" srcset=\"https:\/\/me.yrittajat.fi\/app\/uploads\/sites\/102\/2026\/08\/lexia_logo_legalexcellence_blue_rgb-2-1024x403.png 1024w, https:\/\/me.yrittajat.fi\/app\/uploads\/sites\/102\/2026\/08\/lexia_logo_legalexcellence_blue_rgb-2-300x118.png 300w, https:\/\/me.yrittajat.fi\/app\/uploads\/sites\/102\/2026\/08\/lexia_logo_legalexcellence_blue_rgb-2-768x302.png 768w, https:\/\/me.yrittajat.fi\/app\/uploads\/sites\/102\/2026\/08\/lexia_logo_legalexcellence_blue_rgb-2.png 1187w\" sizes=\"auto, (max-width: 1024px) 100vw, 1024px\" \/><\/figure>\n<\/div><\/div>\n\n\n\n<div class=\"wp-block-column is-layout-flow wp-block-column-is-layout-flow\">\n<figure class=\"wp-block-image size-large\"><img loading=\"lazy\" decoding=\"async\" width=\"1024\" height=\"318\" src=\"https:\/\/me.yrittajat.fi\/app\/uploads\/sites\/102\/2026\/07\/PNGEVK_Logot_RGB_FIN_varillinen_tumma_vaaka-1024x318.png\" alt=\"\" class=\"wp-image-265\" srcset=\"https:\/\/me.yrittajat.fi\/app\/uploads\/sites\/102\/2026\/07\/PNGEVK_Logot_RGB_FIN_varillinen_tumma_vaaka-1024x318.png 1024w, https:\/\/me.yrittajat.fi\/app\/uploads\/sites\/102\/2026\/07\/PNGEVK_Logot_RGB_FIN_varillinen_tumma_vaaka-300x93.png 300w, https:\/\/me.yrittajat.fi\/app\/uploads\/sites\/102\/2026\/07\/PNGEVK_Logot_RGB_FIN_varillinen_tumma_vaaka-768x238.png 768w, https:\/\/me.yrittajat.fi\/app\/uploads\/sites\/102\/2026\/07\/PNGEVK_Logot_RGB_FIN_varillinen_tumma_vaaka-1536x477.png 1536w, https:\/\/me.yrittajat.fi\/app\/uploads\/sites\/102\/2026\/07\/PNGEVK_Logot_RGB_FIN_varillinen_tumma_vaaka.png 1966w\" sizes=\"auto, (max-width: 1024px) 100vw, 1024px\" \/><\/figure>\n\n\n\n<figure class=\"wp-block-gallery has-nested-images columns-default is-cropped wp-block-gallery-2 is-layout-flex wp-block-gallery-is-layout-flex\">\n<figure class=\"wp-block-image size-large\"><img loading=\"lazy\" decoding=\"async\" width=\"803\" height=\"354\" data-id=\"285\" src=\"https:\/\/me.yrittajat.fi\/app\/uploads\/sites\/102\/2026\/08\/N_L1_B4_RGB.png\" alt=\"\" class=\"wp-image-285\" srcset=\"https:\/\/me.yrittajat.fi\/app\/uploads\/sites\/102\/2026\/08\/N_L1_B4_RGB.png 803w, https:\/\/me.yrittajat.fi\/app\/uploads\/sites\/102\/2026\/08\/N_L1_B4_RGB-300x132.png 300w, https:\/\/me.yrittajat.fi\/app\/uploads\/sites\/102\/2026\/08\/N_L1_B4_RGB-768x339.png 768w\" sizes=\"auto, (max-width: 803px) 100vw, 803px\" \/><\/figure>\n<\/figure>\n\n\n<div class=\"wp-block-image\">\n<figure class=\"aligncenter size-large is-resized\"><img loading=\"lazy\" decoding=\"async\" width=\"277\" height=\"264\" src=\"https:\/\/me.yrittajat.fi\/app\/uploads\/sites\/102\/2026\/08\/PL_logo_teksti_RGB.png\" alt=\"\" class=\"wp-image-275\" style=\"width:139px;height:auto\" \/><\/figure>\n<\/div><\/div>\n<\/div>\n\n\n\n\t<div id=\"gb-background-block_89379285d24e4fe1e885a3047fa7e479\" class=\"gb-background gb-background-block_89379285d24e4fe1e885a3047fa7e479 bg-white\">\n\t\t<div class=\"container\">\n\t\t\t<div class=\"gutenberg-content\">\n\t\t\t\t\t\t\t\t\n\n<h2 class=\"wp-block-heading has-text-align-left\">Lis\u00e4tietoja tapahtumasta<\/h2>\n\n\n\n<div class=\"wp-block-columns is-layout-flex wp-container-core-columns-is-layout-9d6595d7 wp-block-columns-is-layout-flex\">\n<div class=\"wp-block-column is-layout-flow wp-block-column-is-layout-flow\">\n\t<section id=\"gb-several-lifts-block_8360b5303dbf680d12cbe59c0e205036\"\n\t         class=\"gb-several-lifts gb-several-lifts-block_8360b5303dbf680d12cbe59c0e205036\">\n\t\t<div class=\"gb-several-lifts__row\">\n\n\t\t\t\t\t\t\t<div class=\"gb-several-lifts__item\">\n\t\t\t\t\t\n<div class=\"b-lift-item\">\n\t<div class=\"b-lift-item__inner\">\n\t\t\n\t\t\n<div class=\"b-metas-title-content\">\n\t\n\t\t\t<h3 class=\"b-metas-title-content__title b-metas-title-content__title--size-m\">\n\t\t\t\t\t\t\tElina Purho\t\t\t\t\t\t<\/h3>\n\t\n\t\t\t<h4 class=\"b-metas-title-content__subtitle\">Pirkanmaan Yritt\u00e4j\u00e4t<\/h4>\n\t\n\t\t\t<div class=\"b-metas-title-content__content readmore-container\">\n\t\t\t\t\t\t\t<p>elina.purho@yrittajat.fi<\/p>\n\n\t\t\t\t\t\t<\/div>\n\t<\/div>\n\t<\/div>\n<\/div>\n\t\t\t\t<\/div>\n\t\t\t\n\t\t<\/div>\n\t<\/section>\n\n<\/div>\n\n\n\n<div class=\"wp-block-column is-layout-flow wp-block-column-is-layout-flow\">\n\t<section id=\"gb-several-lifts-block_9c74bfbb69ac0c5e073d0bb18d4b81ea\"\n\t         class=\"gb-several-lifts gb-several-lifts-block_9c74bfbb69ac0c5e073d0bb18d4b81ea\">\n\t\t<div class=\"gb-several-lifts__row\">\n\n\t\t\t\t\t\t\t<div class=\"gb-several-lifts__item\">\n\t\t\t\t\t\n<div class=\"b-lift-item\">\n\t<div class=\"b-lift-item__inner\">\n\t\t\n\t\t\n<div class=\"b-metas-title-content\">\n\t\n\t\t\t<h3 class=\"b-metas-title-content__title b-metas-title-content__title--size-m\">\n\t\t\t\t\t\t\tSari j\u00e4rvelin\t\t\t\t\t\t<\/h3>\n\t\n\t\t\t<h4 class=\"b-metas-title-content__subtitle\">Pirkanmaan Yritt\u00e4j\u00e4t<\/h4>\n\t\n\t\t\t<div class=\"b-metas-title-content__content readmore-container\">\n\t\t\t\t\t\t\t<p>+35850531131 <br \/>\r\nsari.jarvelin@yrittajat.fi<\/p>\n\n\t\t\t\t\t\t<\/div>\n\t<\/div>\n\t<\/div>\n<\/div>\n\t\t\t\t<\/div>\n\t\t\t\n\t\t<\/div>\n\t<\/section>\n\n<\/div>\n\n\n\n<div class=\"wp-block-column is-layout-flow wp-block-column-is-layout-flow\">\n\t<section id=\"gb-several-lifts-block_64239ac723325753c38d9d142ce1c38a\"\n\t         class=\"gb-several-lifts gb-several-lifts-block_64239ac723325753c38d9d142ce1c38a\">\n\t\t<div class=\"gb-several-lifts__row\">\n\n\t\t\t\t\t\t\t<div class=\"gb-several-lifts__item\">\n\t\t\t\t\t\n<div class=\"b-lift-item\">\n\t<div class=\"b-lift-item__inner\">\n\t\t\n\t\t\n<div class=\"b-metas-title-content\">\n\t\n\t\t\t<h3 class=\"b-metas-title-content__title b-metas-title-content__title--size-m\">\n\t\t\t\t\t\t\tMari Rautiainen\t\t\t\t\t\t<\/h3>\n\t\n\t\t\t<h4 class=\"b-metas-title-content__subtitle\">Sis\u00e4-Suomen elinvoimakeskus<\/h4>\n\t\n\t\t\t<div class=\"b-metas-title-content__content readmore-container\">\n\t\t\t\t\t\t\t<p>+3582950 37748<br \/>\r\nmari.rautiainen@elinvoimakeskus.fi<\/p>\n\n\t\t\t\t\t\t<\/div>\n\t<\/div>\n\t<\/div>\n<\/div>\n\t\t\t\t<\/div>\n\t\t\t\n\t\t<\/div>\n\t<\/section>\n\n<\/div>\n<\/div>\n\n\n\t\t\t<\/div>\n\t\t<\/div>\n\t<\/div>\n\n\n\n\n<p><\/p>\n","protected":false},"excerpt":{"rendered":"<p>YHTEISTY\u00d6SS\u00c4 Tervetuloa Pirkanmaan Omistajanvaihdosmarkkinoille 28.10.2026! Omistajanvaihdos tulee vastaan l\u00e4hes jokaisessa yrityksess\u00e4 jossain vaiheessa. Siksi siihen kannattaa valmistautua ajoissa \u2013 olipa edess\u00e4 yrityksen myynti, osto, sukupolvenvaihdos tai vasta tulevaisuuden suunnittelu. Omistajanvaihdosmarkkinat j\u00e4rjestet\u00e4\u00e4n keskiviikkona 28.10.2026 klo 12\u201316.30 Scandic Rosendahlissa Tampereella. P\u00e4iv\u00e4n aikana kuulet asiantuntijoiden ja yritt\u00e4jien n\u00e4kemyksi\u00e4 onnistuneesta yrityskaupasta, rahoituksesta, sukupolvenvaihdoksista ja omistajanvaihdokseen valmistautumisesta. Lis\u00e4ksi p\u00e4\u00e4set verkostoitumaan &hellip; <a href=\"https:\/\/me.yrittajat.fi\/omistajanvaihdosmarkkinat\/\">Continued<\/a><\/p>\n","protected":false},"author":61,"featured_media":258,"parent":0,"menu_order":0,"comment_status":"closed","ping_status":"closed","template":"","meta":{"_acf_changed":false,"footnotes":""},"class_list":["post-3","page","type-page","status-publish","has-post-thumbnail","hentry"],"acf":[],"_links":{"self":[{"href":"https:\/\/me.yrittajat.fi\/omistajanvaihdosmarkkinat\/wp-json\/wp\/v2\/pages\/3","targetHints":{"allow":["GET"]}}],"collection":[{"href":"https:\/\/me.yrittajat.fi\/omistajanvaihdosmarkkinat\/wp-json\/wp\/v2\/pages"}],"about":[{"href":"https:\/\/me.yrittajat.fi\/omistajanvaihdosmarkkinat\/wp-json\/wp\/v2\/types\/page"}],"author":[{"embeddable":true,"href":"https:\/\/me.yrittajat.fi\/omistajanvaihdosmarkkinat\/wp-json\/wp\/v2\/users\/61"}],"replies":[{"embeddable":true,"href":"https:\/\/me.yrittajat.fi\/omistajanvaihdosmarkkinat\/wp-json\/wp\/v2\/comments?post=3"}],"version-history":[{"count":5,"href":"https:\/\/me.yrittajat.fi\/omistajanvaihdosmarkkinat\/wp-json\/wp\/v2\/pages\/3\/revisions"}],"predecessor-version":[{"id":339,"href":"https:\/\/me.yrittajat.fi\/omistajanvaihdosmarkkinat\/wp-json\/wp\/v2\/pages\/3\/revisions\/339"}],"wp:featuredmedia":[{"embeddable":true,"href":"https:\/\/me.yrittajat.fi\/omistajanvaihdosmarkkinat\/wp-json\/wp\/v2\/media\/258"}],"wp:attachment":[{"href":"https:\/\/me.yrittajat.fi\/omistajanvaihdosmarkkinat\/wp-json\/wp\/v2\/media?parent=3"}],"curies":[{"name":"wp","href":"https:\/\/api.w.org\/{rel}","templated":true}]}}