{"id":3,"date":"2021-10-13T12:51:24","date_gmt":"2021-10-13T09:51:24","guid":{"rendered":"https:\/\/me.yrittajat.fi\/paijat-hameen-valofestivaali\/etusivu\/"},"modified":"2022-09-12T15:01:55","modified_gmt":"2022-09-12T12:01:55","slug":"etusivu","status":"publish","type":"page","link":"https:\/\/me.yrittajat.fi\/paijat-hameen-valofestivaali\/","title":{"rendered":"P\u00e4ij\u00e4t-H\u00e4meen Valofestivaali"},"content":{"rendered":"\n\t<div id=\"gb-anchor-block_6166cfafb93f1\" class=\"gb-anchor gb-anchor-block_6166cfafb93f1\">\n\t\t\t\t\t<div class=\"gb-anchor__anchor\" id=\"tapahtuma\"><\/div>\n\n\t\t\t\t\t\t<\/div>\n\n\n\n\n\t<div id=\"gb-background-block_6166cf89b93f0\" class=\"gb-background gb-background-block_6166cf89b93f0 bg-black\">\n\t\t<div class=\"container\">\n\t\t\t<div class=\"gutenberg-content\">\n\t\t\t\t\t\t\t\t\n\n<h4 class=\"has-text-align-center wp-block-heading\">TAPAHTUMA<\/h4>\n\n\n\n<p class=\"has-text-align-left\"><strong>P\u00e4ij\u00e4t-H\u00e4meen Valofestivaali 2022 on peruttu vallitsevien olosuhteiden vuoksi.<\/strong> <\/p>\n\n\n\n<p>   <\/p>\n\n\n\n<p class=\"has-text-align-left\">P\u00e4ij\u00e4t-H\u00e4meen Yritt\u00e4jien ja Lahden Yritt\u00e4jien organisoima Valofestivaali j\u00e4rjestettiin ensimm\u00e4isen kerran syksyll\u00e4 2020. Mukana on ollut kahden vuoden aikana toistasataa teosta ja kohdetta rakennuksista maatiloihin ja metsist\u00e4 n\u00e4yteikkunoihin.<\/p>\n\n\n\n<p class=\"has-text-align-left\">Valofestivaalin tarkoituksena on tarjota erilaisia valoteoksia, tapahtumia, kulttuuria sek\u00e4 taidetta ja v\u00e4ritt\u00e4\u00e4 syksyist\u00e4 maisemaa valojen avulla. Sen avulla halutaan osallistaa p\u00e4ij\u00e4th\u00e4m\u00e4l\u00e4isi\u00e4 yrityksi\u00e4 ja yhteis\u00f6j\u00e4 tekem\u00e4\u00e4n hyv\u00e4\u00e4 yhdess\u00e4 oman paikkakunnan ja hyvinvoinnin hyv\u00e4ksi, sek\u00e4 nostaa esille yritysten ja yritt\u00e4jyyden merkityst\u00e4.<\/p>\n\n\n\n<p class=\"has-text-align-left\">Jokainen osallistuja p\u00e4\u00e4tt\u00e4\u00e4 itse, millaisen valaistuksen tekee, mill\u00e4 budjetilla ja kuka sen toteuttaa. Pienimmill\u00e4\u00e4n kyse on lyhdyist\u00e4 ja kodin valosarjoista, isoimmillaan valaistusyritysten kanssa yhteisesti suunnitelluista spektaakkeleista.<\/p>\n\n\n\n<p class=\"has-text-align-left\">Taideteokset ovat vapaasti yleis\u00f6n n\u00e4ht\u00e4vill\u00e4 ja tapahtumat kaikille avoimia. <\/p>\n\n\n\n<p><\/p>\n\n\n\n<p>\u26ab <a rel=\"noreferrer noopener\" style=\"font-weight: bold\" href=\"https:\/\/www.facebook.com\/valofestivaali\" target=\"_blank\">Seuraa Facebookissa<\/a><br>\u26ab <a href=\"https:\/\/www.instagram.com\/valofestivaali\" target=\"_blank\" rel=\"noreferrer noopener\"><strong>Seuraa Instagramissa<\/strong><\/a><\/p>\n\n\n\t\t\t<\/div>\n\t\t<\/div>\n\t<\/div>\n\n\n\n\n\t<div id=\"gb-anchor-block_6166d007219d9\" class=\"gb-anchor gb-anchor-block_6166d007219d9\">\n\t\t\t\t\t<div class=\"gb-anchor__anchor\" id=\"kartat\"><\/div>\n\n\t\t\t\t\t\t<\/div>\n\n\n\n\n<h4 class=\"has-text-align-center wp-block-heading\">KARTAT<\/h4>\n\n\n\n\t<div id=\"gb-anchor-block_6166d27e219db\" class=\"gb-anchor gb-anchor-block_6166d27e219db\">\n\t\t\t\t\t<div class=\"gb-anchor__anchor\" id=\"yhteistyossa\"><\/div>\n\n\t\t\t\t\t\t<\/div>\n\n\n\n\n\t<div id=\"gb-background-block_6166d239219da\" class=\"gb-background gb-background-block_6166d239219da bg-black\">\n\t\t<div class=\"container\">\n\t\t\t<div class=\"gutenberg-content\">\n\t\t\t\t\t\t\t\t\n\n<h4 class=\"has-text-align-center wp-block-heading\">YHTEISTY\u00d6SS\u00c4<\/h4>\n\n\n\n<p>Yhteisty\u00f6tahojen listaus ei ole p\u00e4ivitetty.<\/p>\n\n\n\n\t<section id=\"gb-several-lifts-block_6166d3cedf354\"\n\t         class=\"gb-several-lifts gb-several-lifts-block_6166d3cedf354\">\n\t\t<div class=\"gb-several-lifts__row\">\n\n\t\t\t\t\t\t\t<div class=\"gb-several-lifts__item\">\n\t\t\t\t\t\n<div class=\"b-lift-item\">\n\t<div class=\"b-lift-item__inner\">\n\t\t\t\t\t<img decoding=\"async\" class=\"b-lift-item__image\"\n\t\t\t     src=\"https:\/\/me.yrittajat.fi\/app\/uploads\/sites\/19\/2021\/10\/brandikuvat2018_kuva14_2048px.jpg\"\n\t\t\t     alt=\"\">\n\t\t\n\t\t\n<div class=\"b-metas-title-content\">\n\t\n\t\t\t<h3 class=\"b-metas-title-content__title b-metas-title-content__title--size-m\">\n\t\t\t\t\t\t\tAnttilanm\u00e4ki-Kittel\u00e4n asukasyhdistys ry\t\t\t\t\t\t<\/h3>\n\t\n\t\t\t<h4 class=\"b-metas-title-content__subtitle\">Pyh\u00e4inp\u00e4iv\u00e4n\u00e4 6.11.21 Anttilanm\u00e4ki-Kittel\u00e4n alueen asukkaat sytytt\u00e4v\u00e4t lyhdyt porttiensa pieliin heti pime\u00e4n saavuttua. Tule kyl\u00e4\u00e4n tunnelmalliselle iltak\u00e4velylle!<\/h4>\n\t\n\t\t\t<div class=\"b-metas-title-content__content readmore-container\">\n\t\t\t\t\t\t\t\t<p>\n\t\t\t\t\t\t<span class=\"b-metas-title-content__content-first\"><br \/>\r<\/span>\n\t\t\t\t\t\t<span class=\"b-metas-title-content__content-last\">\n<br \/>\r\nMik\u00e4 Anttilanm\u00e4ki?<br \/>\r\nAnttilanm\u00e4ki on kulttuurihistoriallisesti arvokas puutaloidylli aivan Lahden keskustan tuntumassa muutaman sadan metrin p\u00e4\u00e4ss\u00e4 matkakeskukselta. Yhteis\u00f6llinen asuinalue on valittu muun muassa Lahden kauneimmaksi kaupunkimaisemaksi, koko Suomen vuoden kaupunginosaksi ja P\u00e4ij\u00e4t-H\u00e4meen vuoden kyl\u00e4ksi saaden my\u00f6s valtakunnallisen kunniamaininnan.<br \/>\r\n<br \/>\r\nTapahtuma l\u00f6ytyy my\u00f6s Facebookissa.<br \/>\r\n<br \/>\r\nAnttilanm\u00e4ki-Kittel\u00e4n asukasyhdistys ry<br \/>\r\nwww.anttilanmaki.fi<\/span>\n\t\t\t\t\t<\/p>\n\n\t\t\t\t\t\n\t\t\t\t\t<div class=\"b-metas-title-content__content-readmore\">\n\t\t\t\t\t\t<button class=\"b-readmore-button\" aria-expanded=\"false\">\n\t<span class=\"screen-reader-text\">Lue lis\u00e4\u00e4<\/span>\n<\/button>\n\t\t\t\t\t<\/div>\n\t\t\t\t\t\t<\/div>\n\t<\/div>\n\t<\/div>\n<\/div>\n\t\t\t\t<\/div>\n\t\t\t\n\t\t<\/div>\n\t<\/section>\n\n\n\n\n\t<section id=\"gb-several-lifts-block_6166d8269b8fc\"\n\t         class=\"gb-several-lifts gb-several-lifts-block_6166d8269b8fc\">\n\t\t<div class=\"gb-several-lifts__row\">\n\n\t\t\t\t\t\t\t<div class=\"gb-several-lifts__item\">\n\t\t\t\t\t\n<div class=\"b-lift-item\">\n\t<div class=\"b-lift-item__inner\">\n\t\t\t\t\t<img decoding=\"async\" class=\"b-lift-item__image\"\n\t\t\t     src=\"https:\/\/me.yrittajat.fi\/app\/uploads\/sites\/19\/2022\/08\/bm_day_spa.png\"\n\t\t\t     alt=\"bm Day Span logo\">\n\t\t\n\t\t\n<div class=\"b-metas-title-content\">\n\t\n\t\t\t<h3 class=\"b-metas-title-content__title b-metas-title-content__title--size-m\">\n\t\t\t\t\t\t\tbm Day Spa\t\t\t\t\t\t<\/h3>\n\t\n\t\t\t<h4 class=\"b-metas-title-content__subtitle\">bm Day Spa on perustettu vuonna 2002 ja tarjoaa monipuolisia kauneuspalveluita Lahden keskustassa.<\/h4>\n\t\n\t\t\t<div class=\"b-metas-title-content__content readmore-container\">\n\t\t\t\t\t\t\t<p>bm Day Spa valaisee liikett\u00e4\u00e4n ja n\u00e4yteikkunoitaan.<br \/>\r\n\u2022<br \/>\r\nbm Day Spa<br \/>\r\nRautatienkatu 16<br \/>\r\n15140 Lahti<br \/>\r\n<br \/>\r\nhttps:\/\/www.bmdayspa.fi\/<\/p>\n\n\t\t\t\t\t\t<\/div>\n\t<\/div>\n\t<\/div>\n<\/div>\n\t\t\t\t<\/div>\n\t\t\t\t\t\t\t<div class=\"gb-several-lifts__item\">\n\t\t\t\t\t\n<div class=\"b-lift-item\">\n\t<div class=\"b-lift-item__inner\">\n\t\t\t\t\t<img decoding=\"async\" class=\"b-lift-item__image\"\n\t\t\t     src=\"https:\/\/me.yrittajat.fi\/app\/uploads\/sites\/19\/2021\/10\/brandikuvat2018_kuva14_2048px.jpg\"\n\t\t\t     alt=\"\">\n\t\t\n\t\t\n<div class=\"b-metas-title-content\">\n\t\n\t\t\t<h3 class=\"b-metas-title-content__title b-metas-title-content__title--size-m\">\n\t\t\t\t\t\t\tCamping Sysm\u00e4\t\t\t\t\t\t<\/h3>\n\t\n\t\t\t<h4 class=\"b-metas-title-content__subtitle\">Vuoden 2021 Caravan-alueeksi valittu Camping Sysm\u00e4 sijaitsee P\u00e4ij\u00e4nteen rannalla, keskell\u00e4 kaunista kirkonkyl\u00e4\u00e4. Alue on laajentunut kes\u00e4n 2022 aikana, ja on avoinna ymp\u00e4ri vuoden.<\/h4>\n\t\n\t\t\t<div class=\"b-metas-title-content__content readmore-container\">\n\t\t\t\t\t\t\t<p>Camping Sysm\u00e4 valaisee kauniin historiallisen kahvilarakennuksensa, Kokkolan.<br \/>\r\n\u2022<br \/>\r\nCamping Sysm\u00e4<br \/>\r\nHuitilantie 3<br \/>\r\n19700 Sysm\u00e4<br \/>\r\n<br \/>\r\nhttps:\/\/www.campingsysma.fi\/<\/p>\n\n\t\t\t\t\t\t<\/div>\n\t<\/div>\n\t<\/div>\n<\/div>\n\t\t\t\t<\/div>\n\t\t\t\t\t\t\t<div class=\"gb-several-lifts__item\">\n\t\t\t\t\t\n<div class=\"b-lift-item\">\n\t<div class=\"b-lift-item__inner\">\n\t\t\t\t\t<img decoding=\"async\" class=\"b-lift-item__image\"\n\t\t\t     src=\"https:\/\/me.yrittajat.fi\/app\/uploads\/sites\/19\/2021\/10\/brandikuvat2018_kuva14_2048px.jpg\"\n\t\t\t     alt=\"\">\n\t\t\n\t\t\n<div class=\"b-metas-title-content\">\n\t\n\t\t\t<h3 class=\"b-metas-title-content__title b-metas-title-content__title--size-m\">\n\t\t\t\t\t\t\tFysikaalinen Hoitolaitos Musculus\t\t\t\t\t\t<\/h3>\n\t\n\t\t\t<h4 class=\"b-metas-title-content__subtitle\">Musculus tarjoaa monipuolista ja laadukasta fysioterapiaa Orimattilassa.<\/h4>\n\t\n\t\t\t<div class=\"b-metas-title-content__content readmore-container\">\n\t\t\t\t\t\t\t<p>Musculus Oy<br \/>\r\nErkontie 20<br \/>\r\n16300 Orimattila<br \/>\r\n<br \/>\r\nhttps:\/\/www.musculus.fi\/<\/p>\n\n\t\t\t\t\t\t<\/div>\n\t<\/div>\n\t<\/div>\n<\/div>\n\t\t\t\t<\/div>\n\t\t\t\n\t\t<\/div>\n\t<\/section>\n\n\n\n\n\t<section id=\"gb-several-lifts-block_6166d97bd9cef\"\n\t         class=\"gb-several-lifts gb-several-lifts-block_6166d97bd9cef\">\n\t\t<div class=\"gb-several-lifts__row\">\n\n\t\t\t\t\t\t\t<div class=\"gb-several-lifts__item\">\n\t\t\t\t\t\n<div class=\"b-lift-item\">\n\t<div class=\"b-lift-item__inner\">\n\t\t\t\t\t<img decoding=\"async\" class=\"b-lift-item__image\"\n\t\t\t     src=\"https:\/\/me.yrittajat.fi\/app\/uploads\/sites\/19\/2021\/10\/brandikuvat2018_kuva14_2048px.jpg\"\n\t\t\t     alt=\"\">\n\t\t\n\t\t\n<div class=\"b-metas-title-content\">\n\t\n\t\t\t<h3 class=\"b-metas-title-content__title b-metas-title-content__title--size-m\">\n\t\t\t\t\t\t\tGalleria Uusi Kipin\u00e4\t\t\t\t\t\t<\/h3>\n\t\n\t\t\t<h4 class=\"b-metas-title-content__subtitle\">Kauno ry:n yll\u00e4pit\u00e4m\u00e4 galleria sijaitsee Lahden keskustassa l\u00e4hell\u00e4 Trioa. Uudessa Kipin\u00e4ss\u00e4 on nelj\u00e4 n\u00e4yttelytilaa, jotka ovat vuokrattavissa yhdess\u00e4 tai erikseen.<\/h4>\n\t\n\t\t\t<div class=\"b-metas-title-content__content readmore-container\">\n\t\t\t\t\t\t\t<p>Tule kokemaan taide taskulampun valossa Pimeesti taidetta -illassa.<br \/>\r\n\u2022<br \/>\r\nLahden Taidelainaamo ja Galleria Uusi Kipin\u00e4<br \/>\r\nKymintie 1<br \/>\r\n15140 Lahti<br \/>\r\n<br \/>\r\nhttp:\/\/galleriauusikipina.fi\/<\/p>\n\n\t\t\t\t\t\t<\/div>\n\t<\/div>\n\t<\/div>\n<\/div>\n\t\t\t\t<\/div>\n\t\t\t\t\t\t\t<div class=\"gb-several-lifts__item\">\n\t\t\t\t\t\n<div class=\"b-lift-item\">\n\t<div class=\"b-lift-item__inner\">\n\t\t\t\t\t<img decoding=\"async\" class=\"b-lift-item__image\"\n\t\t\t     src=\"https:\/\/me.yrittajat.fi\/app\/uploads\/sites\/19\/2021\/10\/brandikuvat2018_kuva14_2048px.jpg\"\n\t\t\t     alt=\"\">\n\t\t\n\t\t\n<div class=\"b-metas-title-content\">\n\t\n\t\t\t<h3 class=\"b-metas-title-content__title b-metas-title-content__title--size-m\">\n\t\t\t\t\t\t\tKauppakeskus Trio\t\t\t\t\t\t<\/h3>\n\t\n\t\t\t<h4 class=\"b-metas-title-content__subtitle\">Trio on Lahden ydinkeskustan suosittu kohtaamis- ja ajanviettopaikka ja tunnettu vahvana erikoiskaupan keskittym\u00e4n\u00e4. Triosta l\u00f6ytyy erinomainen valikoima muodin ja muun erikoiskaupan liikkeit\u00e4, kahviloita, ravintoloita sek\u00e4 erilaisia palveluja, muun muassa monipuoliset pankkipalvelut ja kuntosali.<\/h4>\n\t\n\t\t\t<div class=\"b-metas-title-content__content readmore-container\">\n\t\t\t\t\t\t\t<p>Trion ensimm\u00e4iseen kerrokseen rakentuu OP P\u00e4ij\u00e4t-H\u00e4meen ideoima heijastinpuu.<br \/>\r\n<br \/>\r\nKauppakeskus Trio<br \/>\r\nAleksanterinkatu 18<br \/>\r\n15140 Lahti<br \/>\r\n<br \/>\r\nwww.trio.fi<\/p>\n\n\t\t\t\t\t\t<\/div>\n\t<\/div>\n\t<\/div>\n<\/div>\n\t\t\t\t<\/div>\n\t\t\t\n\t\t<\/div>\n\t<\/section>\n\n\n\n\n\t<section id=\"gb-several-lifts-block_6166da29dd6d2\"\n\t         class=\"gb-several-lifts gb-several-lifts-block_6166da29dd6d2\">\n\t\t<div class=\"gb-several-lifts__row\">\n\n\t\t\t\t\t\t\t<div class=\"gb-several-lifts__item\">\n\t\t\t\t\t\n<div class=\"b-lift-item\">\n\t<div class=\"b-lift-item__inner\">\n\t\t\t\t\t<img decoding=\"async\" class=\"b-lift-item__image\"\n\t\t\t     src=\"https:\/\/me.yrittajat.fi\/app\/uploads\/sites\/19\/2021\/10\/brandikuvat2018_kuva14_2048px.jpg\"\n\t\t\t     alt=\"\">\n\t\t\n\t\t\n<div class=\"b-metas-title-content\">\n\t\n\t\t\t<h3 class=\"b-metas-title-content__title b-metas-title-content__title--size-m\">\n\t\t\t\t\t\t\tKirma Hoiva Oy\t\t\t\t\t\t<\/h3>\n\t\n\t\t\t<h4 class=\"b-metas-title-content__subtitle\">Kirma Hoiva on monipuolinen lahtelainen kotihoivayritys. Heid\u00e4n juttunsa on toimintakyky. Ilman sit\u00e4 el\u00e4m\u00e4st\u00e4, kuten kulttuurista, ei voi nauttia. &quot;Hoidamme kuin omiamme!&quot;<\/h4>\n\t\n\t\t\t<div class=\"b-metas-title-content__content readmore-container\">\n\t\t\t\t\t\t\t\t<p>\n\t\t\t\t\t\t<span class=\"b-metas-title-content__content-first\">&#8220;Maapallon yleisin valo tulee auringosta ja on jotakuinkin v\u00e4rilt\u00e4\u00e4n valkoinen. Se on hyv\u00e4 &#8216;v\u00e4ri&#8217;, kun se oikeastaan sis\u00e4lt\u00e4\u00e4 kaikki n\u00e4kyv\u00e4n valon v\u00e4rit. V\u00e4h\u00e4n samalta tuntuu, kun kuuntelee ik\u00e4ihmisen kertomuksia el\u00e4m\u00e4st\u00e4\u00e4n.<\/span>\n\t\t\t\t\t\t<span class=\"b-metas-title-content__content-last\"> El\u00e4m\u00e4n jatkuessa pitk\u00e4\u00e4n, tarinoiden kirjo on suuri ja niist\u00e4 muodostuu yksi kokonaisuus, el\u00e4m\u00e4ntarina.<br \/>\r\n<br \/>\r\nMerkitt\u00e4vimm\u00e4t tapahtumat sijoittuvat usein kauas menneisyyteen. Ensirakkaus, kumppanin l\u00f6ytyminen, lasten syntym\u00e4t ja lasten poismuutto tapahtuivat jo aikaa sitten.<br \/>\r\n<br \/>\r\nAjan kanssa muistot haalistuvat ja pelkistyv\u00e4t. Niit\u00e4 me heijastamme ikkunaverhoon el\u00e4v\u00e4ksi kuvaksi, mustavalkoiseksi videoksi menneilt\u00e4 ajoilta.<br \/>\r\n<br \/>\r\nEip\u00e4 tuo el\u00e4m\u00e4 ole niin kauheasti entisajoista muuttunut!<br \/>\r\n<br \/>\r\nKiitos Kavi!\u201d<br \/>\r\n<br \/>\r\nKirma Hoiva Oy<br \/>\r\nKarjalankatu 34<br \/>\r\n15150 Lahti<br \/>\r\n<br \/>\r\nwww.kirmahoiva.fi<\/span>\n\t\t\t\t\t<\/p>\n\n\t\t\t\t\t\n\t\t\t\t\t<div class=\"b-metas-title-content__content-readmore\">\n\t\t\t\t\t\t<button class=\"b-readmore-button\" aria-expanded=\"false\">\n\t<span class=\"screen-reader-text\">Lue lis\u00e4\u00e4<\/span>\n<\/button>\n\t\t\t\t\t<\/div>\n\t\t\t\t\t\t<\/div>\n\t<\/div>\n\t<\/div>\n<\/div>\n\t\t\t\t<\/div>\n\t\t\t\t\t\t\t<div class=\"gb-several-lifts__item\">\n\t\t\t\t\t\n<div class=\"b-lift-item\">\n\t<div class=\"b-lift-item__inner\">\n\t\t\t\t\t<img decoding=\"async\" class=\"b-lift-item__image\"\n\t\t\t     src=\"https:\/\/me.yrittajat.fi\/app\/uploads\/sites\/19\/2021\/10\/brandikuvat2018_kuva14_2048px.jpg\"\n\t\t\t     alt=\"\">\n\t\t\n\t\t\n<div class=\"b-metas-title-content\">\n\t\n\t\t\t<h3 class=\"b-metas-title-content__title b-metas-title-content__title--size-m\">\n\t\t\t\t\t\t\tKOKO Lahti Oy\t\t\t\t\t\t<\/h3>\n\t\n\t\t\t<h4 class=\"b-metas-title-content__subtitle\">Tapahtumayhti\u00f6 KOKO Lahti Oy:n br\u00e4ndit Lahden Messut, Lahden Sibeliustalo, Finlandia-klubi, Lahden Konserttitalo sek\u00e4 Piano Paviljonki tarjoavat monipuoliset ja muuntuvat tapahtumatilat ja tuotantopalvelut 10-20 000 hengen tilaisuuksille Lahdessa upean luonnon \u00e4\u00e4rell\u00e4.<\/h4>\n\t\n\t\t\t<div class=\"b-metas-title-content__content readmore-container\">\n\t\t\t\t\t\t\t<p>KOKO Lahti Oy<br \/>\r\nLahden Sibeliustalo<br \/>\r\nAnkkurikatu 7<br \/>\r\n15140 Lahti<br \/>\r\n<br \/>\r\nwww.sibeliustalo.fi<\/p>\n\n\t\t\t\t\t\t<\/div>\n\t<\/div>\n\t<\/div>\n<\/div>\n\t\t\t\t<\/div>\n\t\t\t\t\t\t\t<div class=\"gb-several-lifts__item\">\n\t\t\t\t\t\n<div class=\"b-lift-item\">\n\t<div class=\"b-lift-item__inner\">\n\t\t\t\t\t<img decoding=\"async\" class=\"b-lift-item__image\"\n\t\t\t     src=\"https:\/\/me.yrittajat.fi\/app\/uploads\/sites\/19\/2022\/08\/kukkapii-logo.jpg\"\n\t\t\t     alt=\"Kukkapiin logo\">\n\t\t\n\t\t\n<div class=\"b-metas-title-content\">\n\t\n\t\t\t<h3 class=\"b-metas-title-content__title b-metas-title-content__title--size-m\">\n\t\t\t\t\t\t\tKukkapii\t\t\t\t\t\t<\/h3>\n\t\n\t\t\t<h4 class=\"b-metas-title-content__subtitle\">Kaupungin laajin kukkavalikoima ja hymyll\u00e4 viimeistelty ammattitaitoinen palvelu \u2013 Kukkapii pursuaa hyv\u00e4\u00e4 tekev\u00e4\u00e4 kukkaenergiaa arkeen ja juhlaan!<\/h4>\n\t\n\t\t\t<div class=\"b-metas-title-content__content readmore-container\">\n\t\t\t\t\t\t\t<p>Kukkapii panostaa festivaaliviikolla erityisesti n\u00e4yteikkunasomistukseen ja erilaisten valojen k\u00e4ytt\u00f6\u00f6n.<br \/>\r\n\u2022<br \/>\r\nKukkakauppa KukkaPii Oy<br \/>\r\nH\u00e4meenkatu 14<br \/>\r\n15110 Lahti<br \/>\r\n<br \/>\r\nhttps:\/\/kukkapii.fi\/kukkapii\/<\/p>\n\n\t\t\t\t\t\t<\/div>\n\t<\/div>\n\t<\/div>\n<\/div>\n\t\t\t\t<\/div>\n\t\t\t\n\t\t<\/div>\n\t<\/section>\n\n\n\n\n\t<section id=\"gb-several-lifts-block_6166dad0dd6d5\"\n\t         class=\"gb-several-lifts gb-several-lifts-block_6166dad0dd6d5\">\n\t\t<div class=\"gb-several-lifts__row\">\n\n\t\t\t\t\t\t\t<div class=\"gb-several-lifts__item\">\n\t\t\t\t\t\n<div class=\"b-lift-item\">\n\t<div class=\"b-lift-item__inner\">\n\t\t\t\t\t<img decoding=\"async\" class=\"b-lift-item__image\"\n\t\t\t     src=\"https:\/\/me.yrittajat.fi\/app\/uploads\/sites\/19\/2022\/08\/dila_logo.png\"\n\t\t\t     alt=\"Lahden Diakonialaitoksen logo\">\n\t\t\n\t\t\n<div class=\"b-metas-title-content\">\n\t\n\t\t\t<h3 class=\"b-metas-title-content__title b-metas-title-content__title--size-m\">\n\t\t\t\t\t\t\tLahden Diakonialaitos \u2013 DILA\t\t\t\t\t\t<\/h3>\n\t\n\t\t\t<h4 class=\"b-metas-title-content__subtitle\">Lahden Diakonialaitoksen Dilakortteli on monipuolinen hyvinvointi-, osallisuus- ja yhteis\u00f6kortteli.<\/h4>\n\t\n\t\t\t<div class=\"b-metas-title-content__content readmore-container\">\n\t\t\t\t\t\t\t\t<p>\n\t\t\t\t\t\t<span class=\"b-metas-title-content__content-first\">Lahden Diakonialaitos ja Suomen Diakoniaopiston Lahden kampuksen opiskelijateatteri Theatrum Olga j\u00e4rjest\u00e4v\u00e4t puistotapahtuman 2.11.2022 Lis\u00e4tietoja tulossa!<br \/>\r<\/span>\n\t\t\t\t\t\t<span class=\"b-metas-title-content__content-last\">\n\u2022<br \/>\r\nDILA \u2013 Lahden Diakonialaitos<br \/>\r\nVuorikatu 4<br \/>\r\n15110 Lahti<br \/>\r\n<br \/>\r\nhttps:\/\/dila.fi\/<\/span>\n\t\t\t\t\t<\/p>\n\n\t\t\t\t\t\n\t\t\t\t\t<div class=\"b-metas-title-content__content-readmore\">\n\t\t\t\t\t\t<button class=\"b-readmore-button\" aria-expanded=\"false\">\n\t<span class=\"screen-reader-text\">Lue lis\u00e4\u00e4<\/span>\n<\/button>\n\t\t\t\t\t<\/div>\n\t\t\t\t\t\t<\/div>\n\t<\/div>\n\t<\/div>\n<\/div>\n\t\t\t\t<\/div>\n\t\t\t\t\t\t\t<div class=\"gb-several-lifts__item\">\n\t\t\t\t\t\n<div class=\"b-lift-item\">\n\t<div class=\"b-lift-item__inner\">\n\t\t\t\t\t<img decoding=\"async\" class=\"b-lift-item__image\"\n\t\t\t     src=\"https:\/\/me.yrittajat.fi\/app\/uploads\/sites\/19\/2022\/08\/lahti_logo.png\"\n\t\t\t     alt=\"Lahden logo ja maamerkit\">\n\t\t\n\t\t\n<div class=\"b-metas-title-content\">\n\t\n\t\t\t<h3 class=\"b-metas-title-content__title b-metas-title-content__title--size-m\">\n\t\t\t\t\t\t\tLahden kaupunki\t\t\t\t\t\t<\/h3>\n\t\n\t\t\t<h4 class=\"b-metas-title-content__subtitle\">Lahti on tehty kest\u00e4v\u00e4ksi. Lahdessa kaupunkiel\u00e4m\u00e4 on aktiivista, arki sujuvaa ja monipuolinen asuinymp\u00e4rist\u00f6 on viihtyis\u00e4.<\/h4>\n\t\n\t\t\t<div class=\"b-metas-title-content__content readmore-container\">\n\t\t\t\t\t\t\t<p>Lahden kaupunki<br \/>\r\nPL 202<br \/>\r\n15101 Lahti<br \/>\r\n<br \/>\r\nhttps:\/\/www.lahti.fi\/<\/p>\n\n\t\t\t\t\t\t<\/div>\n\t<\/div>\n\t<\/div>\n<\/div>\n\t\t\t\t<\/div>\n\t\t\t\t\t\t\t<div class=\"gb-several-lifts__item\">\n\t\t\t\t\t\n<div class=\"b-lift-item\">\n\t<div class=\"b-lift-item__inner\">\n\t\t\t\t\t<img decoding=\"async\" class=\"b-lift-item__image\"\n\t\t\t     src=\"https:\/\/me.yrittajat.fi\/app\/uploads\/sites\/19\/2021\/10\/brandikuvat2018_kuva14_2048px.jpg\"\n\t\t\t     alt=\"\">\n\t\t\n\t\t\n<div class=\"b-metas-title-content\">\n\t\n\t\t\t<h3 class=\"b-metas-title-content__title b-metas-title-content__title--size-m\">\n\t\t\t\t\t\t\tLahden Rakentava Oy\t\t\t\t\t\t<\/h3>\n\t\n\t\t\t<h4 class=\"b-metas-title-content__subtitle\">Arena Pizzeria, Asuntohelmi LKV, Lahden Rakentava Oy ja Orimattattilan tilitaito mukana yhteisell\u00e4 valoprojektilla.<\/h4>\n\t\n\t\t\t<div class=\"b-metas-title-content__content readmore-container\">\n\t\t\t\t\t\t\t<p>Lahden Rakentava Oy<br \/>\r\nErkontie 18, 16300 Orimattila<br \/>\r\nwww.lahdenrakentava.fi<\/p>\n\n\t\t\t\t\t\t<\/div>\n\t<\/div>\n\t<\/div>\n<\/div>\n\t\t\t\t<\/div>\n\t\t\t\n\t\t<\/div>\n\t<\/section>\n\n\n\n\n\t<section id=\"gb-several-lifts-block_6166db62dd6d8\"\n\t         class=\"gb-several-lifts gb-several-lifts-block_6166db62dd6d8\">\n\t\t<div class=\"gb-several-lifts__row\">\n\n\t\t\t\t\t\t\t<div class=\"gb-several-lifts__item\">\n\t\t\t\t\t\n<div class=\"b-lift-item\">\n\t<div class=\"b-lift-item__inner\">\n\t\t\t\t\t<img decoding=\"async\" class=\"b-lift-item__image\"\n\t\t\t     src=\"https:\/\/me.yrittajat.fi\/app\/uploads\/sites\/19\/2021\/10\/brandikuvat2018_kuva14_2048px.jpg\"\n\t\t\t     alt=\"\">\n\t\t\n\t\t\n<div class=\"b-metas-title-content\">\n\t\n\t\t\t<h3 class=\"b-metas-title-content__title b-metas-title-content__title--size-m\">\n\t\t\t\t\t\t\tLahden Seudun Kehitysvammaisten Tuki ry.\t\t\t\t\t\t<\/h3>\n\t\n\t\t\t<h4 class=\"b-metas-title-content__subtitle\">Yhdistyksen tarkoituksena on edist\u00e4\u00e4 ja valvoa erityist\u00e4 tukea tarvitsevien henkil\u00f6iden sek\u00e4 heid\u00e4n perheidens\u00e4 etua ja yhteiskunnallista tasa-arvoa. Lis\u00e4ksi yhdistys tukee erityist\u00e4 tukea tarvitsevia ja heid\u00e4n perheit\u00e4\u00e4n tekem\u00e4ll\u00e4 yhteisty\u00f6t\u00e4 alueen toimijoiden kanssa.<\/h4>\n\t\n\t\t\t<div class=\"b-metas-title-content__content readmore-container\">\n\t\t\t\t\t\t\t\t<p>\n\t\t\t\t\t\t<span class=\"b-metas-title-content__content-first\">Yhdistys j\u00e4rjest\u00e4\u00e4 Valojahti-tapahtuman Pikku-Vesij\u00e4rven puistossa 4.11. klo 17\u201319.30!<br \/>\r<\/span>\n\t\t\t\t\t\t<span class=\"b-metas-title-content__content-last\">\n<br \/>\r\nLahden Seudun Kehitysvammaisten Tuki ry:n maskotti Otus on kadottanut laukkunsa sis\u00e4ll\u00f6n puistoon. Tule auttamaan Otusta etsim\u00e4\u00e4n kadonneet tavarat. Ota oma taskulamppu mukaan! <br \/>\r\n<br \/>\r\nMukana my\u00f6s:<br \/>\r\n<br \/>\r\nSUPER teatterin esiintyv\u00e4n ryhm\u00e4n valaistu merenalainen kulkue, joka kiert\u00e4\u00e4 Pikku-Veskua ymp\u00e4ri klo 17 &#8211; 18. Kulkueessa on mukana musiikkia ja valoja, toteuttajina esiintyv\u00e4n ryhm\u00e4n lapset ohjaajien Emilia ja Tero Poralin johdolla.<br \/>\r\n<br \/>\r\nSEK\u00c4<br \/>\r\n<br \/>\r\nSirkusakrobaatti Mika Sepp\u00e4l\u00e4n valoshow led-valosauvan kanssa. Mika esitt\u00e4\u00e4 valoshown useaan otteeseen illan aikana.<\/span>\n\t\t\t\t\t<\/p>\n\n\t\t\t\t\t\n\t\t\t\t\t<div class=\"b-metas-title-content__content-readmore\">\n\t\t\t\t\t\t<button class=\"b-readmore-button\" aria-expanded=\"false\">\n\t<span class=\"screen-reader-text\">Lue lis\u00e4\u00e4<\/span>\n<\/button>\n\t\t\t\t\t<\/div>\n\t\t\t\t\t\t<\/div>\n\t<\/div>\n\t<\/div>\n<\/div>\n\t\t\t\t<\/div>\n\t\t\t\t\t\t\t<div class=\"gb-several-lifts__item\">\n\t\t\t\t\t\n<div class=\"b-lift-item\">\n\t<div class=\"b-lift-item__inner\">\n\t\t\t\t\t<img decoding=\"async\" class=\"b-lift-item__image\"\n\t\t\t     src=\"https:\/\/me.yrittajat.fi\/app\/uploads\/sites\/19\/2021\/10\/brandikuvat2018_kuva14_2048px.jpg\"\n\t\t\t     alt=\"\">\n\t\t\n\t\t\n<div class=\"b-metas-title-content\">\n\t\n\t\t\t<h3 class=\"b-metas-title-content__title b-metas-title-content__title--size-m\">\n\t\t\t\t\t\t\tLahden seurakuntayhtym\u00e4\t\t\t\t\t\t<\/h3>\n\t\n\t\t\t<h4 class=\"b-metas-title-content__subtitle\">Lahden seurakuntayhtym\u00e4 koostuu viidest\u00e4 evankelisluterilaisesta seurakunnasta: Keski-Lahden, Launeen, Joutj\u00e4rven, Nastolan ja Salpaussel\u00e4n seurakunnista.<\/h4>\n\t\n\t\t\t<div class=\"b-metas-title-content__content readmore-container\">\n\t\t\t\t\t\t\t\t<p>\n\t\t\t\t\t\t<span class=\"b-metas-title-content__content-first\">Valofestivaalin kunniaksi seurakunnat valaisevat ristinkirkon ikkunaristin sek\u00e4 Joutj\u00e4rven ja Launeen kirkkoja.<br \/>\r<\/span>\n\t\t\t\t\t\t<span class=\"b-metas-title-content__content-last\">\n<br \/>\r\nLahden seurakuntayhtym\u00e4<br \/>\r\nRistinkirkko, Kirkkokatu 4<br \/>\r\nJoutj\u00e4rven kirkko, Ilmarisentie 1<br \/>\r\nLauneen Kirkko, Tapparakatu 22<br \/>\r\n<br \/>\r\nwww.lahdenseurakunnat.fi<\/span>\n\t\t\t\t\t<\/p>\n\n\t\t\t\t\t\n\t\t\t\t\t<div class=\"b-metas-title-content__content-readmore\">\n\t\t\t\t\t\t<button class=\"b-readmore-button\" aria-expanded=\"false\">\n\t<span class=\"screen-reader-text\">Lue lis\u00e4\u00e4<\/span>\n<\/button>\n\t\t\t\t\t<\/div>\n\t\t\t\t\t\t<\/div>\n\t<\/div>\n\t<\/div>\n<\/div>\n\t\t\t\t<\/div>\n\t\t\t\t\t\t\t<div class=\"gb-several-lifts__item\">\n\t\t\t\t\t\n<div class=\"b-lift-item\">\n\t<div class=\"b-lift-item__inner\">\n\t\t\t\t\t<img decoding=\"async\" class=\"b-lift-item__image\"\n\t\t\t     src=\"https:\/\/me.yrittajat.fi\/app\/uploads\/sites\/19\/2021\/10\/brandikuvat2018_kuva14_2048px.jpg\"\n\t\t\t     alt=\"\">\n\t\t\n\t\t\n<div class=\"b-metas-title-content\">\n\t\n\t\t\t<h3 class=\"b-metas-title-content__title b-metas-title-content__title--size-m\">\n\t\t\t\t\t\t\tLahden Sibeliustalo\t\t\t\t\t\t<\/h3>\n\t\n\t\t\t<h4 class=\"b-metas-title-content__subtitle\">Lahden Sibeliustalo on yksi Lahden kauneimmista rakennuksista. Sibeliustalossa on koko festivaalin ajan v\u00e4rivalaistus p\u00e4\u00e4ll\u00e4. Joka ilta klo 18-23 valaistuksessa tapahtuu puolen tunnin v\u00e4lein viiden minuutin ajan efektej\u00e4, esim. klo 18, 18:30, 19 jne. Joka y\u00f6 klo 00 valaistuksen v\u00e4ri vaihtuu seuraavan p\u00e4iv\u00e4n v\u00e4riteemaan.<\/h4>\n\t\n\t\t\t<div class=\"b-metas-title-content__content readmore-container\">\n\t\t\t\t\t\t\t\t<p>\n\t\t\t\t\t\t<span class=\"b-metas-title-content__content-first\">Joka p\u00e4iv\u00e4lle on hieman oma v\u00e4riteemansa. V\u00e4riteemat menev\u00e4t seuraavasti:<br \/>\r<\/span>\n\t\t\t\t\t\t<span class=\"b-metas-title-content__content-last\">\nLa 10.10. Sininen<br \/>\r\nSu 11.10. Magenta<br \/>\r\nMa 12.10. Oranssi<br \/>\r\nTi 13.10. Vaaleansininen<br \/>\r\nKe 14.10. Vihre\u00e4<br \/>\r\nTo 15.10. Vaaleanpunainen<br \/>\r\nPe 16.10. Tummanpunainen<br \/>\r\nLa 17.10. Sininen<br \/>\r\n<br \/>\r\nKOKO Lahti Oy<br \/>\r\nLahden Sibeliustalo<br \/>\r\nAnkkurikatu 7, 15140 Lahti<br \/>\r\nhttps:\/\/www.sibeliustalo.fi\/<\/span>\n\t\t\t\t\t<\/p>\n\n\t\t\t\t\t\n\t\t\t\t\t<div class=\"b-metas-title-content__content-readmore\">\n\t\t\t\t\t\t<button class=\"b-readmore-button\" aria-expanded=\"false\">\n\t<span class=\"screen-reader-text\">Lue lis\u00e4\u00e4<\/span>\n<\/button>\n\t\t\t\t\t<\/div>\n\t\t\t\t\t\t<\/div>\n\t<\/div>\n\t<\/div>\n<\/div>\n\t\t\t\t<\/div>\n\t\t\t\n\t\t<\/div>\n\t<\/section>\n\n\n\n\n\t<section id=\"gb-several-lifts-block_6166dbeadd6db\"\n\t         class=\"gb-several-lifts gb-several-lifts-block_6166dbeadd6db\">\n\t\t<div class=\"gb-several-lifts__row\">\n\n\t\t\t\t\t\t\t<div class=\"gb-several-lifts__item\">\n\t\t\t\t\t\n<div class=\"b-lift-item\">\n\t<div class=\"b-lift-item__inner\">\n\t\t\t\t\t<img decoding=\"async\" class=\"b-lift-item__image\"\n\t\t\t     src=\"https:\/\/me.yrittajat.fi\/app\/uploads\/sites\/19\/2021\/10\/brandikuvat2018_kuva14_2048px.jpg\"\n\t\t\t     alt=\"\">\n\t\t\n\t\t\n<div class=\"b-metas-title-content\">\n\t\n\t\t\t<h3 class=\"b-metas-title-content__title b-metas-title-content__title--size-m\">\n\t\t\t\t\t\t\tLahden Yritt\u00e4j\u00e4t\t\t\t\t\t\t<\/h3>\n\t\n\t\t\t<h4 class=\"b-metas-title-content__subtitle\">Lahden Yritt\u00e4jien kierr\u00e4tyshenkinen valotaideteos on koottu eri mainosvalokirjaimista hauskaksi sein\u00e4ksi. T\u00e4h\u00e4n teokseen p\u00e4\u00e4set tutustumaan Lahden torilla.<\/h4>\n\t\n\t\t\t<div class=\"b-metas-title-content__content readmore-container\">\n\t\t\t\t\t\t\t<p>Lahden Yritt\u00e4j\u00e4t<br \/>\r\nwww.yrittajat.fi\/lahti<\/p>\n\n\t\t\t\t\t\t<\/div>\n\t<\/div>\n\t<\/div>\n<\/div>\n\t\t\t\t<\/div>\n\t\t\t\t\t\t\t<div class=\"gb-several-lifts__item\">\n\t\t\t\t\t\n<div class=\"b-lift-item\">\n\t<div class=\"b-lift-item__inner\">\n\t\t\t\t\t<img decoding=\"async\" class=\"b-lift-item__image\"\n\t\t\t     src=\"https:\/\/me.yrittajat.fi\/app\/uploads\/sites\/19\/2022\/08\/lastu-kirjastot_logo.png\"\n\t\t\t     alt=\"Lastu-kirjastojen logo\">\n\t\t\n\t\t\n<div class=\"b-metas-title-content\">\n\t\n\t\t\t<h3 class=\"b-metas-title-content__title b-metas-title-content__title--size-m\">\n\t\t\t\t\t\t\tLauneen kirjasto\t\t\t\t\t\t<\/h3>\n\t\n\t\t\t<h4 class=\"b-metas-title-content__subtitle\">Launeen kirjasto on Lahden kaupungin l\u00e4hikirjasto Launeen kaupunginosassa.<\/h4>\n\t\n\t\t\t<div class=\"b-metas-title-content__content readmore-container\">\n\t\t\t\t\t\t\t<p>Taskulampun valossa -tapahtuma saa jatkoa my\u00f6s 2022!<br \/>\r\n<br \/>\r\n\u2022<br \/>\r\nLauneen kirjasto | Lahden kaupunginkirjasto<br \/>\r\nAurakatu 11<br \/>\r\n15610 Lahti<br \/>\r\n<br \/>\r\nhttps:\/\/lastu.finna.fi\/OrganisationInfo#85292<\/p>\n\n\t\t\t\t\t\t<\/div>\n\t<\/div>\n\t<\/div>\n<\/div>\n\t\t\t\t<\/div>\n\t\t\t\t\t\t\t<div class=\"gb-several-lifts__item\">\n\t\t\t\t\t\n<div class=\"b-lift-item\">\n\t<div class=\"b-lift-item__inner\">\n\t\t\t\t\t<img decoding=\"async\" class=\"b-lift-item__image\"\n\t\t\t     src=\"https:\/\/me.yrittajat.fi\/app\/uploads\/sites\/19\/2022\/08\/lsk_logo.png\"\n\t\t\t     alt=\"LSK:n logo\">\n\t\t\n\t\t\n<div class=\"b-metas-title-content\">\n\t\n\t\t\t<h3 class=\"b-metas-title-content__title b-metas-title-content__title--size-m\">\n\t\t\t\t\t\t\tLSK\t\t\t\t\t\t<\/h3>\n\t\n\t\t\t<h4 class=\"b-metas-title-content__subtitle\">LSK Group on talo- ja teollisuustekniikan asiantuntijayritys, joka keskittyy tuottamaan \u00e4lykk\u00e4it\u00e4, energiatehokkaita ratkaisuja sek\u00e4 uusia innovaatioita asiakkaidensa nykyisiin ja tulevaisuuden tarpeisiin. Vuonna 1930 perustetussa perheyhti\u00f6ss\u00e4 ty\u00f6skentelee l\u00e4hes 300 teknisten alojen asiantuntijaa.<\/h4>\n\t\n\t\t\t<div class=\"b-metas-title-content__content readmore-container\">\n\t\t\t\t\t\t\t<p>LSK Group Oy<br \/>\r\nVesij\u00e4rvenkatu 38<br \/>\r\n15140 Lahti<br \/>\r\n<br \/>\r\nhttps:\/\/www.lsk.fi\/<\/p>\n\n\t\t\t\t\t\t<\/div>\n\t<\/div>\n\t<\/div>\n<\/div>\n\t\t\t\t<\/div>\n\t\t\t\n\t\t<\/div>\n\t<\/section>\n\n\n\n\n\t<section id=\"gb-several-lifts-block_6166dc6050274\"\n\t         class=\"gb-several-lifts gb-several-lifts-block_6166dc6050274\">\n\t\t<div class=\"gb-several-lifts__row\">\n\n\t\t\t\t\t\t\t<div class=\"gb-several-lifts__item\">\n\t\t\t\t\t\n<div class=\"b-lift-item\">\n\t<div class=\"b-lift-item__inner\">\n\t\t\t\t\t<img decoding=\"async\" class=\"b-lift-item__image\"\n\t\t\t     src=\"https:\/\/me.yrittajat.fi\/app\/uploads\/sites\/19\/2022\/08\/luhta_logo.png\"\n\t\t\t     alt=\"Luhdan logo\">\n\t\t\n\t\t\n<div class=\"b-metas-title-content\">\n\t\n\t\t\t<h3 class=\"b-metas-title-content__title b-metas-title-content__title--size-m\">\n\t\t\t\t\t\t\tLuhta Sportswear Company\t\t\t\t\t\t<\/h3>\n\t\n\t\t\t<h4 class=\"b-metas-title-content__subtitle\">Luhta on sukuyritys, joka on perustettu vuonna 1907 Lahdessa, jossa edelleen sijaitsee yrityksen p\u00e4\u00e4konttori. Luhta on yksi suurimmista tekstiilialan yrityksist\u00e4 Pohjoismaissa.<\/h4>\n\t\n\t\t\t<div class=\"b-metas-title-content__content readmore-container\">\n\t\t\t\t\t\t\t<p>Luhta Torni valaistaan viikon ajaksi vaihtuvin v\u00e4rein.<br \/>\r\n\u2022<br \/>\r\nLuhta Sportswear Company<br \/>\r\nTiilim\u00e4enkatu 9<br \/>\r\n15680 Lahti<br \/>\r\n<br \/>\r\nhttps:\/\/www.luhtasportswearcompany.fi<\/p>\n\n\t\t\t\t\t\t<\/div>\n\t<\/div>\n\t<\/div>\n<\/div>\n\t\t\t\t<\/div>\n\t\t\t\t\t\t\t<div class=\"gb-several-lifts__item\">\n\t\t\t\t\t\n<div class=\"b-lift-item\">\n\t<div class=\"b-lift-item__inner\">\n\t\t\t\t\t<img decoding=\"async\" class=\"b-lift-item__image\"\n\t\t\t     src=\"https:\/\/me.yrittajat.fi\/app\/uploads\/sites\/19\/2021\/10\/brandikuvat2018_kuva14_2048px.jpg\"\n\t\t\t     alt=\"\">\n\t\t\n\t\t\n<div class=\"b-metas-title-content\">\n\t\n\t\t\t<h3 class=\"b-metas-title-content__title b-metas-title-content__title--size-m\">\n\t\t\t\t\t\t\tLuhtikyl\u00e4n Nuorela ry\t\t\t\t\t\t<\/h3>\n\t\n\t\t\t<h4 class=\"b-metas-title-content__subtitle\">Luhtikyl\u00e4n Nuorela ry (entinen Luhtikyl\u00e4n nuorisoseura ry) j\u00e4rjest\u00e4\u00e4 harrastustoimintaa ja erilaisia tapahtumia alueen asukkaille. Yhdistys my\u00f6s yll\u00e4pit\u00e4\u00e4 ja vuokraa juhlatila Nuorelaa.<\/h4>\n\t\n\t\t\t<div class=\"b-metas-title-content__content readmore-container\">\n\t\t\t\t\t\t\t\t<p>\n\t\t\t\t\t\t<span class=\"b-metas-title-content__content-first\">Koska viel\u00e4 ei voi tehd\u00e4 j\u00e4\u00e4lyhtyj\u00e4, niin tehd\u00e4\u00e4n sitten kurpitsalyhtyj\u00e4! Tee kurpitsalyhty tai useampi ja tuo ne Nuorelan pihaan la 6.11. klo 16! Kurpitsat esill\u00e4 klo 16\u201319 ja eniten \u00e4\u00e4ni\u00e4 saanut palkitaan. Nuorelassa samaan aikaan<\/span>\n\t\t\t\t\t\t<span class=\"b-metas-title-content__content-last\"> nuorten pit\u00e4m\u00e4 Halloween-kahvila, varaa k\u00e4teist\u00e4 mukaan. Tapahtuma l\u00f6ytyy my\u00f6s Facebookista.<br \/>\r\n<br \/>\r\nLuhtikyl\u00e4n Nuorela ry<br \/>\r\nKeiturintie 56<br \/>\r\n16510 Luhtikyl\u00e4<br \/>\r\n<br \/>\r\nnuorela.webs.com<br \/>\r\nluhtikylannuorelary.webs.com<\/span>\n\t\t\t\t\t<\/p>\n\n\t\t\t\t\t\n\t\t\t\t\t<div class=\"b-metas-title-content__content-readmore\">\n\t\t\t\t\t\t<button class=\"b-readmore-button\" aria-expanded=\"false\">\n\t<span class=\"screen-reader-text\">Lue lis\u00e4\u00e4<\/span>\n<\/button>\n\t\t\t\t\t<\/div>\n\t\t\t\t\t\t<\/div>\n\t<\/div>\n\t<\/div>\n<\/div>\n\t\t\t\t<\/div>\n\t\t\t\t\t\t\t<div class=\"gb-several-lifts__item\">\n\t\t\t\t\t\n<div class=\"b-lift-item\">\n\t<div class=\"b-lift-item__inner\">\n\t\t\t\t\t<img decoding=\"async\" class=\"b-lift-item__image\"\n\t\t\t     src=\"https:\/\/me.yrittajat.fi\/app\/uploads\/sites\/19\/2021\/10\/brandikuvat2018_kuva14_2048px.jpg\"\n\t\t\t     alt=\"\">\n\t\t\n\t\t\n<div class=\"b-metas-title-content\">\n\t\n\t\t\t<h3 class=\"b-metas-title-content__title b-metas-title-content__title--size-m\">\n\t\t\t\t\t\t\tL\u00e4nsi-Orimattilan p\u00e4iv\u00e4koti\t\t\t\t\t\t<\/h3>\n\t\n\t\t\t<h4 class=\"b-metas-title-content__subtitle\">L\u00e4nsi-Orimattilan p\u00e4iv\u00e4koti osallistuu esittelem\u00e4ll\u00e4 ikkunoissaan lasten tekemi\u00e4 ITE-valotaideteoksia 4.\u20137.11.<\/h4>\n\t\n\t\t\t<div class=\"b-metas-title-content__content readmore-container\">\n\t\t\t\t\t\t\t<p>L\u00e4nsi-Orimattilan p\u00e4iv\u00e4koti<br \/>\r\nSahramikatu 14<br \/>\r\n16510 Orimattila<br \/>\r\n<br \/>\r\npeda.net\/orimattila\/v\/pl7\/pl\/lkl\/lpl<\/p>\n\n\t\t\t\t\t\t<\/div>\n\t<\/div>\n\t<\/div>\n<\/div>\n\t\t\t\t<\/div>\n\t\t\t\n\t\t<\/div>\n\t<\/section>\n\n\n\n\n\t<section id=\"gb-several-lifts-block_6166dc7e50275\"\n\t         class=\"gb-several-lifts gb-several-lifts-block_6166dc7e50275\">\n\t\t<div class=\"gb-several-lifts__row\">\n\n\t\t\t\t\t\t\t<div class=\"gb-several-lifts__item\">\n\t\t\t\t\t\n<div class=\"b-lift-item\">\n\t<div class=\"b-lift-item__inner\">\n\t\t\t\t\t<img decoding=\"async\" class=\"b-lift-item__image\"\n\t\t\t     src=\"https:\/\/me.yrittajat.fi\/app\/uploads\/sites\/19\/2021\/10\/brandikuvat2018_kuva14_2048px.jpg\"\n\t\t\t     alt=\"\">\n\t\t\n\t\t\n<div class=\"b-metas-title-content\">\n\t\n\t\t\t<h3 class=\"b-metas-title-content__title b-metas-title-content__title--size-m\">\n\t\t\t\t\t\t\tMalski\t\t\t\t\t\t<\/h3>\n\t\n\t\t\t<h4 class=\"b-metas-title-content__subtitle\">Made in Malski -neon taideteos<\/h4>\n\t\n\t\t\t<div class=\"b-metas-title-content__content readmore-container\">\n\t\t\t\t\t\t\t\t<p>\n\t\t\t\t\t\t<span class=\"b-metas-title-content__content-first\">Suunnittelu: Kuudes Helsinki, Juuso Salakka<br \/>\r<\/span>\n\t\t\t\t\t\t<span class=\"b-metas-title-content__content-last\">\nToteutus: Neoneffect Oy &amp; Valopalkki Oy<br \/>\r\nTilaaja: KOY Lahden Panimo, Malski<br \/>\r\nValmistumisvuosi: 2020<br \/>\r\n<br \/>\r\nN\u00e4ht\u00e4vill\u00e4 Malskin p\u00e4\u00e4aulassa, P\u00e4ij\u00e4nteenkatu 9, 15140 Lahti<br \/>\r\n<br \/>\r\nMa\u2013to klo 9\u201318<br \/>\r\nPe klo 9\u201320<br \/>\r\nLa klo 10\u201320<br \/>\r\nSu suljettu<br \/>\r\n<br \/>\r\nMalski<br \/>\r\nP\u00e4ij\u00e4nteenkatu 9<br \/>\r\n15140 Lahti<br \/>\r\n<br \/>\r\nwww.malski.fi<\/span>\n\t\t\t\t\t<\/p>\n\n\t\t\t\t\t\n\t\t\t\t\t<div class=\"b-metas-title-content__content-readmore\">\n\t\t\t\t\t\t<button class=\"b-readmore-button\" aria-expanded=\"false\">\n\t<span class=\"screen-reader-text\">Lue lis\u00e4\u00e4<\/span>\n<\/button>\n\t\t\t\t\t<\/div>\n\t\t\t\t\t\t<\/div>\n\t<\/div>\n\t<\/div>\n<\/div>\n\t\t\t\t<\/div>\n\t\t\t\t\t\t\t<div class=\"gb-several-lifts__item\">\n\t\t\t\t\t\n<div class=\"b-lift-item\">\n\t<div class=\"b-lift-item__inner\">\n\t\t\t\t\t<img decoding=\"async\" class=\"b-lift-item__image\"\n\t\t\t     src=\"https:\/\/me.yrittajat.fi\/app\/uploads\/sites\/19\/2021\/10\/brandikuvat2018_kuva14_2048px.jpg\"\n\t\t\t     alt=\"\">\n\t\t\n\t\t\n<div class=\"b-metas-title-content\">\n\t\n\t\t\t<h3 class=\"b-metas-title-content__title b-metas-title-content__title--size-m\">\n\t\t\t\t\t\t\tMariMari\t\t\t\t\t\t<\/h3>\n\t\n\t\t\t<h4 class=\"b-metas-title-content__subtitle\">MariMarin myym\u00e4l\u00e4n ikkunat Rautatienkadulla Lahdessa valaistut.<\/h4>\n\t\n\t\t\t<div class=\"b-metas-title-content__content readmore-container\">\n\t\t\t\t\t\t\t<p>MariMari<br \/>\r\nRautatienkatu 18, Lahti<br \/>\r\nwww.marimari.fi<\/p>\n\n\t\t\t\t\t\t<\/div>\n\t<\/div>\n\t<\/div>\n<\/div>\n\t\t\t\t<\/div>\n\t\t\t\t\t\t\t<div class=\"gb-several-lifts__item\">\n\t\t\t\t\t\n<div class=\"b-lift-item\">\n\t<div class=\"b-lift-item__inner\">\n\t\t\t\t\t<img decoding=\"async\" class=\"b-lift-item__image\"\n\t\t\t     src=\"https:\/\/me.yrittajat.fi\/app\/uploads\/sites\/19\/2022\/08\/melupalvelu_logo.png\"\n\t\t\t     alt=\"Melupalvelun logo\">\n\t\t\n\t\t\n<div class=\"b-metas-title-content\">\n\t\n\t\t\t<h3 class=\"b-metas-title-content__title b-metas-title-content__title--size-m\">\n\t\t\t\t\t\t\tMelupalvelu\t\t\t\t\t\t<\/h3>\n\t\n\t\t\t<h4 class=\"b-metas-title-content__subtitle\">T\u00e4yden palvelun tapahtumatuotantoa yli 20 vuoden ja tuhansien tapahtumien kokemuksella.<\/h4>\n\t\n\t\t\t<div class=\"b-metas-title-content__content readmore-container\">\n\t\t\t\t\t\t\t<p>Pyh\u00e4tt\u00f6m\u00e4n omakotiyhdistys ja Melupalvelu toteuttavat Pyh\u00e4tt\u00f6m\u00e4n alueella valoteoksen.<br \/>\r\n<br \/>\r\nMelupalvelu<br \/>\r\n<br \/>\r\nhttp:\/\/www.melupalvelu.com\/ <\/p>\n\n\t\t\t\t\t\t<\/div>\n\t<\/div>\n\t<\/div>\n<\/div>\n\t\t\t\t<\/div>\n\t\t\t\n\t\t<\/div>\n\t<\/section>\n\n\n\n\n\t<section id=\"gb-several-lifts-block_6166dc8e50276\"\n\t         class=\"gb-several-lifts gb-several-lifts-block_6166dc8e50276\">\n\t\t<div class=\"gb-several-lifts__row\">\n\n\t\t\t\t\t\t\t<div class=\"gb-several-lifts__item\">\n\t\t\t\t\t\n<div class=\"b-lift-item\">\n\t<div class=\"b-lift-item__inner\">\n\t\t\t\t\t<img decoding=\"async\" class=\"b-lift-item__image\"\n\t\t\t     src=\"https:\/\/me.yrittajat.fi\/app\/uploads\/sites\/19\/2022\/08\/musiikkimarakatti_logo.png\"\n\t\t\t     alt=\"Musiikkileikkikoulu Musiikkimarakatin logo\">\n\t\t\n\t\t\n<div class=\"b-metas-title-content\">\n\t\n\t\t\t<h3 class=\"b-metas-title-content__title b-metas-title-content__title--size-m\">\n\t\t\t\t\t\t\tMusiikkileikkikoulu Musiikkimarakatti\t\t\t\t\t\t<\/h3>\n\t\n\t\t\t<h4 class=\"b-metas-title-content__subtitle\">Taiteen Perusopetusta antava musiikkileikkikoulumme on toiminut Lahdessa yli 34 vuotta.<\/h4>\n\t\n\t\t\t<div class=\"b-metas-title-content__content readmore-container\">\n\t\t\t\t\t\t\t<p>Musiikkileikkikoulu Musiikkimarakatti<br \/>\r\nP\u00e4ij\u00e4nteenkatu 17<br \/>\r\n15140 Lahti<br \/>\r\n<br \/>\r\nhttps:\/\/musiikkimarakatti.fi\/<\/p>\n\n\t\t\t\t\t\t<\/div>\n\t<\/div>\n\t<\/div>\n<\/div>\n\t\t\t\t<\/div>\n\t\t\t\t\t\t\t<div class=\"gb-several-lifts__item\">\n\t\t\t\t\t\n<div class=\"b-lift-item\">\n\t<div class=\"b-lift-item__inner\">\n\t\t\t\t\t<img decoding=\"async\" class=\"b-lift-item__image\"\n\t\t\t     src=\"https:\/\/me.yrittajat.fi\/app\/uploads\/sites\/19\/2021\/10\/brandikuvat2018_kuva14_2048px.jpg\"\n\t\t\t     alt=\"\">\n\t\t\n\t\t\n<div class=\"b-metas-title-content\">\n\t\n\t\t\t<h3 class=\"b-metas-title-content__title b-metas-title-content__title--size-m\">\n\t\t\t\t\t\t\tNeste Oil Taukotuuli\t\t\t\t\t\t<\/h3>\n\t\n\t\t\t<h4 class=\"b-metas-title-content__subtitle\">V\u00e4\u00e4ksyntien varrella sijaitseva 24h aukioleva Suomen ensimm\u00e4inen liikennemyym\u00e4l\u00e4 Neste Oil Taukotuuli valaisee oman kiinteist\u00f6ns\u00e4 Valofestivaalin ajaksi.<\/h4>\n\t\n\t\t\t<div class=\"b-metas-title-content__content readmore-container\">\n\t\t\t\t\t\t\t<p>Neste Oil Taukotuuli<br \/>\r\nMerrasj\u00e4rvenkatu 1, 15240 Lahti<br \/>\r\nwww.taukotuuli.fi\/<\/p>\n\n\t\t\t\t\t\t<\/div>\n\t<\/div>\n\t<\/div>\n<\/div>\n\t\t\t\t<\/div>\n\t\t\t\t\t\t\t<div class=\"gb-several-lifts__item\">\n\t\t\t\t\t\n<div class=\"b-lift-item\">\n\t<div class=\"b-lift-item__inner\">\n\t\t\t\t\t<img decoding=\"async\" class=\"b-lift-item__image\"\n\t\t\t     src=\"https:\/\/me.yrittajat.fi\/app\/uploads\/sites\/19\/2022\/08\/op_paijat-hame_logo.png\"\n\t\t\t     alt=\"OP P\u00e4ij\u00e4t-H\u00e4meen logo\">\n\t\t\n\t\t\n<div class=\"b-metas-title-content\">\n\t\n\t\t\t<h3 class=\"b-metas-title-content__title b-metas-title-content__title--size-m\">\n\t\t\t\t\t\t\tOP P\u00e4ij\u00e4t-H\u00e4me\t\t\t\t\t\t<\/h3>\n\t\n\t\t\t<h4 class=\"b-metas-title-content__subtitle\">P\u00e4ij\u00e4t-H\u00e4meen Osuuspankki on OP Ryhm\u00e4n suurimpia osuuspankkeja, jonka toimialueeseen kuuluvat Lahden ja Heinolan kaupungit sek\u00e4 Hollolan ja Iitin kunnat. Tervetuloa pankkiin, jolle olet aidosti t\u00e4rke\u00e4 asiakas!<\/h4>\n\t\n\t\t\t<div class=\"b-metas-title-content__content readmore-container\">\n\t\t\t\t\t\t\t<p>OP P\u00e4ij\u00e4t-H\u00e4me tuo Trion ensimm\u00e4iseen kerrokseen heijastinpuun. N\u00e4y pimeydess\u00e4!<br \/>\r\n<br \/>\r\nOP P\u00e4ij\u00e4t-H\u00e4me<br \/>\r\nAleksanterinkatu 20<br \/>\r\n15140 Lahti<br \/>\r\n<br \/>\r\nhttps:\/\/www.op.fi\/web\/op-paijat-hame\/etusivu<\/p>\n\n\t\t\t\t\t\t<\/div>\n\t<\/div>\n\t<\/div>\n<\/div>\n\t\t\t\t<\/div>\n\t\t\t\n\t\t<\/div>\n\t<\/section>\n\n\n\n\n\t<section id=\"gb-several-lifts-block_6166dc9750278\"\n\t         class=\"gb-several-lifts gb-several-lifts-block_6166dc9750278\">\n\t\t<div class=\"gb-several-lifts__row\">\n\n\t\t\t\t\t\t\t<div class=\"gb-several-lifts__item\">\n\t\t\t\t\t\n<div class=\"b-lift-item\">\n\t<div class=\"b-lift-item__inner\">\n\t\t\t\t\t<img decoding=\"async\" class=\"b-lift-item__image\"\n\t\t\t     src=\"https:\/\/me.yrittajat.fi\/app\/uploads\/sites\/19\/2021\/10\/brandikuvat2018_kuva14_2048px.jpg\"\n\t\t\t     alt=\"\">\n\t\t\n\t\t\n<div class=\"b-metas-title-content\">\n\t\n\t\t\t<h3 class=\"b-metas-title-content__title b-metas-title-content__title--size-m\">\n\t\t\t\t\t\t\tOpiston Kunkku\t\t\t\t\t\t<\/h3>\n\t\n\t\t\t<h4 class=\"b-metas-title-content__subtitle\">Tunnelmallinen kahvila-ravintola Lahden kaupunginsairaalan kupeessa valaistuna tapahtuman ajan. <\/h4>\n\t\n\t\t\t<div class=\"b-metas-title-content__content readmore-container\">\n\t\t\t\t\t\t\t<p>Opiston Kunkku<br \/>\r\nLahden kaupunginsairaala<br \/>\r\nHarjukatu 46, 15100 Lahti<br \/>\r\nwww.opistonkunkku.com<\/p>\n\n\t\t\t\t\t\t<\/div>\n\t<\/div>\n\t<\/div>\n<\/div>\n\t\t\t\t<\/div>\n\t\t\t\t\t\t\t<div class=\"gb-several-lifts__item\">\n\t\t\t\t\t\n<div class=\"b-lift-item\">\n\t<div class=\"b-lift-item__inner\">\n\t\t\t\t\t<img decoding=\"async\" class=\"b-lift-item__image\"\n\t\t\t     src=\"https:\/\/me.yrittajat.fi\/app\/uploads\/sites\/19\/2021\/10\/brandikuvat2018_kuva14_2048px.jpg\"\n\t\t\t     alt=\"\">\n\t\t\n\t\t\n<div class=\"b-metas-title-content\">\n\t\n\t\t\t<h3 class=\"b-metas-title-content__title b-metas-title-content__title--size-m\">\n\t\t\t\t\t\t\tOrimattilan Asunnot\t\t\t\t\t\t<\/h3>\n\t\n\t\t\t<h4 class=\"b-metas-title-content__subtitle\">Orimattilan Asunnot on Orimattilan kau\u00adpun\u00adgin omis\u00adta\u00adma kiin\u00adteis\u00adt\u00f6yh\u00adti\u00f6, joka tarjoaa asiak\u00adkail\u00adleen koh\u00adtuu\u00adhin\u00adtai\u00adsia ja laa\u00adduk\u00adkai\u00adta vuok\u00adra-asun\u00adto\u00adja ker\u00adros-, ri\u00advi- ja pien\u00adta\u00adlois\u00adta Orimattilan alueelta.<\/h4>\n\t\n\t\t\t<div class=\"b-metas-title-content__content readmore-container\">\n\t\t\t\t\t\t\t\t<p>\n\t\t\t\t\t\t<span class=\"b-metas-title-content__content-first\">P\u00e4ij\u00e4t-H\u00e4meen Valofestivaalien kunniaksi Orimattilan Asunnot tuo valaistusta kahteen eri sijaintiin: legendaarisille Oriontorneille Oriontie 3:n kiinteist\u00f6\u00f6n sek\u00e4 Erkontie 11:ss\u00e4 sijaitseviin toimitiloihin.<br \/>\r<\/span>\n\t\t\t\t\t\t<span class=\"b-metas-title-content__content-last\">\n<br \/>\r\nOrimattilan Asunnot<br \/>\r\nErkontie 11<br \/>\r\n16300 Orimattila<br \/>\r\n<br \/>\r\nwww.orimattilanasunnot.fi<\/span>\n\t\t\t\t\t<\/p>\n\n\t\t\t\t\t\n\t\t\t\t\t<div class=\"b-metas-title-content__content-readmore\">\n\t\t\t\t\t\t<button class=\"b-readmore-button\" aria-expanded=\"false\">\n\t<span class=\"screen-reader-text\">Lue lis\u00e4\u00e4<\/span>\n<\/button>\n\t\t\t\t\t<\/div>\n\t\t\t\t\t\t<\/div>\n\t<\/div>\n\t<\/div>\n<\/div>\n\t\t\t\t<\/div>\n\t\t\t\t\t\t\t<div class=\"gb-several-lifts__item\">\n\t\t\t\t\t\n<div class=\"b-lift-item\">\n\t<div class=\"b-lift-item__inner\">\n\t\t\t\t\t<img decoding=\"async\" class=\"b-lift-item__image\"\n\t\t\t     src=\"https:\/\/me.yrittajat.fi\/app\/uploads\/sites\/19\/2021\/10\/brandikuvat2018_kuva14_2048px.jpg\"\n\t\t\t     alt=\"\">\n\t\t\n\t\t\n<div class=\"b-metas-title-content\">\n\t\n\t\t\t<h3 class=\"b-metas-title-content__title b-metas-title-content__title--size-m\">\n\t\t\t\t\t\t\tOrimattilan kaupunki\t\t\t\t\t\t<\/h3>\n\t\n\t\t\t<h4 class=\"b-metas-title-content__subtitle\">Koko perheen ITE-valotaidefestarilla Orimattilan keskustassa on kolmen kilometrin k\u00e4velyreitti t\u00e4ynn\u00e4 syksyll\u00e4 j\u00e4rjestettyjen ITE-valotaidety\u00f6pajoen sek\u00e4 valotaiteilijoiden t\u00f6it\u00e4 4.\u20137.11.2021.<\/h4>\n\t\n\t\t\t<div class=\"b-metas-title-content__content readmore-container\">\n\t\t\t\t\t\t\t\t<p>\n\t\t\t\t\t\t<span class=\"b-metas-title-content__content-first\">Tapahtuman p\u00e4\u00e4j\u00e4rjest\u00e4j\u00e4n\u00e4 on Orimattilan kaupungin kirjasto-, kulttuuri- ja museopalvelut. Yhteisty\u00f6kumppaneina tapahtumassa ovat Orimattilan varhaiskasvatuspalvelut, opetuspalvelut, nuorisopalvelut, hyvinvointip\u00e4\u00e4llikk\u00f6, liikuntapalvelut,<\/span>\n\t\t\t\t\t\t<span class=\"b-metas-title-content__content-last\"> kaavoitusyksikk\u00f6 (liikkumisen ohjauksen projekti), elinvoima- ja tekniset palvelut, Orimattilan vesiyhti\u00f6, Orimattilan seurakunta, Pullomuseo, GreenLahti2021, Orimattilan yritt\u00e4j\u00e4t, Orimattilan taideyhdistys, MLL, Orimattilan yhdistys ry, Wellamo-opisto sek\u00e4 Asunto-osakeyhti\u00f6 Koivu-Hovin asukkaat ja osakkaat.<br \/>\r\n<br \/>\r\nTapahtuma l\u00f6ytyy my\u00f6s Facebookista.<br \/>\r\n<br \/>\r\nOrimattilan kaupunki<br \/>\r\nwww.orimattila.fi<\/span>\n\t\t\t\t\t<\/p>\n\n\t\t\t\t\t\n\t\t\t\t\t<div class=\"b-metas-title-content__content-readmore\">\n\t\t\t\t\t\t<button class=\"b-readmore-button\" aria-expanded=\"false\">\n\t<span class=\"screen-reader-text\">Lue lis\u00e4\u00e4<\/span>\n<\/button>\n\t\t\t\t\t<\/div>\n\t\t\t\t\t\t<\/div>\n\t<\/div>\n\t<\/div>\n<\/div>\n\t\t\t\t<\/div>\n\t\t\t\n\t\t<\/div>\n\t<\/section>\n\n\n\n\n\t<section id=\"gb-several-lifts-block_6166dc9d5027a\"\n\t         class=\"gb-several-lifts gb-several-lifts-block_6166dc9d5027a\">\n\t\t<div class=\"gb-several-lifts__row\">\n\n\t\t\t\t\t\t\t<div class=\"gb-several-lifts__item\">\n\t\t\t\t\t\n<div class=\"b-lift-item\">\n\t<div class=\"b-lift-item__inner\">\n\t\t\t\t\t<img decoding=\"async\" class=\"b-lift-item__image\"\n\t\t\t     src=\"https:\/\/me.yrittajat.fi\/app\/uploads\/sites\/19\/2021\/10\/brandikuvat2018_kuva14_2048px.jpg\"\n\t\t\t     alt=\"\">\n\t\t\n\t\t\n<div class=\"b-metas-title-content\">\n\t\n\t\t\t<h3 class=\"b-metas-title-content__title b-metas-title-content__title--size-m\">\n\t\t\t\t\t\t\tOrimattilan seurakunta\t\t\t\t\t\t<\/h3>\n\t\n\t\t\t<h4 class=\"b-metas-title-content__subtitle\">Koko perheen ITE-valotaidefestarilla Orimattilan keskustassa on kolmen kilometrin k\u00e4velyreitti t\u00e4ynn\u00e4 syksyll\u00e4 j\u00e4rjestettyjen ITE-valotaidety\u00f6pajoen sek\u00e4 valotaiteilijoiden t\u00f6it\u00e4 4.\u20137.11.2021.<\/h4>\n\t\n\t\t\t<div class=\"b-metas-title-content__content readmore-container\">\n\t\t\t\t\t\t\t\t<p>\n\t\t\t\t\t\t<span class=\"b-metas-title-content__content-first\">Tapahtuman p\u00e4\u00e4j\u00e4rjest\u00e4j\u00e4n\u00e4 on Orimattilan kaupungin kirjasto-, kulttuuri- ja museopalvelut. Yhteisty\u00f6kumppaneina Orimattilan seurakunta, Orimattilan varhaiskasvatuspalvelut, opetuspalvelut, nuorisopalvelut, hyvinvointip\u00e4\u00e4llikk\u00f6,<\/span>\n\t\t\t\t\t\t<span class=\"b-metas-title-content__content-last\"> liikuntapalvelut, kaavoitusyksikk\u00f6 (liikkumisen ohjauksen projekti), elinvoima- ja tekniset palvelut, Orimattilan vesiyhti\u00f6, Pullomuseo, GreenLahti2021, Orimattilan yritt\u00e4j\u00e4t, Orimattilan taideyhdistys, MLL, Orimattilan yhdistys ry, Wellamo-opisto sek\u00e4 Asunto-osakeyhti\u00f6 Koivu-Hovin asukkaat ja osakkaat.<br \/>\r\n<br \/>\r\nTapahtuma l\u00f6ytyy my\u00f6s Facebookista.<br \/>\r\n<br \/>\r\nOrimattilan seurakunta<br \/>\r\nwww.orimattilanseurakunta.fi<\/span>\n\t\t\t\t\t<\/p>\n\n\t\t\t\t\t\n\t\t\t\t\t<div class=\"b-metas-title-content__content-readmore\">\n\t\t\t\t\t\t<button class=\"b-readmore-button\" aria-expanded=\"false\">\n\t<span class=\"screen-reader-text\">Lue lis\u00e4\u00e4<\/span>\n<\/button>\n\t\t\t\t\t<\/div>\n\t\t\t\t\t\t<\/div>\n\t<\/div>\n\t<\/div>\n<\/div>\n\t\t\t\t<\/div>\n\t\t\t\t\t\t\t<div class=\"gb-several-lifts__item\">\n\t\t\t\t\t\n<div class=\"b-lift-item\">\n\t<div class=\"b-lift-item__inner\">\n\t\t\t\t\t<img decoding=\"async\" class=\"b-lift-item__image\"\n\t\t\t     src=\"https:\/\/me.yrittajat.fi\/app\/uploads\/sites\/19\/2021\/10\/brandikuvat2018_kuva14_2048px.jpg\"\n\t\t\t     alt=\"\">\n\t\t\n\t\t\n<div class=\"b-metas-title-content\">\n\t\n\t\t\t<h3 class=\"b-metas-title-content__title b-metas-title-content__title--size-m\">\n\t\t\t\t\t\t\tOrimattilan taidemuseo\t\t\t\t\t\t<\/h3>\n\t\n\t\t\t<h4 class=\"b-metas-title-content__subtitle\">Valotaiden\u00e4yttely Loistava pinta<\/h4>\n\t\n\t\t\t<div class=\"b-metas-title-content__content readmore-container\">\n\t\t\t\t\t\t\t\t<p>\n\t\t\t\t\t\t<span class=\"b-metas-title-content__content-first\">Valotaide-sana tuo mieleen kolmiulotteisuuden, tilateokset ja projisoinnit, mutta Loistava pinta -n\u00e4yttelyss\u00e4 korostuu kaksiulotteisuus ja perinteinen maalauksen suorakulma. Tavallaan n\u00e4yttelyn nimi on ristiriitainen, sill\u00e4 valo ei pysy pinnassa,<\/span>\n\t\t\t\t\t\t<span class=\"b-metas-title-content__content-last\"> vaan t\u00e4ytt\u00e4\u00e4 tilan joka tapauksessa.<br \/>\r\n\u2013 kuraattori Mia Kivinen<br \/>\r\n<br \/>\r\nSeitsem\u00e4n ammattivalotaiteilijan n\u00e4yttely: Mikko Juntura, Outi Martikainen, Anu Raatikainen, Anne Roininen, Alexander Salvesen, Jyrki Sinisalo, Markku Uimonen<br \/>\r\n<br \/>\r\nAvoinna<br \/>\r\nti\u2013ke klo 12\u201319<br \/>\r\nto\u2013pe klo 12\u201316<br \/>\r\nla\u2013su klo 11\u201315 <br \/>\r\n<br \/>\r\n4.\u20137.11. klo 18\u201321 taidemuseoon on vapaa p\u00e4\u00e4sy!<br \/>\r\n<br \/>\r\nOrimattilan taidemuseo<br \/>\r\nLahdentie 65<br \/>\r\n16300 Orimattila<br \/>\r\n<br \/>\r\nwww.orimattila.fi\/vapaa-aika\/taidemuseo<\/span>\n\t\t\t\t\t<\/p>\n\n\t\t\t\t\t\n\t\t\t\t\t<div class=\"b-metas-title-content__content-readmore\">\n\t\t\t\t\t\t<button class=\"b-readmore-button\" aria-expanded=\"false\">\n\t<span class=\"screen-reader-text\">Lue lis\u00e4\u00e4<\/span>\n<\/button>\n\t\t\t\t\t<\/div>\n\t\t\t\t\t\t<\/div>\n\t<\/div>\n\t<\/div>\n<\/div>\n\t\t\t\t<\/div>\n\t\t\t\t\t\t\t<div class=\"gb-several-lifts__item\">\n\t\t\t\t\t\n<div class=\"b-lift-item\">\n\t<div class=\"b-lift-item__inner\">\n\t\t\t\t\t<img decoding=\"async\" class=\"b-lift-item__image\"\n\t\t\t     src=\"https:\/\/me.yrittajat.fi\/app\/uploads\/sites\/19\/2021\/10\/brandikuvat2018_kuva14_2048px.jpg\"\n\t\t\t     alt=\"\">\n\t\t\n\t\t\n<div class=\"b-metas-title-content\">\n\t\n\t\t\t<h3 class=\"b-metas-title-content__title b-metas-title-content__title--size-m\">\n\t\t\t\t\t\t\tOrimattilan Vesi Oy\t\t\t\t\t\t<\/h3>\n\t\n\t\t\t<h4 class=\"b-metas-title-content__subtitle\">Koko perheen ITE-valotaidefestarilla Orimattilan keskustassa on kolmen kilometrin k\u00e4velyreitti t\u00e4ynn\u00e4 syksyll\u00e4 j\u00e4rjestettyjen ITE-valotaidety\u00f6pajoen sek\u00e4 valotaiteilijoiden t\u00f6it\u00e4 4.\u20137.11.2021.<\/h4>\n\t\n\t\t\t<div class=\"b-metas-title-content__content readmore-container\">\n\t\t\t\t\t\t\t\t<p>\n\t\t\t\t\t\t<span class=\"b-metas-title-content__content-first\">Tapahtuman p\u00e4\u00e4j\u00e4rjest\u00e4j\u00e4n\u00e4 on Orimattilan kaupungin kirjasto-, kulttuuri- ja museopalvelut. Yhteisty\u00f6kumppaneina Orimattilan Vesi Oy, Orimattilan varhaiskasvatuspalvelut, opetuspalvelut, nuorisopalvelut, hyvinvointip\u00e4\u00e4llikk\u00f6,<\/span>\n\t\t\t\t\t\t<span class=\"b-metas-title-content__content-last\"> liikuntapalvelut, kaavoitusyksikk\u00f6 (liikkumisen ohjauksen projekti), elinvoima- ja tekniset palvelut, Orimattilan seurakunta, Pullomuseo, GreenLahti2021, Orimattilan yritt\u00e4j\u00e4t, Orimattilan taideyhdistys, MLL, Orimattilan yhdistys ry, Wellamo-opisto sek\u00e4 Asunto-osakeyhti\u00f6 Koivu-Hovin asukkaat ja osakkaat.<br \/>\r\n<br \/>\r\nTapahtuma l\u00f6ytyy my\u00f6s Facebookista.<br \/>\r\n<br \/>\r\nOrimattilan Vesi Oy<br \/>\r\nwww.orimattilanvesi.fi<\/span>\n\t\t\t\t\t<\/p>\n\n\t\t\t\t\t\n\t\t\t\t\t<div class=\"b-metas-title-content__content-readmore\">\n\t\t\t\t\t\t<button class=\"b-readmore-button\" aria-expanded=\"false\">\n\t<span class=\"screen-reader-text\">Lue lis\u00e4\u00e4<\/span>\n<\/button>\n\t\t\t\t\t<\/div>\n\t\t\t\t\t\t<\/div>\n\t<\/div>\n\t<\/div>\n<\/div>\n\t\t\t\t<\/div>\n\t\t\t\n\t\t<\/div>\n\t<\/section>\n\n\n\n\n\t<section id=\"gb-several-lifts-block_6166dc9f5027b\"\n\t         class=\"gb-several-lifts gb-several-lifts-block_6166dc9f5027b\">\n\t\t<div class=\"gb-several-lifts__row\">\n\n\t\t\t\t\t\t\t<div class=\"gb-several-lifts__item\">\n\t\t\t\t\t\n<div class=\"b-lift-item\">\n\t<div class=\"b-lift-item__inner\">\n\t\t\t\t\t<img decoding=\"async\" class=\"b-lift-item__image\"\n\t\t\t     src=\"https:\/\/me.yrittajat.fi\/app\/uploads\/sites\/19\/2021\/10\/brandikuvat2018_kuva14_2048px.jpg\"\n\t\t\t     alt=\"\">\n\t\t\n\t\t\n<div class=\"b-metas-title-content\">\n\t\n\t\t\t<h3 class=\"b-metas-title-content__title b-metas-title-content__title--size-m\">\n\t\t\t\t\t\t\tPiano Paviljonki\t\t\t\t\t\t<\/h3>\n\t\n\t\t\t<h4 class=\"b-metas-title-content__subtitle\">Suosittu ja ihana Piano Paviljonki saa syksyn pimenev\u00e4ss\u00e4 illassa valaistuksen yllens\u00e4. Piano Paviljonki valaistaan maanantaista 12.10. alkaen. Joka ilta klo 18-23 valaistuksessa tapahtuu puolen tunnin v\u00e4lein viiden minuutin ajan efektej\u00e4, esim. klo 18, 18:30, 19 jne. Joka y\u00f6 klo 00 valaistuksen v\u00e4ri vaihtuu seuraavan p\u00e4iv\u00e4n v\u00e4riteemaan.<\/h4>\n\t\n\t<\/div>\n\t<\/div>\n<\/div>\n\t\t\t\t<\/div>\n\t\t\t\t\t\t\t<div class=\"gb-several-lifts__item\">\n\t\t\t\t\t\n<div class=\"b-lift-item\">\n\t<div class=\"b-lift-item__inner\">\n\t\t\t\t\t<img decoding=\"async\" class=\"b-lift-item__image\"\n\t\t\t     src=\"https:\/\/me.yrittajat.fi\/app\/uploads\/sites\/19\/2022\/08\/puustellin_tarinat_logo.png\"\n\t\t\t     alt=\"Puustellin Tarinoiden logo\">\n\t\t\n\t\t\n<div class=\"b-metas-title-content\">\n\t\n\t\t\t<h3 class=\"b-metas-title-content__title b-metas-title-content__title--size-m\">\n\t\t\t\t\t\t\tPuustellin tarinat -kirjallisuuseura \/ Puustellin ihmeellinen kirjakauppa\t\t\t\t\t\t<\/h3>\n\t\n\t\t\t<h4 class=\"b-metas-title-content__subtitle\">T\u00e4m\u00e4 puoti ei ole aivan tavallinen kirjakauppa, sill\u00e4 se sijaitsee vanhan maatalon p\u00e4\u00e4rakennuksen eteisess\u00e4, maaseudulla H\u00e4meen syd\u00e4mess\u00e4, Auttoisten kyl\u00e4ss\u00e4.<\/h4>\n\t\n\t\t\t<div class=\"b-metas-title-content__content readmore-container\">\n\t\t\t\t\t\t\t\t<p>\n\t\t\t\t\t\t<span class=\"b-metas-title-content__content-first\">Kirjoja, taidetta ja valoa, jotka el\u00e4v\u00f6itt\u00e4v\u00e4t talvihiljaista Hanaporin kaupunkia Auttoisilla. <br \/>\r<\/span>\n\t\t\t\t\t\t<span class=\"b-metas-title-content__content-last\">\n<br \/>\r\nPuustellin ihmeellinen kirjakauppa<br \/>\r\nHanaporinkatu 31<br \/>\r\n17610 Auttoinen<br \/>\r\n<br \/>\r\nhttps:\/\/www.puustellintarinat.org<br \/>\r\n<br \/>\r\n<\/span>\n\t\t\t\t\t<\/p>\n\n\t\t\t\t\t\n\t\t\t\t\t<div class=\"b-metas-title-content__content-readmore\">\n\t\t\t\t\t\t<button class=\"b-readmore-button\" aria-expanded=\"false\">\n\t<span class=\"screen-reader-text\">Lue lis\u00e4\u00e4<\/span>\n<\/button>\n\t\t\t\t\t<\/div>\n\t\t\t\t\t\t<\/div>\n\t<\/div>\n\t<\/div>\n<\/div>\n\t\t\t\t<\/div>\n\t\t\t\t\t\t\t<div class=\"gb-several-lifts__item\">\n\t\t\t\t\t\n<div class=\"b-lift-item\">\n\t<div class=\"b-lift-item__inner\">\n\t\t\t\t\t<img decoding=\"async\" class=\"b-lift-item__image\"\n\t\t\t     src=\"https:\/\/me.yrittajat.fi\/app\/uploads\/sites\/19\/2021\/10\/brandikuvat2018_kuva14_2048px.jpg\"\n\t\t\t     alt=\"\">\n\t\t\n\t\t\n<div class=\"b-metas-title-content\">\n\t\n\t\t\t<h3 class=\"b-metas-title-content__title b-metas-title-content__title--size-m\">\n\t\t\t\t\t\t\tPyh\u00e4tt\u00f6m\u00e4n omakotiyhdistys\t\t\t\t\t\t<\/h3>\n\t\n\t\t\t<h4 class=\"b-metas-title-content__subtitle\">Pyh\u00e4tt\u00f6m\u00e4n asuinalue sijaitsee Lahdessa soraharjulla M\u00f6ys\u00e4n ja Paavolan kaupunginosassa. Asuinalueella on vehre\u00e4\u00e4 puustoa, kalliota ja n\u00e4kym\u00e4t kaupungin keskustaan ja Vesij\u00e4rvelle. Puutarhakaupunginosaksikin nimitetty alue on suosittu ja haluttu asuinalue l\u00e4hell\u00e4 Lahden keskustan palveluita. Pyh\u00e4tt\u00f6m\u00e4n omakotiyhdistys toimii asukkaiden edunvalvojana ja asuinviihtyvyyden parantajana.<\/h4>\n\t\n\t\t\t<div class=\"b-metas-title-content__content readmore-container\">\n\t\t\t\t\t\t\t<p>Pyh\u00e4tt\u00f6m\u00e4n omakotiyhdistys ja Melupalvelu luovat tiistaista torstaihin huvimajalta l\u00e4nteen Valopolun, jonka varrella voit ihastella my\u00f6s upeaa kaupunkiamme yl\u00e4ilmoista!<br \/>\r\n<br \/>\r\nPyh\u00e4tt\u00f6m\u00e4n omakotiyhdistys<br \/>\r\npyhaton.wordpress.com<\/p>\n\n\t\t\t\t\t\t<\/div>\n\t<\/div>\n\t<\/div>\n<\/div>\n\t\t\t\t<\/div>\n\t\t\t\n\t\t<\/div>\n\t<\/section>\n\n\n\n\n\t<section id=\"gb-several-lifts-block_6166dc9950279\"\n\t         class=\"gb-several-lifts gb-several-lifts-block_6166dc9950279\">\n\t\t<div class=\"gb-several-lifts__row\">\n\n\t\t\t\t\t\t\t<div class=\"gb-several-lifts__item\">\n\t\t\t\t\t\n<div class=\"b-lift-item\">\n\t<div class=\"b-lift-item__inner\">\n\t\t\t\t\t<img decoding=\"async\" class=\"b-lift-item__image\"\n\t\t\t     src=\"https:\/\/me.yrittajat.fi\/app\/uploads\/sites\/19\/2022\/08\/santa_fe_logo.png\"\n\t\t\t     alt=\"Ravintola Santa F\u00e9n logo\">\n\t\t\n\t\t\n<div class=\"b-metas-title-content\">\n\t\n\t\t\t<h3 class=\"b-metas-title-content__title b-metas-title-content__title--size-m\">\n\t\t\t\t\t\t\tRavintola Santa F\u00e9\t\t\t\t\t\t<\/h3>\n\t\n\t\t\t<h4 class=\"b-metas-title-content__subtitle\">Vuonna 1992 perustettu Santa F\u00e9 on tullut tunnetuksi torin laidalla hyv\u00e4st\u00e4 ruoastaan, palvelustaan ja rennosta ilmapiirist\u00e4\u00e4n.<\/h4>\n\t\n\t\t\t<div class=\"b-metas-title-content__content readmore-container\">\n\t\t\t\t\t\t\t<p>Ravintola Santa F\u00e9<br \/>\r\nAleksanterinkatu 10<br \/>\r\n15110 Lahti<br \/>\r\n<br \/>\r\nhttps:\/\/www.santafelahti.fi\/<\/p>\n\n\t\t\t\t\t\t<\/div>\n\t<\/div>\n\t<\/div>\n<\/div>\n\t\t\t\t<\/div>\n\t\t\t\t\t\t\t<div class=\"gb-several-lifts__item\">\n\t\t\t\t\t\n<div class=\"b-lift-item\">\n\t<div class=\"b-lift-item__inner\">\n\t\t\t\t\t<img decoding=\"async\" class=\"b-lift-item__image\"\n\t\t\t     src=\"https:\/\/me.yrittajat.fi\/app\/uploads\/sites\/19\/2021\/10\/brandikuvat2018_kuva14_2048px.jpg\"\n\t\t\t     alt=\"\">\n\t\t\n\t\t\n<div class=\"b-metas-title-content\">\n\t\n\t\t\t<h3 class=\"b-metas-title-content__title b-metas-title-content__title--size-m\">\n\t\t\t\t\t\t\tSalon RF\t\t\t\t\t\t<\/h3>\n\t\n\t\t\t<h4 class=\"b-metas-title-content__subtitle\">Salon RF on vuonna 2007 perustettu parturi-kampaamo aivan Lahden keskustassa. Liikkeen edusta ja ikkunat ovat valaistut koko Valofestivaali-viikon ajan!<\/h4>\n\t\n\t\t\t<div class=\"b-metas-title-content__content readmore-container\">\n\t\t\t\t\t\t\t<p>Salon RF<br \/>\r\nVesij\u00e4rvenkatu 23<br \/>\r\n15140 Lahti<br \/>\r\n<br \/>\r\nwww.salonrf.fi<\/p>\n\n\t\t\t\t\t\t<\/div>\n\t<\/div>\n\t<\/div>\n<\/div>\n\t\t\t\t<\/div>\n\t\t\t\t\t\t\t<div class=\"gb-several-lifts__item\">\n\t\t\t\t\t\n<div class=\"b-lift-item\">\n\t<div class=\"b-lift-item__inner\">\n\t\t\t\t\t<img decoding=\"async\" class=\"b-lift-item__image\"\n\t\t\t     src=\"https:\/\/me.yrittajat.fi\/app\/uploads\/sites\/19\/2021\/10\/brandikuvat2018_kuva14_2048px.jpg\"\n\t\t\t     alt=\"\">\n\t\t\n\t\t\n<div class=\"b-metas-title-content\">\n\t\n\t\t\t<h3 class=\"b-metas-title-content__title b-metas-title-content__title--size-m\">\n\t\t\t\t\t\t\tSolo Sokos Hotel Lahden Seurahuone\t\t\t\t\t\t<\/h3>\n\t\n\t\t\t<h4 class=\"b-metas-title-content__subtitle\">Tuhannen tarinan hotelli Lahdessa valaistuna Valofestivaalin ajan.<\/h4>\n\t\n\t\t\t<div class=\"b-metas-title-content__content readmore-container\">\n\t\t\t\t\t\t\t<p>Solo Sokos Hotel Lahden Seurahuone<br \/>\r\nAleksanterinkatu 14, 15110 Lahti<br \/>\r\nhttps:\/\/www.sokoshotels.fi\/fi\/lahti\/sokos-hotel-lahden-seurahuone<\/p>\n\n\t\t\t\t\t\t<\/div>\n\t<\/div>\n\t<\/div>\n<\/div>\n\t\t\t\t<\/div>\n\t\t\t\n\t\t<\/div>\n\t<\/section>\n\n\n\n\n\t<section id=\"gb-several-lifts-block_6166dc9150277\"\n\t         class=\"gb-several-lifts gb-several-lifts-block_6166dc9150277\">\n\t\t<div class=\"gb-several-lifts__row\">\n\n\t\t\t\t\t\t\t<div class=\"gb-several-lifts__item\">\n\t\t\t\t\t\n<div class=\"b-lift-item\">\n\t<div class=\"b-lift-item__inner\">\n\t\t\t\t\t<img decoding=\"async\" class=\"b-lift-item__image\"\n\t\t\t     src=\"https:\/\/me.yrittajat.fi\/app\/uploads\/sites\/19\/2021\/10\/brandikuvat2018_kuva14_2048px.jpg\"\n\t\t\t     alt=\"\">\n\t\t\n\t\t\n<div class=\"b-metas-title-content\">\n\t\n\t\t\t<h3 class=\"b-metas-title-content__title b-metas-title-content__title--size-m\">\n\t\t\t\t\t\t\tSUPER teatteri\t\t\t\t\t\t<\/h3>\n\t\n\t\t\t<h4 class=\"b-metas-title-content__subtitle\">SUPER teatteri tuo P\u00e4ij\u00e4t-H\u00e4meen Valofestivaaleilla Lahden keskustaan musiikki-, tanssi- &amp; sirkusesityksen, joka teeman mukaisesti valaistaan n\u00e4ytt\u00e4v\u00e4ksi kokonaisuudeksi marraskuun pimenev\u00e4ss\u00e4 illassa. Esitys n\u00e4hd\u00e4\u00e4n perjantaina 5.11. klo 18, esityspaikka ilmoitetaan my\u00f6hemmin.<\/h4>\n\t\n\t\t\t<div class=\"b-metas-title-content__content readmore-container\">\n\t\t\t\t\t\t\t<p>SUPER teatteri<br \/>\r\nwww.superteatteri.fi<\/p>\n\n\t\t\t\t\t\t<\/div>\n\t<\/div>\n\t<\/div>\n<\/div>\n\t\t\t\t<\/div>\n\t\t\t\t\t\t\t<div class=\"gb-several-lifts__item\">\n\t\t\t\t\t\n<div class=\"b-lift-item\">\n\t<div class=\"b-lift-item__inner\">\n\t\t\t\t\t<img decoding=\"async\" class=\"b-lift-item__image\"\n\t\t\t     src=\"https:\/\/me.yrittajat.fi\/app\/uploads\/sites\/19\/2021\/10\/brandikuvat2018_kuva14_2048px.jpg\"\n\t\t\t     alt=\"\">\n\t\t\n\t\t\n<div class=\"b-metas-title-content\">\n\t\n\t\t\t<h3 class=\"b-metas-title-content__title b-metas-title-content__title--size-m\">\n\t\t\t\t\t\t\tSysm\u00e4n Meijerinranta Oy\t\t\t\t\t\t<\/h3>\n\t\n\t\n\t\t\t<div class=\"b-metas-title-content__content readmore-container\">\n\t\t\t\t\t\t\t<p>Vanhan Sysm\u00e4n Meijeri -milj\u00f6\u00f6n valaisua erilaisin valoin.<br \/>\r\n<br \/>\r\nSysm\u00e4n Meijerinranta Oy<br \/>\r\nSysm\u00e4ntie 16<br \/>\r\n19700 Sysm\u00e4<\/p>\n\n\t\t\t\t\t\t<\/div>\n\t<\/div>\n\t<\/div>\n<\/div>\n\t\t\t\t<\/div>\n\t\t\t\t\t\t\t<div class=\"gb-several-lifts__item\">\n\t\t\t\t\t\n<div class=\"b-lift-item\">\n\t<div class=\"b-lift-item__inner\">\n\t\t\t\t\t<img decoding=\"async\" class=\"b-lift-item__image\"\n\t\t\t     src=\"https:\/\/me.yrittajat.fi\/app\/uploads\/sites\/19\/2022\/08\/tomitec_logo.png\"\n\t\t\t     alt=\"Tomitecin logo\">\n\t\t\n\t\t\n<div class=\"b-metas-title-content\">\n\t\n\t\t\t<h3 class=\"b-metas-title-content__title b-metas-title-content__title--size-m\">\n\t\t\t\t\t\t\tTomitec Oy\t\t\t\t\t\t<\/h3>\n\t\n\t\t\t<h4 class=\"b-metas-title-content__subtitle\">Tomitec tarjoaa valaistusratkaisut avaimet k\u00e4teen -periaatteella, uusimmalla led-valaisinteknologialla.<\/h4>\n\t\n\t\t\t<div class=\"b-metas-title-content__content readmore-container\">\n\t\t\t\t\t\t\t<p>Tomitec v\u00e4rivalaisee kiinteist\u00f6n julkisivun ja pihan mets\u00e4n.<br \/>\r\n<br \/>\r\nTomitec Oy<br \/>\r\nHirsimets\u00e4ntie 21<br \/>\r\n15200 Lahti<br \/>\r\n<br \/>\r\nwww.tomitec.fi<\/p>\n\n\t\t\t\t\t\t<\/div>\n\t<\/div>\n\t<\/div>\n<\/div>\n\t\t\t\t<\/div>\n\t\t\t\n\t\t<\/div>\n\t<\/section>\n\n\n\n\n\t<section id=\"gb-several-lifts-block_6166dcae5027c\"\n\t         class=\"gb-several-lifts gb-several-lifts-block_6166dcae5027c\">\n\t\t<div class=\"gb-several-lifts__row\">\n\n\t\t\t\t\t\t\t<div class=\"gb-several-lifts__item\">\n\t\t\t\t\t\n<div class=\"b-lift-item\">\n\t<div class=\"b-lift-item__inner\">\n\t\t\t\t\t<img decoding=\"async\" class=\"b-lift-item__image\"\n\t\t\t     src=\"https:\/\/me.yrittajat.fi\/app\/uploads\/sites\/19\/2021\/10\/brandikuvat2018_kuva14_2048px.jpg\"\n\t\t\t     alt=\"\">\n\t\t\n\t\t\n<div class=\"b-metas-title-content\">\n\t\n\t\t\t<h3 class=\"b-metas-title-content__title b-metas-title-content__title--size-m\">\n\t\t\t\t\t\t\tValokuvaamo Potretti Oy\t\t\t\t\t\t<\/h3>\n\t\n\t\t\t<h4 class=\"b-metas-title-content__subtitle\"> Erkont\u00e4hti valaisee pime\u00e4\u00e4 syksy\u00e4, tukeakseen yritt\u00e4jyytt\u00e4 ja valofestivaalitapahtumaa.<\/h4>\n\t\n\t\t\t<div class=\"b-metas-title-content__content readmore-container\">\n\t\t\t\t\t\t\t<p>Valokuvaamo Potretti<br \/>\r\nNiementie 2, ORIMATTILA<br \/>\r\nhttp:\/\/www.potretti.fi\/<\/p>\n\n\t\t\t\t\t\t<\/div>\n\t<\/div>\n\t<\/div>\n<\/div>\n\t\t\t\t<\/div>\n\t\t\t\t\t\t\t<div class=\"gb-several-lifts__item\">\n\t\t\t\t\t\n<div class=\"b-lift-item\">\n\t<div class=\"b-lift-item__inner\">\n\t\t\t\t\t<img decoding=\"async\" class=\"b-lift-item__image\"\n\t\t\t     src=\"https:\/\/me.yrittajat.fi\/app\/uploads\/sites\/19\/2021\/10\/brandikuvat2018_kuva14_2048px.jpg\"\n\t\t\t     alt=\"\">\n\t\t\n\t\t\n<div class=\"b-metas-title-content\">\n\t\n\t\t\t<h3 class=\"b-metas-title-content__title b-metas-title-content__title--size-m\">\n\t\t\t\t\t\t\tVapaan akatemian opiskelijakunta\t\t\t\t\t\t<\/h3>\n\t\n\t\t\t<h4 class=\"b-metas-title-content__subtitle\">Kohde: Vapaan akatemian ikkunat valaistu Valofestivaalin ajaksi \/ 3.kerros <\/h4>\n\t\n\t\t\t<div class=\"b-metas-title-content__content readmore-container\">\n\t\t\t\t\t\t\t\t<p>\n\t\t\t\t\t\t<span class=\"b-metas-title-content__content-first\">Toteuttaja: Teoksen ovat toteuttaneet Vapaan akatemian opiskelijat Atte Tornikoski Kuvitus ja graafinen suunnittelu -koulutuksesta sek\u00e4 Noora Kosunen Kuvataide-koulutuksesta. Teos on nimelt\u00e4\u00e4n \u201d Make Art \u2013 Not War\u201d, ja se on toteutettu<\/span>\n\t\t\t\t\t\t<span class=\"b-metas-title-content__content-last\"> mustasta kartongista sek\u00e4 eri v\u00e4risist\u00e4 silkkipapereista<br \/>\r\n<br \/>\r\nOsoite: Saimaankatu 11, Lahti<br \/>\r\n<br \/>\r\nVapaan akatemian opiskelijakunta<br \/>\r\n <\/span>\n\t\t\t\t\t<\/p>\n\n\t\t\t\t\t\n\t\t\t\t\t<div class=\"b-metas-title-content__content-readmore\">\n\t\t\t\t\t\t<button class=\"b-readmore-button\" aria-expanded=\"false\">\n\t<span class=\"screen-reader-text\">Lue lis\u00e4\u00e4<\/span>\n<\/button>\n\t\t\t\t\t<\/div>\n\t\t\t\t\t\t<\/div>\n\t<\/div>\n\t<\/div>\n<\/div>\n\t\t\t\t<\/div>\n\t\t\t\t\t\t\t<div class=\"gb-several-lifts__item\">\n\t\t\t\t\t\n<div class=\"b-lift-item\">\n\t<div class=\"b-lift-item__inner\">\n\t\t\t\t\t<img decoding=\"async\" class=\"b-lift-item__image\"\n\t\t\t     src=\"https:\/\/me.yrittajat.fi\/app\/uploads\/sites\/19\/2021\/10\/brandikuvat2018_kuva14_2048px.jpg\"\n\t\t\t     alt=\"\">\n\t\t\n\t\t\n<div class=\"b-metas-title-content\">\n\t\n\t\t\t<h3 class=\"b-metas-title-content__title b-metas-title-content__title--size-m\">\n\t\t\t\t\t\t\tV\u00e4\u00e4ksyn L\u00e4\u00e4k\u00e4rikeskus\t\t\t\t\t\t<\/h3>\n\t\n\t\t\t<h4 class=\"b-metas-title-content__subtitle\">Koko viikon 10.10. &#8211; 17.10. ulkona valokuvan\u00e4yttely teemalla \u201d Korona-aika Yritt\u00e4j\u00e4n el\u00e4m\u00e4ss\u00e4 kuvin&quot;. Kuvat valaistaan, iltaisin my\u00f6s kynttil\u00e4t ja ulkotulet.<\/h4>\n\t\n\t\t\t<div class=\"b-metas-title-content__content readmore-container\">\n\t\t\t\t\t\t\t<p>V\u00e4\u00e4ksyn L\u00e4\u00e4k\u00e4rikeskus<br \/>\r\nHonkaniementie 7, 17200 V\u00e4\u00e4ksy <br \/>\r\nwww.vaaksynlaakarikeskus.fi<\/p>\n\n\t\t\t\t\t\t<\/div>\n\t<\/div>\n\t<\/div>\n<\/div>\n\t\t\t\t<\/div>\n\t\t\t\n\t\t<\/div>\n\t<\/section>\n\n\n\n\n<p><\/p>\n\n\n\n<p><\/p>\n\n\n\t\t\t<\/div>\n\t\t<\/div>\n\t<\/div>\n\n\n\n\n\t<div id=\"gb-anchor-block_6166e4e74ed12\" class=\"gb-anchor gb-anchor-block_6166e4e74ed12\">\n\t\t\t\t\t<div class=\"gb-anchor__anchor\" id=\"yhteystiedot\"><\/div>\n\n\t\t\t\t\t\t<\/div>\n\n\n\n\n\t<div id=\"gb-background-block_6166e4955027d\" class=\"gb-background gb-background-block_6166e4955027d bg-black\">\n\t\t<div class=\"container\">\n\t\t\t<div class=\"gutenberg-content\">\n\t\t\t\t\t\t\t\t\n\n<h4 class=\"has-text-align-center wp-block-heading\">YHTEYSTIEDOT<\/h4>\n\n\n\n<p class=\"has-text-align-center\">Lis\u00e4tietoa tapahtumasta saat tapahtuman koordinaattoreilta puhelimitse tai s\u00e4hk\u00f6postitse: <a href=\"mailto:paijathameenvalofestivaali@gmail.com\">paijathameenvalofestivaali@gmail.com<\/a><\/p>\n\n\n\n<p class=\"has-text-align-center\"><strong>Jani Unkuri<\/strong><br>Yritt\u00e4j\u00e4<br>tekniset ja tuotannolliset asiat<br>045 217 9100<\/p>\n\n\n\n<p class=\"has-text-align-center\"><strong>Ruusa Aalto<\/strong><br>Yritt\u00e4j\u00e4<br>viestint\u00e4 ja markkinointi<br>040 652 7856<\/p>\n\n\n\t\t\t<\/div>\n\t\t<\/div>\n\t<\/div>\n\n","protected":false},"excerpt":{"rendered":"<p>KARTAT<\/p>\n","protected":false},"author":4,"featured_media":58,"parent":0,"menu_order":0,"comment_status":"closed","ping_status":"closed","template":"","meta":{"_acf_changed":false,"footnotes":""},"class_list":["post-3","page","type-page","status-publish","has-post-thumbnail","hentry"],"acf":[],"_links":{"self":[{"href":"https:\/\/me.yrittajat.fi\/paijat-hameen-valofestivaali\/wp-json\/wp\/v2\/pages\/3","targetHints":{"allow":["GET"]}}],"collection":[{"href":"https:\/\/me.yrittajat.fi\/paijat-hameen-valofestivaali\/wp-json\/wp\/v2\/pages"}],"about":[{"href":"https:\/\/me.yrittajat.fi\/paijat-hameen-valofestivaali\/wp-json\/wp\/v2\/types\/page"}],"author":[{"embeddable":true,"href":"https:\/\/me.yrittajat.fi\/paijat-hameen-valofestivaali\/wp-json\/wp\/v2\/users\/4"}],"replies":[{"embeddable":true,"href":"https:\/\/me.yrittajat.fi\/paijat-hameen-valofestivaali\/wp-json\/wp\/v2\/comments?post=3"}],"version-history":[{"count":123,"href":"https:\/\/me.yrittajat.fi\/paijat-hameen-valofestivaali\/wp-json\/wp\/v2\/pages\/3\/revisions"}],"predecessor-version":[{"id":205,"href":"https:\/\/me.yrittajat.fi\/paijat-hameen-valofestivaali\/wp-json\/wp\/v2\/pages\/3\/revisions\/205"}],"wp:featuredmedia":[{"embeddable":true,"href":"https:\/\/me.yrittajat.fi\/paijat-hameen-valofestivaali\/wp-json\/wp\/v2\/media\/58"}],"wp:attachment":[{"href":"https:\/\/me.yrittajat.fi\/paijat-hameen-valofestivaali\/wp-json\/wp\/v2\/media?parent=3"}],"curies":[{"name":"wp","href":"https:\/\/api.w.org\/{rel}","templated":true}]}}