{"id":3,"date":"2023-06-16T07:38:57","date_gmt":"2023-06-16T04:38:57","guid":{"rendered":"https:\/\/me.yrittajat.fi\/valtakunnalliset-yrittajapaivat\/etusivu\/"},"modified":"2026-04-29T08:40:27","modified_gmt":"2026-04-29T05:40:27","slug":"etusivu","status":"publish","type":"page","link":"https:\/\/me.yrittajat.fi\/valtakunnalliset-yrittajapaivat\/","title":{"rendered":"Etusivu"},"content":{"rendered":"\n\t<div id=\"gb-ingress-block_a186c483140055fb830becbbee7f7f11\"\n\t     class=\"gb-ingress gb-ingress-block_a186c483140055fb830becbbee7f7f11\">\n\t\t\t\t\t<p class=\"gb-ingress__content\">\n\t\t\t\tUudistuminen, innovaatiot ja rohkeus kasvaa\t\t\t<\/p>\n\t\t\t<\/div>\n\n\n\n\n<p>Uudistuminen ei ole riski. Paikalleen j\u00e4\u00e4minen on. Kyse ei ole vain teknologiasta, vaan kyvyst\u00e4 n\u00e4hd\u00e4 mahdollisuuksia, uudistua, verkostoitua ja rakentaa huomisen menestyst\u00e4.<\/p>\n\n\n\n<p>Tervetuloa mukaan Yritt\u00e4j\u00e4p\u00e4iville Lahteen! Kaupunkiin, jossa perinteet kohtaavat rohkean uudistumisen. T\u00e4\u00e4ll\u00e4 syntyy kest\u00e4v\u00e4\u00e4 kasvua, luovia ratkaisuja ja yhteis\u00f6j\u00e4, jotka kantavat. T\u00e4\u00e4ll\u00e4 ei vain kuunnella puheita \u2013 t\u00e4\u00e4ll\u00e4 rakennetaan tulevaisuutta yhdess\u00e4.<\/p>\n\n\n\n<section\n\tclass=\"gb-img-banner gb-img-banner__element-height--low\">\n\t<div class=\"gb-img-banner__image\" style=\"background-image: url('https:\/\/me.yrittajat.fi\/app\/uploads\/sites\/72\/2024\/06\/b76a0658_2000px-1368x505.jpg')\">\n\t\t<div class=\"gb-img-banner__overlay\"><\/div>\n\t<\/div>\n\n\t<div class=\"gb-img-banner__content\">\n\t\t\t\t\t<h2 class=\"gb-img-banner__title\">\n\t\t\t\tT\u00e4t\u00e4 on yritt\u00e4j\u00e4p\u00e4iv\u00e4t\t\t\t<\/h2>\n\t\t\n\t\t<p class=\"gb-img-banner__ingress\">\n\t\t\tKahden p\u00e4iv\u00e4n huikea bisnesseminaari &#8211; K\u00e4yt\u00e4nn\u00f6nl\u00e4heisi\u00e4 tietoiskuja &#8211; Perjantai-iltana juhlitaan live-musiikin tahdissa &#8211; Lauantai-illan upea Yritt\u00e4j\u00e4gaala &#8211; El\u00e4myksellinen kumppanialue &#8211; Kollegoita ja yst\u00e4vi\u00e4 ymp\u00e4ri Suomen\t\t<\/p>\n\n\t\t\t<\/div>\n<\/section>\n\n\n\n\t<div id=\"gb-anchor-block_4d9719f4b3ac18dab6fc2bb2a3cc6278\" class=\"gb-anchor gb-anchor-block_4d9719f4b3ac18dab6fc2bb2a3cc6278\">\n\t\t\t\t\t<div class=\"gb-anchor__anchor\" id=\"puhujat\"><\/div>\n\n\t\t\t\t\t\t<\/div>\n\n\n\n\n<h4 class=\"wp-block-heading has-text-align-center\">ESIINTYJ\u00c4T<\/h4>\n\n\n\n<figure class=\"wp-block-gallery has-nested-images columns-default is-cropped wp-block-gallery-1 is-layout-flex wp-block-gallery-is-layout-flex\">\n<figure class=\"wp-block-image size-large\"><img loading=\"lazy\" decoding=\"async\" width=\"400\" height=\"400\" data-id=\"1576\" src=\"https:\/\/me.yrittajat.fi\/app\/uploads\/sites\/72\/2026\/03\/Teemu-Niikko-400px.jpg\" alt=\"Teemu Niikko\" class=\"wp-image-1576\" srcset=\"https:\/\/me.yrittajat.fi\/app\/uploads\/sites\/72\/2026\/03\/Teemu-Niikko-400px.jpg 400w, https:\/\/me.yrittajat.fi\/app\/uploads\/sites\/72\/2026\/03\/Teemu-Niikko-400px-300x300.jpg 300w, https:\/\/me.yrittajat.fi\/app\/uploads\/sites\/72\/2026\/03\/Teemu-Niikko-400px-150x150.jpg 150w\" sizes=\"auto, (max-width: 400px) 100vw, 400px\" \/><figcaption class=\"wp-element-caption\">Teemu Niikko<\/figcaption><\/figure>\n\n\n\n<figure class=\"wp-block-image size-large\"><img loading=\"lazy\" decoding=\"async\" width=\"400\" height=\"400\" data-id=\"1577\" src=\"https:\/\/me.yrittajat.fi\/app\/uploads\/sites\/72\/2026\/03\/Mervi-Kallio-400px.jpg\" alt=\"Mervi Kallio\" class=\"wp-image-1577\" srcset=\"https:\/\/me.yrittajat.fi\/app\/uploads\/sites\/72\/2026\/03\/Mervi-Kallio-400px.jpg 400w, https:\/\/me.yrittajat.fi\/app\/uploads\/sites\/72\/2026\/03\/Mervi-Kallio-400px-300x300.jpg 300w, https:\/\/me.yrittajat.fi\/app\/uploads\/sites\/72\/2026\/03\/Mervi-Kallio-400px-150x150.jpg 150w\" sizes=\"auto, (max-width: 400px) 100vw, 400px\" \/><figcaption class=\"wp-element-caption\">Mervi Kallio<\/figcaption><\/figure>\n\n\n\n<figure class=\"wp-block-image size-large\"><img loading=\"lazy\" decoding=\"async\" width=\"400\" height=\"400\" data-id=\"1580\" src=\"https:\/\/me.yrittajat.fi\/app\/uploads\/sites\/72\/2026\/03\/Krista-Kosonen-400px.jpg\" alt=\"\" class=\"wp-image-1580\" srcset=\"https:\/\/me.yrittajat.fi\/app\/uploads\/sites\/72\/2026\/03\/Krista-Kosonen-400px.jpg 400w, https:\/\/me.yrittajat.fi\/app\/uploads\/sites\/72\/2026\/03\/Krista-Kosonen-400px-300x300.jpg 300w, https:\/\/me.yrittajat.fi\/app\/uploads\/sites\/72\/2026\/03\/Krista-Kosonen-400px-150x150.jpg 150w\" sizes=\"auto, (max-width: 400px) 100vw, 400px\" \/><figcaption class=\"wp-element-caption\">Krista Kosonen<\/figcaption><\/figure>\n\n\n\n<figure class=\"wp-block-image size-large\"><img loading=\"lazy\" decoding=\"async\" width=\"300\" height=\"300\" data-id=\"1602\" src=\"https:\/\/me.yrittajat.fi\/app\/uploads\/sites\/72\/2026\/04\/juhis-3-400px-300x300-1.jpg\" alt=\"\" class=\"wp-image-1602\" srcset=\"https:\/\/me.yrittajat.fi\/app\/uploads\/sites\/72\/2026\/04\/juhis-3-400px-300x300-1.jpg 300w, https:\/\/me.yrittajat.fi\/app\/uploads\/sites\/72\/2026\/04\/juhis-3-400px-300x300-1-150x150.jpg 150w\" sizes=\"auto, (max-width: 300px) 100vw, 300px\" \/><figcaption class=\"wp-element-caption\">Juha-Matti Saksa<\/figcaption><\/figure>\n\n\n\n<figure class=\"wp-block-image size-full\"><img loading=\"lazy\" decoding=\"async\" width=\"400\" height=\"400\" data-id=\"1603\" src=\"https:\/\/me.yrittajat.fi\/app\/uploads\/sites\/72\/2026\/04\/valkoinen-tyhja-400px.jpg\" alt=\"\" class=\"wp-image-1603\" srcset=\"https:\/\/me.yrittajat.fi\/app\/uploads\/sites\/72\/2026\/04\/valkoinen-tyhja-400px.jpg 400w, https:\/\/me.yrittajat.fi\/app\/uploads\/sites\/72\/2026\/04\/valkoinen-tyhja-400px-300x300.jpg 300w, https:\/\/me.yrittajat.fi\/app\/uploads\/sites\/72\/2026\/04\/valkoinen-tyhja-400px-150x150.jpg 150w\" sizes=\"auto, (max-width: 400px) 100vw, 400px\" \/><\/figure>\n\n\n\n<figure class=\"wp-block-image size-large\"><img loading=\"lazy\" decoding=\"async\" width=\"749\" height=\"750\" data-id=\"1601\" src=\"https:\/\/me.yrittajat.fi\/app\/uploads\/sites\/72\/2026\/04\/Atte-Jaaskelainen-400px.jpg\" alt=\"\" class=\"wp-image-1601\" srcset=\"https:\/\/me.yrittajat.fi\/app\/uploads\/sites\/72\/2026\/04\/Atte-Jaaskelainen-400px.jpg 749w, https:\/\/me.yrittajat.fi\/app\/uploads\/sites\/72\/2026\/04\/Atte-Jaaskelainen-400px-300x300.jpg 300w, https:\/\/me.yrittajat.fi\/app\/uploads\/sites\/72\/2026\/04\/Atte-Jaaskelainen-400px-150x150.jpg 150w, https:\/\/me.yrittajat.fi\/app\/uploads\/sites\/72\/2026\/04\/Atte-Jaaskelainen-400px-400x400.jpg 400w, https:\/\/me.yrittajat.fi\/app\/uploads\/sites\/72\/2026\/04\/Atte-Jaaskelainen-400px-600x600.jpg 600w\" sizes=\"auto, (max-width: 749px) 100vw, 749px\" \/><figcaption class=\"wp-element-caption\">Atte J\u00e4\u00e4skel\u00e4inen<\/figcaption><\/figure>\n<\/figure>\n\n\n\n\t<div id=\"gb-background-block_049e617a74f93ed639195cd49c1c4508\" class=\"gb-background gb-background-block_049e617a74f93ed639195cd49c1c4508 bg-black\">\n\t\t<div class=\"container\">\n\t\t\t<div class=\"gutenberg-content\">\n\t\t\t\t\t\t\t\t\n\n<h4 class=\"wp-block-heading has-text-align-center\">LIPUT<\/h4>\n\n\n\n<p class=\"has-text-align-center\">T\u00e4ll\u00e4 hetkell\u00e4 myynniss\u00e4 olevat Early Bird Yritt\u00e4jien j\u00e4sen ja Early Bird muu osallistuja -lipputyypit sis\u00e4lt\u00e4v\u00e4t koko kahden p\u00e4iv\u00e4n tapahtuman p\u00e4iv\u00e4- ja iltaohjelmineen.<\/p>\n\n\n\n\t<div id=\"gb-price-lift-block_255d03d14caf012c85c97f4572e03dde\" class=\"gb-price-lift gb-price-lift-block_255d03d14caf012c85c97f4572e03dde\">\n\t\t\t\t\t<div class=\"gb-price-lift__items\">\n\t\t\t\t\t\t\t\t\t\t<div class=\"gb-price-lift__item\">\n\t\t\t\t\t\t\t<div class=\"gb-price-lift__item-wrap\">\n\t\t\t\t\t\t\t\t\t\t\t\t\t\t\t\t\t<div class=\"gb-price-lift__item-icon\">\n\t\t\t\t\t\t\t\t\t\t<svg xmlns=\"http:\/\/www.w3.org\/2000\/svg\" viewBox=\"0 0 28 64\"><path fill=\"#937c4f\" d=\"M9.63 63.63a4.375 4.375 0 01-4.375-4.375V43.942A4.375 4.375 0 01.88 39.569V26.443a6.563 6.563 0 016.563-6.563h13.125a6.562 6.562 0 016.562 6.563v13.125a4.375 4.375 0 01-4.375 4.375v15.312a4.375 4.375 0 01-4.375 4.375zM7.442 24.255a2.056 2.056 0 00-2.187 2.188v13.125H9.63v19.687h8.75V39.567h4.375V26.444a2.057 2.057 0 00-2.188-2.188zM14 17.69a8.75 8.75 0 110-17.5 8.75 8.75 0 010 17.5zm0-13.125a4.375 4.375 0 100 8.75 4.375 4.375 0 000-8.75z\"\/><\/svg>\t\t\t\t\t\t\t\t\t<\/div>\n\t\t\t\t\t\t\t\t\t\t\t\t\t\t\t\t\t<h3 class=\"gb-price-lift__item-title\">Early Bird Yritt\u00e4jien j\u00e4sen<\/h3>\n\t\t\t\t\t\t\t\t\t\t\t\t\t\t\t\t\t<p class=\"gb-price-lift__item-pre-price\">30.4.2026 asti<\/p>\n\t\t\t\t\t\t\t\t\t\t\t\t\t\t\t\t\t<p class=\"gb-price-lift__item-price\">339 &euro;<\/p>\n\t\t\t\t\t\t\t\t\t\t\t\t\t\t\t\t\t<p class=\"gb-price-lift__item-after-price\">+ alv<\/p>\n\t\t\t\t\t\t\t\t\t<a class=\"b-button b-button--color-white b-button--style-\"\n\t   href=\"https:\/\/www.lyyti.in\/valtakunnalliset_yrittajapaivat_2026\"\n\t   target=\"_blank\">\n\n\t\t<span class=\"b-button__title\">\n\t\t\tOsta lippu\t\t<\/span>\n\n\t\t\t\t\t<span class=\"b-button__icon\">\n\t\t\t\t<svg xmlns=\"http:\/\/www.w3.org\/2000\/svg\" viewBox=\"0 0 9 14\"><path d=\"M2.001 13.664a1.333 1.333 0 01-.954-2.272l.007-.008 4.414-4.386-4.24-4.414A1.333 1.333 0 113.12.704l5.147 5.334a1.333 1.333 0 010 1.866l-5.334 5.334a1.333 1.333 0 01-.933.426z\"\/><\/svg>\t\t\t<\/span>\n\t\t\t<\/a>\n\t\t\t\t\t\t\t<\/div>\n\t\t\t\t\t\t<\/div>\n\t\t\t\t\t\t\t\t\t<\/div>\n\t\t\t<\/div>\n\n\n\n\n<div id=\"gb-ingress-block_4bb53b6a952ce37ab6436a219a812cb0\"\n     class=\"gb-price-list gb-price-list-block_4bb53b6a952ce37ab6436a219a812cb0\">\n\t\t\t<ul class=\"gb-price-list__items\">\n\t\t\t\t\t\t\t<li class=\"gb-price-list__item\">\n\t\t\t\t\t\t\t\t\t\t\t<span class=\"gb-price-list__description\">Early Bird muu osallistuja<\/span>\n\t\t\t\t\t\n\t\t\t\t\t\t\t\t\t\t\t<span class=\"gb-price-list__price\">439 \u20ac + alv<\/span>\n\t\t\t\t\t\t\t\t\t<\/li>\n\t\t\t\t\t\t\t<li class=\"gb-price-list__item\">\n\t\t\t\t\t\t\t\t\t\t\t<span class=\"gb-price-list__description\">Kahden p\u00e4iv\u00e4n seminaarilippu Yritt\u00e4jien j\u00e4sen<\/span>\n\t\t\t\t\t\n\t\t\t\t\t\t\t\t\t\t\t<span class=\"gb-price-list__price\">289 \u20ac + alv<\/span>\n\t\t\t\t\t\t\t\t\t<\/li>\n\t\t\t\t\t\t\t<li class=\"gb-price-list__item\">\n\t\t\t\t\t\t\t\t\t\t\t<span class=\"gb-price-list__description\">Kahden p\u00e4iv\u00e4n seminaarilippu muu osallistuja<\/span>\n\t\t\t\t\t\n\t\t\t\t\t\t\t\t\t\t\t<span class=\"gb-price-list__price\">339 \u20ac + alv<\/span>\n\t\t\t\t\t\t\t\t\t<\/li>\n\t\t\t\t\t<\/ul>\n\t<\/div>\n\n\n\t\t\t<\/div>\n\t\t<\/div>\n\t<\/div>\n\n\n\n\n<div class=\"wp-block-columns is-layout-flex wp-container-core-columns-is-layout-1 wp-block-columns-is-layout-flex\">\n<div class=\"wp-block-column is-layout-flow wp-block-column-is-layout-flow\" style=\"flex-basis:50%\"><\/div>\n\n\n\n<div class=\"wp-block-column is-layout-flow wp-block-column-is-layout-flow\" style=\"flex-basis:50%\"><\/div>\n<\/div>\n\n\n\n\t<div id=\"gb-anchor-block_8dce5fd001b5d8761c8a9ff9518de4ac\" class=\"gb-anchor gb-anchor-block_8dce5fd001b5d8761c8a9ff9518de4ac\">\n\t\t\t\t\t<div class=\"gb-anchor__anchor\" id=\"ohjelma\"><\/div>\n\n\t\t\t\t\t\t<\/div>\n\n\n\n\n<h4 class=\"wp-block-heading has-text-align-center\">OHJELMA PERJANTAI 16.10.2026<\/h4>\n\n\n\n<p class=\"has-text-align-center\">Oikeudet ohjelman ja esiintyjien muutoksiin pid\u00e4tet\u00e4\u00e4n.<\/p>\n\n\n\n<section id=\"gb-accordion-block_f417115ffff8da40b4b2ee12a024f099\" class=\"gb-accordion gb-accordion-block_f417115ffff8da40b4b2ee12a024f099\">\n\t<div class=\"handorgel\">\n\t\t\t\t\t<h3 class=\"handorgel__header handorgel__header--has-start-time\">\n\t\t\t\t<button class=\"handorgel__header__button\"\n\t\t\t\t        id=\"ilmoittautuminen-ja-info-avoinna\">\n\t\t\t\t\t<span class=\"handorgel__header__button--content\">\n\t\t\t\t\t\t\t\t\t\t\t<span\n\t\t\t\t\t\t\tclass=\"handorgel__header__button--start-time\">09:30<\/span>\n\t\t\t\t\t\t\t\t\t\t<span class=\"handorgel__header__button--title\">Ilmoittautuminen ja info avoinna<\/span>\n\t\t\t\t\t<\/span>\n\t\t\t\t\t<span class=\"handorgel__header__button--icon\">\n\t\t\t\t\t\t\t<span><\/span>\n\t\t\t\t\t\t\t<span><\/span>\n\t\t\t\t\t<\/span>\n\t\t\t\t\t\t\t\t\t<\/button>\n\t\t\t<\/h3>\n\t\t\t<div class=\"handorgel__content handorgel__content--has-start-time\">\n\t\t\t\t<div class=\"handorgel__content__inner\">\n\t\t\t\t\t<p>Ilmoittautumispisteelt\u00e4 voit noutaa nimikylttisi, jonka tarvitse alueella liikkumiseen ja infopiste vastaa mielell\u00e4\u00e4n kysymyksiisi tapahtuman aikana.<\/p>\n\t\t\t\t<\/div>\n\t\t\t<\/div>\n\t\t\t\t\t<h3 class=\"handorgel__header handorgel__header--has-start-time\">\n\t\t\t\t<button class=\"handorgel__header__button\"\n\t\t\t\t        id=\"lounas-tarjolla\">\n\t\t\t\t\t<span class=\"handorgel__header__button--content\">\n\t\t\t\t\t\t\t\t\t\t\t<span\n\t\t\t\t\t\t\tclass=\"handorgel__header__button--start-time\">10:30<\/span>\n\t\t\t\t\t\t\t\t\t\t<span class=\"handorgel__header__button--title\">Lounas tarjolla<\/span>\n\t\t\t\t\t<\/span>\n\t\t\t\t\t<span class=\"handorgel__header__button--icon\">\n\t\t\t\t\t\t\t<span><\/span>\n\t\t\t\t\t\t\t<span><\/span>\n\t\t\t\t\t<\/span>\n\t\t\t\t\t\t\t\t\t<\/button>\n\t\t\t<\/h3>\n\t\t\t<div class=\"handorgel__content handorgel__content--has-start-time\">\n\t\t\t\t<div class=\"handorgel__content__inner\">\n\t\t\t\t\t\t\t\t\t<\/div>\n\t\t\t<\/div>\n\t\t\t\t\t<h3 class=\"handorgel__header handorgel__header--has-start-time\">\n\t\t\t\t<button class=\"handorgel__header__button\"\n\t\t\t\t        id=\"tervetuloa-valtakunnallisille-yrittajapaiville\">\n\t\t\t\t\t<span class=\"handorgel__header__button--content\">\n\t\t\t\t\t\t\t\t\t\t\t<span\n\t\t\t\t\t\t\tclass=\"handorgel__header__button--start-time\">11:00<\/span>\n\t\t\t\t\t\t\t\t\t\t<span class=\"handorgel__header__button--title\">Tervetuloa Valtakunnallisille yritt\u00e4j\u00e4p\u00e4iville!<\/span>\n\t\t\t\t\t<\/span>\n\t\t\t\t\t<span class=\"handorgel__header__button--icon\">\n\t\t\t\t\t\t\t<span><\/span>\n\t\t\t\t\t\t\t<span><\/span>\n\t\t\t\t\t<\/span>\n\t\t\t\t\t\t\t\t\t\t\t<span class=\"handorgel__header__button--speakers\">\n\t\t\t\t\t\t\t\t\t\t\t\t\t\t<span\n\t\t\t\t\t\t\t\t\tclass=\"handorgel__header__button--speakers--speaker\">juontaja Teemu Niikko<\/span>\n\t\t\t\t\t\t\t\t\t\t\t\t\t\t\t<span\n\t\t\t\t\t\t\t\t\tclass=\"handorgel__header__button--speakers--speaker\">Krista Kosonen<\/span>\n\t\t\t\t\t\t\t\t\t\t\t\t\t\t\t<span\n\t\t\t\t\t\t\t\t\tclass=\"handorgel__header__button--speakers--speaker\">Juha-Matti Saksa, LUT-yliopisto<\/span>\n\t\t\t\t\t\t\t\t\t\t\t\t\t\t\t<span\n\t\t\t\t\t\t\t\t\tclass=\"handorgel__header__button--speakers--speaker\">Yritt\u00e4j\u00e4tarina: Teerenpeli<\/span>\n\t\t\t\t\t\t\t\t\t\t\t\t\t<\/span>\n\t\t\t\t\t\t\t\t\t<\/button>\n\t\t\t<\/h3>\n\t\t\t<div class=\"handorgel__content handorgel__content--has-start-time\">\n\t\t\t\t<div class=\"handorgel__content__inner\">\n\t\t\t\t\t<p><span class=\"TextRun SCXW233563620 BCX8\" lang=\"FI-FI\" xml:lang=\"FI-FI\" data-contrast=\"auto\"><span class=\"NormalTextRun SCXW233563620 BCX8\">Teemu Niikko on kokenut ja karismaattinen juontaja, studiois\u00e4nt\u00e4, ja uutisankkuri. Lis\u00e4ksi h\u00e4n vastaa toimitusp\u00e4\u00e4llikk\u00f6n\u00e4 MTV:n urheilu-uutisoinnista.\u00a0<\/span><\/span><span class=\"TextRun SCXW233563620 BCX8\" lang=\"FI-FI\" xml:lang=\"FI-FI\" data-contrast=\"auto\"><span class=\"NormalTextRun SpellingErrorV2Themed SCXW233563620 BCX8\">Niikko<\/span><span class=\"NormalTextRun SCXW233563620 BCX8\"> lukeutuu Suomen suosituimpiin urheilun ruutukasvoihin. H\u00e4n on is\u00e4nn\u00f6inyt miljoonayleis\u00f6j\u00e4 ker\u00e4nneit\u00e4 MTV:n ja Ylen urheilul\u00e4hetyksi\u00e4 vuodesta 2007.<\/span><\/span><\/p>\n\t\t\t\t<\/div>\n\t\t\t<\/div>\n\t\t\t\t\t<h3 class=\"handorgel__header handorgel__header--has-start-time\">\n\t\t\t\t<button class=\"handorgel__header__button\"\n\t\t\t\t        id=\"seminaariohjelma-paattyy\">\n\t\t\t\t\t<span class=\"handorgel__header__button--content\">\n\t\t\t\t\t\t\t\t\t\t\t<span\n\t\t\t\t\t\t\tclass=\"handorgel__header__button--start-time\">16:30<\/span>\n\t\t\t\t\t\t\t\t\t\t<span class=\"handorgel__header__button--title\">Seminaariohjelma p\u00e4\u00e4ttyy<\/span>\n\t\t\t\t\t<\/span>\n\t\t\t\t\t<span class=\"handorgel__header__button--icon\">\n\t\t\t\t\t\t\t<span><\/span>\n\t\t\t\t\t\t\t<span><\/span>\n\t\t\t\t\t<\/span>\n\t\t\t\t\t\t\t\t\t<\/button>\n\t\t\t<\/h3>\n\t\t\t<div class=\"handorgel__content handorgel__content--has-start-time\">\n\t\t\t\t<div class=\"handorgel__content__inner\">\n\t\t\t\t\t\t\t\t\t<\/div>\n\t\t\t<\/div>\n\t\t\t\t\t<h3 class=\"handorgel__header handorgel__header--has-start-time\">\n\t\t\t\t<button class=\"handorgel__header__button\"\n\t\t\t\t        id=\"iltabileet\">\n\t\t\t\t\t<span class=\"handorgel__header__button--content\">\n\t\t\t\t\t\t\t\t\t\t\t<span\n\t\t\t\t\t\t\tclass=\"handorgel__header__button--start-time\">19:00<\/span>\n\t\t\t\t\t\t\t\t\t\t<span class=\"handorgel__header__button--title\">Iltabileet<\/span>\n\t\t\t\t\t<\/span>\n\t\t\t\t\t<span class=\"handorgel__header__button--icon\">\n\t\t\t\t\t\t\t<span><\/span>\n\t\t\t\t\t\t\t<span><\/span>\n\t\t\t\t\t<\/span>\n\t\t\t\t\t\t\t\t\t<\/button>\n\t\t\t<\/h3>\n\t\t\t<div class=\"handorgel__content handorgel__content--has-start-time\">\n\t\t\t\t<div class=\"handorgel__content__inner\">\n\t\t\t\t\t<p><strong>Bileiss\u00e4 tarjolla yst\u00e4vien ja kollegoiden tapaamista, ruokaa ja juomaa, musiikkia ja tanssia!<\/strong><\/p>\n<p>Illan teemana, mik\u00e4p\u00e4 muukaan kun kerta Lahdessa ollaan, After ski.<\/p>\n\t\t\t\t<\/div>\n\t\t\t<\/div>\n\t\t\t<\/div>\n<\/section\n\t\t<!-- You can also use SakkeLib\\Helpers\\get_template_part inside a gutenberg acf block template -->\n\n\n\n<h4 class=\"wp-block-heading has-text-align-center\">OHJELMA LAUANTAI 17.10.2026<\/h4>\n\n\n\n<p class=\"has-text-align-center\">Oikeudet ohjelman ja esiintyjien muutoksiin pid\u00e4tet\u00e4\u00e4n.<\/p>\n\n\n\n<section id=\"gb-accordion-block_4b65caaae2b9520266952a21c96c9b98\" class=\"gb-accordion gb-accordion-block_4b65caaae2b9520266952a21c96c9b98\">\n\t<div class=\"handorgel\">\n\t\t\t\t\t<h3 class=\"handorgel__header handorgel__header--has-start-time\">\n\t\t\t\t<button class=\"handorgel__header__button\"\n\t\t\t\t        id=\"ilmoittautuminen-ja-info-avoinna\">\n\t\t\t\t\t<span class=\"handorgel__header__button--content\">\n\t\t\t\t\t\t\t\t\t\t\t<span\n\t\t\t\t\t\t\tclass=\"handorgel__header__button--start-time\">09:00<\/span>\n\t\t\t\t\t\t\t\t\t\t<span class=\"handorgel__header__button--title\">Ilmoittautuminen ja info avoinna<\/span>\n\t\t\t\t\t<\/span>\n\t\t\t\t\t<span class=\"handorgel__header__button--icon\">\n\t\t\t\t\t\t\t<span><\/span>\n\t\t\t\t\t\t\t<span><\/span>\n\t\t\t\t\t<\/span>\n\t\t\t\t\t\t\t\t\t<\/button>\n\t\t\t<\/h3>\n\t\t\t<div class=\"handorgel__content handorgel__content--has-start-time\">\n\t\t\t\t<div class=\"handorgel__content__inner\">\n\t\t\t\t\t\t\t\t\t<\/div>\n\t\t\t<\/div>\n\t\t\t\t\t<h3 class=\"handorgel__header handorgel__header--has-start-time\">\n\t\t\t\t<button class=\"handorgel__header__button\"\n\t\t\t\t        id=\"lounas-tarjolla\">\n\t\t\t\t\t<span class=\"handorgel__header__button--content\">\n\t\t\t\t\t\t\t\t\t\t\t<span\n\t\t\t\t\t\t\tclass=\"handorgel__header__button--start-time\">10:30<\/span>\n\t\t\t\t\t\t\t\t\t\t<span class=\"handorgel__header__button--title\">Lounas tarjolla<\/span>\n\t\t\t\t\t<\/span>\n\t\t\t\t\t<span class=\"handorgel__header__button--icon\">\n\t\t\t\t\t\t\t<span><\/span>\n\t\t\t\t\t\t\t<span><\/span>\n\t\t\t\t\t<\/span>\n\t\t\t\t\t\t\t\t\t<\/button>\n\t\t\t<\/h3>\n\t\t\t<div class=\"handorgel__content handorgel__content--has-start-time\">\n\t\t\t\t<div class=\"handorgel__content__inner\">\n\t\t\t\t\t\t\t\t\t<\/div>\n\t\t\t<\/div>\n\t\t\t\t\t<h3 class=\"handorgel__header handorgel__header--has-start-time\">\n\t\t\t\t<button class=\"handorgel__header__button\"\n\t\t\t\t        id=\"tervetuloa-toiseen-paivaan\">\n\t\t\t\t\t<span class=\"handorgel__header__button--content\">\n\t\t\t\t\t\t\t\t\t\t\t<span\n\t\t\t\t\t\t\tclass=\"handorgel__header__button--start-time\">10:00<\/span>\n\t\t\t\t\t\t\t\t\t\t<span class=\"handorgel__header__button--title\">Tervetuloa toiseen p\u00e4iv\u00e4\u00e4n!<\/span>\n\t\t\t\t\t<\/span>\n\t\t\t\t\t<span class=\"handorgel__header__button--icon\">\n\t\t\t\t\t\t\t<span><\/span>\n\t\t\t\t\t\t\t<span><\/span>\n\t\t\t\t\t<\/span>\n\t\t\t\t\t\t\t\t\t\t\t<span class=\"handorgel__header__button--speakers\">\n\t\t\t\t\t\t\t\t\t\t\t\t\t\t<span\n\t\t\t\t\t\t\t\t\tclass=\"handorgel__header__button--speakers--speaker\">Seminaariohjelma alkaa<\/span>\n\t\t\t\t\t\t\t\t\t\t\t\t\t\t\t<span\n\t\t\t\t\t\t\t\t\tclass=\"handorgel__header__button--speakers--speaker\">juontaja Mervi Kallio<\/span>\n\t\t\t\t\t\t\t\t\t\t\t\t\t\t\t<span\n\t\t\t\t\t\t\t\t\tclass=\"handorgel__header__button--speakers--speaker\">Atte J\u00e4\u00e4skel\u00e4inen, Sitra<\/span>\n\t\t\t\t\t\t\t\t\t\t\t\t\t<\/span>\n\t\t\t\t\t\t\t\t\t<\/button>\n\t\t\t<\/h3>\n\t\t\t<div class=\"handorgel__content handorgel__content--has-start-time\">\n\t\t\t\t<div class=\"handorgel__content__inner\">\n\t\t\t\t\t<p><span class=\"TextRun SCXW91071482 BCX8\" lang=\"FI-FI\" xml:lang=\"FI-FI\" data-contrast=\"auto\"><span class=\"NormalTextRun SCXW91071482 BCX8\">Mervi Kallio on kokenut urheilutoimittaja ja TV-juontaja. H\u00e4nen erikoisosaamistaan ovat nopeatempoiset suorat televisiol\u00e4hetykset. Mervi tunnetaan erityisesti Formula 1 -l\u00e4hetysten juontajana ja varikkotoimittajana, jossa h\u00e4n on vuosien ajan v\u00e4litt\u00e4nyt tunnelmia katsojille suoraan moottoriurheilun huipulta. Mervi on tuttu kasvo my\u00f6s\u00a0<\/span><span class=\"NormalTextRun SpellingErrorV2Themed SCXW91071482 BCX8\">YLEn<\/span><span class=\"NormalTextRun SCXW91071482 BCX8\"> suositusta Hengaillaan viihdeohjelmasta, jonka juontajana h\u00e4n toimii.<\/span><\/span><\/p>\n\t\t\t\t<\/div>\n\t\t\t<\/div>\n\t\t\t\t\t<h3 class=\"handorgel__header handorgel__header--has-start-time\">\n\t\t\t\t<button class=\"handorgel__header__button\"\n\t\t\t\t        id=\"seminaariohjelma-paattyy\">\n\t\t\t\t\t<span class=\"handorgel__header__button--content\">\n\t\t\t\t\t\t\t\t\t\t\t<span\n\t\t\t\t\t\t\tclass=\"handorgel__header__button--start-time\">15:00<\/span>\n\t\t\t\t\t\t\t\t\t\t<span class=\"handorgel__header__button--title\">Seminaariohjelma p\u00e4\u00e4ttyy<\/span>\n\t\t\t\t\t<\/span>\n\t\t\t\t\t<span class=\"handorgel__header__button--icon\">\n\t\t\t\t\t\t\t<span><\/span>\n\t\t\t\t\t\t\t<span><\/span>\n\t\t\t\t\t<\/span>\n\t\t\t\t\t\t\t\t\t<\/button>\n\t\t\t<\/h3>\n\t\t\t<div class=\"handorgel__content handorgel__content--has-start-time\">\n\t\t\t\t<div class=\"handorgel__content__inner\">\n\t\t\t\t\t\t\t\t\t<\/div>\n\t\t\t<\/div>\n\t\t\t\t\t<h3 class=\"handorgel__header handorgel__header--has-start-time\">\n\t\t\t\t<button class=\"handorgel__header__button\"\n\t\t\t\t        id=\"yrittajagaala\">\n\t\t\t\t\t<span class=\"handorgel__header__button--content\">\n\t\t\t\t\t\t\t\t\t\t\t<span\n\t\t\t\t\t\t\tclass=\"handorgel__header__button--start-time\">19:00<\/span>\n\t\t\t\t\t\t\t\t\t\t<span class=\"handorgel__header__button--title\">Yritt\u00e4j\u00e4gaala<\/span>\n\t\t\t\t\t<\/span>\n\t\t\t\t\t<span class=\"handorgel__header__button--icon\">\n\t\t\t\t\t\t\t<span><\/span>\n\t\t\t\t\t\t\t<span><\/span>\n\t\t\t\t\t<\/span>\n\t\t\t\t\t\t\t\t\t<\/button>\n\t\t\t<\/h3>\n\t\t\t<div class=\"handorgel__content handorgel__content--has-start-time\">\n\t\t\t\t<div class=\"handorgel__content__inner\">\n\t\t\t\t\t<p>Ovet Messukeskukselle avautuvat klo 18.00 ja gaalasaliin viimeist\u00e4\u00e4n klo 18.30. Ohjelma alkaa klo 19.00. Olethan siis ajoissa paikalla! Gaalasaliin p\u00e4\u00e4se klo 19 j\u00e4lkeen vain silloin, kun ohjelma lavalla ei ole k\u00e4ynniss\u00e4.<\/p>\n<p>Yritt\u00e4j\u00e4gaalassa jaetaan Valtakunnalliset yritt\u00e4j\u00e4palkinnot, Valtakunnallinen yksinyritt\u00e4j\u00e4 -palkinto, Vuoden nuori yritt\u00e4j\u00e4 -palkinto sek\u00e4 Vuoden maahan muuttanut yritt\u00e4j\u00e4 -palkinto.<\/p>\n<p>Pukukoodi: tumma puku tai smokki sek\u00e4 Suomen Yritt\u00e4jien yritt\u00e4j\u00e4ristit tai j\u00e4rjest\u00f6ansiomerkit.<\/p>\n\t\t\t\t<\/div>\n\t\t\t<\/div>\n\t\t\t<\/div>\n<\/section\n\t\t<!-- You can also use SakkeLib\\Helpers\\get_template_part inside a gutenberg acf block template -->\n\n\n\n\t<!-- You can also use SakkeLib\\Helpers\\get_template_part inside a gutenberg acf block template -->\n\n\n\n\t<div id=\"gb-anchor-block_31c95bcdcf724cda98bb6b66a9807642\" class=\"gb-anchor gb-anchor-block_31c95bcdcf724cda98bb6b66a9807642\">\n\t\t\t\t\t<div class=\"gb-anchor__anchor\" id=\"kumppanit\"><\/div>\n\n\t\t\t\t\t\t<\/div>\n\n\n\n\n<h4 class=\"wp-block-heading has-text-align-center\">P\u00c4\u00c4YHTEISTY\u00d6KUMPPANIT<\/h4>\n\n\n\n<div class=\"wp-block-columns is-layout-flex wp-container-core-columns-is-layout-2 wp-block-columns-is-layout-flex\">\n<div class=\"wp-block-column is-layout-flow wp-block-column-is-layout-flow\"><\/div>\n\n\n\n<div class=\"wp-block-column is-layout-flow wp-block-column-is-layout-flow\"><\/div>\n\n\n\n<div class=\"wp-block-column is-layout-flow wp-block-column-is-layout-flow\"><\/div>\n<\/div>\n\n\n\n<div class=\"wp-block-columns is-layout-flex wp-container-core-columns-is-layout-3 wp-block-columns-is-layout-flex\">\n<div class=\"wp-block-column is-layout-flow wp-block-column-is-layout-flow\">\n<figure class=\"wp-block-image size-full\"><a href=\"https:\/\/yrityksille.elisa.fi\/\" target=\"_blank\" rel=\" noreferrer noopener\"><img loading=\"lazy\" decoding=\"async\" width=\"800\" height=\"200\" src=\"https:\/\/me.yrittajat.fi\/app\/uploads\/sites\/72\/2024\/02\/9.png\" alt=\"Elisa logo\" class=\"wp-image-250\" srcset=\"https:\/\/me.yrittajat.fi\/app\/uploads\/sites\/72\/2024\/02\/9.png 800w, https:\/\/me.yrittajat.fi\/app\/uploads\/sites\/72\/2024\/02\/9-300x75.png 300w, https:\/\/me.yrittajat.fi\/app\/uploads\/sites\/72\/2024\/02\/9-768x192.png 768w\" sizes=\"auto, (max-width: 800px) 100vw, 800px\" \/><\/a><\/figure>\n<\/div>\n\n\n\n<div class=\"wp-block-column is-layout-flow wp-block-column-is-layout-flow\">\n<figure class=\"wp-block-image size-full\"><a href=\"https:\/\/www.elo.fi\/fi-fi\/yrittaja\" target=\"_blank\" rel=\" noreferrer noopener\"><img loading=\"lazy\" decoding=\"async\" width=\"800\" height=\"200\" src=\"https:\/\/me.yrittajat.fi\/app\/uploads\/sites\/72\/2024\/02\/7.png\" alt=\"Ty\u00f6el\u00e4keyhti\u00f6 Elo logo\" class=\"wp-image-248\" srcset=\"https:\/\/me.yrittajat.fi\/app\/uploads\/sites\/72\/2024\/02\/7.png 800w, https:\/\/me.yrittajat.fi\/app\/uploads\/sites\/72\/2024\/02\/7-300x75.png 300w, https:\/\/me.yrittajat.fi\/app\/uploads\/sites\/72\/2024\/02\/7-768x192.png 768w\" sizes=\"auto, (max-width: 800px) 100vw, 800px\" \/><\/a><\/figure>\n<\/div>\n\n\n\n<div class=\"wp-block-column is-layout-flow wp-block-column-is-layout-flow\">\n<figure class=\"wp-block-image size-full\"><a href=\"https:\/\/www.fennia.fi\/etusivu-yritys\" target=\"_blank\" rel=\" noreferrer noopener\"><img loading=\"lazy\" decoding=\"async\" width=\"800\" height=\"200\" src=\"https:\/\/me.yrittajat.fi\/app\/uploads\/sites\/72\/2024\/02\/11.png\" alt=\"Fennia logo\" class=\"wp-image-252\" srcset=\"https:\/\/me.yrittajat.fi\/app\/uploads\/sites\/72\/2024\/02\/11.png 800w, https:\/\/me.yrittajat.fi\/app\/uploads\/sites\/72\/2024\/02\/11-300x75.png 300w, https:\/\/me.yrittajat.fi\/app\/uploads\/sites\/72\/2024\/02\/11-768x192.png 768w\" sizes=\"auto, (max-width: 800px) 100vw, 800px\" \/><\/a><\/figure>\n<\/div>\n<\/div>\n\n\n\n<div class=\"wp-block-columns is-layout-flex wp-container-core-columns-is-layout-4 wp-block-columns-is-layout-flex\">\n<div class=\"wp-block-column is-layout-flow wp-block-column-is-layout-flow\">\n<figure class=\"wp-block-image size-full\"><a href=\"https:\/\/www.finnvera.fi\/\" target=\"_blank\" rel=\" noreferrer noopener\"><img loading=\"lazy\" decoding=\"async\" width=\"800\" height=\"200\" src=\"https:\/\/me.yrittajat.fi\/app\/uploads\/sites\/72\/2024\/10\/finnvera-800x200px-1.jpg\" alt=\"logo Finnvera\" class=\"wp-image-854\" srcset=\"https:\/\/me.yrittajat.fi\/app\/uploads\/sites\/72\/2024\/10\/finnvera-800x200px-1.jpg 800w, https:\/\/me.yrittajat.fi\/app\/uploads\/sites\/72\/2024\/10\/finnvera-800x200px-1-300x75.jpg 300w, https:\/\/me.yrittajat.fi\/app\/uploads\/sites\/72\/2024\/10\/finnvera-800x200px-1-768x192.jpg 768w\" sizes=\"auto, (max-width: 800px) 100vw, 800px\" \/><\/a><\/figure>\n<\/div>\n\n\n\n<div class=\"wp-block-column is-layout-flow wp-block-column-is-layout-flow\">\n<figure class=\"wp-block-image size-full\"><a href=\"https:\/\/www.fortum.fi\/yrityksille-ja-yhteisoille\" target=\"_blank\" rel=\" noreferrer noopener\"><img loading=\"lazy\" decoding=\"async\" width=\"800\" height=\"200\" src=\"https:\/\/me.yrittajat.fi\/app\/uploads\/sites\/72\/2024\/02\/4.png\" alt=\"Fortumin logo\" class=\"wp-image-245\" srcset=\"https:\/\/me.yrittajat.fi\/app\/uploads\/sites\/72\/2024\/02\/4.png 800w, https:\/\/me.yrittajat.fi\/app\/uploads\/sites\/72\/2024\/02\/4-300x75.png 300w, https:\/\/me.yrittajat.fi\/app\/uploads\/sites\/72\/2024\/02\/4-768x192.png 768w\" sizes=\"auto, (max-width: 800px) 100vw, 800px\" \/><\/a><\/figure>\n<\/div>\n\n\n\n<div class=\"wp-block-column is-layout-flow wp-block-column-is-layout-flow\">\n<figure class=\"wp-block-image size-full\"><a href=\"https:\/\/www.kauppalehti.fi\/\" target=\"_blank\" rel=\" noreferrer noopener\"><img loading=\"lazy\" decoding=\"async\" width=\"800\" height=\"200\" src=\"https:\/\/me.yrittajat.fi\/app\/uploads\/sites\/72\/2024\/02\/3.png\" alt=\"Kauppalehden logo\" class=\"wp-image-244\" srcset=\"https:\/\/me.yrittajat.fi\/app\/uploads\/sites\/72\/2024\/02\/3.png 800w, https:\/\/me.yrittajat.fi\/app\/uploads\/sites\/72\/2024\/02\/3-300x75.png 300w, https:\/\/me.yrittajat.fi\/app\/uploads\/sites\/72\/2024\/02\/3-768x192.png 768w\" sizes=\"auto, (max-width: 800px) 100vw, 800px\" \/><\/a><\/figure>\n<\/div>\n<\/div>\n\n\n\n<div class=\"wp-block-columns is-layout-flex wp-container-core-columns-is-layout-5 wp-block-columns-is-layout-flex\">\n<div class=\"wp-block-column is-layout-flow wp-block-column-is-layout-flow\">\n<figure class=\"wp-block-image size-full\"><a href=\"https:\/\/www.lahti.fi\/\" target=\"_blank\" rel=\" noreferrer noopener\"><img loading=\"lazy\" decoding=\"async\" width=\"800\" height=\"200\" src=\"https:\/\/me.yrittajat.fi\/app\/uploads\/sites\/72\/2026\/01\/Lahti-800x200px.png\" alt=\"\" class=\"wp-image-1427\" srcset=\"https:\/\/me.yrittajat.fi\/app\/uploads\/sites\/72\/2026\/01\/Lahti-800x200px.png 800w, https:\/\/me.yrittajat.fi\/app\/uploads\/sites\/72\/2026\/01\/Lahti-800x200px-300x75.png 300w, https:\/\/me.yrittajat.fi\/app\/uploads\/sites\/72\/2026\/01\/Lahti-800x200px-768x192.png 768w\" sizes=\"auto, (max-width: 800px) 100vw, 800px\" \/><\/a><\/figure>\n<\/div>\n\n\n\n<div class=\"wp-block-column is-layout-flow wp-block-column-is-layout-flow\">\n<figure class=\"wp-block-image size-full\"><a href=\"https:\/\/meks.fi\/\" target=\"_blank\" rel=\" noreferrer noopener\"><img loading=\"lazy\" decoding=\"async\" width=\"800\" height=\"300\" src=\"https:\/\/me.yrittajat.fi\/app\/uploads\/sites\/72\/2026\/04\/Meks-800x300px.png\" alt=\"\" class=\"wp-image-1599\" srcset=\"https:\/\/me.yrittajat.fi\/app\/uploads\/sites\/72\/2026\/04\/Meks-800x300px.png 800w, https:\/\/me.yrittajat.fi\/app\/uploads\/sites\/72\/2026\/04\/Meks-800x300px-300x113.png 300w, https:\/\/me.yrittajat.fi\/app\/uploads\/sites\/72\/2026\/04\/Meks-800x300px-768x288.png 768w\" sizes=\"auto, (max-width: 800px) 100vw, 800px\" \/><\/a><\/figure>\n<\/div>\n\n\n\n<div class=\"wp-block-column is-layout-flow wp-block-column-is-layout-flow\">\n<figure class=\"wp-block-image size-full\"><a href=\"https:\/\/www.omasp.fi\/yritysasiakkaat\" target=\"_blank\" rel=\" noreferrer noopener\"><img loading=\"lazy\" decoding=\"async\" width=\"800\" height=\"200\" src=\"https:\/\/me.yrittajat.fi\/app\/uploads\/sites\/72\/2024\/02\/omasp-logo-800x200px.png\" alt=\"Oma S\u00e4\u00e4st\u00f6pankin logo\" class=\"wp-image-263\" srcset=\"https:\/\/me.yrittajat.fi\/app\/uploads\/sites\/72\/2024\/02\/omasp-logo-800x200px.png 800w, https:\/\/me.yrittajat.fi\/app\/uploads\/sites\/72\/2024\/02\/omasp-logo-800x200px-300x75.png 300w, https:\/\/me.yrittajat.fi\/app\/uploads\/sites\/72\/2024\/02\/omasp-logo-800x200px-768x192.png 768w\" sizes=\"auto, (max-width: 800px) 100vw, 800px\" \/><\/a><\/figure>\n<\/div>\n<\/div>\n\n\n\n<div class=\"wp-block-columns is-layout-flex wp-container-core-columns-is-layout-6 wp-block-columns-is-layout-flex\">\n<div class=\"wp-block-column is-layout-flow wp-block-column-is-layout-flow\"><\/div>\n\n\n\n<div class=\"wp-block-column is-layout-flow wp-block-column-is-layout-flow\"><\/div>\n\n\n\n<div class=\"wp-block-column is-layout-flow wp-block-column-is-layout-flow\"><\/div>\n<\/div>\n\n\n\n<h4 class=\"wp-block-heading has-text-align-center\">TAPAHTUMAKUMPPANIT<\/h4>\n\n\n\n<div class=\"wp-block-columns is-layout-flex wp-container-core-columns-is-layout-7 wp-block-columns-is-layout-flex\">\n<div class=\"wp-block-column is-layout-flow wp-block-column-is-layout-flow\">\n<figure class=\"wp-block-image size-full\"><a href=\"https:\/\/www.scandichotels.fi\/\" target=\"_blank\" rel=\" noreferrer noopener\"><img loading=\"lazy\" decoding=\"async\" width=\"800\" height=\"200\" src=\"https:\/\/me.yrittajat.fi\/app\/uploads\/sites\/72\/2024\/02\/5.png\" alt=\"Scadicin logo\" class=\"wp-image-246\" srcset=\"https:\/\/me.yrittajat.fi\/app\/uploads\/sites\/72\/2024\/02\/5.png 800w, https:\/\/me.yrittajat.fi\/app\/uploads\/sites\/72\/2024\/02\/5-300x75.png 300w, https:\/\/me.yrittajat.fi\/app\/uploads\/sites\/72\/2024\/02\/5-768x192.png 768w\" sizes=\"auto, (max-width: 800px) 100vw, 800px\" \/><\/a><\/figure>\n<\/div>\n\n\n\n<div class=\"wp-block-column is-layout-flow wp-block-column-is-layout-flow\">\n<figure class=\"wp-block-image size-full\"><a href=\"https:\/\/www.skoda.fi\/\" target=\"_blank\" rel=\" noreferrer noopener\"><img loading=\"lazy\" decoding=\"async\" width=\"800\" height=\"200\" src=\"https:\/\/me.yrittajat.fi\/app\/uploads\/sites\/72\/2024\/02\/skoda_800x200px.jpg\" alt=\"Skodan logo\" class=\"wp-image-225\" srcset=\"https:\/\/me.yrittajat.fi\/app\/uploads\/sites\/72\/2024\/02\/skoda_800x200px.jpg 800w, https:\/\/me.yrittajat.fi\/app\/uploads\/sites\/72\/2024\/02\/skoda_800x200px-300x75.jpg 300w, https:\/\/me.yrittajat.fi\/app\/uploads\/sites\/72\/2024\/02\/skoda_800x200px-768x192.jpg 768w\" sizes=\"auto, (max-width: 800px) 100vw, 800px\" \/><\/a><\/figure>\n<\/div>\n\n\n\n<div class=\"wp-block-column is-layout-flow wp-block-column-is-layout-flow\">\n<figure class=\"wp-block-image size-full\"><a href=\"https:\/\/www.syo.fi\/\" target=\"_blank\" rel=\" noreferrer noopener\"><img loading=\"lazy\" decoding=\"async\" width=\"800\" height=\"200\" src=\"https:\/\/me.yrittajat.fi\/app\/uploads\/sites\/72\/2024\/02\/6-1.png\" alt=\"logo SYO\" class=\"wp-image-256\" srcset=\"https:\/\/me.yrittajat.fi\/app\/uploads\/sites\/72\/2024\/02\/6-1.png 800w, https:\/\/me.yrittajat.fi\/app\/uploads\/sites\/72\/2024\/02\/6-1-300x75.png 300w, https:\/\/me.yrittajat.fi\/app\/uploads\/sites\/72\/2024\/02\/6-1-768x192.png 768w\" sizes=\"auto, (max-width: 800px) 100vw, 800px\" \/><\/a><\/figure>\n<\/div>\n<\/div>\n\n\n\n<div class=\"wp-block-columns is-layout-flex wp-container-core-columns-is-layout-8 wp-block-columns-is-layout-flex\">\n<div class=\"wp-block-column is-layout-flow wp-block-column-is-layout-flow\">\n<figure class=\"wp-block-image size-full\"><a href=\"https:\/\/www.vr.fi\/\" target=\"_blank\" rel=\" noreferrer noopener\"><img loading=\"lazy\" decoding=\"async\" width=\"800\" height=\"200\" src=\"https:\/\/me.yrittajat.fi\/app\/uploads\/sites\/72\/2025\/05\/logo_VR_800x200px.png\" alt=\"logo VR\" class=\"wp-image-1109\" srcset=\"https:\/\/me.yrittajat.fi\/app\/uploads\/sites\/72\/2025\/05\/logo_VR_800x200px.png 800w, https:\/\/me.yrittajat.fi\/app\/uploads\/sites\/72\/2025\/05\/logo_VR_800x200px-300x75.png 300w, https:\/\/me.yrittajat.fi\/app\/uploads\/sites\/72\/2025\/05\/logo_VR_800x200px-768x192.png 768w\" sizes=\"auto, (max-width: 800px) 100vw, 800px\" \/><\/a><\/figure>\n<\/div>\n\n\n\n<div class=\"wp-block-column is-layout-flow wp-block-column-is-layout-flow\"><\/div>\n\n\n\n<div class=\"wp-block-column is-layout-flow wp-block-column-is-layout-flow\">\n<figure class=\"wp-block-image size-full\"><a href=\"https:\/\/www.ely-keskus.fi\/web\/yrittajan-talousapu\/etusivu\" target=\"_blank\" rel=\" noreferrer noopener\"><img loading=\"lazy\" decoding=\"async\" width=\"800\" height=\"200\" src=\"https:\/\/me.yrittajat.fi\/app\/uploads\/sites\/72\/2024\/02\/10-1.png\" alt=\"logo Yritt\u00e4j\u00e4n talousapu\" class=\"wp-image-257\" srcset=\"https:\/\/me.yrittajat.fi\/app\/uploads\/sites\/72\/2024\/02\/10-1.png 800w, https:\/\/me.yrittajat.fi\/app\/uploads\/sites\/72\/2024\/02\/10-1-300x75.png 300w, https:\/\/me.yrittajat.fi\/app\/uploads\/sites\/72\/2024\/02\/10-1-768x192.png 768w\" sizes=\"auto, (max-width: 800px) 100vw, 800px\" \/><\/a><\/figure>\n<\/div>\n<\/div>\n\n\n\n\t<div id=\"gb-anchor-block_3e9551334bf60485d72dfb3c54585258\" class=\"gb-anchor gb-anchor-block_3e9551334bf60485d72dfb3c54585258\">\n\t\t\t\t\t<div class=\"gb-anchor__anchor\" id=\"paikka\"><\/div>\n\n\t\t\t\t\t\t<\/div>\n\n\n\n\n<div class=\"wp-block-media-text is-stacked-on-mobile\"><figure class=\"wp-block-media-text__media\"><img loading=\"lazy\" decoding=\"async\" width=\"1024\" height=\"683\" src=\"https:\/\/me.yrittajat.fi\/app\/uploads\/sites\/72\/2025\/11\/Lahden-Messukeskus-1024x683.jpg\" alt=\"\" class=\"wp-image-1402 size-full\" srcset=\"https:\/\/me.yrittajat.fi\/app\/uploads\/sites\/72\/2025\/11\/Lahden-Messukeskus-1024x683.jpg 1024w, https:\/\/me.yrittajat.fi\/app\/uploads\/sites\/72\/2025\/11\/Lahden-Messukeskus-300x200.jpg 300w, https:\/\/me.yrittajat.fi\/app\/uploads\/sites\/72\/2025\/11\/Lahden-Messukeskus-768x512.jpg 768w, https:\/\/me.yrittajat.fi\/app\/uploads\/sites\/72\/2025\/11\/Lahden-Messukeskus-1536x1024.jpg 1536w, https:\/\/me.yrittajat.fi\/app\/uploads\/sites\/72\/2025\/11\/Lahden-Messukeskus-668x445.jpg 668w, https:\/\/me.yrittajat.fi\/app\/uploads\/sites\/72\/2025\/11\/Lahden-Messukeskus.jpg 2048w\" sizes=\"auto, (max-width: 1024px) 100vw, 1024px\" \/><\/figure><div class=\"wp-block-media-text__content\">\n<h3 class=\"wp-block-heading\">Lahden Messukeskus, Salpaussel\u00e4nkatu 7, Lahti<\/h3>\n\n\n\n<p>Muuntautumiskykyiset ja modernit tilamme Lahden Urheilu- ja Messukeskuksessa, upean luonnon \u00e4\u00e4rell\u00e4 ja keskustan l\u00e4heisyydess\u00e4, tarjoavat puitteet onnistuneille tapahtumille pienist\u00e4 kokouksista aina suuriin megatapahtumiin.<\/p>\n\n\n\t<div id=\"gb-button-block_fb9b9a671832117c2f3a5b03677594bf\" class=\"gb-button gb-button-block_fb9b9a671832117c2f3a5b03677594bf\">\n\t\t\t\t\t\t<a class=\"b-button b-button--color- b-button--style-\"\n\t   href=\"https:\/\/lahdenmessut.fi\/yhteystiedot\/saapumisohjeet\/\"\n\t   target=\"_blank\">\n\n\t\t<span class=\"b-button__title\">\n\t\t\tSaapumisohjeet\t\t<\/span>\n\n\t\t\t\t\t<span class=\"b-button__icon\">\n\t\t\t\t<svg xmlns=\"http:\/\/www.w3.org\/2000\/svg\" viewBox=\"0 0 9 14\"><path d=\"M2.001 13.664a1.333 1.333 0 01-.954-2.272l.007-.008 4.414-4.386-4.24-4.414A1.333 1.333 0 113.12.704l5.147 5.334a1.333 1.333 0 010 1.866l-5.334 5.334a1.333 1.333 0 01-.933.426z\"\/><\/svg>\t\t\t<\/span>\n\t\t\t<\/a>\n\t\t\t<\/div>\n<\/div><\/div>\n\n\n\n\t<div id=\"gb-background-block_049e617a74f93ed639195cd49c1c4508\" class=\"gb-background gb-background-block_049e617a74f93ed639195cd49c1c4508 bg-black\">\n\t\t<div class=\"container\">\n\t\t\t<div class=\"gutenberg-content\">\n\t\t\t\t\t\t\t\t\n\n\t<div id=\"gb-anchor-block_e649e8d0c46ba3ec01aa6ef02f0b2ff3\" class=\"gb-anchor gb-anchor-block_e649e8d0c46ba3ec01aa6ef02f0b2ff3\">\n\t\t\t\t\t<div class=\"gb-anchor__anchor\" id=\"ukk\"><\/div>\n\n\t\t\t\t\t\t<\/div>\n\n\n\n\n<h4 class=\"wp-block-heading has-text-align-center\">USEIN KYSYTTY\u00c4<\/h4>\n\n\n\n<section id=\"gb-accordion-block_dd15e4684305640843d8fe7781272e3a\" class=\"gb-accordion gb-accordion-block_dd15e4684305640843d8fe7781272e3a\">\n\t<div class=\"handorgel\">\n\t\t\t\t\t<h3 class=\"handorgel__header handorgel__header--no-start-time\">\n\t\t\t\t<button class=\"handorgel__header__button\"\n\t\t\t\t        id=\"tapahtuman-vastuullisuus\">\n\t\t\t\t\t<span class=\"handorgel__header__button--content\">\n\t\t\t\t\t\t\t\t\t\t<span class=\"handorgel__header__button--title\">Tapahtuman vastuullisuus<\/span>\n\t\t\t\t\t<\/span>\n\t\t\t\t\t<span class=\"handorgel__header__button--icon\">\n\t\t\t\t\t\t\t<span><\/span>\n\t\t\t\t\t\t\t<span><\/span>\n\t\t\t\t\t<\/span>\n\t\t\t\t\t\t\t\t\t<\/button>\n\t\t\t<\/h3>\n\t\t\t<div class=\"handorgel__content handorgel__content--no-start-time\">\n\t\t\t\t<div class=\"handorgel__content__inner\">\n\t\t\t\t\t<p>Olemme sitoutuneet vastuullisuuteen tapahtuman eri osa-alueilla. Tapahtumamme pyrkii edist\u00e4m\u00e4\u00e4n kest\u00e4v\u00e4\u00e4 kehityst\u00e4 ja sosiaalista vastuuta seuraavilla tavoilla:<\/p>\n<p><em>Ymp\u00e4rist\u00f6vastuu:<\/em> Huomioimme ymp\u00e4rist\u00f6vastuun tapahtumaan liittyviss\u00e4 hankinnoissa. Pyrimme valitsemaan tuotteet ja palvelut, jotka minimoivat ymp\u00e4rist\u00f6vaikutukset ja edist\u00e4v\u00e4t kest\u00e4v\u00e4\u00e4 kehityst\u00e4.<\/p>\n<p>Pyyd\u00e4mme osallistujia huomioimaan tapahtumapaikalla kierr\u00e4tyksen sek\u00e4 v\u00e4ltt\u00e4m\u00e4\u00e4n ruokah\u00e4vikki\u00e4. Mik\u00e4li mahdollista toivomme, ett\u00e4 osallistujat saapuvat tapahtumapaikalle hy\u00f6dynt\u00e4en julkisia kulkuneuvoja tai j\u00e4rjestettyj\u00e4 yhteisi\u00e4 kuljetuksia.<\/p>\n<p>Edellyt\u00e4mme yhteisty\u00f6kumppaneiltamme, ett\u00e4 heid\u00e4n toimintansa huomioi vastuullisen tavan tuottaa tuotteita ja palveluita.<\/p>\n<p><em>L\u00e4hituottajien hy\u00f6dynt\u00e4minen:<\/em> Hy\u00f6dynn\u00e4mme mahdollisuuksien mukaan l\u00e4hituottajien tarjontaa ja palveluja, tukien paikallista taloutta ja v\u00e4hent\u00e4en kuljetuksesta aiheutuvia ymp\u00e4rist\u00f6vaikutuksia.<\/p>\n<p><em>Syrjinn\u00e4st\u00e4 ja h\u00e4irinn\u00e4st\u00e4 vapaa tapahtuma:<\/em> E<span data-olk-copy-source=\"MessageBody\">mme hyv\u00e4ksy tapahtumaan osallistuvilta mink\u00e4\u00e4nlaista syrjint\u00e4\u00e4 tai h\u00e4irint\u00e4\u00e4. <\/span>Luomme turvallisen ja inklusiivisen ymp\u00e4rist\u00f6n, jossa kaikki osallistujat voivat tuntea olonsa tervetulleiksi ja arvostetuiksi. Tapahtumalla on h\u00e4irint\u00e4yhteyshenkil\u00f6.<\/p>\n<p>Olemme ylpeit\u00e4 vastuullisesta l\u00e4hestymistavastaan ja pyrimme jatkuvasti parantamaan toimintaamme, jotta voimme yhdess\u00e4 rakentaa kest\u00e4v\u00e4mp\u00e4\u00e4 ja oikeudenmukaisempaa tulevaisuutta.<\/p>\n\t\t\t\t<\/div>\n\t\t\t<\/div>\n\t\t\t\t\t<h3 class=\"handorgel__header handorgel__header--no-start-time\">\n\t\t\t\t<button class=\"handorgel__header__button\"\n\t\t\t\t        id=\"esteettomyys-saavutettavuus-ja-turvallisemman-tilan-periaatteet\">\n\t\t\t\t\t<span class=\"handorgel__header__button--content\">\n\t\t\t\t\t\t\t\t\t\t<span class=\"handorgel__header__button--title\">Esteett\u00f6myys, saavutettavuus ja turvallisemman tilan periaatteet<\/span>\n\t\t\t\t\t<\/span>\n\t\t\t\t\t<span class=\"handorgel__header__button--icon\">\n\t\t\t\t\t\t\t<span><\/span>\n\t\t\t\t\t\t\t<span><\/span>\n\t\t\t\t\t<\/span>\n\t\t\t\t\t\t\t\t\t<\/button>\n\t\t\t<\/h3>\n\t\t\t<div class=\"handorgel__content handorgel__content--no-start-time\">\n\t\t\t\t<div class=\"handorgel__content__inner\">\n\t\t\t\t\t<p><strong>Turvallisemman tilan periaatteet<\/strong><\/p>\n<p>Yhdess\u00e4 tapahtuman j\u00e4rjest\u00e4jien, tapahtumapaikan henkil\u00f6kunnan, kumppaneiden, osallistujien ja muiden sidosryhmien kanssa pyrimme luomaan tapahtuman, johon jokaisen on turvallista osallistua ja jossa jokaisella on hyv\u00e4 olla.<\/p>\n<p>Olemme sitoutuneet tasa-arvon, oikeudenmukaisuuden ja yhdenvertaisuuden periaatteisiin. Edellyt\u00e4mme koko henkil\u00f6kunnalta, kumppaneilta ja osallistujilta sek\u00e4 muilta sidosryhmien edustajilta sitoutumista samoihin arvoihin.<\/p>\n<p>Jokainen on tervetullut tapahtumaan omana itsen\u00e4\u00e4n. Jokaisella on oikeus osallistua tapahtumaan ilman pelkoa syrjinn\u00e4st\u00e4, h\u00e4irinn\u00e4st\u00e4, seksuaalisesta tai sanallisen ahdistelusta tai muusta ep\u00e4asiallisen kohtelusta.<\/p>\n<p>Kannustamme sinua keskustelemaan ja vaihtamaan ajatuksia. Aina yst\u00e4v\u00e4llisesti. Haluamme my\u00f6s tehd\u00e4 selv\u00e4ksi, ett\u00e4 h\u00e4irint\u00e4\u00e4, kiusaamista tai ep\u00e4kunnioittavaa k\u00e4yt\u00f6st\u00e4 ei suvaita miss\u00e4\u00e4n muodossa.<\/p>\n<p>K\u00e4yt\u00e4 alkoholia vain kohtuudella.<\/p>\n<p>Jos koet, ett\u00e4 sin\u00e4 tai joku tuntemasi tapahtumassa on joutunut syrjiv\u00e4n tai ep\u00e4kunnioittavan k\u00e4yt\u00f6ksen kohteeksi, kehotamme sinua ottamaan yhteytt\u00e4 Suomen Yritt\u00e4jien henkil\u00f6kuntaan, tapahtuman j\u00e4rjestyksenvalvojiin tai soittamaan mahdollisimman pian numeroon + 358 50\u202f408 8460.<\/p>\n<p><span data-contrast=\"auto\">Tehd\u00e4\u00e4n Yritt\u00e4j\u00e4p\u00e4ivist\u00e4 ikimuistoinen kokemus ihan jokaiselle!<\/span><\/p>\n<p><strong>Turvallisuus<\/strong><\/p>\n<p>Tapahtuma-alueen turvallisuuteen liittyviss\u00e4 kysymyksiss\u00e4 ja h\u00e4iri\u00f6- ja ongelmatilanteissa voit k\u00e4\u00e4nty\u00e4 l\u00e4himm\u00e4n j\u00e4rjestyksenvalvojan puoleen. Tunnistat heid\u00e4t keltaisesta rintakortista.<\/p>\n<p>J\u00e4rjestyksenvalvojien puoleen voit k\u00e4\u00e4nty\u00e4 my\u00f6s ensiapua vaativissa tilanteissa. Tapahtuma-alueelta l\u00f6yd\u00e4t my\u00f6s ensiaputy\u00f6ntekij\u00f6it\u00e4, jotka tunnistat punaisesta liivist\u00e4.<\/p>\n<p><em>Kielletyt esineet ja aineet<\/em><\/p>\n<p>Tapahtuman turvallisuuden ja viihtyvyyden takaamiseksi tilaisuuteen ei saa tuoda esineit\u00e4 tai aineita, jotka voivat aiheuttaa uhkaa tai vaaraa henkil\u00f6st\u00f6lle, osallistujille tai tapahtuman rakenteille. T\u00e4llaisia voivat olla esimerkiksi ampuma- ja ter\u00e4aseet, ilotulitteet, leikkiaseet, ty\u00f6kalut sek\u00e4 kaasuuntuvat, sy\u00f6vytt\u00e4v\u00e4t tai \u00e4rsytt\u00e4v\u00e4t aineet. P\u00e4ihdytt\u00e4vien aineiden tuominen tapahtumaan on ehdottomasti kielletty.<\/p>\n<p><strong>Terveysturvallisuus<\/strong><\/p>\n<p>Olemme sitoutuneet noudattamaan ajankohtaisia viranomaisten sek\u00e4 Terveyden ja hyvinvoinninlaitoksen THL:n ohjeistuksia. WC:st\u00e4 l\u00f6yd\u00e4t k\u00e4sienpesupisteit\u00e4, joista jokaiselta l\u00f6ytyy saippuaa. Tapahtuman henkil\u00f6kunta on ohjeistettu noudattamaan yhteisi\u00e4 turvallisuus- ja hygieniaohjeistuksia. Osallistuthan tapahtumaan vain terveen\u00e4!<\/p>\n<p><strong>Esteett\u00f6myys ja saavutettavuus<\/strong><\/p>\n<p>Kaikki Lahden Messukeskuksen palvelut ovat my\u00f6s liikunta- ja toimintaesteisten vieraiden saavutettavissa. Lis\u00e4tietoja esteett\u00f6myydest\u00e4 l\u00f6yd\u00e4t <a href=\"https:\/\/lahdenmessut.fi\/kavijalle\/kavijainfo\/\" target=\"_blank\" rel=\"noopener\">t\u00e4\u00e4lt\u00e4<\/a>.<\/p>\n<p>Seminaarisalissa on erikseen varattu paikkoja py\u00f6r\u00e4tuoleille. Seminaaritilan katsomo on lattiatasossa.<\/p>\n<p>Wc-tilojen yhteydess\u00e4 on inva-wc. Tapahtumassa\u00a0on k\u00e4yt\u00f6ss\u00e4\u00a0<a href=\"https:\/\/ibd.fi\/viestinta\/vessapassi\/\" target=\"_blank\" rel=\"noopener\">Vessapassi<\/a>. Vessapassin haltijalla on oikeus p\u00e4\u00e4st\u00e4 esimerkiksi esteett\u00f6m\u00e4\u00e4n WC:hen tai yleisiin WC-tiloihin ilman jonottamista. Vessapassin tarkoituksena on helpottaa esimerkiksi suolistosairauksia sairastavien tapahtumakokemusta. Otathan Vessapassin k\u00e4ytt\u00e4j\u00e4t huomioon!<\/p>\n<p>Valitettavasti tapahtuma ei ole kuulemisymp\u00e4rist\u00f6lt\u00e4\u00e4n esteet\u00f6n, sill\u00e4 tapahtumassa ei ole k\u00e4yt\u00f6ss\u00e4 induktiosilmukkaa. Tilaisuuden kaikissa puheenvuoroissa ja muissa esityksiss\u00e4 k\u00e4ytet\u00e4\u00e4n mikrofonia.<\/p>\n<p>Tapahtumassa ei ole viittomakielist\u00e4 tulkkausta tai tekstityst\u00e4 esityksille ja puheohjelmalle.\u00a0Tapahtumaan osallistuvien on tarvittaessa mahdollisuus saada esitysmateriaalit etuk\u00e4teen, jos niihin tutustumiseen tarvitaan apuv\u00e4lineit\u00e4.<\/p>\n<p><strong>Avustajat ja avustajakoirat<\/strong><\/p>\n<p>Apuv\u00e4linett\u00e4 k\u00e4ytt\u00e4v\u00e4 tai avustajaa tarvitseva henkil\u00f6 ostaa tapahtumaan tavallisen lipun. Avustaja p\u00e4\u00e4see aina veloituksetta tapahtumaan avustettavan kanssa. Avustajak\u00e4yt\u00e4nt\u00f6 koskee my\u00f6s tulkkeja. Emme edellyt\u00e4 erillist\u00e4 korttia tai todistusta vammaisuudesta.<\/p>\n<p>Jos tarvitset avustajan mukaasi, olethan meihin yhteydess\u00e4 s\u00e4hk\u00f6postitse osoitteella yrittajapaivat@yrittajat.fi, jotta saamme alueella liikkumiseen tarvittavan nimikyltin my\u00f6s avustajallesi.<\/p>\n<p>Tervetulleita tapahtumaan ovat my\u00f6s opaskoirat ja muut virallisesti koulutetut avustajakoirat, jotka tukevat k\u00e4ytt\u00e4j\u00e4ns\u00e4 toimintakyky\u00e4.<\/p>\n<p><strong>Kysymykset<\/strong><\/p>\n<p>Jos sinulla on kysytt\u00e4v\u00e4\u00e4 mist\u00e4 tahansa esteett\u00f6myyteen, saavutettavuuteen tai turvallisuuteen liittyv\u00e4st\u00e4 asiasta, voit olla meihin yhteydess\u00e4 s\u00e4hk\u00f6postitse yrittajapaivat@yrittajat.fi<\/p>\n\t\t\t\t<\/div>\n\t\t\t<\/div>\n\t\t\t\t\t<h3 class=\"handorgel__header handorgel__header--no-start-time\">\n\t\t\t\t<button class=\"handorgel__header__button\"\n\t\t\t\t        id=\"mita-eri-lipputyypit-sisaltavat\">\n\t\t\t\t\t<span class=\"handorgel__header__button--content\">\n\t\t\t\t\t\t\t\t\t\t<span class=\"handorgel__header__button--title\">Mit\u00e4 eri lipputyypit sis\u00e4lt\u00e4v\u00e4t?<\/span>\n\t\t\t\t\t<\/span>\n\t\t\t\t\t<span class=\"handorgel__header__button--icon\">\n\t\t\t\t\t\t\t<span><\/span>\n\t\t\t\t\t\t\t<span><\/span>\n\t\t\t\t\t<\/span>\n\t\t\t\t\t\t\t\t\t<\/button>\n\t\t\t<\/h3>\n\t\t\t<div class=\"handorgel__content handorgel__content--no-start-time\">\n\t\t\t\t<div class=\"handorgel__content__inner\">\n\t\t\t\t\t<p><strong>Super Early Bird, Very Early Bird, Early Bird, Regular ja Late Bird<\/strong><strong>\u00a0-liput sis\u00e4lt\u00e4v\u00e4t osallistumisen koko tapahtumaan, eli:<\/strong><\/p>\n<ul>\n<li data-leveltext=\"\uf0fc\" data-font=\"Wingdings\" data-listid=\"2\" data-list-defn-props=\"{&quot;335552541&quot;:1,&quot;335559684&quot;:-2,&quot;335559685&quot;:720,&quot;335559991&quot;:360,&quot;469769226&quot;:&quot;Wingdings&quot;,&quot;469769242&quot;:[8226],&quot;469777803&quot;:&quot;left&quot;,&quot;469777804&quot;:&quot;\uf0fc&quot;,&quot;469777815&quot;:&quot;hybridMultilevel&quot;}\" data-aria-posinset=\"1\" data-aria-level=\"1\"><span data-contrast=\"auto\">p\u00e4\u00e4lavan ohjelman <\/span><span data-contrast=\"auto\">perjantaina ja lauantaina<\/span><span data-ccp-props=\"{&quot;134233117&quot;:false,&quot;134233118&quot;:false,&quot;201341983&quot;:0,&quot;335559738&quot;:0,&quot;335559739&quot;:0,&quot;335559740&quot;:240}\">\u00a0<\/span><\/li>\n<li data-leveltext=\"\uf0fc\" data-font=\"Wingdings\" data-listid=\"2\" data-list-defn-props=\"{&quot;335552541&quot;:1,&quot;335559684&quot;:-2,&quot;335559685&quot;:720,&quot;335559991&quot;:360,&quot;469769226&quot;:&quot;Wingdings&quot;,&quot;469769242&quot;:[8226],&quot;469777803&quot;:&quot;left&quot;,&quot;469777804&quot;:&quot;\uf0fc&quot;,&quot;469777815&quot;:&quot;hybridMultilevel&quot;}\" data-aria-posinset=\"2\" data-aria-level=\"1\"><span data-contrast=\"auto\">Tietoiskulavan ohjelman<\/span><\/li>\n<li data-leveltext=\"\uf0fc\" data-font=\"Wingdings\" data-listid=\"2\" data-list-defn-props=\"{&quot;335552541&quot;:1,&quot;335559684&quot;:-2,&quot;335559685&quot;:720,&quot;335559991&quot;:360,&quot;469769226&quot;:&quot;Wingdings&quot;,&quot;469769242&quot;:[8226],&quot;469777803&quot;:&quot;left&quot;,&quot;469777804&quot;:&quot;\uf0fc&quot;,&quot;469777815&quot;:&quot;hybridMultilevel&quot;}\" data-aria-posinset=\"3\" data-aria-level=\"1\"><span data-contrast=\"auto\">avoimen p\u00e4\u00e4syn kumppanialueelle<\/span><\/li>\n<li data-leveltext=\"\uf0fc\" data-font=\"Wingdings\" data-listid=\"2\" data-list-defn-props=\"{&quot;335552541&quot;:1,&quot;335559684&quot;:-2,&quot;335559685&quot;:720,&quot;335559991&quot;:360,&quot;469769226&quot;:&quot;Wingdings&quot;,&quot;469769242&quot;:[8226],&quot;469777803&quot;:&quot;left&quot;,&quot;469777804&quot;:&quot;\uf0fc&quot;,&quot;469777815&quot;:&quot;hybridMultilevel&quot;}\" data-aria-posinset=\"4\" data-aria-level=\"1\"><span data-contrast=\"auto\">seminaarilounaat ja non-stop kahvin perjantaina ja lauantaina<\/span><span data-ccp-props=\"{&quot;134233117&quot;:false,&quot;134233118&quot;:false,&quot;201341983&quot;:0,&quot;335559738&quot;:0,&quot;335559739&quot;:0,&quot;335559740&quot;:240}\">\u00a0<\/span><\/li>\n<li data-leveltext=\"\uf0fc\" data-font=\"Wingdings\" data-listid=\"2\" data-list-defn-props=\"{&quot;335552541&quot;:1,&quot;335559684&quot;:-2,&quot;335559685&quot;:720,&quot;335559991&quot;:360,&quot;469769226&quot;:&quot;Wingdings&quot;,&quot;469769242&quot;:[8226],&quot;469777803&quot;:&quot;left&quot;,&quot;469777804&quot;:&quot;\uf0fc&quot;,&quot;469777815&quot;:&quot;hybridMultilevel&quot;}\" data-aria-posinset=\"4\" data-aria-level=\"1\"><span data-contrast=\"auto\">perjantain iltabileet <\/span><span data-ccp-props=\"{&quot;134233117&quot;:false,&quot;134233118&quot;:false,&quot;201341983&quot;:0,&quot;335559738&quot;:0,&quot;335559739&quot;:0,&quot;335559740&quot;:240}\">sek\u00e4 <\/span><span data-contrast=\"auto\">iltabileiden ruokailun<\/span><\/li>\n<li data-leveltext=\"\uf0fc\" data-font=\"Wingdings\" data-listid=\"2\" data-list-defn-props=\"{&quot;335552541&quot;:1,&quot;335559684&quot;:-2,&quot;335559685&quot;:720,&quot;335559991&quot;:360,&quot;469769226&quot;:&quot;Wingdings&quot;,&quot;469769242&quot;:[8226],&quot;469777803&quot;:&quot;left&quot;,&quot;469777804&quot;:&quot;\uf0fc&quot;,&quot;469777815&quot;:&quot;hybridMultilevel&quot;}\" data-aria-posinset=\"4\" data-aria-level=\"1\"><span data-contrast=\"auto\">lauantain Yritt\u00e4j\u00e4gaalan kolmen ruokalajin illallisella<\/span><\/li>\n<li data-leveltext=\"\uf0fc\" data-font=\"Wingdings\" data-listid=\"2\" data-list-defn-props=\"{&quot;335552541&quot;:1,&quot;335559684&quot;:-2,&quot;335559685&quot;:720,&quot;335559991&quot;:360,&quot;469769226&quot;:&quot;Wingdings&quot;,&quot;469769242&quot;:[8226],&quot;469777803&quot;:&quot;left&quot;,&quot;469777804&quot;:&quot;\uf0fc&quot;,&quot;469777815&quot;:&quot;hybridMultilevel&quot;}\" data-aria-posinset=\"4\" data-aria-level=\"1\"><span data-contrast=\"auto\">bussikuljetukset tapahtumapaikan ja keskeisten hotellien v\u00e4lill\u00e4<\/span><\/li>\n<\/ul>\n<p><b>Myynniss\u00e4 on my\u00f6s erillisi\u00e4 p\u00e4iv\u00e4- ja iltaohjelmalippuja.<\/b><\/p>\n<p>N\u00e4m\u00e4 tunnistat lipun nimest\u00e4 eli jos lipputyypiss\u00e4 lukee esimerkiksi seminaarilippu, p\u00e4\u00e4see sill\u00e4 vain seminaariohjelmaan (lipun hintaan sis\u00e4ltyy ohjelmassa mainitut ruokailut).<\/p>\n<p>N\u00e4it\u00e4 lippuja voit ostaa haluamallasi yhdistelm\u00e4ll\u00e4, mutta yll\u00e4 mainitut koko tapahtuman liput ovat aina edullisin vaihtoehto kokonaisuudesta.<\/p>\n\t\t\t\t<\/div>\n\t\t\t<\/div>\n\t\t\t\t\t<h3 class=\"handorgel__header handorgel__header--no-start-time\">\n\t\t\t\t<button class=\"handorgel__header__button\"\n\t\t\t\t        id=\"voinko-perua-ilmoittautumisen\">\n\t\t\t\t\t<span class=\"handorgel__header__button--content\">\n\t\t\t\t\t\t\t\t\t\t<span class=\"handorgel__header__button--title\">Voinko perua ilmoittautumisen?<\/span>\n\t\t\t\t\t<\/span>\n\t\t\t\t\t<span class=\"handorgel__header__button--icon\">\n\t\t\t\t\t\t\t<span><\/span>\n\t\t\t\t\t\t\t<span><\/span>\n\t\t\t\t\t<\/span>\n\t\t\t\t\t\t\t\t\t<\/button>\n\t\t\t<\/h3>\n\t\t\t<div class=\"handorgel__content handorgel__content--no-start-time\">\n\t\t\t\t<div class=\"handorgel__content__inner\">\n\t\t\t\t\t<p>Kyll\u00e4 voit. Tarkasta peruutusehdot alta.<\/p>\n<p>Voit my\u00f6s myyd\u00e4 lippusi eteenp\u00e4in toiselle henkil\u00f6lle tai voit jakaa lipun toisen henkil\u00f6n kanssa p\u00e4iv\u00e4kohtaisesti.<\/p>\n<p>Kaikki peruutukset ja nimenvaihdot tulee tehd\u00e4 kirjallisesti s\u00e4hk\u00f6postilla osoitteeseen yrittajapaivat@yrittajat.fi<\/p>\n<p><strong>Peruutusehto Super Early Bird -lippu:<\/strong>\u00a0 Lipulla ei ole peruutusmahdollisuutta. Lippu tulee maksaa ilmoittautumisen yhteydess\u00e4 tai jos maksajana on yritys, maksuvaihtoehtona on my\u00f6s lasku, joka laskutetaan alkuvuodesta 2026.<\/p>\n<p><strong>Peruutusehto muut liput:<\/strong> T\u00e4ysin kuluton peruutus on mahdollinen 15.6.2026 asti. T\u00e4m\u00e4n j\u00e4lkeen tehdyst\u00e4 peruutuksesta veloitamme 50 % lipun hinnasta, jos se tehd\u00e4\u00e4n 31.8.2026 menness\u00e4. T\u00e4m\u00e4n j\u00e4lkeen tehdyist\u00e4 peruutuksista tai paikalle saapumatta j\u00e4tt\u00e4misest\u00e4 veloitus on 100 % lipun hinnasta. Lipun voi maksaa heti ilmoittautumisen yhteydess\u00e4 tai, jos maksajana on yritys, laskulla kes\u00e4kuussa 2026. Nimenvaihdos on kuluton.<\/p>\n<p>Lipputyyppisi l\u00f6yd\u00e4t ilmoittautumisvahvistuksesta.<\/p>\n\t\t\t\t<\/div>\n\t\t\t<\/div>\n\t\t\t\t\t<h3 class=\"handorgel__header handorgel__header--no-start-time\">\n\t\t\t\t<button class=\"handorgel__header__button\"\n\t\t\t\t        id=\"miten-osallistujat-plaseerataan-yrittajagaalassa\">\n\t\t\t\t\t<span class=\"handorgel__header__button--content\">\n\t\t\t\t\t\t\t\t\t\t<span class=\"handorgel__header__button--title\">Miten osallistujat plaseerataan Yritt\u00e4j\u00e4gaalassa?<\/span>\n\t\t\t\t\t<\/span>\n\t\t\t\t\t<span class=\"handorgel__header__button--icon\">\n\t\t\t\t\t\t\t<span><\/span>\n\t\t\t\t\t\t\t<span><\/span>\n\t\t\t\t\t<\/span>\n\t\t\t\t\t\t\t\t\t<\/button>\n\t\t\t<\/h3>\n\t\t\t<div class=\"handorgel__content handorgel__content--no-start-time\">\n\t\t\t\t<div class=\"handorgel__content__inner\">\n\t\t\t\t\t<p>Ilmoittautumisen yhteydess\u00e4 voit ilmoittaa plaseeraustoiveesi. Vaihtoehtoina ovat paikallisyhdistyksen p\u00f6yt\u00e4, aluej\u00e4rjest\u00f6n p\u00f6yt\u00e4, toimialaj\u00e4rjest\u00f6n p\u00f6yt\u00e4, nuorten yritt\u00e4jien p\u00f6yt\u00e4 (ik\u00e4rajaton) tai j\u00e4rjest\u00e4j\u00e4 plaseeraa vapaasti.<\/p>\n<p>Lis\u00e4tietoihin voit kirjoittaa niiden henkil\u00f6iden nimet, jotka toivot plaseerattavan samaan p\u00f6yt\u00e4\u00e4n. On hyv\u00e4 ensin kuitenkin varmistaa, ett\u00e4 kyseiset henkil\u00f6t ovat ilmoittautuneet tapahtumaan.<\/p>\n<p>Tiedon p\u00f6yd\u00e4st\u00e4si l\u00f6yd\u00e4t nimikyltist\u00e4si. Voit istua p\u00f6yt\u00e4numerosi mukaiseen p\u00f6yt\u00e4\u00e4n mille tahansa paikalle.<\/p>\n\t\t\t\t<\/div>\n\t\t\t<\/div>\n\t\t\t\t\t<h3 class=\"handorgel__header handorgel__header--no-start-time\">\n\t\t\t\t<button class=\"handorgel__header__button\"\n\t\t\t\t        id=\"mista-voin-varmistaa-olenko-jo-ilmoittautunut-mista-loydan-lippuni\">\n\t\t\t\t\t<span class=\"handorgel__header__button--content\">\n\t\t\t\t\t\t\t\t\t\t<span class=\"handorgel__header__button--title\">Mist\u00e4 voin varmistaa olenko jo ilmoittautunut? Mist\u00e4 l\u00f6yd\u00e4n lippuni?<\/span>\n\t\t\t\t\t<\/span>\n\t\t\t\t\t<span class=\"handorgel__header__button--icon\">\n\t\t\t\t\t\t\t<span><\/span>\n\t\t\t\t\t\t\t<span><\/span>\n\t\t\t\t\t<\/span>\n\t\t\t\t\t\t\t\t\t<\/button>\n\t\t\t<\/h3>\n\t\t\t<div class=\"handorgel__content handorgel__content--no-start-time\">\n\t\t\t\t<div class=\"handorgel__content__inner\">\n\t\t\t\t\t<p>Jokainen ilmoittautunut osallistuja saa s\u00e4hk\u00f6postitse vahvistuksen ilmoittautumisen yhteydess\u00e4. Viestin l\u00e4hett\u00e4j\u00e4n\u00e4 on Suomen Yritt\u00e4j\u00e4t s\u00e4hk\u00f6postilla yrittajapaivat@yrittajat.fi.<\/p>\n<p>Jos vahvistusviesti\u00e4 ei l\u00f6ydy ja olet ep\u00e4varma tilanteesta, voit tiedustella asiaa s\u00e4hk\u00f6postitse osoitteella yrittajapaivat@yrittajat.fi.<\/p>\n<p>Saamasi ilmoittautumisvahvistus toimii lippunasi tapahtumaan. Jos ilmoittautumisvahvistus on joutunut hukkaan, voit pyyt\u00e4\u00e4 sen uudelleen l\u00e4hetyst\u00e4 s\u00e4hk\u00f6postitse osoitteesta yrittajapaivat@yrittajat.fi.<\/p>\n<p>Nimikylttisi voit noutaa nimell\u00e4si tapahtuman aikana ilmoittautumispisteelt\u00e4. Nimikyltill\u00e4 p\u00e4\u00e4set liikkumaan tapahtuma-alueella, joten pid\u00e4th\u00e4n sen koko ajan mukanasi.<\/p>\n\t\t\t\t<\/div>\n\t\t\t<\/div>\n\t\t\t\t\t<h3 class=\"handorgel__header handorgel__header--no-start-time\">\n\t\t\t\t<button class=\"handorgel__header__button\"\n\t\t\t\t        id=\"mika-on-tapahtuman-pukukoodi\">\n\t\t\t\t\t<span class=\"handorgel__header__button--content\">\n\t\t\t\t\t\t\t\t\t\t<span class=\"handorgel__header__button--title\">Mik\u00e4 on tapahtuman pukukoodi?<\/span>\n\t\t\t\t\t<\/span>\n\t\t\t\t\t<span class=\"handorgel__header__button--icon\">\n\t\t\t\t\t\t\t<span><\/span>\n\t\t\t\t\t\t\t<span><\/span>\n\t\t\t\t\t<\/span>\n\t\t\t\t\t\t\t\t\t<\/button>\n\t\t\t<\/h3>\n\t\t\t<div class=\"handorgel__content handorgel__content--no-start-time\">\n\t\t\t\t<div class=\"handorgel__content__inner\">\n\t\t\t\t\t<p>Yritt\u00e4j\u00e4p\u00e4iv\u00e4t on rento bisnestapahtuma. P\u00e4iv\u00e4ohjelmien pukukoodi on smart casual.<\/p>\n<p>Perjantai-illan teema on After ski. Kannustamme osallistujia pukeutumaan teeman mukaisesti.<\/p>\n<p>Lauantain Yritt\u00e4j\u00e4gaalan pukukoodi on tumma puku tai smokki sek\u00e4 Suomen Yritt\u00e4jien yritt\u00e4j\u00e4ristit tai j\u00e4rjest\u00f6ansiomerkit.<\/p>\n\t\t\t\t<\/div>\n\t\t\t<\/div>\n\t\t\t\t\t<h3 class=\"handorgel__header handorgel__header--no-start-time\">\n\t\t\t\t<button class=\"handorgel__header__button\"\n\t\t\t\t        id=\"milloin-liittokokous-jarjestetaan\">\n\t\t\t\t\t<span class=\"handorgel__header__button--content\">\n\t\t\t\t\t\t\t\t\t\t<span class=\"handorgel__header__button--title\">Milloin liittokokous j\u00e4rjestet\u00e4\u00e4n?<\/span>\n\t\t\t\t\t<\/span>\n\t\t\t\t\t<span class=\"handorgel__header__button--icon\">\n\t\t\t\t\t\t\t<span><\/span>\n\t\t\t\t\t\t\t<span><\/span>\n\t\t\t\t\t<\/span>\n\t\t\t\t\t\t\t\t\t<\/button>\n\t\t\t<\/h3>\n\t\t\t<div class=\"handorgel__content handorgel__content--no-start-time\">\n\t\t\t\t<div class=\"handorgel__content__inner\">\n\t\t\t\t\t<p>Suomen Yritt\u00e4jien liittokokous j\u00e4rjestet\u00e4\u00e4n joka toinen vuosi ja siis seuraavan kerran vuonna 2026. Liittokokousp\u00e4iv\u00e4 on 16.10.2026. <a href=\"https:\/\/www.yrittajat.fi\/tietoa-meista\/tietoa-yrittajajarjestosta\/hallitus-ja-valtuusto\/suomen-yrittajien-liittokokous\/\" target=\"_blank\" rel=\"noopener\">Lis\u00e4tietoja l\u00f6yd\u00e4t t\u00e4lt\u00e4 sivulta l\u00e4hemp\u00e4n\u00e4 ajankohtaa<\/a>.<\/p>\n\t\t\t\t<\/div>\n\t\t\t<\/div>\n\t\t\t\t\t<h3 class=\"handorgel__header handorgel__header--no-start-time\">\n\t\t\t\t<button class=\"handorgel__header__button\"\n\t\t\t\t        id=\"mista-loydan-ohjelman-pdf-muodossa\">\n\t\t\t\t\t<span class=\"handorgel__header__button--content\">\n\t\t\t\t\t\t\t\t\t\t<span class=\"handorgel__header__button--title\">Mist\u00e4 l\u00f6yd\u00e4n ohjelman pdf-muodossa?<\/span>\n\t\t\t\t\t<\/span>\n\t\t\t\t\t<span class=\"handorgel__header__button--icon\">\n\t\t\t\t\t\t\t<span><\/span>\n\t\t\t\t\t\t\t<span><\/span>\n\t\t\t\t\t<\/span>\n\t\t\t\t\t\t\t\t\t<\/button>\n\t\t\t<\/h3>\n\t\t\t<div class=\"handorgel__content handorgel__content--no-start-time\">\n\t\t\t\t<div class=\"handorgel__content__inner\">\n\t\t\t\t\t<p>Ohjelma lis\u00e4t\u00e4\u00e4n pdf-muodossa t\u00e4nne sen valmistuttua.<\/p>\n\t\t\t\t<\/div>\n\t\t\t<\/div>\n\t\t\t<\/div>\n<\/section\n\t\t<!-- You can also use SakkeLib\\Helpers\\get_template_part inside a gutenberg acf block template -->\n\n\n\n\t<div id=\"gb-anchor-block_b69460d54c6161721abc6fd3ba166e4b\" class=\"gb-anchor gb-anchor-block_b69460d54c6161721abc6fd3ba166e4b\">\n\t\t\t\t\t<div class=\"gb-anchor__anchor\" id=\"yhteystiedot\"><\/div>\n\n\t\t\t\t\t\t<\/div>\n\n\n\n\n<h4 class=\"wp-block-heading has-text-align-center\">OTA YHTEYTT\u00c4<\/h4>\n\n\n\n<p class=\"has-text-align-center\">Autamme mielell\u00e4mme kaikissa Valtakunnallisiin yritt\u00e4j\u00e4p\u00e4iviin liittyviss\u00e4 asioissa. Voit olla meihin yhteydess\u00e4 s\u00e4hk\u00f6postilla yrittajapaivat@yrittajat.fi<\/p>\n\n\n\n<p class=\"has-text-align-center\">Verkkosivun p\u00e4\u00e4kuva: &nbsp;Visit Lahti, Antti M\u00e4kij\u00e4rvi<\/p>\n\n\n\t\t\t<\/div>\n\t\t<\/div>\n\t<\/div>\n\n\n\n\n\t<div id=\"gb-anchor-block_902a8bbd03bb645ba415f3658cbeacaa\" class=\"gb-anchor gb-anchor-block_902a8bbd03bb645ba415f3658cbeacaa\">\n\t\t\t\t\t<div class=\"gb-anchor__anchor\" id=\"majoitus\"><\/div>\n\n\t\t\t\t\t\t<\/div>\n\n\n\n\n<h4 class=\"wp-block-heading has-text-align-center\">MAJOITUSTARJONTA<\/h4>\n\n\n\n<p class=\"has-text-align-center\">Ohjelmalippu ei sis\u00e4ll\u00e4 majoitusta. Jokainen huolehtii itse omista majoitusvarauksistaan.<br>K\u00e4yt\u00e4th\u00e4n ohjeissa kerrottuja koodeja varauksen yhteydess\u00e4. <\/p>\n\n\n\n<p class=\"has-text-align-center\">Tutustuthan huolella hotellin sijaintiin, kaikki hotellit eiv\u00e4t sijaitse Lahden keskustassa.<\/p>\n\n\n\n\t<section id=\"gb-several-lifts-block_5396c7c43862b214a61fcdc9e3b784b0\"\n\t         class=\"gb-several-lifts gb-several-lifts-block_5396c7c43862b214a61fcdc9e3b784b0\">\n\t\t<div class=\"gb-several-lifts__row\">\n\n\t\t\t\t\t\t\t<div class=\"gb-several-lifts__item\">\n\t\t\t\t\t\n<div class=\"b-lift-item\">\n\t<div class=\"b-lift-item__inner\">\n\t\t\t\t\t<img decoding=\"async\" class=\"b-lift-item__image\"\n\t\t\t     src=\"https:\/\/me.yrittajat.fi\/app\/uploads\/sites\/72\/2026\/02\/VYP26_hotellihuoneet_400x400_mukkula.jpg\"\n\t\t\t     alt=\"\">\n\t\t\n\t\t\n<div class=\"b-metas-title-content\">\n\t\n\t\t\t<h3 class=\"b-metas-title-content__title b-metas-title-content__title--size-m\">\n\t\t\t\t\t\t\tMukkulan kartano\t\t\t\t\t\t<\/h3>\n\t\n\t\t\t<h4 class=\"b-metas-title-content__subtitle\">Niemenkatu 30, Lahti<\/h4>\n\t\n\t\t\t<div class=\"b-metas-title-content__content readmore-container\">\n\t\t\t\t\t\t\t<p>Hinnat alk. 1hh 190 \u20ac \/ huone \/ vrk.<br \/>\r\nHinnat sis\u00e4lt\u00e4v\u00e4t buffet-aamiaisen.<br \/>\r\n<br \/>\r\nHuonevaraukset s\u00e4hk\u00f6postitse osoitteesta visit@mukkulankartano.fi koodilla VYP2026.<br \/>\r\n<br \/>\r\nMatkaa Lahden Messukeskukseen n. 2 km.<\/p>\n\n\t\t\t\t\t\t<\/div>\n\t<\/div>\n\t<\/div>\n<\/div>\n\t\t\t\t<\/div>\n\t\t\t\t\t\t\t<div class=\"gb-several-lifts__item\">\n\t\t\t\t\t\n<div class=\"b-lift-item\">\n\t<div class=\"b-lift-item__inner\">\n\t\t\t\t\t<img decoding=\"async\" class=\"b-lift-item__image\"\n\t\t\t     src=\"https:\/\/me.yrittajat.fi\/app\/uploads\/sites\/72\/2026\/02\/VYP26_hotellihuoneet_400x400_greenstar.jpg\"\n\t\t\t     alt=\"\">\n\t\t\n\t\t\n<div class=\"b-metas-title-content\">\n\t\n\t\t\t<h3 class=\"b-metas-title-content__title b-metas-title-content__title--size-m\">\n\t\t\t\t\t\t\tT\u00c4YNN\u00c4 Green Star Hotel Lahti\t\t\t\t\t\t<\/h3>\n\t\n\t\t\t<h4 class=\"b-metas-title-content__subtitle\">Vesij\u00e4rvenkatu 1, Lahti<\/h4>\n\t\n\t\t\t<div class=\"b-metas-title-content__content readmore-container\">\n\t\t\t\t\t\t\t\t<p>\n\t\t\t\t\t\t<span class=\"b-metas-title-content__content-first\">Hinnat alk. 1hh 151 \u20ac \/ huone \/ vrk.<br \/>\r<\/span>\n\t\t\t\t\t\t<span class=\"b-metas-title-content__content-last\">\nHinnat sis\u00e4lt\u00e4v\u00e4t aamiaisen.<br \/>\r\n<br \/>\r\nHuonevaraukset puhelimella numerosta +358 10 423 9392, s\u00e4hk\u00f6postilla osoitteesta lahti@greenstar.fi tai verkkokaupasta koodilla VYP2026.<br \/>\r\n<br \/>\r\nMatkaa Lahden Messukeskukseen n. 2 km.<\/span>\n\t\t\t\t\t<\/p>\n\n\t\t\t\t\t\t\t\t\t\t<div class=\"b-metas-title-content__arrow-links b-metas-title-content__arrow-links--hide-by-default\">\n\t\t\t\t\t\t<div class=\"b-arrow-links\">\n\t<ul class=\"b-arrow-links__list\">\n\t\t\t\t\t<li class=\"b-arrow-links__item\">\n\t\t\t\t\n<a target=\"_blank\" class=\"b-link-arrow\" href=\"https:\/\/www.greenstar.fi\/hotellit\/lahti\/\">\n\t<svg viewBox=\"0 0 12 14\" fill=\"none\" xmlns=\"http:\/\/www.w3.org\/2000\/svg\"><path d=\"M11.846 7L0 14V0l11.846 7z\" fill=\"#000\"\/><\/svg>Varaa majoitus<\/a>\n\t\t\t<\/li>\n\t\t\t<\/ul>\n<\/div>\t\t\t\t\t<\/div>\n\t\t\t\t\n\t\t\t\t\t<div class=\"b-metas-title-content__content-readmore\">\n\t\t\t\t\t\t<button class=\"b-readmore-button\" aria-expanded=\"false\">\n\t<span class=\"screen-reader-text\">Lue lis\u00e4\u00e4<\/span>\n<\/button>\n\t\t\t\t\t<\/div>\n\t\t\t\t\t\t<\/div>\n\t<\/div>\n\t<\/div>\n<\/div>\n\t\t\t\t<\/div>\n\t\t\t\t\t\t\t<div class=\"gb-several-lifts__item\">\n\t\t\t\t\t\n<div class=\"b-lift-item\">\n\t<div class=\"b-lift-item__inner\">\n\t\t\t\t\t<img decoding=\"async\" class=\"b-lift-item__image\"\n\t\t\t     src=\"https:\/\/me.yrittajat.fi\/app\/uploads\/sites\/72\/2026\/02\/VYP26_hotellihuoneet_400x400_opistonkunkku.jpg\"\n\t\t\t     alt=\"\">\n\t\t\n\t\t\n<div class=\"b-metas-title-content\">\n\t\n\t\t\t<h3 class=\"b-metas-title-content__title b-metas-title-content__title--size-m\">\n\t\t\t\t\t\t\tHotelli Opiston Kunkku\t\t\t\t\t\t<\/h3>\n\t\n\t\t\t<h4 class=\"b-metas-title-content__subtitle\">Harjukatu 46, Lahti<\/h4>\n\t\n\t\t\t<div class=\"b-metas-title-content__content readmore-container\">\n\t\t\t\t\t\t\t\t<p>\n\t\t\t\t\t\t<span class=\"b-metas-title-content__content-first\">Hinnat alk. 1hh 82 \u20ac \/ huone \/ vrk. <br \/>\r<\/span>\n\t\t\t\t\t\t<span class=\"b-metas-title-content__content-last\">\nHinnat eiv\u00e4t sis\u00e4ll\u00e4 aamiaista. Aamiainen tulee tilata erikseen.<br \/>\r\n<br \/>\r\nHuonevaraukset puhelimella numerosta +358 50 344 7211 tai s\u00e4hk\u00f6postilla osoitteesta ok@kunkku.com koodilla VYP2026.<br \/>\r\n<br \/>\r\nMatkaa Lahden Messukeskukseen n. 1.8 km. <\/span>\n\t\t\t\t\t<\/p>\n\n\t\t\t\t\t\n\t\t\t\t\t<div class=\"b-metas-title-content__content-readmore\">\n\t\t\t\t\t\t<button class=\"b-readmore-button\" aria-expanded=\"false\">\n\t<span class=\"screen-reader-text\">Lue lis\u00e4\u00e4<\/span>\n<\/button>\n\t\t\t\t\t<\/div>\n\t\t\t\t\t\t<\/div>\n\t<\/div>\n\t<\/div>\n<\/div>\n\t\t\t\t<\/div>\n\t\t\t\n\t\t<\/div>\n\t<\/section>\n\n\n\n<!-- You can also use SakkeLib\\Helpers\\get_template_part inside a gutenberg acf block template -->\n\n\n\n\t<section id=\"gb-several-lifts-block_e74dbcd3b24f9aa76e261f9a6db11194\"\n\t         class=\"gb-several-lifts gb-several-lifts-block_e74dbcd3b24f9aa76e261f9a6db11194\">\n\t\t<div class=\"gb-several-lifts__row\">\n\n\t\t\t\t\t\t\t<div class=\"gb-several-lifts__item\">\n\t\t\t\t\t\n<div class=\"b-lift-item\">\n\t<div class=\"b-lift-item__inner\">\n\t\t\t\t\t<img decoding=\"async\" class=\"b-lift-item__image\"\n\t\t\t     src=\"https:\/\/me.yrittajat.fi\/app\/uploads\/sites\/72\/2026\/02\/VYP26_hotellihuoneet_400x400_forenom.jpg\"\n\t\t\t     alt=\"\">\n\t\t\n\t\t\n<div class=\"b-metas-title-content\">\n\t\n\t\t\t<h3 class=\"b-metas-title-content__title b-metas-title-content__title--size-m\">\n\t\t\t\t\t\t\tHotel Forenom\t\t\t\t\t\t<\/h3>\n\t\n\t\t\t<h4 class=\"b-metas-title-content__subtitle\">Rauhankatu 14, Lahti<\/h4>\n\t\n\t\t\t<div class=\"b-metas-title-content__content readmore-container\">\n\t\t\t\t\t\t\t\t<p>\n\t\t\t\t\t\t<span class=\"b-metas-title-content__content-first\">Hinnat alk. 1hh 80 \u20ac \/ huone \/ vrk.<br \/>\r<\/span>\n\t\t\t\t\t\t<span class=\"b-metas-title-content__content-last\">\nHotellissa ei ole aamiaista tarjolla.<br \/>\r\n<br \/>\r\nHuonevaraukset puhelimella numerosta 0201983420, s\u00e4hk\u00f6postitse osoitteesta info@forenom.fi tai verkkokaupasta koodilla VYP2026.<br \/>\r\n<br \/>\r\nMatkaa Lahden Messukeskukseen n. 1,5 km.<\/span>\n\t\t\t\t\t<\/p>\n\n\t\t\t\t\t\t\t\t\t\t<div class=\"b-metas-title-content__arrow-links b-metas-title-content__arrow-links--hide-by-default\">\n\t\t\t\t\t\t<div class=\"b-arrow-links\">\n\t<ul class=\"b-arrow-links__list\">\n\t\t\t\t\t<li class=\"b-arrow-links__item\">\n\t\t\t\t\n<a target=\"_blank\" class=\"b-link-arrow\" href=\"https:\/\/www.forenom.com\/fi\/\">\n\t<svg viewBox=\"0 0 12 14\" fill=\"none\" xmlns=\"http:\/\/www.w3.org\/2000\/svg\"><path d=\"M11.846 7L0 14V0l11.846 7z\" fill=\"#000\"\/><\/svg>Varaa majoitus<\/a>\n\t\t\t<\/li>\n\t\t\t<\/ul>\n<\/div>\t\t\t\t\t<\/div>\n\t\t\t\t\n\t\t\t\t\t<div class=\"b-metas-title-content__content-readmore\">\n\t\t\t\t\t\t<button class=\"b-readmore-button\" aria-expanded=\"false\">\n\t<span class=\"screen-reader-text\">Lue lis\u00e4\u00e4<\/span>\n<\/button>\n\t\t\t\t\t<\/div>\n\t\t\t\t\t\t<\/div>\n\t<\/div>\n\t<\/div>\n<\/div>\n\t\t\t\t<\/div>\n\t\t\t\t\t\t\t<div class=\"gb-several-lifts__item\">\n\t\t\t\t\t\n<div class=\"b-lift-item\">\n\t<div class=\"b-lift-item__inner\">\n\t\t\t\t\t<img decoding=\"async\" class=\"b-lift-item__image\"\n\t\t\t     src=\"https:\/\/me.yrittajat.fi\/app\/uploads\/sites\/72\/2026\/02\/VYP26_hotellihuoneet_400x400_lahtigrand.jpg\"\n\t\t\t     alt=\"\">\n\t\t\n\t\t\n<div class=\"b-metas-title-content\">\n\t\n\t\t\t<h3 class=\"b-metas-title-content__title b-metas-title-content__title--size-m\">\n\t\t\t\t\t\t\tT\u00c4YNN\u00c4 Kauppahotelli\t\t\t\t\t\t<\/h3>\n\t\n\t\t\t<h4 class=\"b-metas-title-content__subtitle\">H\u00e4meenkatu 4, Lahti<\/h4>\n\t\n\t\t\t<div class=\"b-metas-title-content__content readmore-container\">\n\t\t\t\t\t\t\t\t<p>\n\t\t\t\t\t\t<span class=\"b-metas-title-content__content-first\">Hinnat alk. 1hh 79 \u20ac \/ huone \/ vrk.<br \/>\r<\/span>\n\t\t\t\t\t\t<span class=\"b-metas-title-content__content-last\">\nHinnat sis\u00e4lt\u00e4v\u00e4t aamiaisen.<br \/>\r\n<br \/>\r\nHuonevaraukset puhelimella numerosta 03 54400 tai s\u00e4hk\u00f6postitse osoitteesta info@kauppahotelli.fi koodilla VYP2026.<br \/>\r\n<br \/>\r\nMatkaa Lahden Messukeskukseen n. 1,2 km.<\/span>\n\t\t\t\t\t<\/p>\n\n\t\t\t\t\t\n\t\t\t\t\t<div class=\"b-metas-title-content__content-readmore\">\n\t\t\t\t\t\t<button class=\"b-readmore-button\" aria-expanded=\"false\">\n\t<span class=\"screen-reader-text\">Lue lis\u00e4\u00e4<\/span>\n<\/button>\n\t\t\t\t\t<\/div>\n\t\t\t\t\t\t<\/div>\n\t<\/div>\n\t<\/div>\n<\/div>\n\t\t\t\t<\/div>\n\t\t\t\t\t\t\t<div class=\"gb-several-lifts__item\">\n\t\t\t\t\t\n<div class=\"b-lift-item\">\n\t<div class=\"b-lift-item__inner\">\n\t\t\t\t\t<img decoding=\"async\" class=\"b-lift-item__image\"\n\t\t\t     src=\"https:\/\/me.yrittajat.fi\/app\/uploads\/sites\/72\/2026\/02\/VYP26_hotellihuoneet_400x400_messila-1.jpg\"\n\t\t\t     alt=\"\">\n\t\t\n\t\t\n<div class=\"b-metas-title-content\">\n\t\n\t\t\t<h3 class=\"b-metas-title-content__title b-metas-title-content__title--size-m\">\n\t\t\t\t\t\t\tHotelli Messil\u00e4\t\t\t\t\t\t<\/h3>\n\t\n\t\t\t<h4 class=\"b-metas-title-content__subtitle\">Messil\u00e4ntie 308, Messil\u00e4<\/h4>\n\t\n\t\t\t<div class=\"b-metas-title-content__content readmore-container\">\n\t\t\t\t\t\t\t\t<p>\n\t\t\t\t\t\t<span class=\"b-metas-title-content__content-first\">Hinnat alk. 1hh 95 \u20ac \/ huone \/ vrk.<br \/>\r<\/span>\n\t\t\t\t\t\t<span class=\"b-metas-title-content__content-last\">\nHinnat sis\u00e4lt\u00e4v\u00e4t aamiaisen.<br \/>\r\n<br \/>\r\nHuonevaraukset puhelimella numerosta 03 860 11 tai s\u00e4hk\u00f6postitse osoitteesta messila@messila.fi koodilla VYP2026.<br \/>\r\n<br \/>\r\nMatkaa Lahden Messukeskukseen n. 9,5 km.<\/span>\n\t\t\t\t\t<\/p>\n\n\t\t\t\t\t\n\t\t\t\t\t<div class=\"b-metas-title-content__content-readmore\">\n\t\t\t\t\t\t<button class=\"b-readmore-button\" aria-expanded=\"false\">\n\t<span class=\"screen-reader-text\">Lue lis\u00e4\u00e4<\/span>\n<\/button>\n\t\t\t\t\t<\/div>\n\t\t\t\t\t\t<\/div>\n\t<\/div>\n\t<\/div>\n<\/div>\n\t\t\t\t<\/div>\n\t\t\t\n\t\t<\/div>\n\t<\/section>\n\n\n\n\n\t<section id=\"gb-several-lifts-block_7388a0afa2db2b87c3630e971e496c77\"\n\t         class=\"gb-several-lifts gb-several-lifts-block_7388a0afa2db2b87c3630e971e496c77\">\n\t\t<div class=\"gb-several-lifts__row\">\n\n\t\t\t\t\t\t\t<div class=\"gb-several-lifts__item\">\n\t\t\t\t\t\n<div class=\"b-lift-item\">\n\t<div class=\"b-lift-item__inner\">\n\t\t\t\t\t<img decoding=\"async\" class=\"b-lift-item__image\"\n\t\t\t     src=\"https:\/\/me.yrittajat.fi\/app\/uploads\/sites\/72\/2026\/02\/VYP26_hotellihuoneet_400x400_vierumaki.jpg\"\n\t\t\t     alt=\"\">\n\t\t\n\t\t\n<div class=\"b-metas-title-content\">\n\t\n\t\t\t<h3 class=\"b-metas-title-content__title b-metas-title-content__title--size-m\">\n\t\t\t\t\t\t\tHoliday Club Vierum\u00e4ki\t\t\t\t\t\t<\/h3>\n\t\n\t\t\t<h4 class=\"b-metas-title-content__subtitle\">Urheiluopistontie 400, Vierum\u00e4ki<\/h4>\n\t\n\t\t\t<div class=\"b-metas-title-content__content readmore-container\">\n\t\t\t\t\t\t\t<p>Hinnat alk. 1hh 145 \u20ac \/ huone \/ vrk.<br \/>\r\nHinnat sis\u00e4lt\u00e4v\u00e4t aamiaisen ja kylpyl\u00e4n k\u00e4yt\u00f6n.<br \/>\r\n<br \/>\r\nHuonevaraukset verkosta koodilla VYP2026.<br \/>\r\n<br \/>\r\nMatkaa Lahden Messukeskukseen n. 30 km.<\/p>\n\n\t\t\t\t\t\t\t\t<div class=\"b-metas-title-content__arrow-links\">\n\t\t\t\t\t<div class=\"b-arrow-links\">\n\t<ul class=\"b-arrow-links__list\">\n\t\t\t\t\t<li class=\"b-arrow-links__item\">\n\t\t\t\t\n<a target=\"_blank\" class=\"b-link-arrow\" href=\"https:\/\/www.holidayclubresorts.com\/fi\/kylpylahotellit-resortit\/vierumaki\/\">\n\t<svg viewBox=\"0 0 12 14\" fill=\"none\" xmlns=\"http:\/\/www.w3.org\/2000\/svg\"><path d=\"M11.846 7L0 14V0l11.846 7z\" fill=\"#000\"\/><\/svg>Varaa majoitus<\/a>\n\t\t\t<\/li>\n\t\t\t<\/ul>\n<\/div>\t\t\t\t<\/div>\n\t\t\t\t\t<\/div>\n\t<\/div>\n\t<\/div>\n<\/div>\n\t\t\t\t<\/div>\n\t\t\t\t\t\t\t<div class=\"gb-several-lifts__item\">\n\t\t\t\t\t\n<div class=\"b-lift-item\">\n\t<div class=\"b-lift-item__inner\">\n\t\t\t\t\t<img decoding=\"async\" class=\"b-lift-item__image\"\n\t\t\t     src=\"https:\/\/me.yrittajat.fi\/app\/uploads\/sites\/72\/2026\/02\/VYP26_hotellihuoneet_400x400_fennada.jpg\"\n\t\t\t     alt=\"\">\n\t\t\n\t\t\n<div class=\"b-metas-title-content\">\n\t\n\t\t\t<h3 class=\"b-metas-title-content__title b-metas-title-content__title--size-m\">\n\t\t\t\t\t\t\tHotelli Fennada\t\t\t\t\t\t<\/h3>\n\t\n\t\t\t<h4 class=\"b-metas-title-content__subtitle\">Pihkalantie 3, Vierum\u00e4ki<\/h4>\n\t\n\t\t\t<div class=\"b-metas-title-content__content readmore-container\">\n\t\t\t\t\t\t\t\t<p>\n\t\t\t\t\t\t<span class=\"b-metas-title-content__content-first\">Hinnat alk. 1hh 135 \u20ac \/ huone \/ vrk.<br \/>\r<\/span>\n\t\t\t\t\t\t<span class=\"b-metas-title-content__content-last\">\nHinnat sis\u00e4lt\u00e4v\u00e4t aamiaisen.<br \/>\r\n<br \/>\r\nHuonevaraukset puhelimella numerosta 0300 870 870 tai s\u00e4hk\u00f6postitse osoitteesta myynti@vierumaki.fi koodilla VYP2026.<br \/>\r\n<br \/>\r\nMatkaa Lahden Messukeskukseen n. 32 km.<\/span>\n\t\t\t\t\t<\/p>\n\n\t\t\t\t\t\n\t\t\t\t\t<div class=\"b-metas-title-content__content-readmore\">\n\t\t\t\t\t\t<button class=\"b-readmore-button\" aria-expanded=\"false\">\n\t<span class=\"screen-reader-text\">Lue lis\u00e4\u00e4<\/span>\n<\/button>\n\t\t\t\t\t<\/div>\n\t\t\t\t\t\t<\/div>\n\t<\/div>\n\t<\/div>\n<\/div>\n\t\t\t\t<\/div>\n\t\t\t\t\t\t\t<div class=\"gb-several-lifts__item\">\n\t\t\t\t\t\n<div class=\"b-lift-item\">\n\t<div class=\"b-lift-item__inner\">\n\t\t\t\t\t<img decoding=\"async\" class=\"b-lift-item__image\"\n\t\t\t     src=\"https:\/\/me.yrittajat.fi\/app\/uploads\/sites\/72\/2026\/02\/VYP26_hotellihuoneet_400x400_pihkala.jpg\"\n\t\t\t     alt=\"\">\n\t\t\n\t\t\n<div class=\"b-metas-title-content\">\n\t\n\t\t\t<h3 class=\"b-metas-title-content__title b-metas-title-content__title--size-m\">\n\t\t\t\t\t\t\tHotelli Pihkala\t\t\t\t\t\t<\/h3>\n\t\n\t\t\t<h4 class=\"b-metas-title-content__subtitle\">Pihkalantie 5, Vierum\u00e4ki<\/h4>\n\t\n\t\t\t<div class=\"b-metas-title-content__content readmore-container\">\n\t\t\t\t\t\t\t\t<p>\n\t\t\t\t\t\t<span class=\"b-metas-title-content__content-first\">Hinnat alk. 1hh 100 \u20ac \/ huone \/ vrk.<br \/>\r<\/span>\n\t\t\t\t\t\t<span class=\"b-metas-title-content__content-last\">\nHinnat sis\u00e4lt\u00e4v\u00e4t aamiaisen.<br \/>\r\n<br \/>\r\nHuonevaraukset puhelimella numerosta 0300 870 870 tai s\u00e4hk\u00f6postitse osoitteesta myynti@vierumaki.fi koodilla VYP2026.<br \/>\r\n<br \/>\r\nMatkaa Lahden Messukeskukseen n. 32 km.<\/span>\n\t\t\t\t\t<\/p>\n\n\t\t\t\t\t\n\t\t\t\t\t<div class=\"b-metas-title-content__content-readmore\">\n\t\t\t\t\t\t<button class=\"b-readmore-button\" aria-expanded=\"false\">\n\t<span class=\"screen-reader-text\">Lue lis\u00e4\u00e4<\/span>\n<\/button>\n\t\t\t\t\t<\/div>\n\t\t\t\t\t\t<\/div>\n\t<\/div>\n\t<\/div>\n<\/div>\n\t\t\t\t<\/div>\n\t\t\t\n\t\t<\/div>\n\t<\/section>\n\n\n\n\n\t<section id=\"gb-several-lifts-block_41119940668e8a687233b7477f1850f3\"\n\t         class=\"gb-several-lifts gb-several-lifts-block_41119940668e8a687233b7477f1850f3\">\n\t\t<div class=\"gb-several-lifts__row\">\n\n\t\t\t\t\t\t\t<div class=\"gb-several-lifts__item\">\n\t\t\t\t\t\n<div class=\"b-lift-item\">\n\t<div class=\"b-lift-item__inner\">\n\t\t\t\t\t<img decoding=\"async\" class=\"b-lift-item__image\"\n\t\t\t     src=\"https:\/\/me.yrittajat.fi\/app\/uploads\/sites\/72\/2026\/02\/VYP26_hotellihuoneet_400x400_enjoynatureBB.jpg\"\n\t\t\t     alt=\"\">\n\t\t\n\t\t\n<div class=\"b-metas-title-content\">\n\t\n\t\t\t<h3 class=\"b-metas-title-content__title b-metas-title-content__title--size-m\">\n\t\t\t\t\t\t\tEnjoyNature Resort\t\t\t\t\t\t<\/h3>\n\t\n\t\t\t<h4 class=\"b-metas-title-content__subtitle\">Ehtootie 21, Hollola<\/h4>\n\t\n\t\t\t<div class=\"b-metas-title-content__content readmore-container\">\n\t\t\t\t\t\t\t\t<p>\n\t\t\t\t\t\t<span class=\"b-metas-title-content__content-first\">Hinnat alk. 1hh 98,10 \u20ac \/ huone \/ vrk.<br \/>\r<\/span>\n\t\t\t\t\t\t<span class=\"b-metas-title-content__content-last\">\nKoodilla VYP2026 -10 % alennus normaalihinnoista.<br \/>\r\nHinnat sis\u00e4lt\u00e4v\u00e4t aamiaisen.<br \/>\r\n<br \/>\r\nHuonevaraukset osoitteesta www.enjoynature.fi\/majoitus . <br \/>\r\n<br \/>\r\nMatkaa Lahden Messukeskukseen n. 14 km.<\/span>\n\t\t\t\t\t<\/p>\n\n\t\t\t\t\t\n\t\t\t\t\t<div class=\"b-metas-title-content__content-readmore\">\n\t\t\t\t\t\t<button class=\"b-readmore-button\" aria-expanded=\"false\">\n\t<span class=\"screen-reader-text\">Lue lis\u00e4\u00e4<\/span>\n<\/button>\n\t\t\t\t\t<\/div>\n\t\t\t\t\t\t<\/div>\n\t<\/div>\n\t<\/div>\n<\/div>\n\t\t\t\t<\/div>\n\t\t\t\t\t\t\t<div class=\"gb-several-lifts__item\">\n\t\t\t\t\t\n<div class=\"b-lift-item\">\n\t<div class=\"b-lift-item__inner\">\n\t\t\t\t\t<img decoding=\"async\" class=\"b-lift-item__image\"\n\t\t\t     src=\"https:\/\/me.yrittajat.fi\/app\/uploads\/sites\/72\/2026\/02\/VYP26_hotellihuoneet_400x400_pajulahti.jpg\"\n\t\t\t     alt=\"\">\n\t\t\n\t\t\n<div class=\"b-metas-title-content\">\n\t\n\t\t\t<h3 class=\"b-metas-title-content__title b-metas-title-content__title--size-m\">\n\t\t\t\t\t\t\tHotelli Puistopaju, Pajulahti\t\t\t\t\t\t<\/h3>\n\t\n\t\t\t<h4 class=\"b-metas-title-content__subtitle\">Pajulahdentie 167, Nastola<\/h4>\n\t\n\t\t\t<div class=\"b-metas-title-content__content readmore-container\">\n\t\t\t\t\t\t\t\t<p>\n\t\t\t\t\t\t<span class=\"b-metas-title-content__content-first\">Hinnat alk. 1hh 120 \u20ac \/ huone \/ vrk.<br \/>\r<\/span>\n\t\t\t\t\t\t<span class=\"b-metas-title-content__content-last\">\nHinnat sis\u00e4lt\u00e4v\u00e4t aamiaisen ja rantasaunavuoron.<br \/>\r\n<br \/>\r\nHuonevaraukset s\u00e4hk\u00f6postitse osoitteesta sales.pajulahti@kolmekampusta.fi tai puhelimitse numerosta 044 77 55 777 koodilla VYP2026.<br \/>\r\n<br \/>\r\nMatkaa Lahden Messukeskukseen n. 18 km.<\/span>\n\t\t\t\t\t<\/p>\n\n\t\t\t\t\t\n\t\t\t\t\t<div class=\"b-metas-title-content__content-readmore\">\n\t\t\t\t\t\t<button class=\"b-readmore-button\" aria-expanded=\"false\">\n\t<span class=\"screen-reader-text\">Lue lis\u00e4\u00e4<\/span>\n<\/button>\n\t\t\t\t\t<\/div>\n\t\t\t\t\t\t<\/div>\n\t<\/div>\n\t<\/div>\n<\/div>\n\t\t\t\t<\/div>\n\t\t\t\t\t\t\t<div class=\"gb-several-lifts__item\">\n\t\t\t\t\t\n<div class=\"b-lift-item\">\n\t<div class=\"b-lift-item__inner\">\n\t\t\t\t\t<img decoding=\"async\" class=\"b-lift-item__image\"\n\t\t\t     src=\"https:\/\/me.yrittajat.fi\/app\/uploads\/sites\/72\/2026\/02\/VYP26_hotellihuoneet_400x400_tallukka.jpg\"\n\t\t\t     alt=\"\">\n\t\t\n\t\t\n<div class=\"b-metas-title-content\">\n\t\n\t\t\t<h3 class=\"b-metas-title-content__title b-metas-title-content__title--size-m\">\n\t\t\t\t\t\t\tHotelli Tallukka\t\t\t\t\t\t<\/h3>\n\t\n\t\t\t<h4 class=\"b-metas-title-content__subtitle\">Tallukantie 1, V\u00e4\u00e4ksy<\/h4>\n\t\n\t\t\t<div class=\"b-metas-title-content__content readmore-container\">\n\t\t\t\t\t\t\t\t<p>\n\t\t\t\t\t\t<span class=\"b-metas-title-content__content-first\">Hinnat alk. 1hh 99 \u20ac \/ huone \/ vrk.<br \/>\r<\/span>\n\t\t\t\t\t\t<span class=\"b-metas-title-content__content-last\">\nHinnat sis\u00e4lt\u00e4v\u00e4t runsaan aamiaisen sek\u00e4 sauna- ja allasosaston k\u00e4yt\u00f6n. <br \/>\r\n<br \/>\r\nHuonevaraukset s\u00e4hk\u00f6postitse osoitteesta myynti@tallukka.fi tai verkkokaupasta koodilla VYP2026.<br \/>\r\n<br \/>\r\nMatkaa Lahden Messukeskukseen n. 24 km.<\/span>\n\t\t\t\t\t<\/p>\n\n\t\t\t\t\t\t\t\t\t\t<div class=\"b-metas-title-content__arrow-links b-metas-title-content__arrow-links--hide-by-default\">\n\t\t\t\t\t\t<div class=\"b-arrow-links\">\n\t<ul class=\"b-arrow-links__list\">\n\t\t\t\t\t<li class=\"b-arrow-links__item\">\n\t\t\t\t\n<a target=\"_blank\" class=\"b-link-arrow\" href=\"https:\/\/www.tallukka.fi\/\">\n\t<svg viewBox=\"0 0 12 14\" fill=\"none\" xmlns=\"http:\/\/www.w3.org\/2000\/svg\"><path d=\"M11.846 7L0 14V0l11.846 7z\" fill=\"#000\"\/><\/svg>Varaa majoitus<\/a>\n\t\t\t<\/li>\n\t\t\t<\/ul>\n<\/div>\t\t\t\t\t<\/div>\n\t\t\t\t\n\t\t\t\t\t<div class=\"b-metas-title-content__content-readmore\">\n\t\t\t\t\t\t<button class=\"b-readmore-button\" aria-expanded=\"false\">\n\t<span class=\"screen-reader-text\">Lue lis\u00e4\u00e4<\/span>\n<\/button>\n\t\t\t\t\t<\/div>\n\t\t\t\t\t\t<\/div>\n\t<\/div>\n\t<\/div>\n<\/div>\n\t\t\t\t<\/div>\n\t\t\t\n\t\t<\/div>\n\t<\/section>\n\n\n\n\n\t<section id=\"gb-several-lifts-block_3e40d30358b4005344ce90c440df8a99\"\n\t         class=\"gb-several-lifts gb-several-lifts-block_3e40d30358b4005344ce90c440df8a99\">\n\t\t<div class=\"gb-several-lifts__row\">\n\n\t\t\t\t\t\t\t<div class=\"gb-several-lifts__item\">\n\t\t\t\t\t\n<div class=\"b-lift-item\">\n\t<div class=\"b-lift-item__inner\">\n\t\t\t\t\t<img decoding=\"async\" class=\"b-lift-item__image\"\n\t\t\t     src=\"https:\/\/me.yrittajat.fi\/app\/uploads\/sites\/72\/2026\/02\/VYP26_hotellihuoneet_400x400_scandic.jpg\"\n\t\t\t     alt=\"\">\n\t\t\n\t\t\n<div class=\"b-metas-title-content\">\n\t\n\t\t\t<h3 class=\"b-metas-title-content__title b-metas-title-content__title--size-m\">\n\t\t\t\t\t\t\tT\u00c4YNN\u00c4 Scandic Lahti\t\t\t\t\t\t<\/h3>\n\t\n\t\t\t<h4 class=\"b-metas-title-content__subtitle\">Kauppakatu 10, Lahti<\/h4>\n\t\n\t\t\t<div class=\"b-metas-title-content__content readmore-container\">\n\t\t\t\t\t\t\t\t<p>\n\t\t\t\t\t\t<span class=\"b-metas-title-content__content-first\">Hinnat alk. 1hh 190 \u20ac \/ huone \/ vrk.<br \/>\r<\/span>\n\t\t\t\t\t\t<span class=\"b-metas-title-content__content-last\">\nHinnat sis\u00e4lt\u00e4v\u00e4t aamiaisen.<br \/>\r\n<br \/>\r\nHuonevaraukset puhelimella numerosta 0200 81800 tai s\u00e4hk\u00f6postitse osoitteesta lahticity@scandichotels.com koodilla BVAL141026.<br \/>\r\n<br \/>\r\nMatkaa Lahden Messukeskukseen n. 2 km.<\/span>\n\t\t\t\t\t<\/p>\n\n\t\t\t\t\t\n\t\t\t\t\t<div class=\"b-metas-title-content__content-readmore\">\n\t\t\t\t\t\t<button class=\"b-readmore-button\" aria-expanded=\"false\">\n\t<span class=\"screen-reader-text\">Lue lis\u00e4\u00e4<\/span>\n<\/button>\n\t\t\t\t\t<\/div>\n\t\t\t\t\t\t<\/div>\n\t<\/div>\n\t<\/div>\n<\/div>\n\t\t\t\t<\/div>\n\t\t\t\t\t\t\t<div class=\"gb-several-lifts__item\">\n\t\t\t\t\t\n<div class=\"b-lift-item\">\n\t<div class=\"b-lift-item__inner\">\n\t\t\t\t\t<img decoding=\"async\" class=\"b-lift-item__image\"\n\t\t\t     src=\"https:\/\/me.yrittajat.fi\/app\/uploads\/sites\/72\/2026\/02\/VYP26_hotellihuoneet_400x400_seurahuone.jpg\"\n\t\t\t     alt=\"\">\n\t\t\n\t\t\n<div class=\"b-metas-title-content\">\n\t\n\t\t\t<h3 class=\"b-metas-title-content__title b-metas-title-content__title--size-m\">\n\t\t\t\t\t\t\tT\u00c4YNN\u00c4 Solo Sokos Hotel Lahden Seurahuone\t\t\t\t\t\t<\/h3>\n\t\n\t\t\t<h4 class=\"b-metas-title-content__subtitle\">Aleksanterinkatu 14, Lahti<\/h4>\n\t\n\t\t\t<div class=\"b-metas-title-content__content readmore-container\">\n\t\t\t\t\t\t\t\t<p>\n\t\t\t\t\t\t<span class=\"b-metas-title-content__content-first\">Hinnat alk. 1hh 140 \u20ac \/ huone \/ vrk.<br \/>\r<\/span>\n\t\t\t\t\t\t<span class=\"b-metas-title-content__content-last\">\nHinnat sis\u00e4lt\u00e4v\u00e4t aamiaisen.<br \/>\r\n<br \/>\r\nHuonevaraukset puhelimella numerosta 020 1234 655 tai s\u00e4hk\u00f6postitse osoitteesta seurahuone.lahti@sokoshotels.fi koodilla BVYP2026.<br \/>\r\n<br \/>\r\nMatkaa Lahden Messukeskukseen n. 2 km.<\/span>\n\t\t\t\t\t<\/p>\n\n\t\t\t\t\t\n\t\t\t\t\t<div class=\"b-metas-title-content__content-readmore\">\n\t\t\t\t\t\t<button class=\"b-readmore-button\" aria-expanded=\"false\">\n\t<span class=\"screen-reader-text\">Lue lis\u00e4\u00e4<\/span>\n<\/button>\n\t\t\t\t\t<\/div>\n\t\t\t\t\t\t<\/div>\n\t<\/div>\n\t<\/div>\n<\/div>\n\t\t\t\t<\/div>\n\t\t\t\n\t\t<\/div>\n\t<\/section>\n\n","protected":false},"excerpt":{"rendered":"<p>Uudistuminen ei ole riski. Paikalleen j\u00e4\u00e4minen on. Kyse ei ole vain teknologiasta, vaan kyvyst\u00e4 n\u00e4hd\u00e4 mahdollisuuksia, uudistua, verkostoitua ja rakentaa huomisen menestyst\u00e4. Tervetuloa mukaan Yritt\u00e4j\u00e4p\u00e4iville Lahteen! Kaupunkiin, jossa perinteet kohtaavat rohkean uudistumisen. T\u00e4\u00e4ll\u00e4 syntyy kest\u00e4v\u00e4\u00e4 kasvua, luovia ratkaisuja ja yhteis\u00f6j\u00e4, jotka kantavat. T\u00e4\u00e4ll\u00e4 ei vain kuunnella puheita \u2013 t\u00e4\u00e4ll\u00e4 rakennetaan tulevaisuutta yhdess\u00e4. ESIINTYJ\u00c4T OHJELMA PERJANTAI &hellip; <a href=\"https:\/\/me.yrittajat.fi\/valtakunnalliset-yrittajapaivat\/\">Lue lis\u00e4\u00e4<\/a><\/p>\n","protected":false},"author":61,"featured_media":1390,"parent":0,"menu_order":0,"comment_status":"closed","ping_status":"closed","template":"","meta":{"_acf_changed":false,"footnotes":""},"class_list":["post-3","page","type-page","status-publish","has-post-thumbnail","hentry"],"acf":[],"_links":{"self":[{"href":"https:\/\/me.yrittajat.fi\/valtakunnalliset-yrittajapaivat\/wp-json\/wp\/v2\/pages\/3","targetHints":{"allow":["GET"]}}],"collection":[{"href":"https:\/\/me.yrittajat.fi\/valtakunnalliset-yrittajapaivat\/wp-json\/wp\/v2\/pages"}],"about":[{"href":"https:\/\/me.yrittajat.fi\/valtakunnalliset-yrittajapaivat\/wp-json\/wp\/v2\/types\/page"}],"author":[{"embeddable":true,"href":"https:\/\/me.yrittajat.fi\/valtakunnalliset-yrittajapaivat\/wp-json\/wp\/v2\/users\/61"}],"replies":[{"embeddable":true,"href":"https:\/\/me.yrittajat.fi\/valtakunnalliset-yrittajapaivat\/wp-json\/wp\/v2\/comments?post=3"}],"version-history":[{"count":5,"href":"https:\/\/me.yrittajat.fi\/valtakunnalliset-yrittajapaivat\/wp-json\/wp\/v2\/pages\/3\/revisions"}],"predecessor-version":[{"id":1612,"href":"https:\/\/me.yrittajat.fi\/valtakunnalliset-yrittajapaivat\/wp-json\/wp\/v2\/pages\/3\/revisions\/1612"}],"wp:featuredmedia":[{"embeddable":true,"href":"https:\/\/me.yrittajat.fi\/valtakunnalliset-yrittajapaivat\/wp-json\/wp\/v2\/media\/1390"}],"wp:attachment":[{"href":"https:\/\/me.yrittajat.fi\/valtakunnalliset-yrittajapaivat\/wp-json\/wp\/v2\/media?parent=3"}],"curies":[{"name":"wp","href":"https:\/\/api.w.org\/{rel}","templated":true}]}}