{"id":346,"date":"2024-01-29T11:40:49","date_gmt":"2024-01-29T09:40:49","guid":{"rendered":"https:\/\/me.yrittajat.fi\/vastuu-kannattaa\/?page_id=346"},"modified":"2026-04-24T11:06:33","modified_gmt":"2026-04-24T08:06:33","slug":"tapahtumat","status":"publish","type":"page","link":"https:\/\/me.yrittajat.fi\/vastuu-kannattaa\/tapahtumat\/","title":{"rendered":"Tapahtumat"},"content":{"rendered":"\n<figure class=\"wp-block-image size-full\"><a href=\"https:\/\/forms.gle\/c2mbeKJkqi5Qi1o3A\"><img loading=\"lazy\" decoding=\"async\" width=\"1000\" height=\"250\" src=\"https:\/\/me.yrittajat.fi\/vastuu-kannattaa\/app\/uploads\/sites\/81\/2024\/12\/vastuullisuuskyselyymme2.jpg\" alt=\"\" class=\"wp-image-965\" srcset=\"https:\/\/me.yrittajat.fi\/app\/uploads\/sites\/81\/2024\/12\/vastuullisuuskyselyymme2.jpg 1000w, https:\/\/me.yrittajat.fi\/app\/uploads\/sites\/81\/2024\/12\/vastuullisuuskyselyymme2-300x75.jpg 300w, https:\/\/me.yrittajat.fi\/app\/uploads\/sites\/81\/2024\/12\/vastuullisuuskyselyymme2-768x192.jpg 768w\" sizes=\"auto, (max-width: 1000px) 100vw, 1000px\" \/><\/a><\/figure>\n\n\n\n<p>Hy\u00f6dynn\u00e4 <strong>Vastuullinen yritystoiminta Pohjois-Karjalassa<\/strong> -hankkeen maksuttomat koulutukset nyt, sill\u00e4 tulevaisuudessa vastaavat tilaisuudet voivat olla yrityksellesi merkitt\u00e4v\u00e4 kustannus. T\u00e4m\u00e4 on ainutlaatuinen mahdollisuus saada arvokasta tietoa ja ty\u00f6kaluja vastuullisuuden kehitt\u00e4miseen ilman kustannuksia!<\/p>\n\n\n\n<p><strong><em>Vastuullinen yritystoiminta Pohjois-Karjalassa 1.6.2023 \u2013 31.5.2026<\/em><\/strong><br><br>T\u00e4m\u00e4 kolmevuotinen kehitt\u00e4misohjelma on sijoitus yritt\u00e4jiemme tulevaisuuteen. Ohjelma lis\u00e4\u00e4 tietoisuutta ja ymm\u00e4rryst\u00e4 yritysvastuusta, ja sen tarjoamien ty\u00f6kalujen avulla yritykset voivat tarttua tietoisemmin uusiin mahdollisuuksiin, saavuttaa kilpailuetua ja edist\u00e4\u00e4 kasvua. <strong>Kaikki tapahtumamme ovat maksuttomia.<\/strong><br><br>Ty\u00f6pajakokonaisuuksien suorittaneiden on mahdollistaa ansaitta digitaalisia Open Badge -osaamismerkkej\u00e4. Saat osaamismerkin, kun koulutukselle asetetut vaatimukset t\u00e4yttyv\u00e4t osaltasi hyv\u00e4ksytysti. Lue lis\u00e4\u00e4 osaamismerkeist\u00e4 <a href=\"https:\/\/me.yrittajat.fi\/vastuu-kannattaa\/osaamismerkki\/\">t\u00e4\u00e4lt\u00e4<\/a>.<br><br><strong>Tervetuloa mukaan!<\/strong><br><\/p>\n\n\n\n<figure class=\"wp-block-image size-large\"><img decoding=\"async\" src=\"https:\/\/me.yrittajat.fi\/app\/uploads\/sites\/81\/2024\/01\/tulevat-tapahtumat.png\" alt=\"\" \/><\/figure>\n\n\n\n<p><br><\/p>\n\n\n\n<figure class=\"wp-block-image size-large\"><img loading=\"lazy\" decoding=\"async\" width=\"1024\" height=\"576\" src=\"https:\/\/me.yrittajat.fi\/app\/uploads\/sites\/81\/2026\/02\/Kopio-Vastuullinen-yritystoiminta36-1024x576.jpg\" alt=\"\" class=\"wp-image-1685\" srcset=\"https:\/\/me.yrittajat.fi\/app\/uploads\/sites\/81\/2026\/02\/Kopio-Vastuullinen-yritystoiminta36-1024x576.jpg 1024w, https:\/\/me.yrittajat.fi\/app\/uploads\/sites\/81\/2026\/02\/Kopio-Vastuullinen-yritystoiminta36-300x169.jpg 300w, https:\/\/me.yrittajat.fi\/app\/uploads\/sites\/81\/2026\/02\/Kopio-Vastuullinen-yritystoiminta36-768x432.jpg 768w, https:\/\/me.yrittajat.fi\/app\/uploads\/sites\/81\/2026\/02\/Kopio-Vastuullinen-yritystoiminta36-1536x864.jpg 1536w, https:\/\/me.yrittajat.fi\/app\/uploads\/sites\/81\/2026\/02\/Kopio-Vastuullinen-yritystoiminta36-318x178.jpg 318w, https:\/\/me.yrittajat.fi\/app\/uploads\/sites\/81\/2026\/02\/Kopio-Vastuullinen-yritystoiminta36-1364x768.jpg 1364w, https:\/\/me.yrittajat.fi\/app\/uploads\/sites\/81\/2026\/02\/Kopio-Vastuullinen-yritystoiminta36.jpg 1920w\" sizes=\"auto, (max-width: 1024px) 100vw, 1024px\" \/><\/figure>\n\n\n\n<p><strong>Ajankohtaiset aamukahveet \u2013 tietoa ja tukea yritystoimintaan<\/strong> on uusi webinaarisarja, joka tarjoaa yrityksille ja ty\u00f6nantajille tiiviin katsauksen ajankohtaisiin teemoihin ja palveluihin. Jokainen puolituntinen kokoaa olennaisen yhteen: saat k\u00e4yt\u00e4nn\u00f6n vinkkej\u00e4, esimerkkej\u00e4 ja suoria kontakteja. Mahdollisuus kommentoida teemoja ja esitt\u00e4\u00e4 kysymyksi\u00e4.<\/p>\n\n\n\n<p>Mukana on eri organisaatioiden asiantuntijoita ja yritystarinoita Pohjois-Karjalasta.<br><br>30.4.2026 webinaarissa aiheena vastuullinen rekrytointi.<\/p>\n\n\n\t<div id=\"gb-button-block_89f7a931f17efff4e246655dde72689e\" class=\"gb-button gb-button-block_89f7a931f17efff4e246655dde72689e\">\n\t\t\t\t\t\t<a class=\"b-button b-button--color- b-button--style-\"\n\t   href=\"https:\/\/teams.microsoft.com\/l\/meetup-join\/19%3ameeting_MzVkZDkxMjEtYjcxYy00MjJiLTkxNjYtY2EyM2MwYmQ1MzI4%40thread.v2\/0?context=%7b%22Tid%22%3a%22d95951a6-dfd3-4a74-9abb-f2b2cb89d671%22%2c%22Oid%22%3a%2277bd85e1-28bb-4416-878b-1a27f43b69be%22%7d\"\n\t   target=\"_self\">\n\n\t\t<span class=\"b-button__title\">\n\t\t\tLiity mukaan t\u00e4st\u00e4\t\t<\/span>\n\n\t\t\t\t\t<span class=\"b-button__icon\">\n\t\t\t\t<svg xmlns=\"http:\/\/www.w3.org\/2000\/svg\" viewBox=\"0 0 9 14\"><path d=\"M2.001 13.664a1.333 1.333 0 01-.954-2.272l.007-.008 4.414-4.386-4.24-4.414A1.333 1.333 0 113.12.704l5.147 5.334a1.333 1.333 0 010 1.866l-5.334 5.334a1.333 1.333 0 01-.933.426z\"\/><\/svg>\t\t\t<\/span>\n\t\t\t<\/a>\n\t\t\t<\/div>\n\n\n\n<figure class=\"wp-block-image size-full\"><img loading=\"lazy\" decoding=\"async\" width=\"1000\" height=\"100\" src=\"https:\/\/me.yrittajat.fi\/app\/uploads\/sites\/81\/2024\/01\/tulevat-tapahtumat1.png\" alt=\"\" class=\"wp-image-85\" srcset=\"https:\/\/me.yrittajat.fi\/app\/uploads\/sites\/81\/2024\/01\/tulevat-tapahtumat1.png 1000w, https:\/\/me.yrittajat.fi\/app\/uploads\/sites\/81\/2024\/01\/tulevat-tapahtumat1-300x30.png 300w, https:\/\/me.yrittajat.fi\/app\/uploads\/sites\/81\/2024\/01\/tulevat-tapahtumat1-768x77.png 768w\" sizes=\"auto, (max-width: 1000px) 100vw, 1000px\" \/><\/figure>\n\n\n\n<figure class=\"wp-block-image size-large\"><img loading=\"lazy\" decoding=\"async\" width=\"1024\" height=\"576\" src=\"https:\/\/me.yrittajat.fi\/app\/uploads\/sites\/81\/2026\/02\/Kopio-Vastuullinen-yritystoiminta40-1024x576.jpg\" alt=\"\" class=\"wp-image-1701\" srcset=\"https:\/\/me.yrittajat.fi\/app\/uploads\/sites\/81\/2026\/02\/Kopio-Vastuullinen-yritystoiminta40-1024x576.jpg 1024w, https:\/\/me.yrittajat.fi\/app\/uploads\/sites\/81\/2026\/02\/Kopio-Vastuullinen-yritystoiminta40-300x169.jpg 300w, https:\/\/me.yrittajat.fi\/app\/uploads\/sites\/81\/2026\/02\/Kopio-Vastuullinen-yritystoiminta40-768x432.jpg 768w, https:\/\/me.yrittajat.fi\/app\/uploads\/sites\/81\/2026\/02\/Kopio-Vastuullinen-yritystoiminta40-1536x864.jpg 1536w, https:\/\/me.yrittajat.fi\/app\/uploads\/sites\/81\/2026\/02\/Kopio-Vastuullinen-yritystoiminta40-318x178.jpg 318w, https:\/\/me.yrittajat.fi\/app\/uploads\/sites\/81\/2026\/02\/Kopio-Vastuullinen-yritystoiminta40-1364x768.jpg 1364w, https:\/\/me.yrittajat.fi\/app\/uploads\/sites\/81\/2026\/02\/Kopio-Vastuullinen-yritystoiminta40.jpg 1920w\" sizes=\"auto, (max-width: 1024px) 100vw, 1024px\" \/><\/figure>\n\n\n\n<p>Aamukahvitilaisuuteen saimme vieraaksemme Suomen Yritt\u00e4jien Antti Turusen, joka ty\u00f6skentelee yrityslains\u00e4\u00e4d\u00e4nt\u00f6tiimiss\u00e4 yritysvastuun ja kest\u00e4v\u00e4n kehitt\u00e4misen teemojen parissa, sek\u00e4 seuraa EU-lains\u00e4\u00e4d\u00e4nn\u00f6n kehityst\u00e4. Kiitos vierailusta Antti!<\/p>\n\n\n\n<hr class=\"wp-block-separator has-alpha-channel-opacity\" \/>\n\n\n\n<figure class=\"wp-block-image size-large\"><img loading=\"lazy\" decoding=\"async\" width=\"1024\" height=\"576\" src=\"https:\/\/me.yrittajat.fi\/app\/uploads\/sites\/81\/2026\/03\/Hankefestari2026_vaakamainos1-1024x576.png\" alt=\"\" class=\"wp-image-1704\" srcset=\"https:\/\/me.yrittajat.fi\/app\/uploads\/sites\/81\/2026\/03\/Hankefestari2026_vaakamainos1-1024x576.png 1024w, https:\/\/me.yrittajat.fi\/app\/uploads\/sites\/81\/2026\/03\/Hankefestari2026_vaakamainos1-300x169.png 300w, https:\/\/me.yrittajat.fi\/app\/uploads\/sites\/81\/2026\/03\/Hankefestari2026_vaakamainos1-768x432.png 768w, https:\/\/me.yrittajat.fi\/app\/uploads\/sites\/81\/2026\/03\/Hankefestari2026_vaakamainos1-1536x864.png 1536w, https:\/\/me.yrittajat.fi\/app\/uploads\/sites\/81\/2026\/03\/Hankefestari2026_vaakamainos1-318x178.png 318w, https:\/\/me.yrittajat.fi\/app\/uploads\/sites\/81\/2026\/03\/Hankefestari2026_vaakamainos1-1364x768.png 1364w, https:\/\/me.yrittajat.fi\/app\/uploads\/sites\/81\/2026\/03\/Hankefestari2026_vaakamainos1.png 1920w\" sizes=\"auto, (max-width: 1024px) 100vw, 1024px\" \/><\/figure>\n\n\n\n<p>Vastuullinen yritystoiminta Pohjois-Karjalassa -hankkeen loppuseminaariin pidettiin uuden Hanke Festari -konseptin yhteydess\u00e4 14.4.2026. P\u00e4iv\u00e4 piti sis\u00e4ll\u00e4\u00e4n monenlaista ohjelmaa niin vastuullisuuteen kuin kansainv\u00e4listymiseenkin liittyen. L\u00e4mmin kiitos kaikille mukana olleille!<\/p>\n\n\n\n<hr class=\"wp-block-separator has-alpha-channel-opacity\" \/>\n\n\n\n<figure class=\"wp-block-image size-large\"><img loading=\"lazy\" decoding=\"async\" width=\"1024\" height=\"576\" src=\"https:\/\/me.yrittajat.fi\/app\/uploads\/sites\/81\/2026\/02\/Kopio-Vastuullinen-yritystoiminta28-1-1024x576.jpg\" alt=\"\" class=\"wp-image-1669\" srcset=\"https:\/\/me.yrittajat.fi\/app\/uploads\/sites\/81\/2026\/02\/Kopio-Vastuullinen-yritystoiminta28-1-1024x576.jpg 1024w, https:\/\/me.yrittajat.fi\/app\/uploads\/sites\/81\/2026\/02\/Kopio-Vastuullinen-yritystoiminta28-1-300x169.jpg 300w, https:\/\/me.yrittajat.fi\/app\/uploads\/sites\/81\/2026\/02\/Kopio-Vastuullinen-yritystoiminta28-1-768x432.jpg 768w, https:\/\/me.yrittajat.fi\/app\/uploads\/sites\/81\/2026\/02\/Kopio-Vastuullinen-yritystoiminta28-1-1536x864.jpg 1536w, https:\/\/me.yrittajat.fi\/app\/uploads\/sites\/81\/2026\/02\/Kopio-Vastuullinen-yritystoiminta28-1-318x178.jpg 318w, https:\/\/me.yrittajat.fi\/app\/uploads\/sites\/81\/2026\/02\/Kopio-Vastuullinen-yritystoiminta28-1-1364x768.jpg 1364w, https:\/\/me.yrittajat.fi\/app\/uploads\/sites\/81\/2026\/02\/Kopio-Vastuullinen-yritystoiminta28-1.jpg 1920w\" sizes=\"auto, (max-width: 1024px) 100vw, 1024px\" \/><\/figure>\n\n\n\n<p><strong>25.3.2026<\/strong> kuulimme j\u00e4lleen mielenkiintoisen infon teko\u00e4lyn vastuulliseen k\u00e4ytt\u00f6\u00f6n liittyen Niina Kosusen vet\u00e4m\u00e4n\u00e4.<\/p>\n\n\n\n<hr class=\"wp-block-separator has-alpha-channel-opacity\" \/>\n\n\n\n<figure class=\"wp-block-image size-large\"><img loading=\"lazy\" decoding=\"async\" width=\"1024\" height=\"576\" src=\"https:\/\/me.yrittajat.fi\/app\/uploads\/sites\/81\/2026\/02\/Yritta\u2560eja\u2560et_Next_2_ja_3_webinaari_materiaalit6-1-1024x576.jpg\" alt=\"\" class=\"wp-image-1642\" srcset=\"https:\/\/me.yrittajat.fi\/app\/uploads\/sites\/81\/2026\/02\/Yritta\u2560eja\u2560et_Next_2_ja_3_webinaari_materiaalit6-1-1024x576.jpg 1024w, https:\/\/me.yrittajat.fi\/app\/uploads\/sites\/81\/2026\/02\/Yritta\u2560eja\u2560et_Next_2_ja_3_webinaari_materiaalit6-1-300x169.jpg 300w, https:\/\/me.yrittajat.fi\/app\/uploads\/sites\/81\/2026\/02\/Yritta\u2560eja\u2560et_Next_2_ja_3_webinaari_materiaalit6-1-768x432.jpg 768w, https:\/\/me.yrittajat.fi\/app\/uploads\/sites\/81\/2026\/02\/Yritta\u2560eja\u2560et_Next_2_ja_3_webinaari_materiaalit6-1-318x178.jpg 318w, https:\/\/me.yrittajat.fi\/app\/uploads\/sites\/81\/2026\/02\/Yritta\u2560eja\u2560et_Next_2_ja_3_webinaari_materiaalit6-1-1364x768.jpg 1364w, https:\/\/me.yrittajat.fi\/app\/uploads\/sites\/81\/2026\/02\/Yritta\u2560eja\u2560et_Next_2_ja_3_webinaari_materiaalit6-1.jpg 1366w\" sizes=\"auto, (max-width: 1024px) 100vw, 1024px\" \/><\/figure>\n\n\n\n<p><strong>12.3.2026<\/strong> pidetyss\u00e4 Next Level weibinaarisarjan kolmannessa osassa kuulimme mist\u00e4 syntyy yrityksen todellinen vetovoima ja luottamus ja siit\u00e4 miten ihmiset, arjen k\u00e4yt\u00e4nn\u00f6t ja reiluus k\u00e4\u00e4nnet\u00e4\u00e4n kilpailueduksi.<\/p>\n\n\n\n<hr class=\"wp-block-separator has-alpha-channel-opacity\" \/>\n\n\n\n<figure class=\"wp-block-image size-full\"><img loading=\"lazy\" decoding=\"async\" width=\"1366\" height=\"768\" src=\"https:\/\/me.yrittajat.fi\/app\/uploads\/sites\/81\/2026\/02\/Yritta\u2560eja\u2560et_Next_2_ja_3_webinaari_materiaalit5.jpg\" alt=\"\" class=\"wp-image-1638\" srcset=\"https:\/\/me.yrittajat.fi\/app\/uploads\/sites\/81\/2026\/02\/Yritta\u2560eja\u2560et_Next_2_ja_3_webinaari_materiaalit5.jpg 1366w, https:\/\/me.yrittajat.fi\/app\/uploads\/sites\/81\/2026\/02\/Yritta\u2560eja\u2560et_Next_2_ja_3_webinaari_materiaalit5-300x169.jpg 300w, https:\/\/me.yrittajat.fi\/app\/uploads\/sites\/81\/2026\/02\/Yritta\u2560eja\u2560et_Next_2_ja_3_webinaari_materiaalit5-1024x576.jpg 1024w, https:\/\/me.yrittajat.fi\/app\/uploads\/sites\/81\/2026\/02\/Yritta\u2560eja\u2560et_Next_2_ja_3_webinaari_materiaalit5-768x432.jpg 768w, https:\/\/me.yrittajat.fi\/app\/uploads\/sites\/81\/2026\/02\/Yritta\u2560eja\u2560et_Next_2_ja_3_webinaari_materiaalit5-318x178.jpg 318w, https:\/\/me.yrittajat.fi\/app\/uploads\/sites\/81\/2026\/02\/Yritta\u2560eja\u2560et_Next_2_ja_3_webinaari_materiaalit5-1364x768.jpg 1364w\" sizes=\"auto, (max-width: 1366px) 100vw, 1366px\" \/><\/figure>\n\n\n\n<p><strong>19.2.2026 kuulimme innostavia case-asimerkkej\u00e4 meilt\u00e4 ja maailmalta. Tule mukaan webinaarin kolmanteen osaan kuulemaan lis\u00e4\u00e4!<\/strong><\/p>\n\n\n\n<hr class=\"wp-block-separator has-alpha-channel-opacity\" \/>\n\n\n\n<figure class=\"wp-block-image size-full\"><img loading=\"lazy\" decoding=\"async\" width=\"932\" height=\"441\" src=\"https:\/\/me.yrittajat.fi\/app\/uploads\/sites\/81\/2026\/01\/Tyopajapaiva-NETTISIVUILLE-932-x-441-px23.jpg\" alt=\"\" class=\"wp-image-1612\" srcset=\"https:\/\/me.yrittajat.fi\/app\/uploads\/sites\/81\/2026\/01\/Tyopajapaiva-NETTISIVUILLE-932-x-441-px23.jpg 932w, https:\/\/me.yrittajat.fi\/app\/uploads\/sites\/81\/2026\/01\/Tyopajapaiva-NETTISIVUILLE-932-x-441-px23-300x142.jpg 300w, https:\/\/me.yrittajat.fi\/app\/uploads\/sites\/81\/2026\/01\/Tyopajapaiva-NETTISIVUILLE-932-x-441-px23-768x363.jpg 768w\" sizes=\"auto, (max-width: 932px) 100vw, 932px\" \/><\/figure>\n\n\n\n<p>11.2.2026 pidettiin toinen Teko\u00e4lyn vastuullinen k\u00e4ytt\u00f6 -tietoisku.<\/p>\n\n\n\n<hr class=\"wp-block-separator has-alpha-channel-opacity\" \/>\n\n\n\n<figure class=\"wp-block-image size-full\"><img loading=\"lazy\" decoding=\"async\" width=\"932\" height=\"441\" src=\"https:\/\/me.yrittajat.fi\/app\/uploads\/sites\/81\/2025\/12\/Netti-hyvinvointiseminaari-Joensuu-tammikuu-2026.jpg\" alt=\"\" class=\"wp-image-1569\" srcset=\"https:\/\/me.yrittajat.fi\/app\/uploads\/sites\/81\/2025\/12\/Netti-hyvinvointiseminaari-Joensuu-tammikuu-2026.jpg 932w, https:\/\/me.yrittajat.fi\/app\/uploads\/sites\/81\/2025\/12\/Netti-hyvinvointiseminaari-Joensuu-tammikuu-2026-300x142.jpg 300w, https:\/\/me.yrittajat.fi\/app\/uploads\/sites\/81\/2025\/12\/Netti-hyvinvointiseminaari-Joensuu-tammikuu-2026-768x363.jpg 768w\" sizes=\"auto, (max-width: 932px) 100vw, 932px\" \/><\/figure>\n\n\n\n<hr class=\"wp-block-separator has-alpha-channel-opacity\" \/>\n\n\n\n<figure class=\"wp-block-image size-full\"><img loading=\"lazy\" decoding=\"async\" width=\"932\" height=\"441\" src=\"https:\/\/me.yrittajat.fi\/app\/uploads\/sites\/81\/2025\/12\/NextLevel_1.jpg\" alt=\"\" class=\"wp-image-1557\" srcset=\"https:\/\/me.yrittajat.fi\/app\/uploads\/sites\/81\/2025\/12\/NextLevel_1.jpg 932w, https:\/\/me.yrittajat.fi\/app\/uploads\/sites\/81\/2025\/12\/NextLevel_1-300x142.jpg 300w, https:\/\/me.yrittajat.fi\/app\/uploads\/sites\/81\/2025\/12\/NextLevel_1-768x363.jpg 768w\" sizes=\"auto, (max-width: 932px) 100vw, 932px\" \/><\/figure>\n\n\n\n<p>22.1.2026 kuulimme innostavia case-asimerkkej\u00e4 meilt\u00e4 ja maailmalta. Tule mukaan webinaarin toiseen osaan kuulemaan lis\u00e4\u00e4!<\/p>\n\n\n\n<hr class=\"wp-block-separator has-alpha-channel-opacity\" \/>\n\n\n\n<figure class=\"wp-block-image size-full\"><img loading=\"lazy\" decoding=\"async\" width=\"932\" height=\"441\" src=\"https:\/\/me.yrittajat.fi\/app\/uploads\/sites\/81\/2025\/12\/Tyopajapaiva-NETTISIVUILLE-932-x-441-px21.jpg\" alt=\"\" class=\"wp-image-1590\" srcset=\"https:\/\/me.yrittajat.fi\/app\/uploads\/sites\/81\/2025\/12\/Tyopajapaiva-NETTISIVUILLE-932-x-441-px21.jpg 932w, https:\/\/me.yrittajat.fi\/app\/uploads\/sites\/81\/2025\/12\/Tyopajapaiva-NETTISIVUILLE-932-x-441-px21-300x142.jpg 300w, https:\/\/me.yrittajat.fi\/app\/uploads\/sites\/81\/2025\/12\/Tyopajapaiva-NETTISIVUILLE-932-x-441-px21-768x363.jpg 768w\" sizes=\"auto, (max-width: 932px) 100vw, 932px\" \/><\/figure>\n\n\n\n<p>21.1.2026 pidetyss\u00e4 Teko\u00e4lyn vastuullinen k\u00e4ytt\u00f6 -tietoiskussa kuulimme teko\u00e4lyn k\u00e4ytt\u00f6\u00f6n liittyvist\u00e4 vastuista.<\/p>\n\n\n\n<hr class=\"wp-block-separator has-alpha-channel-opacity\" \/>\n\n\n\n<figure class=\"wp-block-image size-full\"><img loading=\"lazy\" decoding=\"async\" width=\"932\" height=\"441\" src=\"https:\/\/me.yrittajat.fi\/app\/uploads\/sites\/81\/2025\/09\/Tyopajapaiva-NETTISIVUILLE-932-x-441-px13.jpg\" alt=\"\" class=\"wp-image-1383\" srcset=\"https:\/\/me.yrittajat.fi\/app\/uploads\/sites\/81\/2025\/09\/Tyopajapaiva-NETTISIVUILLE-932-x-441-px13.jpg 932w, https:\/\/me.yrittajat.fi\/app\/uploads\/sites\/81\/2025\/09\/Tyopajapaiva-NETTISIVUILLE-932-x-441-px13-300x142.jpg 300w, https:\/\/me.yrittajat.fi\/app\/uploads\/sites\/81\/2025\/09\/Tyopajapaiva-NETTISIVUILLE-932-x-441-px13-768x363.jpg 768w\" sizes=\"auto, (max-width: 932px) 100vw, 932px\" \/><\/figure>\n\n\n\n<p>9.12.2025 pidimme vastuullisen yritystoiminnan ty\u00f6pajap\u00e4iv\u00e4n Outokummussa.<\/p>\n\n\n\n<hr class=\"wp-block-separator has-alpha-channel-opacity\" \/>\n\n\n\n<figure class=\"wp-block-image size-full\"><img loading=\"lazy\" decoding=\"async\" width=\"932\" height=\"441\" src=\"https:\/\/me.yrittajat.fi\/app\/uploads\/sites\/81\/2025\/06\/Kiertotalous-seminaari-2.jpg\" alt=\"\" class=\"wp-image-1299\" srcset=\"https:\/\/me.yrittajat.fi\/app\/uploads\/sites\/81\/2025\/06\/Kiertotalous-seminaari-2.jpg 932w, https:\/\/me.yrittajat.fi\/app\/uploads\/sites\/81\/2025\/06\/Kiertotalous-seminaari-2-300x142.jpg 300w, https:\/\/me.yrittajat.fi\/app\/uploads\/sites\/81\/2025\/06\/Kiertotalous-seminaari-2-768x363.jpg 768w\" sizes=\"auto, (max-width: 932px) 100vw, 932px\" \/><\/figure>\n\n\n\n<p>Pohjois-Karjala Kiertoon! -kiertotalousseminaari pidettiin Joensuussa 27.11.2025.<\/p>\n\n\n\t<div id=\"gb-button-block_14b6c92278f81d5557eb52e062097c50\" class=\"gb-button gb-button-block_14b6c92278f81d5557eb52e062097c50\">\n\t\t\t\t\t\t<a class=\"b-button b-button--color- b-button--style-\"\n\t   href=\"https:\/\/me.yrittajat.fi\/vastuu-kannattaa\/pohjois-karjala-kiertoon\/\"\n\t   target=\"_self\">\n\n\t\t<span class=\"b-button__title\">\n\t\t\tTutustu seminaarin materiaaleihin t\u00e4\u00e4lt\u00e4\t\t<\/span>\n\n\t\t\t\t\t<span class=\"b-button__icon\">\n\t\t\t\t<svg xmlns=\"http:\/\/www.w3.org\/2000\/svg\" viewBox=\"0 0 9 14\"><path d=\"M2.001 13.664a1.333 1.333 0 01-.954-2.272l.007-.008 4.414-4.386-4.24-4.414A1.333 1.333 0 113.12.704l5.147 5.334a1.333 1.333 0 010 1.866l-5.334 5.334a1.333 1.333 0 01-.933.426z\"\/><\/svg>\t\t\t<\/span>\n\t\t\t<\/a>\n\t\t\t<\/div>\n\n\n\n<hr class=\"wp-block-separator has-alpha-channel-opacity\" \/>\n\n\n\n<figure class=\"wp-block-image size-full\"><img loading=\"lazy\" decoding=\"async\" width=\"932\" height=\"441\" src=\"https:\/\/me.yrittajat.fi\/app\/uploads\/sites\/81\/2025\/10\/Tyopajapaiva-NETTISIVUILLE-932-x-441-px-16.jpg\" alt=\"\" class=\"wp-image-1451\" srcset=\"https:\/\/me.yrittajat.fi\/app\/uploads\/sites\/81\/2025\/10\/Tyopajapaiva-NETTISIVUILLE-932-x-441-px-16.jpg 932w, https:\/\/me.yrittajat.fi\/app\/uploads\/sites\/81\/2025\/10\/Tyopajapaiva-NETTISIVUILLE-932-x-441-px-16-300x142.jpg 300w, https:\/\/me.yrittajat.fi\/app\/uploads\/sites\/81\/2025\/10\/Tyopajapaiva-NETTISIVUILLE-932-x-441-px-16-768x363.jpg 768w\" sizes=\"auto, (max-width: 932px) 100vw, 932px\" \/><\/figure>\n\n\n\n<p>Vastuullisen yritystoiminnan ty\u00f6pajap\u00e4iv\u00e4 Tohmaj\u00e4rvell\u00e4 19.11.2025.<\/p>\n\n\n\n<hr class=\"wp-block-separator has-alpha-channel-opacity\" \/>\n\n\n\n<figure class=\"wp-block-image size-full\"><img loading=\"lazy\" decoding=\"async\" width=\"932\" height=\"441\" src=\"https:\/\/me.yrittajat.fi\/app\/uploads\/sites\/81\/2025\/10\/Tyopajapaiva-NETTISIVUILLE-932-x-441-px-11.jpg\" alt=\"\" class=\"wp-image-1429\" srcset=\"https:\/\/me.yrittajat.fi\/app\/uploads\/sites\/81\/2025\/10\/Tyopajapaiva-NETTISIVUILLE-932-x-441-px-11.jpg 932w, https:\/\/me.yrittajat.fi\/app\/uploads\/sites\/81\/2025\/10\/Tyopajapaiva-NETTISIVUILLE-932-x-441-px-11-300x142.jpg 300w, https:\/\/me.yrittajat.fi\/app\/uploads\/sites\/81\/2025\/10\/Tyopajapaiva-NETTISIVUILLE-932-x-441-px-11-768x363.jpg 768w\" sizes=\"auto, (max-width: 932px) 100vw, 932px\" \/><\/figure>\n\n\n\n<p>Kiertotalous yrityksess\u00e4ni -kiertotalous ty\u00f6pajakokonaisuuden avaus Lieksassa 18.11.2025.<\/p>\n\n\n\n<hr class=\"wp-block-separator has-alpha-channel-opacity\" \/>\n\n\n\n<figure class=\"wp-block-image size-full\"><img loading=\"lazy\" decoding=\"async\" width=\"715\" height=\"476\" src=\"https:\/\/me.yrittajat.fi\/app\/uploads\/sites\/81\/2025\/10\/134134134.jpg\" alt=\"\" class=\"wp-image-1432\" srcset=\"https:\/\/me.yrittajat.fi\/app\/uploads\/sites\/81\/2025\/10\/134134134.jpg 715w, https:\/\/me.yrittajat.fi\/app\/uploads\/sites\/81\/2025\/10\/134134134-300x200.jpg 300w, https:\/\/me.yrittajat.fi\/app\/uploads\/sites\/81\/2025\/10\/134134134-668x445.jpg 668w\" sizes=\"auto, (max-width: 715px) 100vw, 715px\" \/><\/figure>\n\n\n\n<p>Olimme mukana j\u00e4rjest\u00e4m\u00e4ss\u00e4 monikulttuurillista yritt\u00e4jyysaamiaista 5.11.2025.<\/p>\n\n\n\n<hr class=\"wp-block-separator has-alpha-channel-opacity\" \/>\n\n\n\n<figure class=\"wp-block-image size-full\"><img loading=\"lazy\" decoding=\"async\" width=\"932\" height=\"441\" src=\"https:\/\/me.yrittajat.fi\/app\/uploads\/sites\/81\/2025\/09\/Tyopajapaiva-NETTISIVUILLE-932-x-441-px12.jpg\" alt=\"\" class=\"wp-image-1380\" srcset=\"https:\/\/me.yrittajat.fi\/app\/uploads\/sites\/81\/2025\/09\/Tyopajapaiva-NETTISIVUILLE-932-x-441-px12.jpg 932w, https:\/\/me.yrittajat.fi\/app\/uploads\/sites\/81\/2025\/09\/Tyopajapaiva-NETTISIVUILLE-932-x-441-px12-300x142.jpg 300w, https:\/\/me.yrittajat.fi\/app\/uploads\/sites\/81\/2025\/09\/Tyopajapaiva-NETTISIVUILLE-932-x-441-px12-768x363.jpg 768w\" sizes=\"auto, (max-width: 932px) 100vw, 932px\" \/><\/figure>\n\n\n\n<p>4.11.2025 saimme kuulla tuotteiden ja palveluiden hiilijalaj\u00e4ljen laskennasta ja niiden toteuttamisesta yhteisty\u00f6ss\u00e4 oppilaitosten kanssa.<\/p>\n\n\n\n<hr class=\"wp-block-separator has-alpha-channel-opacity\" \/>\n\n\n\n<figure class=\"wp-block-image size-full\"><img loading=\"lazy\" decoding=\"async\" width=\"932\" height=\"441\" src=\"https:\/\/me.yrittajat.fi\/app\/uploads\/sites\/81\/2025\/10\/Tyopajapaiva-NETTISIVUILLE-932-x-441-px-13.jpg\" alt=\"\" class=\"wp-image-1434\" srcset=\"https:\/\/me.yrittajat.fi\/app\/uploads\/sites\/81\/2025\/10\/Tyopajapaiva-NETTISIVUILLE-932-x-441-px-13.jpg 932w, https:\/\/me.yrittajat.fi\/app\/uploads\/sites\/81\/2025\/10\/Tyopajapaiva-NETTISIVUILLE-932-x-441-px-13-300x142.jpg 300w, https:\/\/me.yrittajat.fi\/app\/uploads\/sites\/81\/2025\/10\/Tyopajapaiva-NETTISIVUILLE-932-x-441-px-13-768x363.jpg 768w\" sizes=\"auto, (max-width: 932px) 100vw, 932px\" \/><\/figure>\n\n\n\n<p><strong>Vastuullisuusviestinn\u00e4n<\/strong> ty\u00f6pajap\u00e4iv\u00e4 pidettiin 28.10.2025 Joensuun Tiedepuistolla.<\/p>\n\n\n\n<hr class=\"wp-block-separator has-alpha-channel-opacity\" \/>\n\n\n\n<figure class=\"wp-block-image size-full\"><img loading=\"lazy\" decoding=\"async\" width=\"932\" height=\"441\" src=\"https:\/\/me.yrittajat.fi\/app\/uploads\/sites\/81\/2025\/09\/polvijarvi-hyvinvointiaamiainen.png\" alt=\"\" class=\"wp-image-1368\" srcset=\"https:\/\/me.yrittajat.fi\/app\/uploads\/sites\/81\/2025\/09\/polvijarvi-hyvinvointiaamiainen.png 932w, https:\/\/me.yrittajat.fi\/app\/uploads\/sites\/81\/2025\/09\/polvijarvi-hyvinvointiaamiainen-300x142.png 300w, https:\/\/me.yrittajat.fi\/app\/uploads\/sites\/81\/2025\/09\/polvijarvi-hyvinvointiaamiainen-768x363.png 768w\" sizes=\"auto, (max-width: 932px) 100vw, 932px\" \/><\/figure>\n\n\n\n<p><strong>7.10.2025 <\/strong>pidimme Yritt\u00e4j\u00e4n hyvinvointiaamiaisen Polvij\u00e4rvell\u00e4<\/p>\n\n\n\n<hr class=\"wp-block-separator has-alpha-channel-opacity\" \/>\n\n\n\n<figure class=\"wp-block-image size-large\"><a href=\"http:\/\/www.taike.fi\/fi\/tapahtumat\/joensuu-eloon\"><img loading=\"lazy\" decoding=\"async\" width=\"1024\" height=\"576\" src=\"https:\/\/me.yrittajat.fi\/app\/uploads\/sites\/81\/2025\/06\/Joensuu-Eloon-vaaka_2-1024x576.png\" alt=\"\" class=\"wp-image-1248\" srcset=\"https:\/\/me.yrittajat.fi\/app\/uploads\/sites\/81\/2025\/06\/Joensuu-Eloon-vaaka_2-1024x576.png 1024w, https:\/\/me.yrittajat.fi\/app\/uploads\/sites\/81\/2025\/06\/Joensuu-Eloon-vaaka_2-300x169.png 300w, https:\/\/me.yrittajat.fi\/app\/uploads\/sites\/81\/2025\/06\/Joensuu-Eloon-vaaka_2-768x432.png 768w, https:\/\/me.yrittajat.fi\/app\/uploads\/sites\/81\/2025\/06\/Joensuu-Eloon-vaaka_2-1536x864.png 1536w, https:\/\/me.yrittajat.fi\/app\/uploads\/sites\/81\/2025\/06\/Joensuu-Eloon-vaaka_2-318x178.png 318w, https:\/\/me.yrittajat.fi\/app\/uploads\/sites\/81\/2025\/06\/Joensuu-Eloon-vaaka_2-1364x768.png 1364w, https:\/\/me.yrittajat.fi\/app\/uploads\/sites\/81\/2025\/06\/Joensuu-Eloon-vaaka_2.png 1920w\" sizes=\"auto, (max-width: 1024px) 100vw, 1024px\" \/><\/a><\/figure>\n\n\n\n<p><strong>Eloon!-kiertueen ty\u00f6pajap\u00e4iv\u00e4 saapui Joensuuhun maanantaina 22.9.2025.<\/strong><\/p>\n\n\n\n<p>Eloon!-kiertue kokosi yhteen elinkeinoalojen sek\u00e4 taiteen, kulttuurin ja luovan alan edustajia ratkaisemaan alueilla tunnistettuja elinvoimahaasteita.<\/p>\n\n\n\n<hr class=\"wp-block-separator has-alpha-channel-opacity\" \/>\n\n\n\n<figure class=\"wp-block-image size-full\"><img loading=\"lazy\" decoding=\"async\" width=\"932\" height=\"441\" src=\"https:\/\/me.yrittajat.fi\/app\/uploads\/sites\/81\/2025\/08\/Tyopajapaiva-NETTISIVUILLE-932-x-441-px12.jpg\" alt=\"\" class=\"wp-image-1354\" srcset=\"https:\/\/me.yrittajat.fi\/app\/uploads\/sites\/81\/2025\/08\/Tyopajapaiva-NETTISIVUILLE-932-x-441-px12.jpg 932w, https:\/\/me.yrittajat.fi\/app\/uploads\/sites\/81\/2025\/08\/Tyopajapaiva-NETTISIVUILLE-932-x-441-px12-300x142.jpg 300w, https:\/\/me.yrittajat.fi\/app\/uploads\/sites\/81\/2025\/08\/Tyopajapaiva-NETTISIVUILLE-932-x-441-px12-768x363.jpg 768w\" sizes=\"auto, (max-width: 932px) 100vw, 932px\" \/><\/figure>\n\n\n\n<p>Vastuullisuusraportoinnin tietoisku pidettiin Joensuussa <strong>18.9.2025<\/strong>. Tapahtuman alun luento-osuus striimattiin my\u00f6s Youtube-striimin kautta.<\/p>\n\n\n\n<hr class=\"wp-block-separator has-alpha-channel-opacity\" \/>\n\n\n\n<figure class=\"wp-block-image size-full\"><img loading=\"lazy\" decoding=\"async\" width=\"932\" height=\"441\" src=\"https:\/\/me.yrittajat.fi\/app\/uploads\/sites\/81\/2025\/09\/monikulttuurinen-aamubrunssi-1.png\" alt=\"\" class=\"wp-image-1363\" srcset=\"https:\/\/me.yrittajat.fi\/app\/uploads\/sites\/81\/2025\/09\/monikulttuurinen-aamubrunssi-1.png 932w, https:\/\/me.yrittajat.fi\/app\/uploads\/sites\/81\/2025\/09\/monikulttuurinen-aamubrunssi-1-300x142.png 300w, https:\/\/me.yrittajat.fi\/app\/uploads\/sites\/81\/2025\/09\/monikulttuurinen-aamubrunssi-1-768x363.png 768w\" sizes=\"auto, (max-width: 932px) 100vw, 932px\" \/><\/figure>\n\n\n\n<p>Monikulttuurillinen yritt\u00e4jyysaamiainen pidettiin 10.9.2025 Pohjois-Karjalan Yritt\u00e4jien toimistolla.<\/p>\n\n\n\n<hr class=\"wp-block-separator has-alpha-channel-opacity\" \/>\n\n\n\n<figure class=\"wp-block-image size-full\"><img loading=\"lazy\" decoding=\"async\" width=\"932\" height=\"441\" src=\"https:\/\/me.yrittajat.fi\/app\/uploads\/sites\/81\/2025\/04\/Tyopajapaiva-NETTISIVUILLE-932-x-441-px32.jpg\" alt=\"\" class=\"wp-image-1171\" srcset=\"https:\/\/me.yrittajat.fi\/app\/uploads\/sites\/81\/2025\/04\/Tyopajapaiva-NETTISIVUILLE-932-x-441-px32.jpg 932w, https:\/\/me.yrittajat.fi\/app\/uploads\/sites\/81\/2025\/04\/Tyopajapaiva-NETTISIVUILLE-932-x-441-px32-300x142.jpg 300w, https:\/\/me.yrittajat.fi\/app\/uploads\/sites\/81\/2025\/04\/Tyopajapaiva-NETTISIVUILLE-932-x-441-px32-768x363.jpg 768w\" sizes=\"auto, (max-width: 932px) 100vw, 932px\" \/><\/figure>\n\n\n\n<p><strong>22.5.2025<\/strong> pidimme Vastuullisuusviestinn\u00e4n ty\u00f6pajan Joensuussa. Tapahtumasta toteutettiin my\u00f6s youtube striimi joka on my\u00f6s j\u00e4lkik\u00e4teen katsottavissa. Tapahtuman koulutuksen toteutti Fabrik.<\/p>\n\n\n\n<hr class=\"wp-block-separator has-alpha-channel-opacity\" \/>\n\n\n\n<figure class=\"wp-block-image size-full\"><img loading=\"lazy\" decoding=\"async\" width=\"932\" height=\"441\" src=\"https:\/\/me.yrittajat.fi\/app\/uploads\/sites\/81\/2025\/04\/Kiertotalous.jpg\" alt=\"\" class=\"wp-image-1174\" srcset=\"https:\/\/me.yrittajat.fi\/app\/uploads\/sites\/81\/2025\/04\/Kiertotalous.jpg 932w, https:\/\/me.yrittajat.fi\/app\/uploads\/sites\/81\/2025\/04\/Kiertotalous-300x142.jpg 300w, https:\/\/me.yrittajat.fi\/app\/uploads\/sites\/81\/2025\/04\/Kiertotalous-768x363.jpg 768w\" sizes=\"auto, (max-width: 932px) 100vw, 932px\" \/><\/figure>\n\n\n\n<p>15.5.2025 toteutamme ensimm\u00e4isen kiertotalouteen keskittyv\u00e4n ty\u00f6pajakokonaisuuden Joensuussa. Ty\u00f6pajan kouluttajina toimii <strong>Ethica Oy.<\/strong><\/p>\n\n\n\n<hr class=\"wp-block-separator has-alpha-channel-opacity\" \/>\n\n\n\n<figure class=\"wp-block-image size-full\"><img loading=\"lazy\" decoding=\"async\" width=\"932\" height=\"441\" src=\"https:\/\/me.yrittajat.fi\/app\/uploads\/sites\/81\/2025\/03\/Tyopajapaiva-NETTISIVUILLE-932-x-441-px28.jpg\" alt=\"\" class=\"wp-image-1116\" srcset=\"https:\/\/me.yrittajat.fi\/app\/uploads\/sites\/81\/2025\/03\/Tyopajapaiva-NETTISIVUILLE-932-x-441-px28.jpg 932w, https:\/\/me.yrittajat.fi\/app\/uploads\/sites\/81\/2025\/03\/Tyopajapaiva-NETTISIVUILLE-932-x-441-px28-300x142.jpg 300w, https:\/\/me.yrittajat.fi\/app\/uploads\/sites\/81\/2025\/03\/Tyopajapaiva-NETTISIVUILLE-932-x-441-px28-768x363.jpg 768w\" sizes=\"auto, (max-width: 932px) 100vw, 932px\" \/><\/figure>\n\n\n\n<p><strong>8.5.2025<\/strong> j\u00e4rjestimme yhteisty\u00f6ss\u00e4 Mets\u00e4keskuksen kanssa <strong>ESG- vastuullisuusraportin k\u00e4ytt\u00f6\u00f6noton ty\u00f6pajan puutuotealan yrityksille<\/strong> Joensuussa.<\/p>\n\n\n\n<hr class=\"wp-block-separator has-alpha-channel-opacity\" \/>\n\n\n\n<figure class=\"wp-block-image size-full is-resized\"><img loading=\"lazy\" decoding=\"async\" width=\"600\" height=\"282\" src=\"https:\/\/me.yrittajat.fi\/app\/uploads\/sites\/81\/2025\/04\/vastuullista-jaksamista.png\" alt=\"\" class=\"wp-image-1134\" style=\"width:750px\" srcset=\"https:\/\/me.yrittajat.fi\/app\/uploads\/sites\/81\/2025\/04\/vastuullista-jaksamista.png 600w, https:\/\/me.yrittajat.fi\/app\/uploads\/sites\/81\/2025\/04\/vastuullista-jaksamista-300x141.png 300w\" sizes=\"auto, (max-width: 600px) 100vw, 600px\" \/><\/figure>\n\n\n\n<p><strong>Vastuullista jaksamista<\/strong> <strong>Yritt\u00e4j\u00e4n hyvinvointiaamubrunssi pidettiin Kontiolahdella<\/strong> <strong>10.4.2025<\/strong><\/p>\n\n\n\n<hr class=\"wp-block-separator has-alpha-channel-opacity\" \/>\n\n\n\n<figure class=\"wp-block-image size-full\"><img loading=\"lazy\" decoding=\"async\" width=\"932\" height=\"441\" src=\"https:\/\/me.yrittajat.fi\/app\/uploads\/sites\/81\/2025\/04\/Vastuullinen-yritystoiminta-Valtimo-9.4.2025-BANNERI-2.jpg\" alt=\"\" class=\"wp-image-1137\" srcset=\"https:\/\/me.yrittajat.fi\/app\/uploads\/sites\/81\/2025\/04\/Vastuullinen-yritystoiminta-Valtimo-9.4.2025-BANNERI-2.jpg 932w, https:\/\/me.yrittajat.fi\/app\/uploads\/sites\/81\/2025\/04\/Vastuullinen-yritystoiminta-Valtimo-9.4.2025-BANNERI-2-300x142.jpg 300w, https:\/\/me.yrittajat.fi\/app\/uploads\/sites\/81\/2025\/04\/Vastuullinen-yritystoiminta-Valtimo-9.4.2025-BANNERI-2-768x363.jpg 768w\" sizes=\"auto, (max-width: 932px) 100vw, 932px\" \/><\/figure>\n\n\n\n<p>Vastuullisen yritystoiminnan ty\u00f6pajap\u00e4iv\u00e4 pidettiin Valtimolla <strong>9.4.2025<\/strong>.<\/p>\n\n\n\n<hr class=\"wp-block-separator has-alpha-channel-opacity\" \/>\n\n\n\n<figure class=\"wp-block-image size-full\"><img loading=\"lazy\" decoding=\"async\" width=\"932\" height=\"441\" src=\"https:\/\/me.yrittajat.fi\/app\/uploads\/sites\/81\/2025\/03\/Vastuullinen-yritystoiminta-Liperi-3.4.2025_BANNERI.jpg\" alt=\"\" class=\"wp-image-1081\" srcset=\"https:\/\/me.yrittajat.fi\/app\/uploads\/sites\/81\/2025\/03\/Vastuullinen-yritystoiminta-Liperi-3.4.2025_BANNERI.jpg 932w, https:\/\/me.yrittajat.fi\/app\/uploads\/sites\/81\/2025\/03\/Vastuullinen-yritystoiminta-Liperi-3.4.2025_BANNERI-300x142.jpg 300w, https:\/\/me.yrittajat.fi\/app\/uploads\/sites\/81\/2025\/03\/Vastuullinen-yritystoiminta-Liperi-3.4.2025_BANNERI-768x363.jpg 768w\" sizes=\"auto, (max-width: 932px) 100vw, 932px\" \/><\/figure>\n\n\n\n<p>Vastuullisen yritystoiminnan ty\u00f6pajap\u00e4iv\u00e4 pidettiin Liperiss\u00e4 <strong>3.4.2025<\/strong>.<\/p>\n\n\n\n<hr class=\"wp-block-separator has-alpha-channel-opacity\" \/>\n\n\n\n<figure class=\"wp-block-image size-full\"><img loading=\"lazy\" decoding=\"async\" width=\"932\" height=\"441\" src=\"https:\/\/me.yrittajat.fi\/app\/uploads\/sites\/81\/2025\/02\/Tyopajapaiva-NETTISIVUILLE-932-x-441-px23-1.jpg\" alt=\"\" class=\"wp-image-1077\" srcset=\"https:\/\/me.yrittajat.fi\/app\/uploads\/sites\/81\/2025\/02\/Tyopajapaiva-NETTISIVUILLE-932-x-441-px23-1.jpg 932w, https:\/\/me.yrittajat.fi\/app\/uploads\/sites\/81\/2025\/02\/Tyopajapaiva-NETTISIVUILLE-932-x-441-px23-1-300x142.jpg 300w, https:\/\/me.yrittajat.fi\/app\/uploads\/sites\/81\/2025\/02\/Tyopajapaiva-NETTISIVUILLE-932-x-441-px23-1-768x363.jpg 768w\" sizes=\"auto, (max-width: 932px) 100vw, 932px\" \/><\/figure>\n\n\n\n<p>Vastuullisuusraportoinnin tietoisku pidettiin Joensuussa <strong>20.3.2025<\/strong><\/p>\n\n\n\n<hr class=\"wp-block-separator has-alpha-channel-opacity\" \/>\n\n\n\n<figure class=\"wp-block-image size-full\"><img loading=\"lazy\" decoding=\"async\" width=\"932\" height=\"441\" src=\"https:\/\/me.yrittajat.fi\/app\/uploads\/sites\/81\/2025\/02\/Vastuullinen-yritystoiminta_Heinavesi_13.3.2025_BANNERI.jpg\" alt=\"\" class=\"wp-image-1060\" srcset=\"https:\/\/me.yrittajat.fi\/app\/uploads\/sites\/81\/2025\/02\/Vastuullinen-yritystoiminta_Heinavesi_13.3.2025_BANNERI.jpg 932w, https:\/\/me.yrittajat.fi\/app\/uploads\/sites\/81\/2025\/02\/Vastuullinen-yritystoiminta_Heinavesi_13.3.2025_BANNERI-300x142.jpg 300w, https:\/\/me.yrittajat.fi\/app\/uploads\/sites\/81\/2025\/02\/Vastuullinen-yritystoiminta_Heinavesi_13.3.2025_BANNERI-768x363.jpg 768w\" sizes=\"auto, (max-width: 932px) 100vw, 932px\" \/><\/figure>\n\n\n\n<p>Vastuullisen yritystoiminnan ty\u00f6pajap\u00e4iv\u00e4 pidettiin Hein\u00e4vedell\u00e4 <strong>13.3.2025<\/strong>.<\/p>\n\n\n\n<hr class=\"wp-block-separator has-alpha-channel-opacity\" \/>\n\n\n\n<figure class=\"wp-block-image size-full\"><img loading=\"lazy\" decoding=\"async\" width=\"932\" height=\"441\" src=\"https:\/\/me.yrittajat.fi\/app\/uploads\/sites\/81\/2025\/02\/Liperi_vastuulliseta-jaksamista.png\" alt=\"\" class=\"wp-image-1069\" srcset=\"https:\/\/me.yrittajat.fi\/app\/uploads\/sites\/81\/2025\/02\/Liperi_vastuulliseta-jaksamista.png 932w, https:\/\/me.yrittajat.fi\/app\/uploads\/sites\/81\/2025\/02\/Liperi_vastuulliseta-jaksamista-300x142.png 300w, https:\/\/me.yrittajat.fi\/app\/uploads\/sites\/81\/2025\/02\/Liperi_vastuulliseta-jaksamista-768x363.png 768w\" sizes=\"auto, (max-width: 932px) 100vw, 932px\" \/><\/figure>\n\n\n\n<p><strong>Yritt\u00e4j\u00e4n hyvinvointiaamubrunssi: Vastuullista jaksamista j\u00e4rjestettiin Liperiss\u00e4 <strong>28.2.2025<\/strong><\/strong>.<\/p>\n\n\n\n<hr class=\"wp-block-separator has-alpha-channel-opacity\" \/>\n\n\n\n<figure class=\"wp-block-image size-full\"><img loading=\"lazy\" decoding=\"async\" width=\"932\" height=\"441\" src=\"https:\/\/me.yrittajat.fi\/app\/uploads\/sites\/81\/2025\/02\/Vastuullinen-yritystoiminta-Kesalahti-19.2.2025-BANNERI-1.jpg\" alt=\"\" class=\"wp-image-1044\" srcset=\"https:\/\/me.yrittajat.fi\/app\/uploads\/sites\/81\/2025\/02\/Vastuullinen-yritystoiminta-Kesalahti-19.2.2025-BANNERI-1.jpg 932w, https:\/\/me.yrittajat.fi\/app\/uploads\/sites\/81\/2025\/02\/Vastuullinen-yritystoiminta-Kesalahti-19.2.2025-BANNERI-1-300x142.jpg 300w, https:\/\/me.yrittajat.fi\/app\/uploads\/sites\/81\/2025\/02\/Vastuullinen-yritystoiminta-Kesalahti-19.2.2025-BANNERI-1-768x363.jpg 768w\" sizes=\"auto, (max-width: 932px) 100vw, 932px\" \/><\/figure>\n\n\n\n<p>Vastuullisen yritystoiminnan ty\u00f6pajap\u00e4iv\u00e4 Kes\u00e4lahdella <strong>19.2.2025<\/strong>.<\/p>\n\n\n\n<hr class=\"wp-block-separator has-alpha-channel-opacity\" \/>\n\n\n\n<figure class=\"wp-block-image size-large\"><img loading=\"lazy\" decoding=\"async\" width=\"1024\" height=\"576\" src=\"https:\/\/me.yrittajat.fi\/app\/uploads\/sites\/81\/2024\/12\/yritysten-ilmastotreffit-1460-x-530-px-1920-x-1080-px-2-1024x576.png\" alt=\"\" class=\"wp-image-938\" srcset=\"https:\/\/me.yrittajat.fi\/app\/uploads\/sites\/81\/2024\/12\/yritysten-ilmastotreffit-1460-x-530-px-1920-x-1080-px-2-1024x576.png 1024w, https:\/\/me.yrittajat.fi\/app\/uploads\/sites\/81\/2024\/12\/yritysten-ilmastotreffit-1460-x-530-px-1920-x-1080-px-2-300x169.png 300w, https:\/\/me.yrittajat.fi\/app\/uploads\/sites\/81\/2024\/12\/yritysten-ilmastotreffit-1460-x-530-px-1920-x-1080-px-2-768x432.png 768w, https:\/\/me.yrittajat.fi\/app\/uploads\/sites\/81\/2024\/12\/yritysten-ilmastotreffit-1460-x-530-px-1920-x-1080-px-2-1536x864.png 1536w, https:\/\/me.yrittajat.fi\/app\/uploads\/sites\/81\/2024\/12\/yritysten-ilmastotreffit-1460-x-530-px-1920-x-1080-px-2-318x178.png 318w, https:\/\/me.yrittajat.fi\/app\/uploads\/sites\/81\/2024\/12\/yritysten-ilmastotreffit-1460-x-530-px-1920-x-1080-px-2-1364x768.png 1364w, https:\/\/me.yrittajat.fi\/app\/uploads\/sites\/81\/2024\/12\/yritysten-ilmastotreffit-1460-x-530-px-1920-x-1080-px-2.png 1920w\" sizes=\"auto, (max-width: 1024px) 100vw, 1024px\" \/><\/figure>\n\n\n\n<p><strong>11.2.2025 olimme mukana j\u00e4rjest\u00e4m\u00e4ss\u00e4 Yritysten ilmastotreffej\u00e4 Joensuun Tiedepuistolla<\/strong><\/p>\n\n\n\n<hr class=\"wp-block-separator has-alpha-channel-opacity\" \/>\n\n\n\n<figure class=\"wp-block-image size-full\"><img loading=\"lazy\" decoding=\"async\" width=\"932\" height=\"441\" src=\"https:\/\/me.yrittajat.fi\/vastuu-kannattaa\/app\/uploads\/sites\/81\/2024\/09\/tyopajapaiva-nettisivuille-932-x-441-px13.jpg\" alt=\"\" class=\"wp-image-864\" srcset=\"https:\/\/me.yrittajat.fi\/app\/uploads\/sites\/81\/2024\/09\/tyopajapaiva-nettisivuille-932-x-441-px13.jpg 932w, https:\/\/me.yrittajat.fi\/app\/uploads\/sites\/81\/2024\/09\/tyopajapaiva-nettisivuille-932-x-441-px13-300x142.jpg 300w, https:\/\/me.yrittajat.fi\/app\/uploads\/sites\/81\/2024\/09\/tyopajapaiva-nettisivuille-932-x-441-px13-768x363.jpg 768w\" sizes=\"auto, (max-width: 932px) 100vw, 932px\" \/><\/figure>\n\n\n\n<p><strong>28.11.2024<\/strong> Vastuullisuusviestinn\u00e4n ty\u00f6pajap\u00e4iv\u00e4 Joensuussa.<\/p>\n\n\n\n<hr class=\"wp-block-separator has-alpha-channel-opacity\" \/>\n\n\n\n<figure class=\"wp-block-image size-full\"><img loading=\"lazy\" decoding=\"async\" width=\"932\" height=\"441\" src=\"https:\/\/me.yrittajat.fi\/vastuu-kannattaa\/app\/uploads\/sites\/81\/2024\/10\/tyopajapaiva-nettisivuille-932-x-441-px13.jpg\" alt=\"\" class=\"wp-image-893\" srcset=\"https:\/\/me.yrittajat.fi\/app\/uploads\/sites\/81\/2024\/10\/tyopajapaiva-nettisivuille-932-x-441-px13.jpg 932w, https:\/\/me.yrittajat.fi\/app\/uploads\/sites\/81\/2024\/10\/tyopajapaiva-nettisivuille-932-x-441-px13-300x142.jpg 300w, https:\/\/me.yrittajat.fi\/app\/uploads\/sites\/81\/2024\/10\/tyopajapaiva-nettisivuille-932-x-441-px13-768x363.jpg 768w\" sizes=\"auto, (max-width: 932px) 100vw, 932px\" \/><\/figure>\n\n\n\n<p><strong>26.11.2024<\/strong> Vastuullisuusraportoinnin tietoisku Joensuussa<\/p>\n\n\n\n<hr class=\"wp-block-separator has-alpha-channel-opacity\" \/>\n\n\n\n<figure class=\"wp-block-image size-full\"><img loading=\"lazy\" decoding=\"async\" width=\"932\" height=\"441\" src=\"https:\/\/me.yrittajat.fi\/vastuu-kannattaa\/app\/uploads\/sites\/81\/2024\/11\/7bc5abde536d0cb5206607293379a02a561b9f5ae0f00cb8551eeb4f92b5767f.png\" alt=\"\" class=\"wp-image-919\" srcset=\"https:\/\/me.yrittajat.fi\/app\/uploads\/sites\/81\/2024\/11\/7bc5abde536d0cb5206607293379a02a561b9f5ae0f00cb8551eeb4f92b5767f.png 932w, https:\/\/me.yrittajat.fi\/app\/uploads\/sites\/81\/2024\/11\/7bc5abde536d0cb5206607293379a02a561b9f5ae0f00cb8551eeb4f92b5767f-300x142.png 300w, https:\/\/me.yrittajat.fi\/app\/uploads\/sites\/81\/2024\/11\/7bc5abde536d0cb5206607293379a02a561b9f5ae0f00cb8551eeb4f92b5767f-768x363.png 768w\" sizes=\"auto, (max-width: 932px) 100vw, 932px\" \/><\/figure>\n\n\n\n<p><strong>26.11.2024 <\/strong>Yritt\u00e4j\u00e4n hyvinvointiaamubrunssi &#8211; Ty\u00f6ilmapiiri &amp; -hyvinvointi<\/p>\n\n\n\n<hr class=\"wp-block-separator has-alpha-channel-opacity\" \/>\n\n\n\n<figure class=\"wp-block-image size-full\"><img loading=\"lazy\" decoding=\"async\" width=\"932\" height=\"441\" src=\"https:\/\/me.yrittajat.fi\/vastuu-kannattaa\/app\/uploads\/sites\/81\/2024\/11\/juoksu.png\" alt=\"\" class=\"wp-image-917\" srcset=\"https:\/\/me.yrittajat.fi\/app\/uploads\/sites\/81\/2024\/11\/juoksu.png 932w, https:\/\/me.yrittajat.fi\/app\/uploads\/sites\/81\/2024\/11\/juoksu-300x142.png 300w, https:\/\/me.yrittajat.fi\/app\/uploads\/sites\/81\/2024\/11\/juoksu-768x363.png 768w\" sizes=\"auto, (max-width: 932px) 100vw, 932px\" \/><\/figure>\n\n\n\n<p><strong>16.11.2024<\/strong> toteutettiin yritt\u00e4j\u00e4n hyvinvointilajikokeilu ja tutustuttiin polkujuoksuun<\/p>\n\n\n\n<hr class=\"wp-block-separator has-alpha-channel-opacity\" \/>\n\n\n\n<figure class=\"wp-block-image size-full\"><img loading=\"lazy\" decoding=\"async\" width=\"1000\" height=\"500\" src=\"https:\/\/me.yrittajat.fi\/vastuu-kannattaa\/app\/uploads\/sites\/81\/2024\/08\/nurmes1.jpg\" alt=\"\" class=\"wp-image-839\" srcset=\"https:\/\/me.yrittajat.fi\/app\/uploads\/sites\/81\/2024\/08\/nurmes1.jpg 1000w, https:\/\/me.yrittajat.fi\/app\/uploads\/sites\/81\/2024\/08\/nurmes1-300x150.jpg 300w, https:\/\/me.yrittajat.fi\/app\/uploads\/sites\/81\/2024\/08\/nurmes1-768x384.jpg 768w\" sizes=\"auto, (max-width: 1000px) 100vw, 1000px\" \/><\/figure>\n\n\n\n<p><strong>11.11.2024<\/strong> pidettiin vastuullisen yritystoiminnan ty\u00f6pajap\u00e4iv\u00e4 Nurmeksessa.<\/p>\n\n\n\n<hr class=\"wp-block-separator has-alpha-channel-opacity\" \/>\n\n\n\n<figure class=\"wp-block-image size-full\"><img loading=\"lazy\" decoding=\"async\" width=\"932\" height=\"441\" src=\"https:\/\/me.yrittajat.fi\/vastuu-kannattaa\/app\/uploads\/sites\/81\/2024\/10\/hyvinvointiaamubrunssi.png\" alt=\"\" class=\"wp-image-902\" srcset=\"https:\/\/me.yrittajat.fi\/app\/uploads\/sites\/81\/2024\/10\/hyvinvointiaamubrunssi.png 932w, https:\/\/me.yrittajat.fi\/app\/uploads\/sites\/81\/2024\/10\/hyvinvointiaamubrunssi-300x142.png 300w, https:\/\/me.yrittajat.fi\/app\/uploads\/sites\/81\/2024\/10\/hyvinvointiaamubrunssi-768x363.png 768w\" sizes=\"auto, (max-width: 932px) 100vw, 932px\" \/><\/figure>\n\n\n\n<p><strong>29.10.2024<\/strong> pidettiin Yritt\u00e4j\u00e4n hyvinvointiaamubrunssi aiheella: Kest\u00e4v\u00e4\u00e4 virtaa ja palautumista<\/p>\n\n\n\n<hr class=\"wp-block-separator has-alpha-channel-opacity\" \/>\n\n\n\n<figure class=\"wp-block-image size-full\"><img loading=\"lazy\" decoding=\"async\" width=\"1000\" height=\"500\" src=\"https:\/\/me.yrittajat.fi\/vastuu-kannattaa\/app\/uploads\/sites\/81\/2024\/08\/lieksa-1.jpg\" alt=\"\" class=\"wp-image-833\" srcset=\"https:\/\/me.yrittajat.fi\/app\/uploads\/sites\/81\/2024\/08\/lieksa-1.jpg 1000w, https:\/\/me.yrittajat.fi\/app\/uploads\/sites\/81\/2024\/08\/lieksa-1-300x150.jpg 300w, https:\/\/me.yrittajat.fi\/app\/uploads\/sites\/81\/2024\/08\/lieksa-1-768x384.jpg 768w\" sizes=\"auto, (max-width: 1000px) 100vw, 1000px\" \/><\/figure>\n\n\n\n<p><strong>23.10.2024<\/strong> pidimme Vastuullisen yritystoiminnan ty\u00f6pajap\u00e4iv\u00e4n Lieksassa.<\/p>\n\n\n\n<hr class=\"wp-block-separator has-alpha-channel-opacity\" \/>\n\n\n\n<figure class=\"wp-block-image size-full\"><img loading=\"lazy\" decoding=\"async\" width=\"1000\" height=\"500\" src=\"https:\/\/me.yrittajat.fi\/vastuu-kannattaa\/app\/uploads\/sites\/81\/2024\/08\/joensuu-1.jpg\" alt=\"\" class=\"wp-image-832\" srcset=\"https:\/\/me.yrittajat.fi\/app\/uploads\/sites\/81\/2024\/08\/joensuu-1.jpg 1000w, https:\/\/me.yrittajat.fi\/app\/uploads\/sites\/81\/2024\/08\/joensuu-1-300x150.jpg 300w, https:\/\/me.yrittajat.fi\/app\/uploads\/sites\/81\/2024\/08\/joensuu-1-768x384.jpg 768w\" sizes=\"auto, (max-width: 1000px) 100vw, 1000px\" \/><\/figure>\n\n\n\n<p><strong>8.10.2024<\/strong> pidimme Vastuullisen yritystoiminnan ty\u00f6pajap\u00e4iv\u00e4n Joensuussa.<\/p>\n\n\n\n<hr class=\"wp-block-separator has-alpha-channel-opacity\" \/>\n\n\n\n<figure class=\"wp-block-image size-full\"><img loading=\"lazy\" decoding=\"async\" width=\"932\" height=\"441\" src=\"https:\/\/me.yrittajat.fi\/vastuu-kannattaa\/app\/uploads\/sites\/81\/2024\/08\/joensuu-aamubrunssi.png\" alt=\"\" class=\"wp-image-828\" srcset=\"https:\/\/me.yrittajat.fi\/app\/uploads\/sites\/81\/2024\/08\/joensuu-aamubrunssi.png 932w, https:\/\/me.yrittajat.fi\/app\/uploads\/sites\/81\/2024\/08\/joensuu-aamubrunssi-300x142.png 300w, https:\/\/me.yrittajat.fi\/app\/uploads\/sites\/81\/2024\/08\/joensuu-aamubrunssi-768x363.png 768w\" sizes=\"auto, (max-width: 932px) 100vw, 932px\" \/><\/figure>\n\n\n\n<p><strong>24.9.2024<\/strong> Joensuussa pidettiin Yritt\u00e4j\u00e4n hyvinvointiaamubrunssi aiheella: Jaksamisen vastuu<\/p>\n\n\n\n<hr class=\"wp-block-separator has-alpha-channel-opacity\" \/>\n\n\n\n<figure class=\"wp-block-image size-full\"><img loading=\"lazy\" decoding=\"async\" width=\"1000\" height=\"500\" src=\"https:\/\/me.yrittajat.fi\/vastuu-kannattaa\/app\/uploads\/sites\/81\/2024\/08\/juuka-1.jpg\" alt=\"\" class=\"wp-image-831\" srcset=\"https:\/\/me.yrittajat.fi\/app\/uploads\/sites\/81\/2024\/08\/juuka-1.jpg 1000w, https:\/\/me.yrittajat.fi\/app\/uploads\/sites\/81\/2024\/08\/juuka-1-300x150.jpg 300w, https:\/\/me.yrittajat.fi\/app\/uploads\/sites\/81\/2024\/08\/juuka-1-768x384.jpg 768w\" sizes=\"auto, (max-width: 1000px) 100vw, 1000px\" \/><\/figure>\n\n\n\n<p><strong>17.9.2024<\/strong> Vastuullisen yritystoiminnan ty\u00f6pajap\u00e4iv\u00e4 pidettiin Juuassa.<\/p>\n\n\n\n<hr class=\"wp-block-separator has-alpha-channel-opacity\" \/>\n\n\n\n<figure class=\"wp-block-image size-full\"><img loading=\"lazy\" decoding=\"async\" width=\"932\" height=\"441\" src=\"https:\/\/me.yrittajat.fi\/vastuu-kannattaa\/app\/uploads\/sites\/81\/2024\/05\/tyopajapaiva-nettisivuille-932-x-441-px.jpg\" alt=\"\" class=\"wp-image-652\" srcset=\"https:\/\/me.yrittajat.fi\/app\/uploads\/sites\/81\/2024\/05\/tyopajapaiva-nettisivuille-932-x-441-px.jpg 932w, https:\/\/me.yrittajat.fi\/app\/uploads\/sites\/81\/2024\/05\/tyopajapaiva-nettisivuille-932-x-441-px-300x142.jpg 300w, https:\/\/me.yrittajat.fi\/app\/uploads\/sites\/81\/2024\/05\/tyopajapaiva-nettisivuille-932-x-441-px-768x363.jpg 768w\" sizes=\"auto, (max-width: 932px) 100vw, 932px\" \/><\/figure>\n\n\n\n<p><strong>23.5.2024<\/strong> pureuduimme yritysten vastuullisuusviestint\u00e4\u00e4n ty\u00f6pajap\u00e4iv\u00e4ss\u00e4 Joensuussa.<\/p>\n\n\n\n<hr class=\"wp-block-separator has-alpha-channel-opacity\" \/>\n\n\n\n<figure class=\"wp-block-image size-full\"><img loading=\"lazy\" decoding=\"async\" width=\"932\" height=\"441\" src=\"https:\/\/me.yrittajat.fi\/vastuu-kannattaa\/app\/uploads\/sites\/81\/2024\/03\/tohmajarvi-932-x-441-px.jpg\" alt=\"\" class=\"wp-image-569\" srcset=\"https:\/\/me.yrittajat.fi\/app\/uploads\/sites\/81\/2024\/03\/tohmajarvi-932-x-441-px.jpg 932w, https:\/\/me.yrittajat.fi\/app\/uploads\/sites\/81\/2024\/03\/tohmajarvi-932-x-441-px-300x142.jpg 300w, https:\/\/me.yrittajat.fi\/app\/uploads\/sites\/81\/2024\/03\/tohmajarvi-932-x-441-px-768x363.jpg 768w\" sizes=\"auto, (max-width: 932px) 100vw, 932px\" \/><\/figure>\n\n\n\n<p><strong>22.5.2024<\/strong> Vastuullisen yritystoiminnan ty\u00f6pajap\u00e4iv\u00e4 pidettiin Tohmaj\u00e4rvell\u00e4<\/p>\n\n\n\n<hr class=\"wp-block-separator has-alpha-channel-opacity\" \/>\n\n\n\n<figure class=\"wp-block-image size-full\"><img loading=\"lazy\" decoding=\"async\" width=\"1000\" height=\"500\" src=\"https:\/\/me.yrittajat.fi\/vastuu-kannattaa\/app\/uploads\/sites\/81\/2024\/04\/tyopajapaiva-nettisivuille1.jpg\" alt=\"\" class=\"wp-image-645\" srcset=\"https:\/\/me.yrittajat.fi\/app\/uploads\/sites\/81\/2024\/04\/tyopajapaiva-nettisivuille1.jpg 1000w, https:\/\/me.yrittajat.fi\/app\/uploads\/sites\/81\/2024\/04\/tyopajapaiva-nettisivuille1-300x150.jpg 300w, https:\/\/me.yrittajat.fi\/app\/uploads\/sites\/81\/2024\/04\/tyopajapaiva-nettisivuille1-768x384.jpg 768w\" sizes=\"auto, (max-width: 1000px) 100vw, 1000px\" \/><\/figure>\n\n\n\n<p>Torstai-aamuna 16.5.2024 k\u00e4vimme Nordealla aamukahveilla kuuntelemassa miten Nordeapankki huomioi vastuullisuuden ja voi tukea yritt\u00e4ji\u00e4 n\u00e4iss\u00e4 asioissa.<\/p>\n\n\n\n<hr class=\"wp-block-separator has-alpha-channel-opacity\" \/>\n\n\n\n<figure class=\"wp-block-image size-large\"><img loading=\"lazy\" decoding=\"async\" width=\"1024\" height=\"534\" src=\"https:\/\/me.yrittajat.fi\/vastuu-kannattaa\/app\/uploads\/sites\/81\/2024\/05\/face-tapahtuma-tyopajapaiva-28.11.20231-1024x534.jpg\" alt=\"\" class=\"wp-image-654\" srcset=\"https:\/\/me.yrittajat.fi\/app\/uploads\/sites\/81\/2024\/05\/face-tapahtuma-tyopajapaiva-28.11.20231-1024x534.jpg 1024w, https:\/\/me.yrittajat.fi\/app\/uploads\/sites\/81\/2024\/05\/face-tapahtuma-tyopajapaiva-28.11.20231-300x157.jpg 300w, https:\/\/me.yrittajat.fi\/app\/uploads\/sites\/81\/2024\/05\/face-tapahtuma-tyopajapaiva-28.11.20231-768x401.jpg 768w, https:\/\/me.yrittajat.fi\/app\/uploads\/sites\/81\/2024\/05\/face-tapahtuma-tyopajapaiva-28.11.20231-1536x802.jpg 1536w, https:\/\/me.yrittajat.fi\/app\/uploads\/sites\/81\/2024\/05\/face-tapahtuma-tyopajapaiva-28.11.20231.jpg 1640w\" sizes=\"auto, (max-width: 1024px) 100vw, 1024px\" \/><\/figure>\n\n\n\n<p>Vastuullisen yritystoiminnan ty\u00f6pajap\u00e4iv\u00e4 pidettiin Kontiolahdella 15.5.2024.<\/p>\n\n\n\n<hr class=\"wp-block-separator has-alpha-channel-opacity\" \/>\n\n\n\n<figure class=\"wp-block-image size-full\"><img loading=\"lazy\" decoding=\"async\" width=\"1000\" height=\"500\" src=\"https:\/\/me.yrittajat.fi\/vastuu-kannattaa\/app\/uploads\/sites\/81\/2024\/03\/tyopajapaiva-nettisivuille1-1.jpg\" alt=\"\" class=\"wp-image-566\" srcset=\"https:\/\/me.yrittajat.fi\/app\/uploads\/sites\/81\/2024\/03\/tyopajapaiva-nettisivuille1-1.jpg 1000w, https:\/\/me.yrittajat.fi\/app\/uploads\/sites\/81\/2024\/03\/tyopajapaiva-nettisivuille1-1-300x150.jpg 300w, https:\/\/me.yrittajat.fi\/app\/uploads\/sites\/81\/2024\/03\/tyopajapaiva-nettisivuille1-1-768x384.jpg 768w\" sizes=\"auto, (max-width: 1000px) 100vw, 1000px\" \/><\/figure>\n\n\n\n<p><strong>23.4.2024<\/strong> jatkoimme rahoitusten ja raportointien k\u00e4sittely\u00e4 <strong>Vastuullisuusraportointi kilpailuetuna<\/strong> -ty\u00f6pajassa. Ty\u00f6pajan kouluttajina toimivat Anu Ruusila (Cordial Communications Oy) sek\u00e4 Elisabet Tiainen (Nordea Bank Oyj)<\/p>\n\n\n\n<hr class=\"wp-block-separator has-alpha-channel-opacity\" \/>\n\n\n\n<figure class=\"wp-block-image size-full\"><img loading=\"lazy\" decoding=\"async\" width=\"932\" height=\"441\" src=\"https:\/\/me.yrittajat.fi\/vastuu-kannattaa\/app\/uploads\/sites\/81\/2024\/03\/tyopajapaiva-nettisivuille-932-x-441-px.jpg\" alt=\"\" class=\"wp-image-554\" srcset=\"https:\/\/me.yrittajat.fi\/app\/uploads\/sites\/81\/2024\/03\/tyopajapaiva-nettisivuille-932-x-441-px.jpg 932w, https:\/\/me.yrittajat.fi\/app\/uploads\/sites\/81\/2024\/03\/tyopajapaiva-nettisivuille-932-x-441-px-300x142.jpg 300w, https:\/\/me.yrittajat.fi\/app\/uploads\/sites\/81\/2024\/03\/tyopajapaiva-nettisivuille-932-x-441-px-768x363.jpg 768w\" sizes=\"auto, (max-width: 932px) 100vw, 932px\" \/><\/figure>\n\n\n\n<p><strong>18.4.2024<\/strong> pidimme Joensuussa ty\u00f6pajap\u00e4iv\u00e4n yrityksille jotka ovat kiinnostuneita osallistumaan <strong>Joensuun kaunpungin kilpailutuksiin<\/strong>.<br><br>Ty\u00f6paja toteutettiin yhteisty\u00f6ss\u00e4 Ilmastokaupunki Joensuu 2025 -hankkeen kanssa.<\/p>\n\n\n\n<hr class=\"wp-block-separator has-alpha-channel-opacity\" \/>\n\n\n\n<figure class=\"wp-block-image size-full\"><img loading=\"lazy\" decoding=\"async\" width=\"1000\" height=\"500\" src=\"https:\/\/me.yrittajat.fi\/vastuu-kannattaa\/app\/uploads\/sites\/81\/2024\/02\/tyopajapaiva-nettisivuille1.jpg\" alt=\"\" class=\"wp-image-518\" srcset=\"https:\/\/me.yrittajat.fi\/app\/uploads\/sites\/81\/2024\/02\/tyopajapaiva-nettisivuille1.jpg 1000w, https:\/\/me.yrittajat.fi\/app\/uploads\/sites\/81\/2024\/02\/tyopajapaiva-nettisivuille1-300x150.jpg 300w, https:\/\/me.yrittajat.fi\/app\/uploads\/sites\/81\/2024\/02\/tyopajapaiva-nettisivuille1-768x384.jpg 768w\" sizes=\"auto, (max-width: 1000px) 100vw, 1000px\" \/><\/figure>\n\n\n\n<p><strong>10.4.2024<\/strong> pidimme yhteisen seminaarin <strong>Vastuullisuus hankinnoissa ja rahoituksissa &#8211; Kuinka varautua muuttuviin vaatimuksiin<\/strong> yhdess\u00e4 Ilmastokaupunki Joensuu 2025:n sek\u00e4 Business Joensuun kanssa.<\/p>\n\n\n\n<hr class=\"wp-block-separator has-alpha-channel-opacity\" \/>\n\n\n\n<figure class=\"wp-block-image size-full\"><img loading=\"lazy\" decoding=\"async\" width=\"932\" height=\"441\" src=\"https:\/\/me.yrittajat.fi\/vastuu-kannattaa\/app\/uploads\/sites\/81\/2024\/01\/tyopajapaiva-nettisivuille-1080-x-1080-px-932-x-441-px.png\" alt=\"\" class=\"wp-image-356\" srcset=\"https:\/\/me.yrittajat.fi\/app\/uploads\/sites\/81\/2024\/01\/tyopajapaiva-nettisivuille-1080-x-1080-px-932-x-441-px.png 932w, https:\/\/me.yrittajat.fi\/app\/uploads\/sites\/81\/2024\/01\/tyopajapaiva-nettisivuille-1080-x-1080-px-932-x-441-px-300x142.png 300w, https:\/\/me.yrittajat.fi\/app\/uploads\/sites\/81\/2024\/01\/tyopajapaiva-nettisivuille-1080-x-1080-px-932-x-441-px-768x363.png 768w\" sizes=\"auto, (max-width: 932px) 100vw, 932px\" \/><\/figure>\n\n\n\n<p><strong>21.3.2024<\/strong> Vastuullisen yritystoiminnan ty\u00f6pajap\u00e4iv\u00e4 pidettiin Liperiss\u00e4.<br>Kouluttajina toimivat Helena Puhakka-Tarvainen ja Maria Saastamoinen (Lietsu Palvelut Oy)<\/p>\n\n\n\n<hr class=\"wp-block-separator has-alpha-channel-opacity\" \/>\n\n\n\n<figure class=\"wp-block-image size-full\"><img loading=\"lazy\" decoding=\"async\" width=\"932\" height=\"441\" src=\"https:\/\/me.yrittajat.fi\/vastuu-kannattaa\/app\/uploads\/sites\/81\/2024\/01\/tyopajapaiva-pyhaselka-932-x-441-px.png\" alt=\"\" class=\"wp-image-348\" srcset=\"https:\/\/me.yrittajat.fi\/app\/uploads\/sites\/81\/2024\/01\/tyopajapaiva-pyhaselka-932-x-441-px.png 932w, https:\/\/me.yrittajat.fi\/app\/uploads\/sites\/81\/2024\/01\/tyopajapaiva-pyhaselka-932-x-441-px-300x142.png 300w, https:\/\/me.yrittajat.fi\/app\/uploads\/sites\/81\/2024\/01\/tyopajapaiva-pyhaselka-932-x-441-px-768x363.png 768w\" sizes=\"auto, (max-width: 932px) 100vw, 932px\" \/><\/figure>\n\n\n\n<p><strong>29.2.2024<\/strong> Vastuullisen yritystoiminnan ty\u00f6pajap\u00e4iv\u00e4 pidettiin Pyh\u00e4sel\u00e4ss\u00e4.<br>Loistavat tilat ty\u00f6apjan pit\u00e4miseen l\u00f6ytyi Hotelli-Ravintola Niittyrannasta.<br>Kouluttajina ty\u00f6pajassa toimivat Lietsu Palvelut Oy:n Helena ja Maria.<\/p>\n\n\n\n<hr class=\"wp-block-separator has-alpha-channel-opacity\" \/>\n\n\n\n<figure class=\"wp-block-image size-full\"><img loading=\"lazy\" decoding=\"async\" width=\"932\" height=\"441\" src=\"https:\/\/me.yrittajat.fi\/vastuu-kannattaa\/app\/uploads\/sites\/81\/2024\/01\/tyopajapaiva-ilomantsi-932-x-441-px.png\" alt=\"\" class=\"wp-image-347\" srcset=\"https:\/\/me.yrittajat.fi\/app\/uploads\/sites\/81\/2024\/01\/tyopajapaiva-ilomantsi-932-x-441-px.png 932w, https:\/\/me.yrittajat.fi\/app\/uploads\/sites\/81\/2024\/01\/tyopajapaiva-ilomantsi-932-x-441-px-300x142.png 300w, https:\/\/me.yrittajat.fi\/app\/uploads\/sites\/81\/2024\/01\/tyopajapaiva-ilomantsi-932-x-441-px-768x363.png 768w\" sizes=\"auto, (max-width: 932px) 100vw, 932px\" \/><\/figure>\n\n\n\n<p><strong>15.2.2024<\/strong> pidettiin vastuullisen yritystoiminnan ty\u00f6pajap\u00e4iv\u00e4 Ilomantsissa.<br>Kouluttajina tapahtumassa toimivat Helena Puhakka-Tarvainen ja Maria Saastamoinen (Lietsu Palvelut Oy)<\/p>\n\n\n\n<hr class=\"wp-block-separator has-alpha-channel-opacity\" \/>\n\n\n\n<figure class=\"wp-block-image size-full\"><img loading=\"lazy\" decoding=\"async\" width=\"1000\" height=\"500\" src=\"https:\/\/me.yrittajat.fi\/vastuu-kannattaa\/app\/uploads\/sites\/81\/2024\/01\/tyopajapaiva-nettisivuille1-1.png\" alt=\"\" class=\"wp-image-301\" srcset=\"https:\/\/me.yrittajat.fi\/app\/uploads\/sites\/81\/2024\/01\/tyopajapaiva-nettisivuille1-1.png 1000w, https:\/\/me.yrittajat.fi\/app\/uploads\/sites\/81\/2024\/01\/tyopajapaiva-nettisivuille1-1-300x150.png 300w, https:\/\/me.yrittajat.fi\/app\/uploads\/sites\/81\/2024\/01\/tyopajapaiva-nettisivuille1-1-768x384.png 768w\" sizes=\"auto, (max-width: 1000px) 100vw, 1000px\" \/><\/figure>\n\n\n\n<p><strong>24.1.2024<\/strong> pidimme vastuullisen yritystoiminnan ty\u00f6pajap\u00e4iv\u00e4n Kiteell\u00e4.<br>Tapahtumassa oli mukana 18 yrityst\u00e4.<br>Kouluttajina toimivat:<br>Anu Ruusila (<em>Cordial Communications Oy<\/em>) sek\u00e4 Soila ja Simo Palviainen (<em>Aurana Oy<\/em>)<\/p>\n\n\n\n<hr class=\"wp-block-separator has-alpha-channel-opacity is-style-default\" \/>\n\n\n\n<figure class=\"wp-block-image size-full\"><img loading=\"lazy\" decoding=\"async\" width=\"1000\" height=\"500\" src=\"https:\/\/me.yrittajat.fi\/vastuu-kannattaa\/app\/uploads\/sites\/81\/2024\/01\/tyopajapaiva-nettisivuille5.png\" alt=\"\" class=\"wp-image-165\" srcset=\"https:\/\/me.yrittajat.fi\/app\/uploads\/sites\/81\/2024\/01\/tyopajapaiva-nettisivuille5.png 1000w, https:\/\/me.yrittajat.fi\/app\/uploads\/sites\/81\/2024\/01\/tyopajapaiva-nettisivuille5-300x150.png 300w, https:\/\/me.yrittajat.fi\/app\/uploads\/sites\/81\/2024\/01\/tyopajapaiva-nettisivuille5-768x384.png 768w\" sizes=\"auto, (max-width: 1000px) 100vw, 1000px\" \/><\/figure>\n\n\n\n<p><strong>28.11.2023<\/strong> Pidimme Joensuun Tiedepuistolla Yritysvastuu ja sen hy\u00f6dynt\u00e4minen -ty\u00f6pajap\u00e4iv\u00e4n. Ty\u00f6pajap\u00e4iv\u00e4n j\u00e4lkeen osallistujat p\u00e4\u00e4sev\u00e4t jatkamaan opiskelua Suomen Yritt\u00e4jien j\u00e4rjest\u00e4m\u00e4n verkkokoulutuksen kautta.<br>Kouluttajina tapahtumassa toimivat Perttu ja Timo @Fabrik<\/p>\n\n\n\n<hr class=\"wp-block-separator has-alpha-channel-opacity is-style-default\" \/>\n\n\n\n<figure class=\"wp-block-image size-full\"><img loading=\"lazy\" decoding=\"async\" width=\"1000\" height=\"600\" src=\"https:\/\/me.yrittajat.fi\/vastuu-kannattaa\/app\/uploads\/sites\/81\/2024\/01\/vastuullinen-yritystoiminta-pohjois-karjalassa.png\" alt=\"\" class=\"wp-image-173\" srcset=\"https:\/\/me.yrittajat.fi\/app\/uploads\/sites\/81\/2024\/01\/vastuullinen-yritystoiminta-pohjois-karjalassa.png 1000w, https:\/\/me.yrittajat.fi\/app\/uploads\/sites\/81\/2024\/01\/vastuullinen-yritystoiminta-pohjois-karjalassa-300x180.png 300w, https:\/\/me.yrittajat.fi\/app\/uploads\/sites\/81\/2024\/01\/vastuullinen-yritystoiminta-pohjois-karjalassa-768x461.png 768w\" sizes=\"auto, (max-width: 1000px) 100vw, 1000px\" \/><\/figure>\n\n\n\n<p><strong>27.9.2023<\/strong> Joensuussa pidetyss\u00e4 avausseminaarissa puhujakaarti oli kattava ja sis\u00e4lsi alansa asiantuntijoita, jotka toivat esiin vastuullisuuden eri ulottuvuuksia.<br><a href=\"https:\/\/www.yrittajat.fi\/app\/uploads\/2023\/09\/avausseminaarin-ohjelma-27.9.2023.pdf\">Vastuullinen yritystoiminta -kehitt\u00e4misohjelman avausseminaari<\/a><\/p>\n\n\n\n<p>Aloituspuheenvuoron piti Anne Vanhala, vastuullisuusasiantuntija keskuskauppakamarista, aiheenaan \u201dVastuullisuus nyt ja tulevaisuudessa\u201d.&nbsp;&nbsp;<br><a href=\"https:\/\/www.yrittajat.fi\/app\/uploads\/2023\/09\/anne-vanhala_vastuullisuus-nyt-ja-tulevaisuudessa.pdf\">Avauspuheenvuoro \u2013 Vastuullisuus nyt ja tulevaisuudessa &gt;&gt;<\/a><\/p>\n\n\n\n<p>Pohjois-Karjalan Osuuskaupan viestint\u00e4- ja vastuullisuusjohtaja Petri V\u00e4h\u00e4 esitteli PKO:n vastuullisuusperiaatteita.&nbsp;<br><a href=\"https:\/\/www.yrittajat.fi\/app\/uploads\/2023\/09\/pko_vastuullisuus-yhteistyokumppanit.pdf\">Pohjois-Karjalan Osuuskauppa \u2013 Vastuullisuus, yhteisty\u00f6kumppanit &gt;&gt;<\/a>&nbsp;<\/p>\n\n\n\n<p>Pankinjohtaja Helj\u00e4 Pulkki Pohjois-Karjalan Osuuspankista k\u00e4sitteli vastuullisuutta huomisen pankkitoiminnassa.&nbsp;&nbsp;<br><a href=\"https:\/\/www.yrittajat.fi\/app\/uploads\/2023\/09\/op_vastuullisuus-huomisen-pankkitoiminnassa-1.pdf\">Pohjois-Karjalan Osuuspankki \u2013 Vastuullisuus huomisen pankkitoiminnassa &gt;&gt;<\/a><\/p>\n\n\n\n<p>Timo Kupiainen, vaikutusstrategi Impact Agency Fabrikista, n\u00e4ki vastuullisuuden kasvun ajurina, ei kuluer\u00e4n\u00e4.&nbsp;<br><a href=\"https:\/\/www.yrittajat.fi\/app\/uploads\/2023\/09\/fabrik_vastuullisuus-ei-ole-kuluera-vaan-kasvun-ajuri.pdf\">Impact Agency Fabrik \u2013 Vastuullisuus ei ole kuluer\u00e4 vaan kasvun ajuri &gt;&gt;<\/a>&nbsp;<\/p>\n\n\n\n<p>Lietsu Palvelujen toimitusjohtaja Helena Puhakka-Tarvainen toi esille vastuullisuuden mikro-\/pk-yrityksen arjessa ja asiakaspalvelussa.&nbsp;<br><a href=\"https:\/\/www.yrittajat.fi\/app\/uploads\/2023\/09\/lietsu_vastuullisuus-mikro_pk_yrityksen-arjessa-ja-asiakaspalvelussa.pdf\">Lietsu Palvelut \u2013 Vastuullisuus mikro- ja pk-yrityksen arjessa ja asiakaspalvelussa &gt;&gt;<\/a><\/p>\n\n\n\n<hr class=\"wp-block-separator has-alpha-channel-opacity is-style-default\" \/>\n\n\n\n<p><strong>Ty\u00f6pajat ovat projektin ytimess\u00e4, ja niiss\u00e4 k\u00e4sitell\u00e4\u00e4n vastuullisuuden eri ulottuvuuksia.<\/strong>&nbsp;<\/p>\n\n\n\n<figure class=\"wp-block-image size-full\"><img loading=\"lazy\" decoding=\"async\" width=\"1000\" height=\"600\" src=\"https:\/\/me.yrittajat.fi\/vastuu-kannattaa\/app\/uploads\/sites\/81\/2024\/01\/vastuullinen-yritystoiminta-pohjois-karjalassa1-1.png\" alt=\"\" class=\"wp-image-176\" srcset=\"https:\/\/me.yrittajat.fi\/app\/uploads\/sites\/81\/2024\/01\/vastuullinen-yritystoiminta-pohjois-karjalassa1-1.png 1000w, https:\/\/me.yrittajat.fi\/app\/uploads\/sites\/81\/2024\/01\/vastuullinen-yritystoiminta-pohjois-karjalassa1-1-300x180.png 300w, https:\/\/me.yrittajat.fi\/app\/uploads\/sites\/81\/2024\/01\/vastuullinen-yritystoiminta-pohjois-karjalassa1-1-768x461.png 768w\" sizes=\"auto, (max-width: 1000px) 100vw, 1000px\" \/><\/figure>\n\n\n\n<p>27.9.2023 pidetyn seminaarin j\u00e4lkeen siirryttiin ty\u00f6pajap\u00e4iviin. Kukin ty\u00f6paja koostui yrityksen alkukartoituksesta, syvemm\u00e4st\u00e4 perehtymisest\u00e4 p\u00e4iv\u00e4n teemaan sek\u00e4 pienryhm\u00e4ty\u00f6skentelyst\u00e4, jossa yritt\u00e4j\u00e4 p\u00e4\u00e4si arvioimaan vastuullisuusty\u00f6ns\u00e4 nykytilaa ja suunnittelemaan tulevia vastuullisuustoimia.&nbsp;<br><br>Ty\u00f6pajat pidettiin seuraavista aihealueista:<br><strong>28.9.2023<\/strong> Ymp\u00e4rist\u00f6vastuu <em>(Aurana Oy ja Cordial Communications Oy)<\/em><br><strong>29.9.2023<\/strong> Vastuullisuus viestint\u00e4 <em>(Cordial Communications Oy ja Aurana Oy)<\/em><br><strong>3.10.2023<\/strong> Sosiaalinen vastuu <em>(Impact Agency Fabrik Oy)<\/em><br><strong>4.10.2023<\/strong> Taloudellinen\/hallinnollinen vastuu <em>(Impact Agency Fabrik Oy)<\/em><br><br>Ty\u00f6pajat saivat osallistujilta positiivista palautetta asiantuntevista alustuksista, mielenkiintoisesta aiheesta ja hyvin ohjatuista, ajatuksia her\u00e4tt\u00e4vist\u00e4 keskusteluista. Osallistujat arvostivat erityisesti mahdollisuutta verkostoitumiseen sek\u00e4 konkreettisten suunnitelmien tekemiseen oman yrityksen vastuullisuuden edist\u00e4miseksi. Palautteissa nostettiin esille my\u00f6s vastuullisuusaiheen merkityksen lis\u00e4\u00e4ntymist\u00e4 osallistujien keskuudessa. T\u00e4rke\u00e4n\u00e4 koettiin my\u00f6s teeman ajankohtaisuus ja toiveena oli n\u00e4hd\u00e4 enemm\u00e4n konkreettisia tekoja Pohjois-Karjalasta.&nbsp;&nbsp;<\/p>\n\n\n\n<p>Kiitos osallistujille ja asiantuntijoille onnistuneista tapahtumakokonaisuuksista!&nbsp;<\/p>\n\n\n\n<p>Mik\u00e4li et ehtinyt osallistua tapahtumiin, mutta asia kuitenkin kiinnostaa niin olethan meihin yhteydess\u00e4!<\/p>\n","protected":false},"excerpt":{"rendered":"<p>Hy\u00f6dynn\u00e4 Vastuullinen yritystoiminta Pohjois-Karjalassa -hankkeen maksuttomat koulutukset nyt, sill\u00e4 tulevaisuudessa vastaavat tilaisuudet voivat olla yrityksellesi merkitt\u00e4v\u00e4 kustannus. T\u00e4m\u00e4 on ainutlaatuinen mahdollisuus saada arvokasta tietoa ja ty\u00f6kaluja vastuullisuuden kehitt\u00e4miseen ilman kustannuksia! Vastuullinen yritystoiminta Pohjois-Karjalassa 1.6.2023 \u2013 31.5.2026 T\u00e4m\u00e4 kolmevuotinen kehitt\u00e4misohjelma on sijoitus yritt\u00e4jiemme tulevaisuuteen. Ohjelma lis\u00e4\u00e4 tietoisuutta ja ymm\u00e4rryst\u00e4 yritysvastuusta, ja sen tarjoamien ty\u00f6kalujen avulla yritykset &hellip; <a href=\"https:\/\/me.yrittajat.fi\/vastuu-kannattaa\/tapahtumat\/\">Lue lis\u00e4\u00e4<\/a><\/p>\n","protected":false},"author":72,"featured_media":410,"parent":0,"menu_order":0,"comment_status":"closed","ping_status":"closed","template":"","meta":{"_acf_changed":false,"footnotes":""},"class_list":["post-346","page","type-page","status-publish","has-post-thumbnail","hentry"],"acf":[],"_links":{"self":[{"href":"https:\/\/me.yrittajat.fi\/vastuu-kannattaa\/wp-json\/wp\/v2\/pages\/346","targetHints":{"allow":["GET"]}}],"collection":[{"href":"https:\/\/me.yrittajat.fi\/vastuu-kannattaa\/wp-json\/wp\/v2\/pages"}],"about":[{"href":"https:\/\/me.yrittajat.fi\/vastuu-kannattaa\/wp-json\/wp\/v2\/types\/page"}],"author":[{"embeddable":true,"href":"https:\/\/me.yrittajat.fi\/vastuu-kannattaa\/wp-json\/wp\/v2\/users\/72"}],"replies":[{"embeddable":true,"href":"https:\/\/me.yrittajat.fi\/vastuu-kannattaa\/wp-json\/wp\/v2\/comments?post=346"}],"version-history":[{"count":4,"href":"https:\/\/me.yrittajat.fi\/vastuu-kannattaa\/wp-json\/wp\/v2\/pages\/346\/revisions"}],"predecessor-version":[{"id":1746,"href":"https:\/\/me.yrittajat.fi\/vastuu-kannattaa\/wp-json\/wp\/v2\/pages\/346\/revisions\/1746"}],"wp:featuredmedia":[{"embeddable":true,"href":"https:\/\/me.yrittajat.fi\/vastuu-kannattaa\/wp-json\/wp\/v2\/media\/410"}],"wp:attachment":[{"href":"https:\/\/me.yrittajat.fi\/vastuu-kannattaa\/wp-json\/wp\/v2\/media?parent=346"}],"curies":[{"name":"wp","href":"https:\/\/api.w.org\/{rel}","templated":true}]}}